{"id":972,"date":"2020-03-02T23:05:19","date_gmt":"2020-03-02T22:05:19","guid":{"rendered":"http:\/\/us.edu.pl\/instytut\/il\/?page_id=972"},"modified":"2020-10-17T18:07:40","modified_gmt":"2020-10-17T16:07:40","slug":"2020-2","status":"publish","type":"page","link":"https:\/\/us.edu.pl\/instytut\/il\/konferencje\/2020-2\/","title":{"rendered":"2020"},"content":{"rendered":"<p>[vc_row][vc_column]\r\n                <div class=\"text-modules\">\r\n                    <div class=\"container\">\r\n                        <h3 class=\"page-title text__title\">\u201eCynegetica na przestrzeni wiek\u00f3w\u201d<\/h3>\r\n                        <div class=\"text-modules__content\"><p><span style=\"font-size: 12pt\"><strong>Termin:<\/strong> 1 lutego 2020 roku<\/span><\/p>\n<p><span style=\"font-size: 12pt\"><strong>Miejsce:<\/strong> Zameczek My\u015bliwski w Promnicach (Kobi\u00f3r)<\/span><\/p>\n<p><span style=\"font-size: 12pt\"><strong>Organizatorzy:<\/strong> Polskie Towarzystwo Filologiczne \u2013 oddzia\u0142 Katowice (dr Edyta Gryksa), Muzeum Zamkowe w Pszczynie (Ma\u0142gorzata W\u00f3jcik)<\/span><\/p>\n<p style=\"text-align: justify\"><span style=\"font-size: 12pt\"><strong>Opis:<\/strong> Wydarzenie przygotowywane we wsp\u00f3\u0142pracy z Muzeum Zamkowym w Pszczynie oraz katowickim oddzia\u0142em Polskiego Towarzystwa Filologicznego po\u015bwi\u0119cone by\u0142o tradycji polowa\u0144 w antyku i czasach p\u00f3\u017aniejszych. W\u015br\u00f3d proponowanych zagadnie\u0144 pojawi\u0142y si\u0119 m.in. analiza i recepcja traktat\u00f3w \u0142owieckich, historia i tradycja polowa\u0144, zwierz\u0119ta i tereny \u0142owieckie, relacja cz\u0142owiek-zwierz\u0119 w wyprawach my\u015bliwskich, bro\u0144 i techniki \u0142owieckie, s\u0142ynne wyprawy na zwierza, polowania w \u015bwietle etyki, polowania a ekosystem, polowania w sztuce i filmie (interpretacja).<\/span><\/p>\n<p>\n<\/div>\r\n                    <\/div>\r\n                <\/div>[\/vc_column][\/vc_row][vc_row][vc_column]\r\n                <div class=\"text-modules\">\r\n                    <div class=\"container\">\r\n                        <h3 class=\"page-title text__title\">\u201eStaro\u017cytno\u015b\u0107 na \u0142onie natury. Relacja cz\u0142owieka z przyrod\u0105 na przestrzeni wiek\u00f3w\u201d<\/h3>\r\n                        <div class=\"text-modules__content\"><p><span style=\"font-size: 12pt\"><strong>Termin:<\/strong> 30 maja 2020 roku<br \/>\n<\/span><\/p>\n<p><span style=\"font-size: 12pt\"><strong>Miejsce:<\/strong> Wydzia\u0142 Humanistyczny Uniwersytetu \u015al\u0105skiego<br \/>\n<\/span><\/p>\n<p><span style=\"font-size: 12pt\"><strong>Organizator:<\/strong> dr Edyta Gryksa (wraz z uczestnikami projektu realizowanego w ramach programu \u201eWsp\u00f3\u0142my\u015blenie w humanistyce\u201d)<br \/>\n<\/span><\/p>\n<p style=\"text-align: justify\"><span style=\"font-size: 12pt\"><strong>Opis:<\/strong> Konferencja b\u0119d\u0105ca finalnym etapem realizacji projektu \u201eStaro\u017cytno\u015b\u0107 na \u0142onie natury. Cz\u0142owiek a przyroda wczoraj i dzi\u015b\u201d po\u015bwi\u0119cona b\u0119dzie zagadnieniom zwi\u0105zanym z przyrod\u0105 w staro\u017cytno\u015bci i czasach p\u00f3\u017aniejszych. W\u015br\u00f3d proponowanych zagadnie\u0144 pojawi\u0105 si\u0119 m.in. analizy tekst\u00f3w zwi\u0105zanych z przyrod\u0105, relacja cz\u0142owiek-natura, zwierz\u0119ta i ro\u015bliny w sztuce\/literaturze\/filmie, motywy zwierz\u0119ce i ro\u015blinne jako metafory literackie, etyka zachowa\u0144 cz\u0142owieka w relacjach ze zwierz\u0119tami (np. polowania).<br \/>\n<\/span><\/p>\n<p>\n<\/div>\r\n                    <\/div>\r\n                <\/div>\r\n                <div class=\"text-modules\">\r\n                    <div class=\"container\">\r\n                        <h3 class=\"page-title text__title\">\u201eCynegetica in the ancient times\u201d<\/h3>\r\n                        <div class=\"text-modules__content\"><p><span style=\"font-size: 12pt\"><strong>Termin:<\/strong> 24 wrze\u015bnia 2020 roku<\/span><\/p>\n<p><span style=\"font-size: 12pt\"><strong>Miejsce:<\/strong> Senate House, University of London<\/span><\/p>\n<p><span style=\"font-size: 12pt\"><strong>Organizator:<\/strong> dr Edyta Gryksa (U\u015a), dr hab. Anna Kucz, prof. U\u015a (U\u015a), prof. Greg Woolf (ICS)<\/span><\/p>\n<p style=\"text-align: justify\"><span style=\"font-size: 12pt\"><strong>Opis:<\/strong> Mi\u0119dzynarodowa konferencja naukowa organizowana przez zesp\u00f3\u0142 badawczy realizuj\u0105cy projekt pn. \u201eCynegetica w \u015bwiecie antycznym\u201d we wsp\u00f3\u0142pracy z Instytutem Studi\u00f3w Klasycznych (Institute of Classical Studies) dzia\u0142aj\u0105cym przy Uniwersytecie w Londynie. Podejmowane zagadnienia dotyczy\u0107 b\u0119d\u0105 zwierz\u0105t, przyrody i relacji cz\u0142owiek\u2013natura w staro\u017cytno\u015bci oraz wiekach p\u00f3\u017aniejszych (literatura \/ sztuka \/ historia \/ tradycja \/ kultura).<\/span><\/p>\n<p>\n<\/div>\r\n                    <\/div>\r\n                <\/div>\r\n                <div class=\"text-modules\">\r\n                    <div class=\"container\">\r\n                        <h3 class=\"page-title text__title\">\u201eUlisses w czasach brexitu. Literatura i kultura irlandzka wobec rzeczywisto\u015bci spo\u0142eczno-politycznej\u201d<\/h3>\r\n                        <div class=\"text-modules__content\"><p><span style=\"font-size: 12pt\"><strong>Termin:<\/strong> 27-28 listopada 2020 roku<br \/>\n<\/span><\/p>\n<p><span style=\"font-size: 12pt\"><strong>Miejsce:<\/strong> online (dla zarejestrowanych uczestnik\u00f3w bezpo\u015brednia transmisja z wydarze\u0144 konferencyjnych na Youtube, a dyskusje i rozmowy realizowane przy pomocy oprogramowania Zoom Video Webinars)<br \/>\n<\/span><\/p>\n<p><span style=\"font-size: 12pt\"><strong>Organizator:<\/strong> Instytut Literaturoznawstwa U\u015a; Fundacja Kultury Irlandzkiej; Polskie Towarzystwo Bada\u0144 Irlandystycznych<br \/>\n<\/span><\/p>\n<p style=\"text-align: justify\"><span style=\"font-size: 12pt\"><strong>Opis:<\/strong> Instytut Literaturoznawstwa U\u015a jest wsp\u00f3\u0142organizatorem konferencji naukowej po\u0142\u0105czonej ze spotkaniem z t\u0142umaczami (m.in. z Maciejem \u015awierkockim, kt\u00f3ry opowie o swoim przek\u0142adzie <em>Ulissesa<\/em>), autorami (m.in. z Emilie Pine, kt\u00f3ra opowie o swojej niedawno prze\u0142o\u017conej na polski ksi\u0105\u017cce <em>O tym si\u0119 nie m\u00f3wi<\/em>), dzia\u0142aczami kulturalnymi oraz osobami aktywnie wspieraj\u0105cymi rozw\u00f3j <em>Irish studies<\/em> w Polsce. Chcemy porozmawia\u0107 o tym, co dzieje si\u0119 w polskiej irlandystyce, jak widzimy wsp\u00f3\u0142czesn\u0105 rzeczywisto\u015b\u0107 tekstow\u0105 i pozatekstow\u0105 w Irlandii, a tak\u017ce jak (i czy w og\u00f3le) dyskursy kulturowe wp\u0142ywaj\u0105 na \u015bwiat polityki i kszta\u0142t stosunk\u00f3w spo\u0142ecznych w Dublinie i okolicach. Skupimy si\u0119 tak\u017ce na skutkach pandemii dla edukacji akademickiej i bada\u0144 naukowych w Polsce oraz w Irlandii. Chodzi o refleksj\u0119, kt\u00f3ra pozwoli nam skupi\u0107 uwag\u0119 na zwi\u0105zkach kultury z rzeczywisto\u015bci\u0105 \u2013 jako organizatorzy mamy nadziej\u0119, \u017ce nieco prowokacyjnie sformu\u0142owany tytu\u0142 b\u0119dzie stanowi\u0107 dobry punkt wyj\u015bcia do namys\u0142u nie tylko nad stanem wsp\u00f3\u0142czesnej literatury irlandzkiej, ale te\u017c nad wieloma innymi istotnymi kwestiami nurtuj\u0105cymi polskich badaczy zajmuj\u0105cych si\u0119 Irlandi\u0105.<br \/>\n<\/span><\/p>\n<p>\n<\/div>\r\n                    <\/div>\r\n                <\/div>[\/vc_column][\/vc_row]<\/p>","protected":false},"excerpt":{"rendered":"<p>[vc_row][vc_column][\/vc_column][\/vc_row][vc_row][vc_column][\/vc_column][\/vc_row] [&#8230;]<\/p>\n<p><a class=\"btn btn-secondary understrap-read-more-link\" href=\"https:\/\/us.edu.pl\/instytut\/il\/konferencje\/2020-2\/\">Read More&#8230;<\/a><\/p>\n","protected":false},"author":32,"featured_media":0,"parent":133,"menu_order":0,"comment_status":"closed","ping_status":"closed","template":"","meta":{"_expiration-date-status":"saved","_expiration-date":0,"_expiration-date-type":"","_expiration-date-categories":[],"_expiration-date-options":[]},"acf":[],"_links":{"self":[{"href":"https:\/\/us.edu.pl\/instytut\/il\/wp-json\/wp\/v2\/pages\/972"}],"collection":[{"href":"https:\/\/us.edu.pl\/instytut\/il\/wp-json\/wp\/v2\/pages"}],"about":[{"href":"https:\/\/us.edu.pl\/instytut\/il\/wp-json\/wp\/v2\/types\/page"}],"author":[{"embeddable":true,"href":"https:\/\/us.edu.pl\/instytut\/il\/wp-json\/wp\/v2\/users\/32"}],"replies":[{"embeddable":true,"href":"https:\/\/us.edu.pl\/instytut\/il\/wp-json\/wp\/v2\/comments?post=972"}],"version-history":[{"count":7,"href":"https:\/\/us.edu.pl\/instytut\/il\/wp-json\/wp\/v2\/pages\/972\/revisions"}],"predecessor-version":[{"id":1769,"href":"https:\/\/us.edu.pl\/instytut\/il\/wp-json\/wp\/v2\/pages\/972\/revisions\/1769"}],"up":[{"embeddable":true,"href":"https:\/\/us.edu.pl\/instytut\/il\/wp-json\/wp\/v2\/pages\/133"}],"wp:attachment":[{"href":"https:\/\/us.edu.pl\/instytut\/il\/wp-json\/wp\/v2\/media?parent=972"}],"curies":[{"name":"wp","href":"https:\/\/api.w.org\/{rel}","templated":true}]}}