{"id":1297,"date":"2020-02-16T22:36:50","date_gmt":"2020-02-16T21:36:50","guid":{"rendered":"http:\/\/us.edu.pl\/instytut\/im\/?page_id=1297"},"modified":"2022-03-28T12:06:35","modified_gmt":"2022-03-28T10:06:35","slug":"dr-lukasz-dawidowski","status":"publish","type":"page","link":"https:\/\/us.edu.pl\/instytut\/im\/pracownicy\/dr-lukasz-dawidowski\/","title":{"rendered":"dr \u0141ukasz Dawidowski"},"content":{"rendered":"<p>[vc_row el_class=&#8221;container&#8221;][vc_column width=&#8221;1\/4&#8243;][vc_single_image image=&#8221;1298&#8243; img_size=&#8221;medium&#8221; style=&#8221;vc_box_shadow_3d&#8221; onclick=&#8221;link_image&#8221;][\/vc_column][vc_column width=&#8221;3\/4&#8243;][vc_column_text]<\/p>\n<table style=\"border-collapse: collapse;width: 100%\">\n<tbody>\n<tr>\n<td style=\"width: 9.866161829387964%;vertical-align: top\"><span style=\"font-family: 'trebuchet ms', geneva, sans-serif;font-size: 12pt;color: #003366\">Stanowisko:<\/span><\/p>\n<p><span style=\"color: #003366;font-family: 'trebuchet ms', geneva, sans-serif;font-size: 12pt\">Grupa:<\/span><\/p>\n<p><span style=\"color: #003366;font-family: 'trebuchet ms', geneva, sans-serif;font-size: 12pt\">Specjalno\u015b\u0107:<\/span><\/p>\n<p><span style=\"font-family: 'trebuchet ms', geneva, sans-serif;font-size: 12pt;color: #003366\">Pok\u00f3j:<\/span><\/p>\n<p><span style=\"font-family: 'trebuchet ms', geneva, sans-serif;font-size: 12pt;color: #003366\">Telefon:<\/span><\/p>\n<p><span style=\"font-family: 'trebuchet ms', geneva, sans-serif;font-size: 12pt;color: #003366\">e-mail:<\/span><\/p>\n<p><span style=\"font-size: 12pt;color: #003366\"><img class=\"size-full wp-image-275\" src=\"http:\/\/us.edu.pl\/instytut\/im\/wp-content\/uploads\/sites\/43\/Nieprzypisane\/ORCID.png\" alt=\"Logo ORCID\" width=\"71\" height=\"22\" \/><\/span><\/td>\n<td style=\"width: 64.81749758903781%;vertical-align: top\"><span style=\"font-family: 'trebuchet ms', geneva, sans-serif;font-size: 12pt;color: #000000\"><strong>Adiunkt<\/strong><\/span><\/p>\n<p><span style=\"font-family: 'trebuchet ms', geneva, sans-serif;font-size: 12pt;color: #000000\"><strong>Pracownicy dydaktyczni<\/strong><\/span><\/p>\n<p><span style=\"color: #000000;font-family: 'trebuchet ms', geneva, sans-serif;font-size: 12pt\"><strong>R\u00f3wnania r\u00f3\u017cniczkowe<\/strong><\/span><\/p>\n<p><span style=\"font-family: 'trebuchet ms', geneva, sans-serif;font-size: 12pt;color: #000000\"><strong>589<\/strong><\/span><\/p>\n<p><span style=\"font-size: 12pt\"><strong><span style=\"font-family: 'trebuchet ms', geneva, sans-serif\">(32) 359 13 92<\/span><\/strong><\/span><\/p>\n<p><span style=\"text-decoration: underline\"><a href=\"mailto:lukasz.dawidowski@us.edu.pl\"><strong><span style=\"color: #000080;font-family: 'trebuchet ms', geneva, sans-serif;font-size: medium;text-decoration: underline\">lukasz.dawidowski@us.edu.pl<\/span><\/strong><\/a><\/span><\/p>\n<p><span style=\"font-family: 'trebuchet ms', geneva, sans-serif;font-size: 12pt\"><a href=\"https:\/\/orcid.org\/0000-0002-2758-6828\"><span style=\"color: #808080\"><strong><span style=\"text-decoration: underline\"><span style=\"color: #000080;text-decoration: underline\">0000-0002-2758-6828<\/span><\/span><\/strong><\/span><\/a><\/span><\/p>\n<p>&nbsp;<\/td>\n<\/tr>\n<\/tbody>\n<\/table>\n<p>[\/vc_column_text][\/vc_column][\/vc_row][vc_row][vc_column][vc_column_text]<span style=\"font-size: 12pt;font-family: verdana, geneva, sans-serif\">Konsultacje w semestrze letnim roku 2021\/2022 odbywaj\u0105 si\u0119 w \u015brody w godzinach 12:00 &#8211; 13:45 w sali 589 (Katowice, ul. Bankowa 14).<\/span>[\/vc_column_text][\/vc_column][\/vc_row][vc_row][vc_column]\r\n\t\t\t\t<div class='container'>\r\n\t\t\t\t\t<div class='list-links list-links_blue'>\r\n\t\t\t\t\t\t  \r\n\t\t\t\t\t\t  <ul>\r\n\t\t\t\t\t\t\t\t<li><a href='https:\/\/www.youtube.com\/channel\/UCSOqa5Pcgrds8L1Y2_uxJFA'><p>Kana\u0142 \"Mat kwadrat\"<\/p><\/a><\/li>\r\n\t\t\t\t\t\t\t\t<li><a href='http:\/\/www.math.us.edu.pl\/ldawidowski\/studia\/materialy.html'><p>Materia\u0142y dla student\u00f3w<\/p><\/a><\/li>\r\n\t\t\t\t\t\t\t\t<li><a href='https:\/\/www.facebook.com\/knm.katowice'><p>Ko\u0142o Naukowe Matematyk\u00f3w U\u015a<\/p><\/a><\/li>\r\n\t\t\t\t\t\t\t\t<li><a href='https:\/\/us.edu.pl\/wydzial\/wnst\/wspolpraca\/szkoly\/swieto-liczby-pi\/'><p>Strona \u015awi\u0119ta Liczby Pi<\/p><\/a><\/li><\/ul>\r\n\t\t\t\t\t<\/div>\r\n\t\t\t\t<\/div>   \r\n\t\t\t\t\t[\/vc_column][\/vc_row]<\/p>","protected":false},"excerpt":{"rendered":"<p>[vc_row el_class=&#8221;container&#8221;][vc_column width=&#8221;1\/4&#8243;][vc_single_image image=&#8221;1298&#8243; img_size=&#8221;medium&#8221; style=&#8221;vc_box_shadow_3d&#8221; onclick=&#8221;link_image&#8221;][\/vc_column][vc_column width=&#8221;3\/4&#8243;][vc_column_text] Stanowisko: Grupa: Specjalno\u015b\u0107: Pok\u00f3j: Telefon: e-mail: Adiunkt Pracownicy dydaktyczni R\u00f3wnania r\u00f3\u017cniczkowe 589 (32) 359 13 92 lukasz.dawidowski@us.edu.pl 0000-0002-2758-6828 &nbsp; [\/vc_column_text][\/vc_column][\/vc_row][vc_row][vc_column][vc_column_text]Konsultacje w semestrze letnim roku 2021\/2022 odbywaj\u0105 si\u0119 w \u015brody w godzinach 12:00 &#8211; 13:45 w sali 589 (Katowice, ul. Bankowa 14).[\/vc_column_text][\/vc_column][\/vc_row][vc_row][vc_column][\/vc_column][\/vc_row] [&#8230;]<\/p>\n<p><a class=\"btn btn-secondary understrap-read-more-link\" href=\"https:\/\/us.edu.pl\/instytut\/im\/pracownicy\/dr-lukasz-dawidowski\/\">Read More&#8230;<\/a><\/p>\n","protected":false},"author":530,"featured_media":0,"parent":4259,"menu_order":0,"comment_status":"closed","ping_status":"closed","template":"page-templates\/page-with-bookmarks.php","meta":{"_expiration-date-status":"saved","_expiration-date":0,"_expiration-date-type":"","_expiration-date-categories":[],"_expiration-date-options":[]},"acf":[],"_links":{"self":[{"href":"https:\/\/us.edu.pl\/instytut\/im\/wp-json\/wp\/v2\/pages\/1297"}],"collection":[{"href":"https:\/\/us.edu.pl\/instytut\/im\/wp-json\/wp\/v2\/pages"}],"about":[{"href":"https:\/\/us.edu.pl\/instytut\/im\/wp-json\/wp\/v2\/types\/page"}],"author":[{"embeddable":true,"href":"https:\/\/us.edu.pl\/instytut\/im\/wp-json\/wp\/v2\/users\/530"}],"replies":[{"embeddable":true,"href":"https:\/\/us.edu.pl\/instytut\/im\/wp-json\/wp\/v2\/comments?post=1297"}],"version-history":[{"count":11,"href":"https:\/\/us.edu.pl\/instytut\/im\/wp-json\/wp\/v2\/pages\/1297\/revisions"}],"predecessor-version":[{"id":5063,"href":"https:\/\/us.edu.pl\/instytut\/im\/wp-json\/wp\/v2\/pages\/1297\/revisions\/5063"}],"up":[{"embeddable":true,"href":"https:\/\/us.edu.pl\/instytut\/im\/wp-json\/wp\/v2\/pages\/4259"}],"wp:attachment":[{"href":"https:\/\/us.edu.pl\/instytut\/im\/wp-json\/wp\/v2\/media?parent=1297"}],"curies":[{"name":"wp","href":"https:\/\/api.w.org\/{rel}","templated":true}]}}