{"id":2971,"date":"2020-08-30T23:56:03","date_gmt":"2020-08-30T21:56:03","guid":{"rendered":"https:\/\/us.edu.pl\/instytut\/im\/?page_id=2971"},"modified":"2020-08-30T23:56:03","modified_gmt":"2020-08-30T21:56:03","slug":"sp-prof-antoni-wakulicz","status":"publish","type":"page","link":"https:\/\/us.edu.pl\/instytut\/im\/pamietamy\/sp-prof-antoni-wakulicz\/","title":{"rendered":"\u015ap. prof. Antoni Wakulicz"},"content":{"rendered":"<p>[vc_row][vc_column]\r\n                <div class=\"text-modules \">\r\n                    <div class=\"container\">\r\n                        <h3 class=\"section-title section-title_border-bottom\">Pami\u0119tamy o...<\/h3> <h3 class=\"subtitle text-modules__subtitle\">Profesor Antoni Wakulicz (1902-1988)<\/h3>\r\n                        <div class=\"row m-0\">\r\n                            <div class=\"text-modules__content\">\r\n                                <\/p>\n<div class=\"page\" title=\"Page 1\">\n<div class=\"layoutArea\">\n<div class=\"column\">\n<p><span style=\"font-size: 12pt;font-family: 'trebuchet ms', geneva, sans-serif;color: #000000\">Antoni Wakulicz urodzi\u0142 si\u0119 7 kwietnia 1902 roku w\u00a0miejscowo\u015bci Miedzna w\u00a0powiecie w\u0119growskim w\u00a0wojew\u00f3dztwie warszawskim w\u00a0rodzinie rolnika. Ucz\u0119szcza\u0142 do\u00a0gimnazjum rosyjskiego a\u00a0nast\u0119pnie w\u00a0latach 1918-1920 do gimnazjum im. Zamojskiego w\u00a0Warszawie. W\u00a0latach 1920-1924 studiowa\u0142 na Uniwersytecie Warszawskim ko\u0144cz\u0105c studia egzaminem nauczycielskim. Nast\u0119pnie pracowa\u0142 jako nauczyciel w\u00a0gimnazjum im. Zamojskiego w\u00a0Warszawie (1924-1927) i\u00a0w\u00a0gimnazjach w\u00a0Pszczynie (1928-1935) i\u00a0Katowicach (1935-1939). Bra\u0142 udzia\u0142 w\u00a0kampanii wrze\u015bniowej a\u00a0w\u00a0latach 1940\u20141945 by\u0142 zaanga\u017cowany w\u00a0tajne nauczanie w\u00a0swojej rodzinnej miejscowo\u015bci Miedzna. W\u00a0latach 1944-1945 pracowa\u0142 w\u00a0gimnazjum w\u00a0W\u0119growie, a\u00a0nast\u0119pnie w\u00a0gimnazjum w\u00a0Katowicach (1946-1948). Od roku 1946 a\u017c do\u00a0przej\u015bcia na emerytur\u0119 w\u00a0roku 1970 pracowa\u0142 na Politechnice \u015al\u0105skiej. R\u00f3wnolegle od 1946 roku pracowa\u0142 w\u00a0Instytucie Pedagogicznym w\u00a0Katowicach, a\u00a0nast\u0119pnie, od roku 1950, w\u00a0powsta\u0142ej Pa\u0144stwowej Wy\u017cszej Szkole Pedagogicznej w\u00a0Katowicach i\u00a0w\u00a0Uniwersytecie \u015al\u0105skim do\u00a0roku 1970. <\/span><\/p>\n<p><span style=\"font-size: 12pt;font-family: 'trebuchet ms', geneva, sans-serif;color: #000000\">Doktorat uzyska\u0142 w\u00a01949 roku za\u00a0prac\u0119 z\u00a0teorii mnogo\u015bci. Promotorem by\u0142 Wac\u0142aw Sierpi\u0144ski. W\u00a01963 roku otrzyma\u0142 tytu\u0142 profesora nadzwyczajnego. Za\u00a0zas\u0142ugi dla \u015brodowiska matematycznego wyr\u00f3\u017cniony zosta\u0142 przez Zarz\u0105d G\u0142\u00f3wny Polskiego Towarzystwa Matematycznego nadaniem tytu\u0142u Cz\u0142onka Honorowego PTM w\u00a01987 roku. Jego publikacje naukowe nale\u017c\u0105 do\u00a0teorii mnogo\u015bci, teorii liczb i\u00a0dydaktyki matematyki. By\u0142 tak\u017ce autorem licznych skrypt\u00f3w. <\/span><\/p>\n<p><span style=\"font-size: 12pt;font-family: 'trebuchet ms', geneva, sans-serif;color: #000000\">A. Wakulicz odegra\u0142 wiod\u0105c\u0105 rol\u0119 w\u00a0powstanie o\u015brodk\u00f3w matematycznych w\u00a0Gliwicach i\u00a0Katowicach, w\u00a0tym zainicjowanie rozwoju kadry matematycznej na \u015al\u0105sku. By\u0142 promotorem 6 prac doktorskich z\u00a0zakresu dyscyplin, kt\u00f3re nie by\u0142y wcze\u015bniej uprawiane na \u015al\u0105sku, takich jak teoria liczb, algebra klasyczna, teoria graf\u00f3w, metody numeryczne, teoria grup. Jego pionierska praca nauczycielska w\u00a0zakresie algebry i\u00a0teorii liczb i\u00a0kszta\u0142cenie kadry naukowej odegra\u0142y znaczn\u0105 rol\u0119 w\u00a0powstaniu profesjonalnego \u015brodowiska matematycznego na \u015al\u0105sku. Zainicjowa\u0142 publikacj\u0119 pierwszego specjalistycznego czasopisma naukowego z\u00a0zakresu matematyki na \u015al\u0105sku jakim by\u0142y od roku 1958 Zeszyty Naukowe Wy\u017cszej Szko\u0142y Pedagogicznej w\u00a0Katowicach. Ta inicjatywa wydawnicza by\u0142a kontynuowana od 1969 roku przez Uniwersytet \u015al\u0105ski w\u00a0serii wydawniczej Prace Matematyczne, od roku 1985 pod nowym tytu\u0142em pisma Annales Mathematicae Silesianae.<\/span><\/p>\n<p><span style=\"font-size: 12pt;font-family: 'trebuchet ms', geneva, sans-serif;color: #000000\">Antoni Wakulicz zmar\u0142 25 listopada 1988 roku. <\/span><\/p>\n<\/div>\n<\/div>\n<\/div>\n<div class=\"page\" title=\"Page 3\">\n<div class=\"layoutArea\">\n<div class=\"column\">\n<p><span style=\"font-size: 12pt;font-family: 'trebuchet ms', geneva, sans-serif\"><strong>Opracowa\u0142: Prof. dr hab. Kazimierz Szymiczek<\/strong><\/span><\/p>\n<\/div>\n<\/div>\n<\/div>\n<div class=\"mt-3\"><\/div>\r\n                            <\/div>\r\n                            \r\n                            <div class=\"text-modules__img\"><img src=\"https:\/\/us.edu.pl\/instytut\/im\/wp-content\/uploads\/sites\/43\/Pami\u0119tamy-o\/Wakulicz.jpg\" alt=\"img\"><\/div>\r\n                        <\/div>\r\n                    <\/div>\r\n                <\/div>[\/vc_column][\/vc_row]<\/p>","protected":false},"excerpt":{"rendered":"<p>[vc_row][vc_column][\/vc_column][\/vc_row] [&#8230;]<\/p>\n<p><a class=\"btn btn-secondary understrap-read-more-link\" href=\"https:\/\/us.edu.pl\/instytut\/im\/pamietamy\/sp-prof-antoni-wakulicz\/\">Read More&#8230;<\/a><\/p>\n","protected":false},"author":820,"featured_media":0,"parent":2381,"menu_order":0,"comment_status":"closed","ping_status":"closed","template":"","meta":{"_expiration-date-status":"saved","_expiration-date":0,"_expiration-date-type":"","_expiration-date-categories":[],"_expiration-date-options":[]},"acf":[],"_links":{"self":[{"href":"https:\/\/us.edu.pl\/instytut\/im\/wp-json\/wp\/v2\/pages\/2971"}],"collection":[{"href":"https:\/\/us.edu.pl\/instytut\/im\/wp-json\/wp\/v2\/pages"}],"about":[{"href":"https:\/\/us.edu.pl\/instytut\/im\/wp-json\/wp\/v2\/types\/page"}],"author":[{"embeddable":true,"href":"https:\/\/us.edu.pl\/instytut\/im\/wp-json\/wp\/v2\/users\/820"}],"replies":[{"embeddable":true,"href":"https:\/\/us.edu.pl\/instytut\/im\/wp-json\/wp\/v2\/comments?post=2971"}],"version-history":[{"count":1,"href":"https:\/\/us.edu.pl\/instytut\/im\/wp-json\/wp\/v2\/pages\/2971\/revisions"}],"predecessor-version":[{"id":2972,"href":"https:\/\/us.edu.pl\/instytut\/im\/wp-json\/wp\/v2\/pages\/2971\/revisions\/2972"}],"up":[{"embeddable":true,"href":"https:\/\/us.edu.pl\/instytut\/im\/wp-json\/wp\/v2\/pages\/2381"}],"wp:attachment":[{"href":"https:\/\/us.edu.pl\/instytut\/im\/wp-json\/wp\/v2\/media?parent=2971"}],"curies":[{"name":"wp","href":"https:\/\/api.w.org\/{rel}","templated":true}]}}