{"id":3675,"date":"2020-11-28T01:33:55","date_gmt":"2020-11-28T00:33:55","guid":{"rendered":"https:\/\/us.edu.pl\/instytut\/im\/?page_id=3675"},"modified":"2020-11-28T04:33:00","modified_gmt":"2020-11-28T03:33:00","slug":"szkoly","status":"publish","type":"page","link":"https:\/\/us.edu.pl\/instytut\/im\/wspolpraca\/szkoly\/","title":{"rendered":"Szko\u0142y wsp\u00f3\u0142pracuj\u0105ce z Instytutem Matematyki"},"content":{"rendered":"<p>[vc_row][vc_column][vc_column_text]<\/p>\n<ul style=\"list-style-type: square\">\n<li><span style=\"font-size: 12pt;font-family: 'trebuchet ms', geneva, sans-serif\"><a title=\"LO im. Powsta\u0144c\u00f3w \u015al\u0105skich\" href=\"http:\/\/www.lobierun.edu.pl\/\" target=\"_blank\" rel=\"noopener noreferrer\">Liceum Og\u00f3lnokszta\u0142c\u0105ce\u00a0 im. Powsta\u0144c\u00f3w \u015al\u0105skich<\/a><span style=\"color: #000000\">\u00a0 w Bieruniu Starym<\/span><\/span><\/li>\n<li><span style=\"font-size: 12pt;font-family: 'trebuchet ms', geneva, sans-serif\"><a href=\"http:\/\/www.kruczek.edu.pl\/index.php?id=56\" target=\"_blank\" rel=\"noopener noreferrer\">Liceum Og\u00f3lnokszta\u0142c\u0105ce nr 1 im. Leona Kruczkowskiego<\/a><span style=\"color: #000000\"> w Tychach<\/span><\/span><\/li>\n<li><span style=\"font-size: 12pt;font-family: 'trebuchet ms', geneva, sans-serif\"><a title=\"LO im. Boles\u0142awa Chrobrego w Pszczynie\" href=\"http:\/\/chrobry.pna.pl\" target=\"_blank\" rel=\"noopener noreferrer\">Liceum Og\u00f3lnokszta\u0142c\u0105ce nr 1 im. Boles\u0142awa Chrobrego<\/a><span style=\"color: #000000\"> w Pszczynie<\/span><\/span><\/li>\n<li><span style=\"font-size: 12pt;font-family: 'trebuchet ms', geneva, sans-serif\"><a title=\"LO im. Miko\u0142aja Kopernika\" href=\"http:\/\/www.lo-zywiec.pl\" target=\"_blank\" rel=\"noopener noreferrer\">Liceum Og\u00f3lnokszta\u0142c\u0105ce im. Miko\u0142aja Kopernika<\/a><span style=\"color: #000000\"> w \u017bywcu<\/span><\/span><\/li>\n<li><span style=\"font-size: 12pt;font-family: 'trebuchet ms', geneva, sans-serif\"><a title=\"LO im. Juliusza S\u0142owackiego\" href=\"http:\/\/www.slowacki.edu.pl\/\" target=\"_blank\" rel=\"noopener noreferrer\">Liceum Og\u00f3lnokszta\u0142c\u0105ce nr 1 im. Juliusza S\u0142owackiego<\/a> <span style=\"color: #000000\">w Chorzowie<\/span><\/span><\/li>\n<li><span style=\"font-size: 12pt;font-family: 'trebuchet ms', geneva, sans-serif\"><a href=\"http:\/\/www.lo4.tychy.pl\/\" target=\"_blank\" rel=\"noopener noreferrer\">Zesp\u00f3\u0142 Szk\u00f3\u0142 nr 1 im. Gustawa Morcinka<\/a><span style=\"color: #000000\"> w Tychach<\/span><\/span><\/li>\n<li><span style=\"font-size: 12pt;font-family: 'trebuchet ms', geneva, sans-serif\"><a title=\"im. Kardyna\u0142a A. Hlonda\" href=\"http:\/\/www.glk.edu.pl\/\" target=\"_blank\" rel=\"noopener noreferrer\">Zesp\u00f3\u0142 Szk\u00f3\u0142 Stowarzyszenia Rodzin Katolickich Archidiecezji Katowickiej im. Kardyna\u0142a A. Hlonda<\/a><span style=\"color: #000000\"> w Chorzowie<\/span><\/span><\/li>\n<li><span style=\"font-size: 12pt;font-family: 'trebuchet ms', geneva, sans-serif\"><a title=\"im. Gustawa Morcinka\" href=\"http:\/\/lo2ruda.edupage.org\/\" target=\"_blank\" rel=\"noopener noreferrer\">Zesp\u00f3\u0142 Szk\u00f3\u0142 Og\u00f3lnokszta\u0142c\u0105cych nr 2 im. Gustawa Morcinka<\/a><span style=\"color: #000000\"> w Rudzie \u015al\u0105skiej<\/span><\/span><\/li>\n<\/ul>\n<p><span style=\"font-size: 12pt;font-family: 'trebuchet ms', geneva, sans-serif\"><span style=\"color: #000000\">Z ramienia Instytutu wsp\u00f3\u0142prac\u0119 organizuje i koordynuje <\/span><a href=\"https:\/\/us.edu.pl\/instytut\/im\/strona-glownaim\/pracownicy\/dydaktyka\/dr-natalia-cieslar\/\">dr Natalia Cie\u015blar<\/a><span style=\"color: #000000\">.<\/span><\/span>[\/vc_column_text][\/vc_column][\/vc_row]<\/p>","protected":false},"excerpt":{"rendered":"<p>[vc_row][vc_column][vc_column_text] Liceum Og\u00f3lnokszta\u0142c\u0105ce\u00a0 im. Powsta\u0144c\u00f3w \u015al\u0105skich\u00a0 w Bieruniu Starym Liceum Og\u00f3lnokszta\u0142c\u0105ce nr 1 im. Leona Kruczkowskiego w Tychach Liceum Og\u00f3lnokszta\u0142c\u0105ce nr 1 im. Boles\u0142awa Chrobrego w Pszczynie Liceum Og\u00f3lnokszta\u0142c\u0105ce im. Miko\u0142aja Kopernika w \u017bywcu Liceum Og\u00f3lnokszta\u0142c\u0105ce nr 1 im. Juliusza S\u0142owackiego w Chorzowie Zesp\u00f3\u0142 Szk\u00f3\u0142 nr 1 im. Gustawa Morcinka w Tychach Zesp\u00f3\u0142 Szk\u00f3\u0142 Stowarzyszenia [&#8230;]<\/p>\n<p><a class=\"btn btn-secondary understrap-read-more-link\" href=\"https:\/\/us.edu.pl\/instytut\/im\/wspolpraca\/szkoly\/\">Read More&#8230;<\/a><\/p>\n","protected":false},"author":820,"featured_media":0,"parent":3672,"menu_order":0,"comment_status":"closed","ping_status":"closed","template":"page-templates\/page-with-tables.php","meta":{"_expiration-date-status":"saved","_expiration-date":0,"_expiration-date-type":"","_expiration-date-categories":[],"_expiration-date-options":[]},"acf":[],"_links":{"self":[{"href":"https:\/\/us.edu.pl\/instytut\/im\/wp-json\/wp\/v2\/pages\/3675"}],"collection":[{"href":"https:\/\/us.edu.pl\/instytut\/im\/wp-json\/wp\/v2\/pages"}],"about":[{"href":"https:\/\/us.edu.pl\/instytut\/im\/wp-json\/wp\/v2\/types\/page"}],"author":[{"embeddable":true,"href":"https:\/\/us.edu.pl\/instytut\/im\/wp-json\/wp\/v2\/users\/820"}],"replies":[{"embeddable":true,"href":"https:\/\/us.edu.pl\/instytut\/im\/wp-json\/wp\/v2\/comments?post=3675"}],"version-history":[{"count":5,"href":"https:\/\/us.edu.pl\/instytut\/im\/wp-json\/wp\/v2\/pages\/3675\/revisions"}],"predecessor-version":[{"id":3706,"href":"https:\/\/us.edu.pl\/instytut\/im\/wp-json\/wp\/v2\/pages\/3675\/revisions\/3706"}],"up":[{"embeddable":true,"href":"https:\/\/us.edu.pl\/instytut\/im\/wp-json\/wp\/v2\/pages\/3672"}],"wp:attachment":[{"href":"https:\/\/us.edu.pl\/instytut\/im\/wp-json\/wp\/v2\/media?parent=3675"}],"curies":[{"name":"wp","href":"https:\/\/api.w.org\/{rel}","templated":true}]}}