{"id":412,"date":"2020-04-15T12:58:05","date_gmt":"2020-04-15T10:58:05","guid":{"rendered":"http:\/\/us.edu.pl\/instytut\/inok\/?post_type=osoby&#038;p=412"},"modified":"2023-02-03T10:31:29","modified_gmt":"2023-02-03T09:31:29","slug":"jaroslaw-pacek","status":"publish","type":"osoby","link":"https:\/\/us.edu.pl\/instytut\/inok\/osoby\/jaroslaw-pacek\/","title":{"rendered":"Jaros\u0142aw Pacek"},"content":{"rendered":"<p>[vc_row][vc_column width=&#8221;2\/3&#8243;][vc_tta_tabs][vc_tta_section title=&#8221;POLISH&#8221; tab_id=&#8221;1630506820107-f04e4ab9-21e3&#8243;]\r\n                <div class=\"text-modules\">\r\n                    <div class=\"container\">\r\n                        \r\n                        <div class=\"text-modules__content\"><p><span style=\"font-size: 12pt;\"><strong>dr Jaros\u0142aw Pacek<br \/>\n<\/strong><\/span><\/p>\n<p><span style=\"font-size: 12pt;\">e-mail:\u00a0<a href=\"mailto:jaroslaw.pacek@us.edu.pl\">jaroslaw.pacek@us.edu.pl<\/a><\/span><\/p>\n<p><span style=\"font-size: 12pt;\"><a href=\"https:\/\/www.jpacek.us.edu.pl\/\" target=\"_blank\" rel=\"noopener noreferrer\">https:\/\/www.jpacek.us.edu.pl<\/a><\/span><\/p>\n<p><span style=\"font-size: 12pt;\"><a href=\"https:\/\/orcid.org\/0000-0003-2302-5182\" target=\"_blank\" rel=\"noopener noreferrer\"><strong>https:\/\/orcid.org\/0000-0003-2302-5182<\/strong><\/a><\/span><\/p>\n<p><span style=\"font-size: 12pt;\"><strong>Tematyka badawcza:<\/strong><\/span><\/p>\n<ul>\n<li><span style=\"font-size: 12pt;\">komunikacja naukowa,<\/span><\/li>\n<li><span style=\"font-size: 12pt;\">kulturotw\u00f3rcza funkcja informacji,<\/span><\/li>\n<li><span style=\"font-size: 12pt;\">spo\u0142ecze\u0144stwo informacyjne,<\/span><\/li>\n<li><span style=\"font-size: 12pt;\">teoria informacji,<\/span><\/li>\n<li><span style=\"font-size: 12pt;\">terminologia naukowa,<\/span><\/li>\n<li><span style=\"font-size: 12pt;\">zarz\u0105dzanie informacj\u0105 i wiedz\u0105,<\/span><\/li>\n<li><span style=\"font-size: 12pt;\">\u017ar\u00f3d\u0142a informacji w \u015brodowisku cyfrowym.<\/span><\/li>\n<\/ul>\n<p><span style=\"font-size: 12pt;\"><strong>Stopnie i tytu\u0142y naukowe:<\/strong><\/span><\/p>\n<p><span style=\"font-size: 12pt;\"><strong>Doktorat<\/strong><\/span><\/p>\n<p><span style=\"font-size: 12pt;\">2010 \u2013 Bibliografia w zmieniaj\u0105cym si\u0119 \u015brodowisku informacyjnym, Wydzia\u0142 Historyczny, Uniwersytet Warszawski.<\/span><\/p>\n<p><span style=\"font-size: 12pt;\"><strong>Magisterium<\/strong><\/span><\/p>\n<p><span style=\"font-size: 12pt;\">2001 &#8211; Bibliografia tekstologii polskiej za lata 1996 &#8211; 2000, Wydzia\u0142 Humanistyczny, Uniwersytet Marii Curie-Sk\u0142odowskiej w Lublinie.<\/span><\/p>\n<p><span style=\"font-size: 12pt;\"><strong>Wybrane publikacje:<\/strong><\/span><\/p>\n<ol>\n<li><span style=\"font-size: 12pt;\">Pole semantyczne terminu \u201eksi\u0105\u017cka elektroniczna\u201d. \u201eZagadnienia Informacji Naukowej\u201d, 2016, nr 1, s. 95-107.<\/span><\/li>\n<li><span style=\"font-size: 12pt;\">Pole semantyczne ksi\u0105\u017cki. \u201ePrzegl\u0105d Biblioteczny\u201d 2015, nr 4, s. 546-562.<\/span><\/li>\n<li><span style=\"font-size: 12pt;\">Pole semantyczne ksi\u0105\u017cki w tekstach normalizacyjnych i prawnych. \u201ePraktyka i Teoria Informacji Naukowej i Technicznej\u201d, 2015, nr 4.<\/span><\/li>\n<li><span style=\"font-size: 12pt;\">Nowoczesne standardy metadanych. \u201eBibliotekarz\u201d, 2015, nr 7-8, s. 4-9.<\/span><\/li>\n<li><span style=\"font-size: 12pt;\">Bibliografia w XXI wieku. W: Bibliologia i informatologia. Pod red. D. Ku\u017aminy. Warszawa 2011, s. 267-279.<\/span><\/li>\n<li><span style=\"font-size: 12pt;\">Problemy rejestracji dokument\u00f3w sieciowych. W: Sz\u00f3sta Og\u00f3lnokrajowa Narada Bibliograf\u00f3w. Warszawa, 23-24 pa\u017adziernika 2008. Warszawa 2010, s. 146-173.<\/span><\/li>\n<li><span style=\"font-size: 12pt;\">Bibliografia w zmieniaj\u0105cym si\u0119 \u015brodowisku informacyjnym. Warszawa, 2010.<\/span><\/li>\n<li><span style=\"font-size: 12pt;\">Dokument czy zas\u00f3b? Zmiany terminologii nauki o informacji. \u201ePraktyka i Teoria Informacji Naukowej i Technicznej\u201d 2010, nr 4, s. 20-24.<\/span><\/li>\n<li><span style=\"font-size: 12pt;\">Uwolni\u0107 informacj\u0119! \u201eFolia Bibliologica\u201d 2009, s. 7-24.<\/span><\/li>\n<li><span style=\"font-size: 12pt;\">Bibliografia 2.0. \u201eZagadnienia Informacji Naukowej\u201d 2008, nr 1, s. 35-44.<\/span><\/li>\n<\/ol>\n<p><span style=\"font-size: 12pt;\"><strong>Przynale\u017cno\u015b\u0107 do organizacji i towarzystw naukowych:<\/strong><\/span><\/p>\n<ul>\n<li><span style=\"font-size: 12pt;\">Komitet Techniczny nr 242, ds. Informacji i Dokumentacji Polskiego Komitetu Normalizacyjnego,<\/span><\/li>\n<li><span style=\"font-size: 12pt;\">Polskie Towarzystwo Informacji Naukowej.<\/span><\/li>\n<\/ul>\n<p>\n<\/div>\r\n                    <\/div>\r\n                <\/div>[\/vc_tta_section][vc_tta_section title=&#8221;ENGLISH&#8221; tab_id=&#8221;1630506820125-4e86ec3d-998c&#8221;]\r\n                <div class=\"text-modules\">\r\n                    <div class=\"container\">\r\n                        \r\n                        <div class=\"text-modules__content\"><p><strong>Jaros\u0142aw Pacek, PhD<br \/>\nAssistant Professor, Faculty of Humanities, University of Silesia in Katowice<\/strong><\/p>\n<p><a href=\"mailto:jaroslaw.pacek@us.edu.pl\">jaroslaw.pacek@us.edu.pl<\/a><\/p>\n<p>ORCID <a href=\"https:\/\/orcid.org\/0000-0003-2302-5182\" target=\"_blank\" rel=\"noopener\">0000-0003-2302-5182<\/a><\/p>\n<p><a href=\"https:\/\/www.researchgate.net\/profile\/Jaroslaw-Pacek-2\" target=\"_blank\" rel=\"noopener\">https:\/\/www.researchgate.net\/profile\/Jaroslaw-Pacek-2<\/a><\/p>\n<p><a href=\"https:\/\/scholar.google.pl\/citations?user=BJz4Mi0AAAAJ&amp;hl=pl\" target=\"_blank\" rel=\"noopener\">https:\/\/scholar.google.pl\/citations?user=BJz4Mi0AAAAJ&amp;hl=pl<\/a><\/p>\n<p><strong>Research interests<\/strong>:<\/p>\n<ul>\n<li>scientific communication,<\/li>\n<li>culture-forming function of information,<\/li>\n<li>information society,<\/li>\n<li>information theory,<\/li>\n<li>scientific terminology,<\/li>\n<li>information and knowledge management,<\/li>\n<li>information sources in the digital environment.<\/li>\n<\/ul>\n<p><strong>Recent publications:<\/strong><\/p>\n<ol>\n<li><em>Wsp\u00f3\u0142praca nauk o kulturze z informatologi\u0105. Propozycje interdyscyplinarnych zagadnie\u0144 badawczych<\/em>. [Cooperation of culture studies and information science. Suggestions for interdisciplinary research]. \u201cEr(r)go. Teoria Literatura Kultura\u201d 2021, no. 42, pp. 127-146. DOI <a href=\"https:\/\/doi.org\/10.31261\/errgo.8774\" target=\"_blank\" rel=\"noopener\">10.31261\/errgo.8774<\/a><\/li>\n<li><em>Pole semantyczne terminu informacja w informatologii i naukach o kulturze<\/em>. [The semantic field of the term <em>information<\/em> in informatology and culture studies]. In: Studia o kulturze i historii ksi\u0105\u017cki : przesz\u0142o\u015b\u0107, tera\u017aniejszo\u015b\u0107. Wydawnictwo Gnome, Katowice 2020, pp. 292-316.<\/li>\n<li><em>Pole semantyczne terminu \u201eksi\u0105\u017cka elektroniczna\u201d<\/em>. [The semantic field of the term <em>electronic book<\/em>]. \u201cZagadnienia Informacji Naukowej\u201d 2016, no. 1, pp. 95-107.<\/li>\n<li><em>Pole semantyczne ksi\u0105\u017cki<\/em>. [The semantic field of <em>book<\/em>]. \u201cPrzegl\u0105d Biblioteczny\u201d 2015, no. 4, pp. 546-562.<\/li>\n<li><em>Bibliografia w zmieniaj\u0105cym si\u0119 \u015brodowisku informacyjnym <\/em>[Bibliography in a changing information environment]. Wydawnictwo Stowarzyszenia Bibliotekarzy Polskich, Warszawa 2010, 244 pages. ISBN 978-83-61464-44-0.<\/li>\n<\/ol>\n<p><strong>Research internship:<\/strong><\/p>\n<ol>\n<li>Library of Congress, USA \u2013 March, 2013.<\/li>\n<li>National Library of Poland &#8211; head of the Bibliographic Institute, 2012-2016.<\/li>\n<\/ol>\n<p><strong>Academic outreach and engagement<\/strong><strong>:<\/strong><\/p>\n<ol>\n<li>Member of the \u201cUsability Team\u201d in the Center for Personal Development Initiatives of the University of Silesia.<\/li>\n<li>Member of the \u201cKnowledge Organization Research Team\u201d in the Institute of Culture Studies.<\/li>\n<\/ol>\n<p>\n<\/div>\r\n                    <\/div>\r\n                <\/div>[\/vc_tta_section][\/vc_tta_tabs][\/vc_column][vc_column width=&#8221;1\/3&#8243;]\r\n                <div class=\"text-modules\">\r\n                    <div class=\"container\">\r\n                        \r\n                        <div class=\"text-modules__content\"><\/p>\n<p>&nbsp;<\/p>\n<p><img class=\"alignnone wp-image-413 size-full\" src=\"https:\/\/us.edu.pl\/instytut\/inok\/wp-content\/uploads\/sites\/28\/Nieprzypisane\/Pacek-Jaroslaw.png\" alt=\"Jaros\u0142aw Pacek - zdj\u0119cie profilowe\" width=\"278\" height=\"375\" srcset=\"https:\/\/us.edu.pl\/instytut\/inok\/wp-content\/uploads\/sites\/28\/Nieprzypisane\/Pacek-Jaroslaw.png 278w, https:\/\/us.edu.pl\/instytut\/inok\/wp-content\/uploads\/sites\/28\/Nieprzypisane\/Pacek-Jaroslaw-222x300.png 222w\" sizes=\"(max-width: 278px) 100vw, 278px\" \/><\/p>\n<\/div>\r\n                    <\/div>\r\n                <\/div>[\/vc_column][\/vc_row]<\/p>","protected":false},"excerpt":{"rendered":"<p>[vc_row][vc_column width=&#8221;2\/3&#8243;][vc_tta_tabs][vc_tta_section title=&#8221;POLISH&#8221; tab_id=&#8221;1630506820107-f04e4ab9-21e3&#8243;][\/vc_tta_section][vc_tta_section title=&#8221;ENGLISH&#8221; tab_id=&#8221;1630506820125-4e86ec3d-998c&#8221;][\/vc_tta_section][\/vc_tta_tabs][\/vc_column][vc_column width=&#8221;1\/3&#8243;][\/vc_column][\/vc_row] [&#8230;]<\/p>\n<p><a class=\"btn btn-secondary understrap-read-more-link\" href=\"https:\/\/us.edu.pl\/instytut\/inok\/osoby\/jaroslaw-pacek\/\">Read More&#8230;<\/a><\/p>\n","protected":false},"author":1658,"featured_media":0,"template":"","meta":{"_expiration-date-status":"saved","_expiration-date":0,"_expiration-date-type":"","_expiration-date-categories":[],"_expiration-date-options":[]},"acf":[],"_links":{"self":[{"href":"https:\/\/us.edu.pl\/instytut\/inok\/wp-json\/wp\/v2\/osoby\/412"}],"collection":[{"href":"https:\/\/us.edu.pl\/instytut\/inok\/wp-json\/wp\/v2\/osoby"}],"about":[{"href":"https:\/\/us.edu.pl\/instytut\/inok\/wp-json\/wp\/v2\/types\/osoby"}],"author":[{"embeddable":true,"href":"https:\/\/us.edu.pl\/instytut\/inok\/wp-json\/wp\/v2\/users\/1658"}],"version-history":[{"count":10,"href":"https:\/\/us.edu.pl\/instytut\/inok\/wp-json\/wp\/v2\/osoby\/412\/revisions"}],"predecessor-version":[{"id":3062,"href":"https:\/\/us.edu.pl\/instytut\/inok\/wp-json\/wp\/v2\/osoby\/412\/revisions\/3062"}],"wp:attachment":[{"href":"https:\/\/us.edu.pl\/instytut\/inok\/wp-json\/wp\/v2\/media?parent=412"}],"curies":[{"name":"wp","href":"https:\/\/api.w.org\/{rel}","templated":true}]}}