{"id":249,"date":"2020-04-14T13:27:06","date_gmt":"2020-04-14T11:27:06","guid":{"rendered":"http:\/\/us.edu.pl\/instytut\/inok\/?page_id=249"},"modified":"2021-09-17T13:45:45","modified_gmt":"2021-09-17T11:45:45","slug":"2020-2021","status":"publish","type":"page","link":"https:\/\/us.edu.pl\/instytut\/inok\/konferencje\/2020-2021\/","title":{"rendered":"2020-2021"},"content":{"rendered":"<p>[vc_row][vc_column]\r\n                <div class=\"text-modules\">\r\n                    <div class=\"container\">\r\n                        \r\n                        <div class=\"text-modules__content\"><\/p>\n<p style=\"text-align: center;\"><span style=\"font-size: 18pt;\"><strong>2021<\/strong><\/span><\/p>\n<p style=\"text-align: center;\"><span style=\"font-size: 12pt;\"><strong>\u201eStrefy KON\/TAKTU-STREFY KON\/FLIKTU jako narz\u0119dzie rozpoznawania wsp\u00f3\u0142czesnej rzeczywisto\u015bci kulturowej&#8221;<\/strong><\/span><\/p>\n<p>Sosnowiec, 8-10 wrze\u015bnia 2021 r.<\/p>\n<p>Organizatorzy instytucjonalni: Teatr Zag\u0142\u0119bia, wsp\u00f3\u0142organizatorzy instytucjonalni: Uniwersytet \u015al\u0105ski\/<strong>Instytut Nauk o Kulturze<\/strong> oraz Katedra Performatyki na Wydziale Polonistyki Uniwersytetu Jagiello\u0144skiego. Organizator i pomys\u0142odawca konferencji: prof. UJ dr hab. Ewa Bal, wsp\u00f3\u0142praca: Iwona Wo\u017aniak (Dyrektor Teatru Zag\u0142\u0119bia), Agata K\u0119dzia (Teatr Zag\u0142\u0119bia w Sosnowcu). Komitet naukowy konferencji: <strong>prof. dr hab. Ewa W\u0105chocka (U\u015a), dr hab. prof. U\u015a Dorota Fox<\/strong>, prof. UJ dr hab. Ewa Bal (UJ).<\/p>\n<p>Topograficzna granica wzd\u0142u\u017c rzeki Brynicy mi\u0119dzy G\u00f3rnym \u015al\u0105skiem a Zag\u0142\u0119biem D\u0105browskim, stanowi\u0105ca niegdy\u015b lini\u0119 terytorialnego podzia\u0142u mi\u0119dzy pomi\u0119dzy pa\u0144stwem Habsburg\u00f3w (potem Prusami) a Rzeczpospolit\u0105, nast\u0119pnie pomi\u0119dzy Prusami (p\u00f3\u017aniej Niemcami) a Rosj\u0105; a w latach 1918\u20131922 mi\u0119dzy Polsk\u0105 a Niemcami, od z g\u00f3r\u0105 dwustu lat jest polem stale aktualizowanych realnych i symbolicznych r\u00f3\u017cnic oraz wsp\u00f3\u0142pracy spo\u0142eczno- kulturowej mi\u0119dzy tymi dwoma obszarami i zamieszkuj\u0105cymi je mieszka\u0144cami. Bywa\u0142a stref\u0105 wymiany handlowej (albo, zw\u0142aszcza w okresie zabor\u00f3w, przemytniczej), przenikania r\u00f3\u017cnych wp\u0142yw\u00f3w kulturowych, ideologicznych czy politycznych lub stawa\u0142a si\u0119 polem walki: jak wtedy gdy w 1922 roku wojska polskie pod dow\u00f3dztwem gen. Stanis\u0142awa Szeptyckiego przekroczy\u0142y most mi\u0119dzy Szopienicami a Sosnowcem, przejmuj\u0105c wschodni\u0105 cz\u0119\u015b\u0107 G\u00f3rnego \u015al\u0105ska pod polsk\u0105 administracj\u0119. Dynamika relacji zachodz\u0105cych w tej strefie (kontaktu i konfliktu zarazem) jest wi\u0119c dla nas pretekstem, by bli\u017cej przygl\u0105dn\u0105\u0107 si\u0119 takim miejscom i okoliczno\u015bciom, w kt\u00f3rych dochodzi do ustanawiania relacji mi\u0119dzy r\u00f3\u017cnymi kulturowymi wsp\u00f3lnotami, dyskursami, politykami, ludzkimi i nieludzkimi podmiotami \u2013 maj\u0105c nadziej\u0119, \u017ce tam w\u0142a\u015bnie uda nam si\u0119 uchwyci\u0107 specyfik\u0119 wsp\u00f3\u0142czesnej rzeczywisto\u015bci kulturowej w jej lokalnym, a jednocze\u015bnie globalnym wymiarze.<\/p>\n<p><a href=\"https:\/\/www.facebook.com\/events\/1152457975201617\/\" target=\"_blank\" rel=\"noopener noreferrer\">https:\/\/www.facebook.com\/events\/1152457975201617\/<\/a><\/p>\n<p style=\"text-align: center;\"><span style=\"font-size: 12pt;\"><strong>IV Kongres Edukacji Medialnej\/Spotkanie badaczy i praktyk\u00f3w<\/strong><\/span><\/p>\n<p style=\"text-align: center;\"><span style=\"font-size: 12pt;\"><strong>(Wsp\u00f3\u0142)praca na rzecz rozwoju kompetencji medialnych, informacyjnych i cyfrowych. <\/strong><strong>Diagnoza. wyzwania. dzia\u0142ania<\/strong><\/span><\/p>\n<p>Katowice, 4-5 listopada 2021 r.<\/p>\n<p>Organizator: PTEM \u2013 Polskie Towarzystwo Edukacji Medialnej; dr Magdalena \u015alawska [Instytut Dziennikarstwa i Komunikacji Medialnej U\u015a]; dr Monika Frania, dr Tomasz Huk [Instytut Pedagogiki U\u015a], <strong>dr Micha\u0142 Derda-Nowakowski, dr Anna Maj, dr Julia Legomska, dr Matylda S\u0119k-Iwanek<\/strong> [Instytut Nauk o Kulturze U\u015a]; FINA \u2013 Filmoteka Narodowa<\/p>\n<p>IV Kongres Edukacji Medialnej pragniemy po\u015bwi\u0119ci\u0107 zagadnieniu (WSP\u00d3\u0141)PRACY, wyr\u00f3\u017cniaj\u0105c w nim dwa obszary: WSP\u00d3\u0141PRACY oraz PRACY. Pierwszy z obszar\u00f3w \u2013 wsp\u00f3\u0142praca \u2013 interesuje nas zar\u00f3wno w perspektywie makro, czyli uj\u0119ciu globalnym (mi\u0119dzynarodowym, europejskim, krajowym itp.), jak i mikro, czyli uj\u0119ciu lokalnym (powiatu, gminy, szko\u0142y, itp.). W obu tych wymiarach zale\u017cy nam tak\u017ce na zr\u00f3\u017cnicowanym spojrzeniu: prawnym, spo\u0142ecznym, kulturowym, edukacyjnym. Z kolei drugi z obszar\u00f3w \u2013 praca \u2013 odnosi si\u0119 do r\u00f3\u017cnorodnych dzia\u0142a\u0144 podejmowanych przez interesariuszy zaanga\u017cowanych w rozw\u00f3j kompetencji medialnych, informacyjnych i cyfrowych (MIC).<\/p>\n<p>W kontek\u015bcie obu obszar\u00f3w chcieliby\u015bmy dokona\u0107 podsumowania trwaj\u0105cej r\u00f3wno dekad\u0119 wsp\u00f3\u0142pracy na rzecz rozwoju kompetencji medialnych, informacyjnych i cyfrowych (MIC) oraz zastanowi\u0107 si\u0119 jak efektywnie j\u0105 rozwija\u0107, aby zgodnie z zasad\u0105 synergii osi\u0105ga\u0107 wi\u0119cej korzy\u015bci ze wsp\u00f3lnej pracy.<\/p>\n<p><a href=\"http:\/\/kongres2020.ptem.org.pl\/\" target=\"_blank\" rel=\"noopener noreferrer\">http:\/\/kongres2020.ptem.org.pl\/<\/a><\/p>\n<p style=\"text-align: center;\"><span style=\"font-size: 18pt;\"><strong>2020<\/strong><\/span><\/p>\n<p><span style=\"font-size: 10pt;\"><strong>XV Og\u00f3lnopolskie Warsztaty Memetyczne. <\/strong><strong>Radiacje memetyczne wsp\u00f3\u0142czesno\u015bci\u00a0\u00a0\u00a0\u00a0\u00a0\u00a0\u00a0\u00a0\u00a0\u00a0\u00a0\u00a0\u00a0\u00a0\u00a0\u00a0\u00a0\u00a0\u00a0\u00a0\u00a0\u00a0\u00a0\u00a0\u00a0\u00a0\u00a0\u00a0\u00a0 <em><span style=\"color: #0000ff; font-size: 12pt;\">K O N F E R E N C J A \u00a0 \u00a0 O D W O \u0141 A N A<\/span><\/em><br \/>\n<\/strong><\/span><\/p>\n<p><span style=\"font-size: 10pt;\">Katowice, 23-24 kwietnia 2020 r.<br \/>\n<\/span><\/p>\n<p><span style=\"font-size: 10pt;\">Organizator: <strong>dr hab. Dobros\u0142awa W\u0119\u017cowicz-Zi\u00f3\u0142kowska, prof. U\u015a<\/strong><\/span><\/p>\n<p><span style=\"font-size: 10pt;\">Og\u00f3lnopolskie Warsztaty Memetyczne to coroczna, cykliczna konferencja, organizowana od 2005. Gromadzi interdyscyplinarny zesp\u00f3\u0142 badaczy z kraju i zagranicy (biolog\u00f3w, informatyk\u00f3w, antropolog\u00f3w, kulturoznawc\u00f3w, filozof\u00f3w, socjolog\u00f3w, fizyk\u00f3w), kt\u00f3rych wsp\u00f3lny horyzont refleksji wytycza koncepcja memetyczna Richarda Dawkinsa oraz neoewolucjonizm. Efekty konferencji prezentowane s\u0105 raz w roku w czasopi\u015bmie naukowym \u201eTeksty z Ulicy. Zeszyt memetyczny\u201d.<\/span><\/p>\n<p><span style=\"font-size: 12pt;\"><strong>Mi\u0119dzynarodowa Konferencja &#8222;Anthropocenes. Reworking the Wound&#8221;<\/strong><\/span><\/p>\n<p><span style=\"font-size: 12pt;\">17-20 czerwca 2020 r.<\/span><\/p>\n<p><span style=\"font-size: 12pt;\">Organizator: <strong>dr Ania Malinowska, prof. U\u015a<\/strong> [Instytut Nauk o Kulturze U\u015a]; European Society for Literature, Science and the Arts, przy patronacie honorowym Uniwersytetu \u015al\u0105skiego oraz wsparciu artystycznym Galerii Zach\u0119ta w Warszawie<br \/>\n<\/span><\/p>\n<p><span style=\"font-size: 12pt;\">Konferencja odby\u0142a si\u0119 dniach 17-20 czerwca 2020 na specjalnie stworzonej platformie (<a href=\"https:\/\/anthropo-wound.eu\/\" target=\"_blank\" rel=\"noopener noreferrer\">https:\/\/anthropo-wound.eu\/<\/a>) i obj\u0119\u0142a ponad sze\u015b\u0107dziesi\u0105t wyst\u0105pie\u0144 naukowych, dwa warsztaty oraz jedena\u015bcie wystaw artystycznych \u2013 w tym wystaw\u0119 \u201eAlienacje albo nast\u0119pnym razem po\u017car\u201d, udost\u0119pnion\u0105 przez Muzeum Zach\u0119ta w Warszawie. Celem obrad by\u0142o przyjrzenie si\u0119 problemowi antropocenu w perspektywie organizuj\u0105cych go dyskurs\u00f3w i praktyk takich jak ekonomiczne uwarunkowania dla kryzys\u00f3w geologicznych i ich skutk\u00f3w w \u015bwietle polityki ekonomicznej, wp\u0142yw <\/span><span style=\"font-size: 12pt;\">rozwoju technologicznego na zmiany ekosystem\u00f3w \u015brodowiska naturalnego oraz spo\u0142eczne otoczenie cz\u0142owieka, debata nad porz\u0105dkiem hierarchii gatunk\u00f3w oraz ekosystem\u00f3w, uwra\u017cliwiaj\u0105ca na problem \u015brodowiska jako przestrzeni r\u00f3wnouprawnionej oraz analiza skutk\u00f3w antropocenu zawarta<\/span><br \/>\n<span style=\"font-size: 12pt;\">w dystopiach.<\/span><br \/>\n<span style=\"font-size: 12pt;\">W debacie chodzi\u0142o o ukazanie z\u0142o\u017cono\u015bci zjawisk i proces\u00f3w \u015bwiatowej kohabitacji, a tak\u017ce przemy\u015blenie mo\u017cliwo\u015bci innego \/ nowego zaanga\u017cowania si\u0119 w analiz\u0119 mechanizm\u00f3w eko-destrukcji. Do najistotniejszych zagadnie\u0144 debaty nale\u017ca\u0142y sposoby przepracowywania skutk\u00f3w katostrofy (zw\u0142aszcza w obliczu tocz\u0105cej si\u0119 w tym czasie pandemii), z uwzgl\u0119dnieniem mo\u017cliwo\u015bci ich naukowej i artystycznej rewaluacji.<\/span><\/p>\n<p><span style=\"font-size: 12pt;\"><strong>SAUL 2019 \u2013 Second International and Interdyscyplinary Conference \u201eSenses in Architecture, Urban Landscaping and Design\u201d<\/strong><\/span><\/p>\n<p><span style=\"font-size: 12pt;\">Katowice-Gliwice, 24-26 wrze\u015bnia 2020 r.<\/span><\/p>\n<p><span style=\"font-size: 12pt;\">Organizator: dr hab. arch in\u017c. Katarzyna Ujma-W\u0105sowicz [Politechnika \u015al\u0105ska]; <strong>dr Ma\u0142gorzata K\u0105dziela<\/strong><br \/>\n<\/span><\/p>\n<p><span style=\"font-size: 12pt;\">The Second\u00a0 International and Interdisciplinary Conference \u201eSenses in Architecture, Urban Landscaping and Design\u201d (SAUL 2020) will answer on questions about sensory perception, and its problematic for the architect today, advances in the current research into the functioning of the human body, physical dysfunctions, and aging processes affecting both individuals and societies have prompted a more comprehensive evaluation of the issues related to sensory perception, resulting with a critical approach to the functionality and aesthetics of both already existing architectural objects, as well as those planned for future development,\u00a0 our understanding of notions such as \u201cspatial order\u201d, \u201curban landscape\u201d, \u201cuniversal architecture\u201d, \u201caccessible architecture\u201d, \u201ceducation through architecture\u201d, \u201carchitecture for children\u201d, \u201carchitecture for seniors\u201d, or \u201ccultural heritage\u201d.<\/span><\/p>\n<p><a href=\"https:\/\/saul-katowice.pl\/\" target=\"_blank\" rel=\"noopener noreferrer\">https:\/\/saul-katowice.pl\/<\/a><\/p>\n<p><span style=\"font-size: 10pt;\"><strong>IV Kongres Edukacji Medialnej\/Spotkanie badaczy i praktyk\u00f3w\u00a0\u00a0\u00a0\u00a0\u00a0\u00a0\u00a0\u00a0\u00a0\u00a0\u00a0\u00a0\u00a0\u00a0\u00a0 <span style=\"font-size: 14pt; color: #0000ff;\">KONFERENCJA PRZENIESIONA NA 2021 ROK<\/span><br \/>\n<\/strong><\/span><\/p>\n<p><span style=\"font-size: 10pt;\"><strong>(Wsp\u00f3\u0142)praca na rzecz rozwoju kompetencji medialnych, informacyjnych i cyfrowych. <\/strong><strong>Diagnoza. wyzwania. dzia\u0142ania<\/strong><\/span><\/p>\n<p><span style=\"font-size: 10pt;\">Katowice, 5-6 listopada 2020 r.<\/span><\/p>\n<p><span style=\"font-size: 10pt;\">Organizator: PTEM \u2013 Polskie Towarzystwo Edukacji Medialnej; dr Magdalena \u015alawska [Instytut Dziennikarstwa i Komunikacji Medialnej U\u015a]; dr Monika Frania, dr Tomasz Huk [Instytut Pedagogiki U\u015a], <strong>dr Micha\u0142 Derda-Nowakowski, dr Anna Maj, dr Julia Legomska, dr Matylda S\u0119k-Iwanek<\/strong> [Instytut Nauk o Kulturze U\u015a]; FINA \u2013 Filmoteka Narodowa<\/span><\/p>\n<p><span style=\"font-size: 10pt;\">IV Kongres Edukacji Medialnej pragniemy po\u015bwi\u0119ci\u0107 zagadnieniu (WSP\u00d3\u0141)PRACY, wyr\u00f3\u017cniaj\u0105c w nim dwa obszary: WSP\u00d3\u0141PRACY oraz PRACY. Pierwszy z obszar\u00f3w \u2013 wsp\u00f3\u0142praca \u2013 interesuje nas zar\u00f3wno w perspektywie makro, czyli uj\u0119ciu globalnym (mi\u0119dzynarodowym, europejskim, krajowym itp.), jak i mikro, czyli uj\u0119ciu lokalnym (powiatu, gminy, szko\u0142y, itp.). W obu tych wymiarach zale\u017cy nam tak\u017ce na zr\u00f3\u017cnicowanym spojrzeniu: prawnym, spo\u0142ecznym, kulturowym, edukacyjnym. Z kolei drugi z obszar\u00f3w \u2013 praca \u2013 odnosi si\u0119 do r\u00f3\u017cnorodnych dzia\u0142a\u0144 podejmowanych przez interesariuszy zaanga\u017cowanych w rozw\u00f3j kompetencji medialnych, informacyjnych i cyfrowych (MIC).<\/span><\/p>\n<p><span style=\"font-size: 10pt;\">W kontek\u015bcie obu obszar\u00f3w chcieliby\u015bmy dokona\u0107 podsumowania trwaj\u0105cej r\u00f3wno dekad\u0119 wsp\u00f3\u0142pracy na rzecz rozwoju kompetencji medialnych, informacyjnych i cyfrowych (MIC) oraz zastanowi\u0107 si\u0119 jak efektywnie j\u0105 rozwija\u0107, aby zgodnie z zasad\u0105 synergii osi\u0105ga\u0107 wi\u0119cej korzy\u015bci ze wsp\u00f3lnej pracy.<\/span><\/p>\n<p><span style=\"font-size: 10pt;\"><a href=\"http:\/\/kongres2020.ptem.org.pl\/\" target=\"_blank\" rel=\"noopener noreferrer\">http:\/\/kongres2020.ptem.org.pl\/<\/a><\/span><\/p>\n<\/div>\r\n                    <\/div>\r\n                <\/div>[\/vc_column][\/vc_row]<\/p>","protected":false},"excerpt":{"rendered":"<p>[vc_row][vc_column][\/vc_column][\/vc_row] [&#8230;]<\/p>\n<p><a class=\"btn btn-secondary understrap-read-more-link\" href=\"https:\/\/us.edu.pl\/instytut\/inok\/konferencje\/2020-2021\/\">Read More&#8230;<\/a><\/p>\n","protected":false},"author":1658,"featured_media":0,"parent":127,"menu_order":0,"comment_status":"closed","ping_status":"closed","template":"","meta":{"_expiration-date-status":"saved","_expiration-date":0,"_expiration-date-type":"","_expiration-date-categories":[],"_expiration-date-options":[]},"acf":[],"_links":{"self":[{"href":"https:\/\/us.edu.pl\/instytut\/inok\/wp-json\/wp\/v2\/pages\/249"}],"collection":[{"href":"https:\/\/us.edu.pl\/instytut\/inok\/wp-json\/wp\/v2\/pages"}],"about":[{"href":"https:\/\/us.edu.pl\/instytut\/inok\/wp-json\/wp\/v2\/types\/page"}],"author":[{"embeddable":true,"href":"https:\/\/us.edu.pl\/instytut\/inok\/wp-json\/wp\/v2\/users\/1658"}],"replies":[{"embeddable":true,"href":"https:\/\/us.edu.pl\/instytut\/inok\/wp-json\/wp\/v2\/comments?post=249"}],"version-history":[{"count":13,"href":"https:\/\/us.edu.pl\/instytut\/inok\/wp-json\/wp\/v2\/pages\/249\/revisions"}],"predecessor-version":[{"id":1911,"href":"https:\/\/us.edu.pl\/instytut\/inok\/wp-json\/wp\/v2\/pages\/249\/revisions\/1911"}],"up":[{"embeddable":true,"href":"https:\/\/us.edu.pl\/instytut\/inok\/wp-json\/wp\/v2\/pages\/127"}],"wp:attachment":[{"href":"https:\/\/us.edu.pl\/instytut\/inok\/wp-json\/wp\/v2\/media?parent=249"}],"curies":[{"name":"wp","href":"https:\/\/api.w.org\/{rel}","templated":true}]}}