{"id":681,"date":"2020-10-26T23:46:31","date_gmt":"2020-10-26T22:46:31","guid":{"rendered":"https:\/\/us.edu.pl\/instytut\/inos\/?post_type=osoby&#038;p=681"},"modified":"2025-12-18T12:16:19","modified_gmt":"2025-12-18T11:16:19","slug":"patryk-oczko","status":"publish","type":"osoby","link":"https:\/\/us.edu.pl\/instytut\/inos\/osoby\/patryk-oczko\/","title":{"rendered":"dr Patryk Oczko"},"content":{"rendered":"<p>[vc_row][vc_column width=&#8221;2\/3&#8243;][vc_tta_tabs][vc_tta_section title=&#8221;POLISH&#8221; tab_id=&#8221;1620125594909-d8239fe1-e2af&#8221;]\r\n                <div class=\"text-modules\">\r\n                    <div class=\"container\">\r\n                        \r\n                        <div class=\"text-modules__content\"><p><strong>dr Patryk Oczko<br \/>\ne-mail: patryk.oczko@us.edu.pl<br \/>\ndy\u017cury: pi\u0105tek 13.00-13.45 Katowice, ul. Bankowa 11, pok. 26<\/strong><\/p>\n<p>Ur. w 1983 r. Uko\u0144czy\u0142 Pa\u0144stwowe Liceum Sztuk Plastycznych w Bielsku-Bia\u0142ej (2003). Absolwent archeologii (2008) i historii sztuki (2010) na Uniwersytecie Jagiello\u0144skim w Krakowie. Zwi\u0105zany z Muzeum Archeologiczno-Etnograficznym w \u0141odzi (2009-2012), Muzeum w Bielsku-Bia\u0142ej (2012) i\u00a0 Muzeum Miejskim w Tychach (2013-2025), gdzie kierowa\u0142 Dzia\u0142em Sztuki a nast\u0119pnie, jako kustosz dyplomowany, Dzia\u0142em Urbanistyki, Architektury i Sztuk Wizualnych. Stopie\u0144 doktora nauk humanistycznych w zakresie nauk o sztuce uzyska\u0142 na Wydziale Nauk Historycznych i Pedagogicznych Uniwersytetu Wroc\u0142awskiego (2019). W Instytucie Nauk o Sztuce zatrudniony jako adiunkt od 2020 r.<\/p>\n<p>Autor publikacji naukowych, popularnonaukowych i kurator wystaw. W swych badaniach koncentruje si\u0119 g\u0142\u00f3wnie na zagadnieniach polskiego filmu animowanego, muzealnictwa, sztuki w przestrzeni publicznej oraz architektury i urbanistyki II po\u0142. XX w. Realizowa\u0142 i wsp\u00f3\u0142realizowa\u0142 projekty w ramach konkurs\u00f3w Ministerstwa Kultury i Dziedzictwa Narodowego oraz Narodowego Centrum Nauki; wsp\u00f3\u0142dzia\u0142a\u0142 z s\u0142u\u017cbami konserwatorskimi w zakresie ochrony dziedzictwa kulturowego II po\u0142. XX w.<\/p>\n<p>Prezes Oddzia\u0142u G\u00f3rno\u015bl\u0105skiego Stowarzyszenia Historyk\u00f3w Sztuki (od 2025; cz\u0142onek Zarz\u0105du Oddzia\u0142u w latach 2013-2025); cz\u0142onek Polskiego Towarzystwa Bada\u0144 nad Filmem i Mediami; cz\u0142onek Rady Programowej instytucji kultury Studio Film\u00f3w Rysunkowych w Bielsku-Bia\u0142ej (od 2024).<\/p>\n<p>Nagrodzony w LXI Konkursie im. ks. prof. Szcz\u0119snego Dettloffa na prace naukowe m\u0142odych cz\u0142onk\u00f3w Stowarzyszenia Historyk\u00f3w Sztuki; wyr\u00f3\u017cniony w Konkursie Marsza\u0142ka Wojew\u00f3dztwa \u015al\u0105skiego za Wydarzenie Muzealne Roku w 2015 i 2021 r.; uhonorowany Z\u0142ot\u0105 Odznak\u0105 \u201eZa Opiek\u0119 nad Zabytkami\u201d w 2025 r.<\/p>\n<p>Wybrane publikacje:<\/p>\n<ul>\n<li><em>Miros\u0142aw Kijowicz: Artist versus Production Control System<\/em>, \u201cAnimation\u201d 2025, t. 20, nr 2, s. 99-118.<\/li>\n<li><em>Nie tylko dla dzieci. Studio Film\u00f3w Rysunkowych w latach<\/em> 1947-2021, Katowice-Bielsko-Bia\u0142a 2024. Ksi\u0105\u017cka uzyska\u0142a nast\u0119puj\u0105ce nagrody i wyr\u00f3\u017cnienia: G\u0142\u00f3wn\u0105 Nagrod\u0119 Stowarzyszenia Wydawc\u00f3w Szk\u00f3\u0142 Wy\u017cszych \u201eGaudeamus\u201d (2025); Wyr\u00f3\u017cnienie za jako\u015b\u0107 edytorsk\u0105 w konkursie ACADEMIA 2025!; Wyr\u00f3\u017cnienie w konkursie Polskiego Towarzystwa Wydawc\u00f3w Ksi\u0105\u017cek \u2013 Najpi\u0119kniejsze Polskie Ksi\u0105\u017cki 2024.<\/li>\n<li><em>Muzeum Miejskie w Tychach \u2013 proces nieuko\u0144czony<\/em>, \u201eMuzealnictwo\u201d 2024 (65), s. 80-90.<\/li>\n<li><em>The New City of Tychy: An Early Socialist Realist Episode and Its Contestation<\/em>, \u201cArchitectural Histories\u201d 2023, nr 11, s. 1-31.<\/li>\n<li><em>Between Art and Propaganda: The Rise of Polish Animation 1946\u20131956<\/em>, \u201cAnimation\u201d 2023, t. 18, nr 2, s. 167-187.<\/li>\n<li><em>Animacja \u2013 od &#8222;Makatek&#8221; do wirtualnej rzeczywisto\u015bci<\/em>, [w:] <em>Sztuka i dizajn w wojew\u00f3dztwie \u015bl\u0105skim 1989-2022<\/em>, red. I. Kozina, M. Oslislo, Katowice 2023, s. 522-550.<\/li>\n<li><em>Nawarstwianie znacze\u0144 i nowe narracje \u2013 rze\u017aba w przestrzeni publicznej po 1989 roku<\/em>, [w:] <em>Sztuka i dizajn w wojew\u00f3dztwie \u015bl\u0105skim 1989-2022<\/em>, red. I. Kozina, M. Oslislo, Katowice 2023, s. 282-303.<\/li>\n<li><em> Sztuka w przestrzeni miasta<\/em>, Tychy 2015 (wydanie I) i 2020 (wydanie II rozszerzone).<\/li>\n<li><em>Tychy \u2013 sacrum w mie\u015bcie socjalistycznym<\/em>, Tychy 2019.<\/li>\n<li><em>Marek Dzieko\u0144ski. Koncepcja \u2013 kreacja \u2013 konteksty<\/em>, Tychy 2017.<\/li>\n<\/ul>\n<p>\n<\/div>\r\n                    <\/div>\r\n                <\/div>[\/vc_tta_section][vc_tta_section title=&#8221;ENGLISH&#8221; tab_id=&#8221;1620125594920-208ce709-9855&#8243;]\r\n                <div class=\"text-modules\">\r\n                    <div class=\"container\">\r\n                        \r\n                        <div class=\"text-modules__content\"><p><strong>Patryk Oczko, PhD<br \/>\n<\/strong>Assistant Professor in the Institute of Arts Studies<br \/>\nFaculty of Humanities<\/p>\n<p><a href=\"mailto:patryk.oczko@us.edu.pl\">patryk.oczko@us.edu.pl<\/a><\/p>\n<p><a href=\"https:\/\/orcid.org\/0000-0002-1148-689X\">ORCID: 0000-0002-1148-689X<\/a><\/p>\n<p><a href=\"https:\/\/www.researchgate.net\/profile\/Patryk_Oczko\">https:\/\/www.researchgate.net\/profile\/Patryk_Oczko<\/a>;<\/p>\n<p><a href=\"https:\/\/scholar.google.pl\/citations?user=2-eDZ1AAAAAJ&amp;hl=pl\">https:\/\/scholar.google.pl\/citations?user=2-eDZ1AAAAAJ&amp;hl=pl<\/a><\/p>\n<p><strong>Research interests:<\/strong><\/p>\n<p>Polish animated film, art in public space, architecture and urban planning in the second half of the 20th century<\/p>\n<p><strong>Publications:<\/strong><\/p>\n<ul>\n<li>Oczko, <em>Sztuka w przestrzeni miasta <\/em>[Art in urban space], Tychy 2020 (2nd extended edition).<\/li>\n<li>Oczko, <em>Tychy \u2013 sacrum w mie\u015bcie socjalistycznym <\/em>[Tychy \u2014 sacrum in the socialist city], Tychy 2019.<\/li>\n<li>Oczko, <em>Narracja o odzyskanym Wroc\u0142awiu w filmie \u201e<\/em><em>Ich \u015bcie\u017cka\u201d<\/em> \/ <em>A Narrative on \u2018Recovered\u2019 Wroc\u0142aw in the Film \u2018Their Path\u2019<\/em>, [in:]<em> Narracje miejskie. Miasto jako obszar interwencji polityk<\/em><em>\u00f3w, architekt<\/em><em>\u00f3w i artyst<\/em><em>\u00f3w<\/em>\/<em> City Narratives. <\/em><em>Built-up areas as space subject to political, architectural &amp; artistic intervention<\/em>, vol.1, I Kozina (ed.), Katowice 2019, pp. 153-164; 139-151. (a bilingual publication)<\/li>\n<li>Oczko, <em>Mi\u0119dzy tw<\/em><em>\u00f3rc\u0105, zleceniodawc\u0105 a odbiorc\u0105 \u2013 rze\u017aba w przestrzeni Tych<\/em><em>\u00f3w \/ Between an artist, principal and the audience \u2013 sculpture in the space of Tychy<\/em>, [in:] <em>Rze\u017aba dzisiaj 2. Sztuka w przestrzeni publicznej <\/em>\/ <em>Sculpture Today 2. Art in the public space<\/em>, E. Domanowska, M. Smoli\u0144ska (eds.), Oro\u0144sko 2018, pp. 85-96; 287-298.<\/li>\n<li>Oczko, <em>Marek Dzieko\u0144ski. Koncepcja \u2013 kreacja \u2013 konteksty <\/em>[Marek Dzieko\u0144ski. The concept \u2014 creation \u2014 contexts], Tychy 2017.<\/li>\n<\/ul>\n<p><strong>Academic outreach and engagement<\/strong><strong>: <\/strong><\/p>\n<ul>\n<li>Popularization of urban planning, architecture and art in the public space of Tychy, as part of the working of the City Museum of Tychy;<\/li>\n<li>Collaboration with the Tychy City Hall in popularization and preservation of the cultural heritage.<\/li>\n<\/ul>\n<p>\n<\/div>\r\n                    <\/div>\r\n                <\/div>[\/vc_tta_section][\/vc_tta_tabs][\/vc_column][vc_column width=&#8221;1\/3&#8243;]\r\n                <div class=\"text-modules\">\r\n                    <div class=\"container\">\r\n                        \r\n                        <div class=\"text-modules__content\"><\/p>\n<p>&nbsp;<\/p>\n<p><img class=\"alignnone wp-image-819 size-large\" src=\"https:\/\/us.edu.pl\/instytut\/inos\/wp-content\/uploads\/sites\/29\/Nieprzypisane\/IMG_7047-768x1024.jpg\" alt=\"Zdjecie dr Patryk Oczko\" width=\"640\" height=\"853\" srcset=\"https:\/\/us.edu.pl\/instytut\/inos\/wp-content\/uploads\/sites\/29\/Nieprzypisane\/IMG_7047-768x1024.jpg 768w, https:\/\/us.edu.pl\/instytut\/inos\/wp-content\/uploads\/sites\/29\/Nieprzypisane\/IMG_7047-225x300.jpg 225w, https:\/\/us.edu.pl\/instytut\/inos\/wp-content\/uploads\/sites\/29\/Nieprzypisane\/IMG_7047-431x575.jpg 431w\" sizes=\"(max-width: 640px) 100vw, 640px\" \/><\/p>\n<\/div>\r\n                    <\/div>\r\n                <\/div>[\/vc_column][\/vc_row]<\/p>","protected":false},"excerpt":{"rendered":"<p>[vc_row][vc_column width=&#8221;2\/3&#8243;][vc_tta_tabs][vc_tta_section title=&#8221;POLISH&#8221; tab_id=&#8221;1620125594909-d8239fe1-e2af&#8221;][\/vc_tta_section][vc_tta_section title=&#8221;ENGLISH&#8221; tab_id=&#8221;1620125594920-208ce709-9855&#8243;][\/vc_tta_section][\/vc_tta_tabs][\/vc_column][vc_column width=&#8221;1\/3&#8243;][\/vc_column][\/vc_row] [&#8230;]<\/p>\n<p><a class=\"btn btn-secondary understrap-read-more-link\" href=\"https:\/\/us.edu.pl\/instytut\/inos\/osoby\/patryk-oczko\/\">Read More&#8230;<\/a><\/p>\n","protected":false},"author":1,"featured_media":0,"template":"","meta":{"_expiration-date-status":"","_expiration-date":0,"_expiration-date-type":"","_expiration-date-categories":[],"_expiration-date-options":[]},"acf":[],"_links":{"self":[{"href":"https:\/\/us.edu.pl\/instytut\/inos\/wp-json\/wp\/v2\/osoby\/681"}],"collection":[{"href":"https:\/\/us.edu.pl\/instytut\/inos\/wp-json\/wp\/v2\/osoby"}],"about":[{"href":"https:\/\/us.edu.pl\/instytut\/inos\/wp-json\/wp\/v2\/types\/osoby"}],"author":[{"embeddable":true,"href":"https:\/\/us.edu.pl\/instytut\/inos\/wp-json\/wp\/v2\/users\/1"}],"version-history":[{"count":8,"href":"https:\/\/us.edu.pl\/instytut\/inos\/wp-json\/wp\/v2\/osoby\/681\/revisions"}],"predecessor-version":[{"id":1527,"href":"https:\/\/us.edu.pl\/instytut\/inos\/wp-json\/wp\/v2\/osoby\/681\/revisions\/1527"}],"wp:attachment":[{"href":"https:\/\/us.edu.pl\/instytut\/inos\/wp-json\/wp\/v2\/media?parent=681"}],"curies":[{"name":"wp","href":"https:\/\/api.w.org\/{rel}","templated":true}]}}