{"id":24,"date":"2019-10-25T12:31:32","date_gmt":"2019-10-25T10:31:32","guid":{"rendered":"http:\/\/us.edu.pl\/instytut\/inp\/?page_id=24"},"modified":"2019-10-31T11:23:35","modified_gmt":"2019-10-31T10:23:35","slug":"mapa-strony","status":"publish","type":"page","link":"https:\/\/us.edu.pl\/instytut\/inp\/en\/mapa-strony\/","title":{"rendered":"Sitemap"},"content":{"rendered":"<p>[vc_row][vc_column]\r\n                <div class=\"text-modules\">\r\n                    <div class=\"container\">\r\n                        \r\n                        <div class=\"text-modules__content\"><div class=\"wsp-container\"><h2 class=\"wsp-pages-title\">Pages<\/h2>\n<ul class=\"wsp-pages-list\">\n<li class=\"page_item page-item-256\"><a href=\"https:\/\/us.edu.pl\/instytut\/inp\/en\/wspolpraca-naukowa\/\">Research cooperation<\/a><\/li>\n<li class=\"page_item page-item-4608\"><a href=\"https:\/\/us.edu.pl\/instytut\/inp\/en\/blockchai-centrum-edukacji-promocji-i-implementacji-technologii-blockchain-w-przestrzeni-publicznej\/\">(Polski) Centrum Edukacji, Promocji i Implementacji Technologii Blockchain w Przestrzeni Publicznej<\/a><\/li>\n<li class=\"page_item page-item-2305\"><a href=\"https:\/\/us.edu.pl\/instytut\/inp\/en\/pracownicy-o-swoich-publikacjach\/\">Pracownic<\/a><\/li>\n<li class=\"page_item page-item-258\"><a href=\"https:\/\/us.edu.pl\/instytut\/inp\/en\/erasmus-dla-pracownikow\/\">Erasmus for employees<\/a><\/li>\n<li class=\"page_item page-item-770\"><a href=\"https:\/\/us.edu.pl\/instytut\/inp\/en\/nasi-eksperci\/\">(Polski) Nasi eksperci<\/a><\/li>\n<li class=\"page_item page-item-260\"><a href=\"https:\/\/us.edu.pl\/instytut\/inp\/en\/ecpr\/\">ECPR<\/a><\/li>\n<li class=\"page_item page-item-772\"><a href=\"https:\/\/us.edu.pl\/instytut\/inp\/en\/kubin-tomasz-ekspert\/\">(Polski) Kubin Tomasz &#8211; ekspert<\/a><\/li>\n<li class=\"page_item page-item-5\"><a href=\"https:\/\/us.edu.pl\/instytut\/inp\/en\/\">Home<\/a><\/li>\n<li class=\"page_item page-item-777\"><a href=\"https:\/\/us.edu.pl\/instytut\/inp\/en\/wojtasik-waldemar-ekspert\/\">(Polski) Wojtasik Waldemar &#8211; ekspert<\/a><\/li>\n<li class=\"page_item page-item-782\"><a href=\"https:\/\/us.edu.pl\/instytut\/inp\/en\/marmola-maciej-ekspert\/\">(Polski) Marmola Maciej &#8211; ekspert<\/a><\/li>\n<li class=\"page_item page-item-788\"><a href=\"https:\/\/us.edu.pl\/instytut\/inp\/en\/lorencka-malgorzata-ekspert\/\">(Polski) Lorencka Ma\u0142gorzata &#8211; ekspert<\/a><\/li>\n<li class=\"page_item page-item-24\"><a href=\"https:\/\/us.edu.pl\/instytut\/inp\/en\/mapa-strony\/\">Sitemap<\/a><\/li>\n<li class=\"page_item page-item-280\"><a href=\"https:\/\/us.edu.pl\/instytut\/inp\/en\/wspolpraca-z-otoczeniem\/\">Working with the external environment<\/a><\/li>\n<li class=\"page_item page-item-792\"><a href=\"https:\/\/us.edu.pl\/instytut\/inp\/en\/stepien-lampa-natalia-ekspert\/\">(Polski) St\u0119pie\u0144-Lampa Natalia &#8211; ekspert<\/a><\/li>\n<li class=\"page_item page-item-4888\"><a href=\"https:\/\/us.edu.pl\/instytut\/inp\/en\/projekt-grey-voters\/\">(Polski) Projekt Grey Voters<\/a><\/li>\n<li class=\"page_item page-item-26\"><a href=\"https:\/\/us.edu.pl\/instytut\/inp\/en\/kontakt\/\">Contact<\/a><\/li>\n<li class=\"page_item page-item-538\"><a href=\"https:\/\/us.edu.pl\/instytut\/inp\/en\/professionalisation-and-social-impact-of-european-political-science\/\">(Polski) Professionalisation and Social Impact of European Political Science<\/a><\/li>\n<li class=\"page_item page-item-795\"><a href=\"https:\/\/us.edu.pl\/instytut\/inp\/en\/turska-kawa-agnieszka-ekspert\/\">(Polski) Turska-Kawa Agnieszka &#8211; ekspert<\/a><\/li>\n<li class=\"page_item page-item-28\"><a href=\"https:\/\/us.edu.pl\/instytut\/inp\/en\/wszystko\/\">All<\/a><\/li>\n<li class=\"page_item page-item-1827\"><a href=\"https:\/\/us.edu.pl\/instytut\/inp\/en\/radek-robert-ekspert\/\">(Polski) Radek Robert &#8211; ekspert<\/a><\/li>\n<li class=\"page_item page-item-7715\"><a href=\"https:\/\/us.edu.pl\/instytut\/inp\/en\/50-lecie\/\">(Polski) 50-lecie Instytutu Nauk Politycznych<\/a><\/li>\n<li class=\"page_item page-item-805\"><a href=\"https:\/\/us.edu.pl\/instytut\/inp\/en\/ipsa\/\">IPSA<\/a><\/li>\n<li class=\"page_item page-item-808\"><a href=\"https:\/\/us.edu.pl\/instytut\/inp\/en\/nasze-sukcesy\/\">Our successes<\/a><\/li>\n<li class=\"page_item page-item-3880\"><a href=\"https:\/\/us.edu.pl\/instytut\/inp\/en\/wyzwania-europy-srodkowej-i-wschodniej-vol-2\/\">(Polski) Wyzwania Europy \u015arodkowej i Wschodniej vol. 2: Nowe \u2013 stare populizmy<\/a><\/li>\n<li class=\"page_item page-item-811\"><a href=\"https:\/\/us.edu.pl\/instytut\/inp\/en\/my-w-mediach\/\">Our media presence<\/a><\/li>\n<li class=\"page_item page-item-2604\"><a href=\"https:\/\/us.edu.pl\/instytut\/inp\/en\/mlodzi-robia-metropolie\/\">(Polski) Wsparcie naukowo-strategiczne w ramach projektu pn. &#8220;M\u0142odzi robi\u0105 Metropoli\u0119&#8221;<\/a><\/li>\n<li class=\"page_item page-item-4909\"><a href=\"https:\/\/us.edu.pl\/instytut\/inp\/en\/analiza-czynnikow-oddzialujacych-na-rezultaty-wybor-w-do-dumy-panstwowej-federacji-rosyjskiej-z-2021-roku\/\">(Polski) Analiza czynnik\u00f3w oddzia\u0142uj\u0105cych na rezultaty wybor\u00f3w do Dumy Pa\u0144stwowej Federacji Rosyjskiej z 2021 roku &#8211; strategia wyborcza &#8220;inteligentne g\u0142osowanie&#8221;<\/a><\/li>\n<li class=\"page_item page-item-3632\"><a href=\"https:\/\/us.edu.pl\/instytut\/inp\/en\/debaty-i-spotkania-kola-naukowego-doradztwa-politycznego-us\/\">(Polski) Debaty i spotkania Ko\u0142a Naukowego Doradztwa Politycznego U\u015a<\/a><\/li>\n<li class=\"page_item page-item-306\"><a href=\"https:\/\/us.edu.pl\/instytut\/inp\/en\/kontakt-2\/\">Contact<\/a><\/li>\n<li class=\"page_item page-item-1843\"><a href=\"https:\/\/us.edu.pl\/instytut\/inp\/en\/introduction-to-research-projects\/\">Introduction to Research Projects<\/a><\/li>\n<li class=\"page_item page-item-2358\"><a href=\"https:\/\/us.edu.pl\/instytut\/inp\/en\/czasopisma-2020\/\">(Polski) Czasopisma 2020<\/a><\/li>\n<li class=\"page_item page-item-3902\"><a href=\"https:\/\/us.edu.pl\/instytut\/inp\/en\/i-miedzynarodowa-konferencja-candp-2021-communication-and-politics-in-the-time-of-pandemic\/\">(Polski) I Mi\u0119dzynarodowa Konferencja CandP 2021 \u201eCommunication and Politics in the Time of Pandemic\u201d<\/a><\/li>\n<li class=\"page_item page-item-578\"><a href=\"https:\/\/us.edu.pl\/instytut\/inp\/en\/czyz-anna\/\">(Polski) Czy\u017c Anna<\/a><\/li>\n<li class=\"page_item page-item-3907\"><a href=\"https:\/\/us.edu.pl\/instytut\/inp\/en\/seminarium-naukowe-korupcja-polityczna-analiza-zjawiska-w-perspektywie-polityk-publicznych\/\">(Polski) Seminarium naukowe \u201cKorupcja polityczna. Analiza zjawiska w perspektywie polityk publicznych\u201d<\/a><\/li>\n<li class=\"page_item page-item-3915\"><a href=\"https:\/\/us.edu.pl\/instytut\/inp\/en\/sciezki-badawcze\/\">(Polski) \u015acie\u017cki badawcze<\/a><\/li>\n<li class=\"page_item page-item-1356\"><a href=\"https:\/\/us.edu.pl\/instytut\/inp\/en\/monografie\/\">(Polski) Monografie<\/a><\/li>\n<li class=\"page_item page-item-4940\"><a href=\"https:\/\/us.edu.pl\/instytut\/inp\/en\/batko-kornelia\/\">N<\/a><\/li>\n<li class=\"page_item page-item-334\"><a href=\"https:\/\/us.edu.pl\/instytut\/inp\/en\/cepsa\/\">CEPSA<\/a><\/li>\n<li class=\"page_item page-item-336\"><a href=\"https:\/\/us.edu.pl\/instytut\/inp\/en\/apsa\/\">APSA<\/a><\/li>\n<li class=\"page_item page-item-593\"><a href=\"https:\/\/us.edu.pl\/instytut\/inp\/en\/migalski-marek\/\">(Polski) Migalski Marek<\/a><\/li>\n<li class=\"page_item page-item-595\"><a href=\"https:\/\/us.edu.pl\/instytut\/inp\/en\/czuba-michal\/\">(Polski) Czuba Micha\u0142<\/a><\/li>\n<li class=\"page_item page-item-1108\"><a href=\"https:\/\/us.edu.pl\/instytut\/inp\/en\/projekt-mlodzi-w-nauce\/\">Young people in science project<\/a><\/li>\n<li class=\"page_item page-item-1110\"><a href=\"https:\/\/us.edu.pl\/instytut\/inp\/en\/science-camp-trencin\/\">Science Camp: Institute of Political Science and Alexander Dub\u010dek University in Tren\u010d\u00edn<\/a><\/li>\n<li class=\"page_item page-item-3926\"><a href=\"https:\/\/us.edu.pl\/instytut\/inp\/en\/postawy-polakow-wobec-mniejszosci-etnicznych-i-narodowych\/\">(Polski) Postawy Polak\u00f3w wobec mniejszo\u015bci etnicznych i narodowych<\/a><\/li>\n<li class=\"page_item page-item-599\"><a href=\"https:\/\/us.edu.pl\/instytut\/inp\/en\/petranova-dana\/\">(Polski) Petranova Dana<\/a><\/li>\n<li class=\"page_item page-item-5463\"><a href=\"https:\/\/us.edu.pl\/instytut\/inp\/en\/newsletter\/\">(Polski) Newsletter<\/a><\/li>\n<li class=\"page_item page-item-601\"><a href=\"https:\/\/us.edu.pl\/instytut\/inp\/en\/czornik-katarzyna\/\">Czornik Katarzyna<\/a><\/li>\n<li class=\"page_item page-item-349\"><a href=\"https:\/\/us.edu.pl\/instytut\/inp\/en\/uniwersytet-najlepszych\/\">University of the Best<\/a><\/li>\n<li class=\"page_item page-item-4445\"><a href=\"https:\/\/us.edu.pl\/instytut\/inp\/en\/miedzynarodowa-konferencja-naukowa-wyzwania-europy-srodkowej-i-wschodniej-vol-3-konflikty-i-migracje\/\">(Polski) Mi\u0119dzynarodowa Konferencja Naukowa \u201eWyzwania Europy \u015arodkowej i Wschodniej vol. 3: Konflikty i Migracje\u201d<\/a><\/li>\n<li class=\"page_item page-item-352\"><a href=\"https:\/\/us.edu.pl\/instytut\/inp\/en\/centrum-badawcze-polityk-publicznych-i-problemow-regulacyjnych\/\">Research Centre for Public Policy and Regulatory Governance<\/a><\/li>\n<li class=\"page_item page-item-2656\"><a href=\"https:\/\/us.edu.pl\/instytut\/inp\/en\/badania-nad-depopulacja\/\">Research into depopulation<\/a><\/li>\n<li class=\"page_item page-item-609\"><a href=\"https:\/\/us.edu.pl\/instytut\/inp\/en\/natalia-stepien-lampa\/\">(Polski) Natalia St\u0119pie\u0144-Lampa<\/a><\/li>\n<li class=\"page_item page-item-1122\"><a href=\"https:\/\/us.edu.pl\/instytut\/inp\/en\/konferencja-antynomie-demokracji\/\">(Polski) Konferencja: Antymonie demokracji<\/a><\/li>\n<li class=\"page_item page-item-612\"><a href=\"https:\/\/us.edu.pl\/instytut\/inp\/en\/kubin-tomasz\/\">(Polski) Kubin Tomasz<\/a><\/li>\n<li class=\"page_item page-item-4197\"><a href=\"https:\/\/us.edu.pl\/instytut\/inp\/en\/lakomy-miron\/\">Lakomy Miron<\/a><\/li>\n<li class=\"page_item page-item-1385\"><a href=\"https:\/\/us.edu.pl\/instytut\/inp\/en\/czasopisma-2019\/\">(Polski) Czasopisma 2019<\/a><\/li>\n<li class=\"page_item page-item-3690\"><a href=\"https:\/\/us.edu.pl\/instytut\/inp\/en\/czasopisma-2021\/\">(Polski) Czasopisma 2021<\/a><\/li>\n<li class=\"page_item page-item-620\"><a href=\"https:\/\/us.edu.pl\/instytut\/inp\/en\/wajzer-mateusz\/\">(Polski) Wajzer Mateusz<\/a><\/li>\n<li class=\"page_item page-item-2413\"><a href=\"https:\/\/us.edu.pl\/instytut\/inp\/en\/widera-wiktor\/\">(Polski) Widera Wiktor<\/a><\/li>\n<li class=\"page_item page-item-4978\"><a href=\"https:\/\/us.edu.pl\/instytut\/inp\/en\/krajowa-polityka-bezpieczenstwa-chin-jako-instrument-sekurytyzacji-projektow-infrastrukturalnych-wdrazanych-w-azji-centralnej\/\">(Polski) Krajowa polityka bezpiecze\u0144stwa Chin jako instrument sekurytyzacji projekt\u00f3w infrastrukturalnych wdra\u017canych w Azji Centralnej<\/a><\/li>\n<li class=\"page_item page-item-374\"><a href=\"https:\/\/us.edu.pl\/instytut\/inp\/en\/nasze-czasopisma\/\">Our journals<\/a><\/li>\n<li class=\"page_item page-item-1398\"><a href=\"https:\/\/us.edu.pl\/instytut\/inp\/en\/czasopisma\/\">(Polski) Czasopisma<\/a><\/li>\n<li class=\"page_item page-item-632\"><a href=\"https:\/\/us.edu.pl\/instytut\/inp\/en\/lapaj-kucharska-justyna\/\">(Polski) \u0141apaj-Kucharska Justyna<\/a><\/li>\n<li class=\"page_item page-item-1145\"><a href=\"https:\/\/us.edu.pl\/instytut\/inp\/en\/rada-programowo-biznesowa-inp\/\">IPS Programme and Business Council<\/a><\/li>\n<li class=\"page_item page-item-2171\"><a href=\"https:\/\/us.edu.pl\/instytut\/inp\/en\/badania-aplikacyjne\/\">Applied research<\/a><\/li>\n<li class=\"page_item page-item-636\"><a href=\"https:\/\/us.edu.pl\/instytut\/inp\/en\/kubas-sebastian\/\">(Polski) Kubas Sebastian<\/a><\/li>\n<li class=\"page_item page-item-7295\"><a href=\"https:\/\/us.edu.pl\/instytut\/inp\/en\/czasopisma-2024\/\">Czasopisma 2<\/a><\/li>\n<li class=\"page_item page-item-385\"><a href=\"https:\/\/us.edu.pl\/instytut\/inp\/en\/nasi-absolwenci\/\">Our graduates<\/a><\/li>\n<li class=\"page_item page-item-641\"><a href=\"https:\/\/us.edu.pl\/instytut\/inp\/en\/obrebska-marta\/\">(Polski) Obr\u0119bska Marta<\/a><\/li>\n<li class=\"page_item page-item-4993\"><a href=\"https:\/\/us.edu.pl\/instytut\/inp\/en\/czasopisma-2023\/\">Czasopisma 2<\/a><\/li>\n<li class=\"page_item page-item-646\"><a href=\"https:\/\/us.edu.pl\/instytut\/inp\/en\/stolarczyk-mieczyslaw\/\">(Polski) Stolarczyk Mieczys\u0142aw<\/a><\/li>\n<li class=\"page_item page-item-8328\"><a href=\"https:\/\/us.edu.pl\/instytut\/inp\/en\/ksztaltowanie-kompetencji-obywatelskich\/\">(Polski) Kszta\u0142towanie kompetencji obywatelskich jako wyzwanie dla wsp\u00f3\u0142czesnych politolog\u00f3w<\/a><\/li>\n<li class=\"page_item page-item-649\"><a href=\"https:\/\/us.edu.pl\/instytut\/inp\/en\/miarka-agnieszka\/\">(Polski) Miarka Agnieszka<\/a><\/li>\n<li class=\"page_item page-item-1418\"><a href=\"https:\/\/us.edu.pl\/instytut\/inp\/en\/czasopisma-2018\/\">(Polski) Czasopisma 2018<\/a><\/li>\n<li class=\"page_item page-item-3210\"><a href=\"https:\/\/us.edu.pl\/instytut\/inp\/en\/doktoranci\/\">Doctoral students<\/a><\/li>\n<li class=\"page_item page-item-652\"><a href=\"https:\/\/us.edu.pl\/instytut\/inp\/en\/baranski-marek\/\">(Polski) Bara\u0144ski Marek<\/a><\/li>\n<li class=\"page_item page-item-2700\"><a href=\"https:\/\/us.edu.pl\/instytut\/inp\/en\/projekty-komercjalizacyjne\/\">(Polski) Projekty komercjalizacyjne<\/a><\/li>\n<li class=\"page_item page-item-7052\"><a href=\"https:\/\/us.edu.pl\/instytut\/inp\/en\/budzanowska-anna\/\">(Polski) Budzanowska Anna<\/a><\/li>\n<li class=\"page_item page-item-2703\"><a href=\"https:\/\/us.edu.pl\/instytut\/inp\/en\/wyzwania-europy-srodkowo-wschodniej\/\">(Polski) Wyzwania Europy \u015arodkowo-Wschodniej<\/a><\/li>\n<li class=\"page_item page-item-7055\"><a href=\"https:\/\/us.edu.pl\/instytut\/inp\/en\/wator-wlodzimierz\/\">(Polski) W\u0105tor W\u0142odzimierz<\/a><\/li>\n<li class=\"page_item page-item-656\"><a href=\"https:\/\/us.edu.pl\/instytut\/inp\/en\/radek-robert\/\">(Polski) Radek Robert<\/a><\/li>\n<li class=\"page_item page-item-914\"><a href=\"https:\/\/us.edu.pl\/instytut\/inp\/en\/ptnp-o-katowice\/\">PPSA Katowice Branch<\/a><\/li>\n<li class=\"page_item page-item-4498\"><a href=\"https:\/\/us.edu.pl\/instytut\/inp\/en\/horyzont-europa-trust-in-european-democracies\/\">(Polski) Horyzont Europa: \u201eTrust in European Democracies&#8221;<\/a><\/li>\n<li class=\"page_item page-item-3731\"><a href=\"https:\/\/us.edu.pl\/instytut\/inp\/en\/uniwersyteckie-centrum-kreatywnego-obywatelstwa\/\">(Polski) Uniwersyteckie Centrum Kreatywnego Obywatelstwa<\/a><\/li>\n<li class=\"page_item page-item-661\"><a href=\"https:\/\/us.edu.pl\/instytut\/inp\/en\/lorencka-malgorzata\/\">(Polski) Lorencka Ma\u0142gorzata<\/a><\/li>\n<li class=\"page_item page-item-5014\"><a href=\"https:\/\/us.edu.pl\/instytut\/inp\/en\/galica-natalia\/\">Natalia Galica<\/a><\/li>\n<li class=\"page_item page-item-665\"><a href=\"https:\/\/us.edu.pl\/instytut\/inp\/en\/szynol-monika\/\">(Polski) Szynol Monika<\/a><\/li>\n<li class=\"page_item page-item-2206\"><a href=\"https:\/\/us.edu.pl\/instytut\/inp\/en\/badania-antykorupcyjne\/\">Anti-corruption research<\/a><\/li>\n<li class=\"page_item page-item-671\"><a href=\"https:\/\/us.edu.pl\/instytut\/inp\/en\/turon-kowalska-agnieszka\/\">(Polski) Turo\u0144-Kowalska Agnieszka<\/a><\/li>\n<li class=\"page_item page-item-1183\"><a href=\"https:\/\/us.edu.pl\/instytut\/inp\/en\/czornik-katarzyna-ekspert\/\">(Polski) Czornik Katarzyna &#8211; ekspert<\/a><\/li>\n<li class=\"page_item page-item-1187\"><a href=\"https:\/\/us.edu.pl\/instytut\/inp\/en\/migalski-marek-ekspert\/\">(Polski) Marek Migalski &#8211; ekspert<\/a><\/li>\n<li class=\"page_item page-item-676\"><a href=\"https:\/\/us.edu.pl\/instytut\/inp\/en\/glajcar-rafal\/\">(Polski) Glajcar Rafa\u0142<\/a><\/li>\n<li class=\"page_item page-item-4516\"><a href=\"https:\/\/us.edu.pl\/instytut\/inp\/en\/projekt-edih\/\">(Polski) Projekt EDIH<\/a><\/li>\n<li class=\"page_item page-item-2469\"><a href=\"https:\/\/us.edu.pl\/instytut\/inp\/en\/pron-elzbieta\/\">(Polski) Pro\u0144 El\u017cbieta<\/a><\/li>\n<li class=\"page_item page-item-3750\"><a href=\"https:\/\/us.edu.pl\/instytut\/inp\/en\/satysfakcja-ze-zdalnego-nauczania-raport\/\">(Polski) Satysfakcja ze zdalnego nauczania: raport<\/a><\/li>\n<li class=\"page_item page-item-8615\"><a href=\"https:\/\/us.edu.pl\/instytut\/inp\/en\/czasopisma-2025\/\">Czasopisma 2<\/a><\/li>\n<li class=\"page_item page-item-680\"><a href=\"https:\/\/us.edu.pl\/instytut\/inp\/en\/mitrega-marian\/\">(Polski) Mitr\u0119ga Marian<\/a><\/li>\n<li class=\"page_item page-item-1449\"><a href=\"https:\/\/us.edu.pl\/instytut\/inp\/en\/czasopisma-2017\/\">(Polski) Czasopisma 2017<\/a><\/li>\n<li class=\"page_item page-item-683\"><a href=\"https:\/\/us.edu.pl\/instytut\/inp\/en\/wojtasik-waldemar\/\">Wojtasik Waldemar<\/a><\/li>\n<li class=\"page_item page-item-2733\"><a href=\"https:\/\/us.edu.pl\/instytut\/inp\/en\/doktor-habilitowany\/\">(Polski) Doktor habilitowany<\/a><\/li>\n<li class=\"page_item page-item-175\"><a href=\"https:\/\/us.edu.pl\/instytut\/inp\/en\/instytut\/\">The Institute<\/a><\/li>\n<li class=\"page_item page-item-687\"><a href=\"https:\/\/us.edu.pl\/instytut\/inp\/en\/wrobel-sylwester\/\">Wr\u00f3bel Sylwester<\/a><\/li>\n<li class=\"page_item page-item-179\"><a href=\"https:\/\/us.edu.pl\/instytut\/inp\/en\/o-instytucie\/\">About the Institute<\/a><\/li>\n<li class=\"page_item page-item-4277\"><a href=\"https:\/\/us.edu.pl\/instytut\/inp\/en\/nie-tylko-o-polityce-podcast-studentow-dpip\/\">(Polski) O polityce i nie tylko&#8230; &#8211; podcast student\u00f3w DPiP<\/a><\/li>\n<li class=\"page_item page-item-439\"><a href=\"https:\/\/us.edu.pl\/instytut\/inp\/en\/uwarunkowania-specyfiki-zachowan-politycznych-mieszkancow-wojewodztwa-slaskiego\/\">(Polski) Uwarunkowania specyfiki zachowa\u0144 politycznych mieszka\u0144c\u00f3w wojew\u00f3dztwa \u015bl\u0105skiego<\/a><\/li>\n<li class=\"page_item page-item-695\"><a href=\"https:\/\/us.edu.pl\/instytut\/inp\/en\/mysliwiec-malgorzata\/\">(Polski) My\u015bliwiec Ma\u0142gorzata<\/a><\/li>\n<li class=\"page_item page-item-698\"><a href=\"https:\/\/us.edu.pl\/instytut\/inp\/en\/mus-anna\/\">(Polski) Mu\u015b Anna<\/a><\/li>\n<li class=\"page_item page-item-2490\"><a href=\"https:\/\/us.edu.pl\/instytut\/inp\/en\/chinskie-nowe-jedwabne-szlaki-w-azji-centralnej-srodki-strategie-i-aktorzy-inicjatywy-pasa-i-drogi\/\">(Polski) Chi\u0144skie Nowe Jedwabne Szlaki w Azji Centralnej &#8211; \u015brodki, strategie i aktorzy Inicjatywy Pasa i Drogi<\/a><\/li>\n<li class=\"page_item page-item-701\"><a href=\"https:\/\/us.edu.pl\/instytut\/inp\/en\/grzywna-pawel\/\">(Polski) Grzywna Pawe\u0142<\/a><\/li>\n<li class=\"page_item page-item-191\"><a href=\"https:\/\/us.edu.pl\/instytut\/inp\/en\/strategia-instytutu\/\">The Institute\u2019s strategy<\/a><\/li>\n<li class=\"page_item page-item-704\"><a href=\"https:\/\/us.edu.pl\/instytut\/inp\/en\/marmola-maciej\/\">(Polski) Marmola Maciej<\/a><\/li>\n<li class=\"page_item page-item-6848\"><a href=\"https:\/\/us.edu.pl\/instytut\/inp\/en\/szwajnoch-emilie\/\">Dawid Tatarczyk<\/a><\/li>\n<li class=\"page_item page-item-449\"><a href=\"https:\/\/us.edu.pl\/instytut\/inp\/en\/wplyw-kryzysu-gospodarczego-na-dzialanie-systemu-politycznego-analiza-przypadku-grecji-hiszpanii-i-wloch\/\">(Polski) Wp\u0142yw kryzysu gospodarczego na dzia\u0142anie systemu politycznego. Analiza przypadku Grecji, Hiszpanii i W\u0142och<\/a><\/li>\n<li class=\"page_item page-item-4801\"><a href=\"https:\/\/us.edu.pl\/instytut\/inp\/en\/test-pl\/\">Test EN<\/a><\/li>\n<li class=\"page_item page-item-4035\"><a href=\"https:\/\/us.edu.pl\/instytut\/inp\/en\/wydarzenia-salon-naukowy-instytutu-nauk-politycznych\/\">(Polski) Wydarzenia &#8211; SALON NAUKOWY Instytutu Nauk Politycznych<\/a><\/li>\n<li class=\"page_item page-item-709\"><a href=\"https:\/\/us.edu.pl\/instytut\/inp\/en\/olszanecka-marmola-agata\/\">(Polski) Olszanecka-Marmola Agata<\/a><\/li>\n<li class=\"page_item page-item-4043\"><a href=\"https:\/\/us.edu.pl\/instytut\/inp\/en\/czasopisma-2022\/\">Czasopisma 2<\/a><\/li>\n<li class=\"page_item page-item-4557\"><a href=\"https:\/\/us.edu.pl\/instytut\/inp\/en\/sekurytyzacja-wspolpracy-rozwojowej-przyklad-wybranych-panstw-europy-srodkowej-i-wschodniej\/\">(Polski) Sekurytyzacja wsp\u00f3\u0142pracy rozwojowej. Przyk\u0142ad wybranych pa\u0144stw Europy \u015arodkowej i Wschodniej<\/a><\/li>\n<li class=\"page_item page-item-720\"><a href=\"https:\/\/us.edu.pl\/instytut\/inp\/en\/turska-kawa-agnieszka\/\">Turska-Kawa Agnieszka<\/a><\/li>\n<li class=\"page_item page-item-3792\"><a href=\"https:\/\/us.edu.pl\/instytut\/inp\/en\/potencjal-polityczny-teorii-spiskowych-studium-polski-i-slowenii\/\">(Polski) Potencja\u0142 polityczny teorii spiskowych. Studium Polski i S\u0142owenii<\/a><\/li>\n<li class=\"page_item page-item-5074\"><a href=\"https:\/\/us.edu.pl\/instytut\/inp\/en\/tatarczyk-dawid\/\">Dawid Tatarczyk<\/a><\/li>\n<li class=\"page_item page-item-211\"><a href=\"https:\/\/us.edu.pl\/instytut\/inp\/en\/dyrekcja\/\">Management<\/a><\/li>\n<li class=\"page_item page-item-218\"><a href=\"https:\/\/us.edu.pl\/instytut\/inp\/en\/rada-naukowa\/\">Scientific Council<\/a><\/li>\n<li class=\"page_item page-item-222\"><a href=\"https:\/\/us.edu.pl\/instytut\/inp\/en\/nauka\/\">Research<\/a><\/li>\n<li class=\"page_item page-item-481\"><a href=\"https:\/\/us.edu.pl\/instytut\/inp\/en\/konferencje-i-seminaria-naukowe\/\">Scientific conferences and seminars<\/a><\/li>\n<li class=\"page_item page-item-226\"><a href=\"https:\/\/us.edu.pl\/instytut\/inp\/en\/projekty-badawcze\/\">Research projects<\/a><\/li>\n<li class=\"page_item page-item-228\"><a href=\"https:\/\/us.edu.pl\/instytut\/inp\/en\/kierunki-badan\/\">(Polski) Kierunki bada\u0144<\/a><\/li>\n<li class=\"page_item page-item-6885\"><a href=\"https:\/\/us.edu.pl\/instytut\/inp\/en\/pracownicy\/\">(Polski) Pracownicy<\/a><\/li>\n<li class=\"page_item page-item-230\"><a href=\"https:\/\/us.edu.pl\/instytut\/inp\/en\/zespoly-badawcze\/\">Research teams<\/a><\/li>\n<li class=\"page_item page-item-7400\"><a href=\"https:\/\/us.edu.pl\/instytut\/inp\/en\/nacjonalizujace-panstwo-i-demokracja-liberalna\/\">(Polski) Nacjonalizuj\u0105ce Pa\u0144stwo i Demokracja Liberalna<\/a><\/li>\n<li class=\"page_item page-item-489\"><a href=\"https:\/\/us.edu.pl\/instytut\/inp\/en\/redukcjonizm-genopolityki-w-kontekscie-relacji-miedzy-biologia-a-politologia\/\">(Polski) Redukcjonizm genopolityki w kontek\u015bcie relacji mi\u0119dzy biologi\u0105 a politologi\u0105<\/a><\/li>\n<li class=\"page_item page-item-234\"><a href=\"https:\/\/us.edu.pl\/instytut\/inp\/en\/awanse-naukowe\/\">Scientific promotions<\/a><\/li>\n<li class=\"page_item page-item-1007\"><a href=\"https:\/\/us.edu.pl\/instytut\/inp\/en\/konferencja-dylematy-demokracji\/\">(Polski) Konferencja: Dylematy demokracji<\/a><\/li>\n<li class=\"page_item page-item-1009\"><a href=\"https:\/\/us.edu.pl\/instytut\/inp\/en\/konferencja-instytut-cervantesa\/\">(Polski) Konferencja: Instytut Cervantesa<\/a><\/li>\n<li class=\"page_item page-item-242\"><a href=\"https:\/\/us.edu.pl\/instytut\/inp\/en\/projekty-badawcze-zakonczone\/\">(Polski) zako\u0144czone<\/a><\/li>\n<li class=\"page_item page-item-4339\"><a href=\"https:\/\/us.edu.pl\/instytut\/inp\/en\/zyczenia-wielkanocne\/\">(Polski) \u017byczenia Wielkanocne<\/a><\/li>\n<li class=\"page_item page-item-244\"><a href=\"https:\/\/us.edu.pl\/instytut\/inp\/en\/projekty-badawcze-realizowane\/\">P<\/a><\/li>\n<li class=\"page_item page-item-1012\"><a href=\"https:\/\/us.edu.pl\/instytut\/inp\/en\/konferencje-i-seminaria-naukowe-nadchodzace\/\">(Polski) nadchodz\u0105ce<\/a><\/li>\n<li class=\"page_item page-item-1014\"><a href=\"https:\/\/us.edu.pl\/instytut\/inp\/en\/konferencje-i-seminaria-naukowe-zakonczone\/\">(Polski) zako\u0144czone<\/a><\/li>\n<li class=\"page_item page-item-248\"><a href=\"https:\/\/us.edu.pl\/instytut\/inp\/en\/dr\/\">(Polski) Doktor<\/a><\/li>\n<li class=\"page_item page-item-504\"><a href=\"https:\/\/us.edu.pl\/instytut\/inp\/en\/magazyny-cyberdzihadystyczne-jako-instrument-kampanii-propagandowej-tzw-panstwa-islamskiego\/\">(Polski) Magazyny cyberd\u017cihadystyczne jako instrument kampanii propagandowej tzw. Pa\u0144stwa Islamskiego<\/a><\/li>\n<li class=\"page_item page-item-760\"><a href=\"https:\/\/us.edu.pl\/instytut\/inp\/en\/publikacje-pracownikow\/\">Selected publications by our employees<\/a><\/li>\n<li class=\"page_item page-item-254\"><a href=\"https:\/\/us.edu.pl\/instytut\/inp\/en\/wspolpraca-miedzynarodowa\/\">International cooperation<\/a><\/li>\n<li class=\"page_item page-item-3582\"><a href=\"https:\/\/us.edu.pl\/instytut\/inp\/en\/polska-polityka-i-spoleczenstwo\/\">(Polski) Polska polityka i spo\u0142ecze\u0144stwo<\/a><\/li>\n<\/ul>\n<\/div>\n<\/div>\r\n                    <\/div>\r\n                <\/div>[\/vc_column][\/vc_row]<\/p>\n","protected":false},"excerpt":{"rendered":"<p>[vc_row][vc_column][\/vc_column][\/vc_row] [&#8230;]<\/p>\n<p><a class=\"btn btn-secondary understrap-read-more-link\" href=\"https:\/\/us.edu.pl\/instytut\/inp\/en\/mapa-strony\/\">Read More&#8230;<\/a><\/p>\n","protected":false},"author":29,"featured_media":0,"parent":0,"menu_order":0,"comment_status":"closed","ping_status":"closed","template":"page-templates\/sitemap-template.php","meta":{"_expiration-date-status":"saved","_expiration-date":0,"_expiration-date-type":"","_expiration-date-categories":[],"_expiration-date-options":[]},"acf":[],"_links":{"self":[{"href":"https:\/\/us.edu.pl\/instytut\/inp\/en\/wp-json\/wp\/v2\/pages\/24"}],"collection":[{"href":"https:\/\/us.edu.pl\/instytut\/inp\/en\/wp-json\/wp\/v2\/pages"}],"about":[{"href":"https:\/\/us.edu.pl\/instytut\/inp\/en\/wp-json\/wp\/v2\/types\/page"}],"author":[{"embeddable":true,"href":"https:\/\/us.edu.pl\/instytut\/inp\/en\/wp-json\/wp\/v2\/users\/29"}],"replies":[{"embeddable":true,"href":"https:\/\/us.edu.pl\/instytut\/inp\/en\/wp-json\/wp\/v2\/comments?post=24"}],"version-history":[{"count":2,"href":"https:\/\/us.edu.pl\/instytut\/inp\/en\/wp-json\/wp\/v2\/pages\/24\/revisions"}],"predecessor-version":[{"id":90,"href":"https:\/\/us.edu.pl\/instytut\/inp\/en\/wp-json\/wp\/v2\/pages\/24\/revisions\/90"}],"wp:attachment":[{"href":"https:\/\/us.edu.pl\/instytut\/inp\/en\/wp-json\/wp\/v2\/media?parent=24"}],"curies":[{"name":"wp","href":"https:\/\/api.w.org\/{rel}","templated":true}]}}