{"id":1827,"date":"2020-01-22T21:46:36","date_gmt":"2020-01-22T20:46:36","guid":{"rendered":"http:\/\/us.edu.pl\/instytut\/inp\/?page_id=1827"},"modified":"2020-01-22T21:46:36","modified_gmt":"2020-01-22T20:46:36","slug":"radek-robert-ekspert","status":"publish","type":"page","link":"https:\/\/us.edu.pl\/instytut\/inp\/radek-robert-ekspert\/","title":{"rendered":"Radek Robert &#8211; ekspert"},"content":{"rendered":"<p>[vc_row][vc_column]\r\n                <div class=\"text-modules reverse\">\r\n                    <div class=\"container\">\r\n                        <h3 class=\"section-title section-title_border-bottom\">dr Robert Radek<\/h3> \r\n                        <div class=\"row m-0\">\r\n                            <div class=\"text-modules__content\">\r\n                                <\/p>\n<h3>1) Dane<\/h3>\n<p>Imi\u0119 i nazwisko: Robert Radek<br \/>\nInstytut: Instytut Nauk Politycznych<br \/>\nE-mail: robert.radek@us.edu.pl<br \/>\nTel.: 607 240 691<\/p>\n<h3>2) Proponowane pola wsp\u00f3\u0142pracy<\/h3>\n<ul>\n<li>ekspertyzy naukowe,<\/li>\n<li>badania naukowe,<\/li>\n<li>wyk\u0142ady tematyczne (w tym inauguracyjne, projektowe, eksperckie),<\/li>\n<li>udzia\u0142 w konferencjach popularnonaukowych z wyk\u0142adem eksperckim,<\/li>\n<li>szkolenia,<\/li>\n<li>merytoryczne opracowanie i przygotowanie materia\u0142\u00f3w np. szkoleniowych, projektowych,<\/li>\n<li>opieka naukowa, wsparcie merytoryczne projekt\u00f3w,<\/li>\n<li>komentarze tematyczne (media, think tanki).<\/li>\n<\/ul>\n<h3>3) Sylwetka eksperta<\/h3>\n<p>Zainteresowania naukowe koncentruj\u0105 si\u0119 wok\u00f3\u0142 problem\u00f3w funkcjonowania egzekutywy w tym zw\u0142aszcza jako\u015bci i skuteczno\u015bci jej dzia\u0142ania, a tak\u017ce zjawiska tzw. rz\u0105d\u00f3w mniejszo\u015bciowych w r\u00f3\u017cnych pa\u0144stwach na \u015bwiecie. Poza rozwijanym obecnie nurtem badawczym w kr\u0119gu zainteresowa\u0144 znajduj\u0105 si\u0119 r\u00f3wnie\u017c zagadnienia lokalizmu i regionalizmu w jednocz\u0105cej si\u0119 Europie, w tym zw\u0142aszcza problematyka wsp\u00f3\u0142pracy transgranicznej, a tak\u017ce r\u00f3\u017cne aspekty funkcjonowania system\u00f3w politycznych a w szczeg\u00f3lno\u015bci systemu politycznego Rzeczypospolitej Polskiej.<\/p>\n<h3>4) Do\u015bwiadczenia &#8211; realizowane projekty badawcze i praktyczne<\/h3>\n<p>Zrealizowane prace naukowo-badawcze:<\/p>\n<p><i>1. Tytu\u0142 projektu mi\u0119dzynarodowego: Territorial Autonomy in Europe. The Visegrad Perspective (nr projektu 11220109) \u2013 ma\u0142y grant z Funduszu Wyszehradzkiego (kierownik projektu: Prof. U\u015a dr hab. Jan Iwanek)<br \/>\n<\/i>Okres realizacji: <strong>01.08.2012 \u2013 31.01.2013<br \/>\n<\/strong>Charakter udzia\u0142u w projekcie: <strong>wsp\u00f3\u0142autor i g\u0142\u00f3wny wykonawca \u2013 dr R. Radek<\/strong><\/p>\n<p>2. Nr grantu: 2011\/01\/B\/HS5\/00549<b><strong><br \/>\n<\/strong><\/b>Kierownik: <strong>prof. U\u015a dr hab. Jan Iwanek<br \/>\n<\/strong>Zesp\u00f3\u0142 (g\u0142\u00f3wni wykonawcy): dr M. Domaga\u0142a, <strong>dr R. Radek<\/strong>, dr hab. W. Wojtasik<br \/>\nTemat: <strong>Wp\u0142yw deformacji wyborczych na systemy polityczne. Analiza deformacji wyborczych w wybranych systemach wi\u0119kszo\u015bciowych, proporcjonalnych i mieszanych<br \/>\n<\/strong>Rodzaj projektu: <strong>OPUS (Narodowe Centrum Nauki)<br \/>\n<\/strong>Okres realizacji: <strong>08.12.2011-07.12.2014<\/strong><\/p>\n<p>3. Nr grantu: <strong>2011\/01\/B\/HS5\/00524<br \/>\n<\/strong>Kierownik: <strong>prof. U\u015a dr hab. Mariusz Kolczy\u0144ski<br \/>\n<\/strong>Zesp\u00f3\u0142 (g\u0142\u00f3wni wykonawcy): dr T. Kubin, <strong>dr R. Radek<\/strong>, dr P. Szostok<br \/>\nTemat: <strong>Obraz prezydencji Polski w Unii Europejskiej (2011) w wybranych tytu\u0142ach prasy polskiej<br \/>\n<\/strong>Rodzaj projektu: <strong>OPUS (Narodowe Centrum Nauki)<br \/>\n<\/strong>Okres realizacji: <strong>15.10.2011-14.06.2013<\/strong><\/p>\n<p>4. Nr grantu: <strong>NN 116 211936<br \/>\n<\/strong>Kierownik: <strong>prof. U\u015a dr hab. M. Kolczy\u0144ski<br \/>\n<\/strong>Zesp\u00f3\u0142 (g\u0142\u00f3wni wykonawcy): dr T. Kubin, dr M. Mazur, <strong>dr R. Radek<\/strong>, dr P. Szostok, mgr A. Turska-Kawa<br \/>\nTemat: <strong>Obraz wybor\u00f3w do Parlamentu Europejskiego (2009) w polskich mediach. Analiza zawarto\u015bci medi\u00f3w<\/strong>.<br \/>\nRodzaj projektu: <strong>Ministerstwo Nauki i Szkolnictwa Wy\u017cszego<br \/>\n<\/strong>Okres realizacji: <strong>02.07.2009-01.01.2011<\/strong><\/p>\n<p>5. Projekt: <strong>POPT.03.01.00-136\/09<br \/>\n<\/strong>Kierownik: <strong>prof. U\u015a dr hab. Mariusz Kolczy\u0144ski<br \/>\n<\/strong>Zesp\u00f3\u0142 (g\u0142\u00f3wni wykonawcy): dr T. Kubin, dr W. Wojtasik, <strong>dr R. Radek<\/strong>, dr B. Zas\u0119pa, dr A. Turska-Kawa, dr E. Wiszczun<br \/>\nTemat: <strong>Innowacyjne i spo\u0142eczne oddzia\u0142ywanie SSE i<br \/>\nklastr\u00f3w w Polsce<br \/>\n<\/strong>Rodzaj projektu: <strong>Ministerstwo Rozwoju Regionalnego w ramach dotacji \u201eFundusze Europejskie na poziomie NSS\u201d, projekt realizowany w ramach Towarzystwa Inicjatyw Naukowych<\/strong>.<br \/>\nOkres realizacji: <strong>30.06.2010-29.12.2010<\/strong><\/p>\n<p>6. Projekt: badawczy w ramach dotacji na finansowanie dzia\u0142alno\u015bci polegaj\u0105cej na prowadzeniu bada\u0144 naukowych lub prac rozwojowych oraz zada\u0144 z nimi zwi\u0105zanych, s\u0142u\u017c\u0105cych rozwojowi m\u0142odych naukowc\u00f3w oraz uczestnik\u00f3w studi\u00f3w doktoranckich<br \/>\nKierownik i g\u0142\u00f3wny wykonawca: <strong>dr R. Radek<br \/>\n<\/strong>Temat: <strong>Znaczenie wsp\u00f3\u0142pracy transgranicznej w rozwoju spo\u0142eczno\u015bci lokalnych i regionalnych polskiego pogranicza<br \/>\n<\/strong>Rodzaj projektu: <strong>badania statutowe Wydzia\u0142u Nauk Spo\u0142ecznych Uniwersytetu \u015al\u0105skiego w Katowicach<br \/>\n<\/strong>Okres realizacji: <strong>01.07.2011-31.12.2011<\/strong><\/p>\n<p>7. Projekt: badawczy w ramach dotacji na finansowanie dzia\u0142alno\u015bci polegaj\u0105cej na prowadzeniu bada\u0144 naukowych lub prac rozwojowych oraz zada\u0144 z nimi zwi\u0105zanych, s\u0142u\u017c\u0105cych rozwojowi m\u0142odych naukowc\u00f3w oraz uczestnik\u00f3w studi\u00f3w doktoranckich<br \/>\nKierownik i wykonawca: <strong>dr R. Radek<br \/>\n<\/strong>Zesp\u00f3\u0142: mgr G. Giej\u0142aszewska, mgr M. Go\u0142osz, mgr K. Jaruga, mgr Sz. Ko\u0142odziej, mgr M. Kopa\u0144ski, dr S. Kubas, mgr W. Nitwinko, mgr J. Podg\u00f3rska-Ryka\u0142a, dr \u0141. Wawrowski, mgr J. Wichura<br \/>\nTemat: <strong>Decentralizacja wsp\u00f3\u0142czesnego pa\u0144stwa. Wybrane problemy<br \/>\n<\/strong>Rodzaj projektu: <strong>badania statutowe Wydzia\u0142u Nauk Spo\u0142ecznych Uniwersytetu \u015al\u0105skiego<br \/>\nw Katowicach<br \/>\n<\/strong>Okres realizacji: <strong>01.07.2012-31.12.2013<\/strong><\/p>\n<p>8. Projekt: badawczy w ramach dotacji na finansowanie dzia\u0142alno\u015bci polegaj\u0105cej na prowadzeniu bada\u0144 naukowych lub prac rozwojowych oraz zada\u0144 z nimi zwi\u0105zanych, s\u0142u\u017c\u0105cych rozwojowi m\u0142odych naukowc\u00f3w oraz uczestnik\u00f3w studi\u00f3w doktoranckich<br \/>\nKierownik i wykonawca: <strong>dr R. Radek<br \/>\n<\/strong>Zesp\u00f3\u0142: dr K. Czornik, dr A. Czy\u017c, dr R. Klepka, dr S. Kubas, dr M. Lakomy, dr M. Lorencka, dr J. Salamon, mgr A. Kandzia, mgr Sz. Ko\u0142odziej, mgr M. Kopa\u0144ski, mgr W. Nitwinko, mgr M. Wajzer<br \/>\nTemat: <strong>Rz\u0105dy mniejszo\u015bciowe w wybranych pa\u0144stwach \u015bwiata. Studium prawno-politologiczne<br \/>\n<\/strong>Rodzaj projektu: <strong>badania statutowe Wydzia\u0142u Nauk Spo\u0142ecznych Uniwersytetu \u015al\u0105skiego<br \/>\nw Katowicach<br \/>\n<\/strong>Okres realizacji: <strong>01.07.2013-31.12.2014<\/strong><\/p>\n<p>Cz\u0142onkostwo w organach uczelnianych oraz towarzystwach i organizacjach naukowych:<br \/>\n&#8211; Polskie Towarzystwo Nauk Politycznych,<br \/>\n&#8211; Towarzystwo Inicjatyw Naukowych z siedzib\u0105 w Katowicach &#8211; prezes,<br \/>\n&#8211; European Consortium for Political Research &#8211; od 2016 roku<br \/>\n&#8211; Rada Wydzia\u0142u Nauk Spo\u0142ecznych Uniwersytetu \u015al\u0105skiego (kadencja 2012-2016 i 2016-2019) \u2013 przedstawiciel m\u0142odszych pracownik\u00f3w nauki,<br \/>\n&#8211; Komisja Wyborcza Wydzia\u0142u Nauk Spo\u0142ecznych w kadencji 2012-2016,<br \/>\n&#8211; Og\u00f3lnopolskie czasopismo politologiczne \u201eAthenaeum. Polskie Studia Politologiczne\u201d \u2013 cz\u0142onek kolegium redakcyjnego,<br \/>\n&#8211; Og\u00f3lnopolskie czasopismo politologiczne &#8222;Pogranicze. Polish Borderland Studies&#8221; \u2013 cz\u0142onek kolegium redakcyjnego,<br \/>\n&#8211; Sekretarz czasopisma naukowego \u201eStudia Politicae Universitatis Silesiensis\u201d w latach 2017-2019<br \/>\n&#8211; Cz\u0142onek Zespo\u0142u Ekspert\u00f3w w dziale Nauk Humanistycznych, Spo\u0142ecznych i o Sztuce, do oceny wniosk\u00f3w o finansowanie projekt\u00f3w badawczych z\u0142o\u017conych w konkursach og\u0142oszonych przez Narodowe Centrum Nauki w latach 2013-2014<\/p>\n<p>Uczestnictwo w programach europejskich oraz innych programach mi\u0119dzynarodowych i krajowych:<\/p>\n<ol>\n<li>Nazwa projektu lub programu: <strong>Erasmus Plus Training Staff Mobility<\/strong><\/li>\n<\/ol>\n<p>Miejsce odbywania sta\u017cu:<strong> Universit\u00e0 degli Studi di Firenze<\/strong><strong> (University of Florence), <\/strong><strong>I FIRENZE01,<\/strong><strong> Dipartimento di Scienze, Politiche e Sociali Via delle Pandette, 32 &#8211; 50127 Firenze,<\/strong><strong> Italy<br \/>\n<\/strong>Realizowany temat\/program badawczy: <strong>szkolenie<br \/>\n<\/strong>\u0179r\u00f3d\u0142o finansowania: <strong>Erasmus Plus Training Staff Mobility<\/strong><br \/>\nCzas trwania sta\u017cu: <strong>3-10.02.2018<\/strong><\/p>\n<ol start=\"2\">\n<li>Nazwa projektu lub programu: <strong>Erasmus Plus Training Staff Mobility<\/strong><\/li>\n<\/ol>\n<p>Miejsce odbywania sta\u017cu: <strong>Univerzita Mateja Bela v Banskej Bystrici (Matej Bel University in Banska Bystrica), Faculty of Political Science and International Relations, Kuzm\u00e1nyho 1, 974 01 Bansk\u00e1 Bystrica, Slovakia<br \/>\n<\/strong>Realizowany temat\/program badawczy: <strong>szkolenie<br \/>\n<\/strong>\u0179r\u00f3d\u0142o finansowania: <strong>Erasmus Plus Training Staff Mobility<\/strong><br \/>\nCzas trwania sta\u017cu: <strong>29.04-03.05.2016<\/strong><\/p>\n<ol start=\"3\">\n<li>Nazwa projektu lub programu: <strong>Erasmus Plus Teaching Staff Mobility <\/strong><\/li>\n<\/ol>\n<p>Miejsce odbywania sta\u017cu: <strong>Masaryk University in Brno (<\/strong><strong>Masarykova Univerzita)<\/strong><strong>, Faculty Social Sciences, Department of Political Science<br \/>\n<\/strong>Realizowany temat\/program badawczy: <strong>Wyk\u0142ady dla student\u00f3w dotycz\u0105ce funkcjonowania gabinet\u00f3w mniejszo\u015bciowych w wybranych pa\u0144stwach Europy \u015arodkowej i Wschodniej<br \/>\n<\/strong>\u0179r\u00f3d\u0142o finansowania: <strong>Erasmus Plus Teaching Staff Mobility<br \/>\n<\/strong>Czas trwania sta\u017cu: <strong>27-28.04.2015\u00a0\u00a0\u00a0\u00a0\u00a0\u00a0\u00a0\u00a0\u00a0\u00a0\u00a0\u00a0\u00a0\u00a0\u00a0\u00a0\u00a0\u00a0\u00a0\u00a0\u00a0\u00a0\u00a0\u00a0\u00a0 <\/strong><\/p>\n<ol start=\"4\">\n<li>Nazwa projektu lub programu: <strong>Erasmus Plus Teaching Staff Mobility<\/strong><\/li>\n<\/ol>\n<p>Miejsce odbywania sta\u017cu: <strong>Univerzita Mateja Bela v Banskej Bystrici (Matej Bel University in Banska Bystrica), Faculty of Political Science and International Relations, Kuzm\u00e1nyho 1, 974 01 Bansk\u00e1 Bystrica, Slovakia<br \/>\n<\/strong>Realizowany temat\/program badawczy: <strong>Wyk\u0142ady dla student\u00f3w dotycz\u0105ce funkcjonowania gabinet\u00f3w mniejszo\u015bciowych w wybranych pa\u0144stwach Europy \u015arodkowej i Wschodniej<br \/>\n<\/strong>\u0179r\u00f3d\u0142o finansowania: <strong>Erasmus Plus Teaching Staff Mobility<br \/>\n<\/strong>Czas trwania sta\u017cu: <strong>11-12.06.2015\u00a0\u00a0\u00a0\u00a0\u00a0\u00a0\u00a0\u00a0\u00a0\u00a0 <\/strong><\/p>\n<ol start=\"5\">\n<li>Nazwa projektu lub programu: <strong>Erasmus Plus Teaching Staff Mobility<\/strong><\/li>\n<\/ol>\n<p>Miejsce odbywania sta\u017cu: <strong>Universidad Complutense de Madrid, Facultad de Ciencias de la Informaci\u00f3n, Avda. <\/strong><strong>Complutense s\/n\u00ba. Ciudad Universitaria. 28040-Madrid (Espa\u00f1a)<br \/>\n<\/strong>Realizowany temat\/program badawczy: <strong>Wyk\u0142ady dla student\u00f3w dotycz\u0105ce funkcjonowania gabinet\u00f3w mniejszo\u015bciowych w wybranych pa\u0144stwach Europy \u015arodkowej i Wschodniej<br \/>\n<\/strong>\u0179r\u00f3d\u0142o finansowania: <strong>Erasmus Plus Teaching Staff Mobility<br \/>\n<\/strong>Czas trwania sta\u017cu: <strong>5-9.05.2014\u00a0\u00a0\u00a0\u00a0\u00a0\u00a0\u00a0\u00a0\u00a0\u00a0\u00a0\u00a0\u00a0\u00a0\u00a0 <\/strong><\/p>\n<ol start=\"6\">\n<li>Nazwa projektu lub programu: <strong>Lifelong Learning Programme \u2013 LLP\/Erasmus (STM)<\/strong><\/li>\n<\/ol>\n<p>Miejsce odbywania sta\u017cu: <strong>Uniwersytet Mateja Bela w Ba\u0144skiej Bystrzycy, S\u0142owacja<br \/>\n<\/strong>Realizowany temat\/program badawczy: <strong>Wyk\u0142ady dla student\u00f3w dotycz\u0105ce funkcjonowania polskiego systemu politycznego<br \/>\n<\/strong>\u0179r\u00f3d\u0142o finansowania <strong>Lifelong Learning Programme \u2013 LLP\/Erasmus<br \/>\n<\/strong>Czas trwania sta\u017cu: <strong>20-26.04.2012<\/strong><\/p>\n<ol start=\"7\">\n<li>Nazwa projektu lub programu: <strong>Lifelong Learning Programme \u2013 LLP\/Erasmus (wyjazdy nauczycieli akademickich)<\/strong><\/li>\n<\/ol>\n<p>Miejsce odbywania sta\u017cu: <strong><em>Masarykova Univerzita, Faculta Soci\u00e1ln\u00edch Studi\u00ed, Katedra Polittologie, Brno, Czechy<br \/>\n<\/em><\/strong>Realizowany temat\/program badawczy: <strong>Wyk\u0142ady dla student\u00f3w dotycz\u0105ce funkcjonowania polskiego systemu politycznego pt. <\/strong><strong>After the twentieth anniversary of the \u201cRound Table Talks\u201d \u2013 <\/strong><strong>since the collapse of communism to the unification of the continent<br \/>\n<\/strong>\u0179r\u00f3d\u0142o finansowania: <strong>Lifelong Learning Programme \u2013 LLP\/Erasmus<br \/>\n<\/strong>Czas trwania sta\u017cu: <strong>22-27 marca 2010 <em>\u00a0\u00a0 <\/em><\/strong><\/p>\n<ol start=\"8\">\n<li>Nazwa projektu lub programu: <strong>Lifelong Learning Programme \u2013 LLP \/Erasmus (wyjazdy nauczycieli akademickich)<\/strong><\/li>\n<\/ol>\n<p>Miejsce odbywania sta\u017cu: <strong>Universit\u00e4t Stuttgart, Institut f\u00fcr Sozialwissenschaften, Abteilung Internationale Beziehungen und Europ\u00e4ische Integration, Stuttgart<br \/>\n<\/strong>Realizowany temat\/program badawczy: <strong>Wyk\u0142ady dla student\u00f3w dotycz\u0105ce funkcjonowania polskiego systemu politycznego<br \/>\n<\/strong>\u0179r\u00f3d\u0142o finansowania: <strong>Lifelong Learning Programme \u2013 LLP\/Erasmus<br \/>\n<\/strong>Czas trwania sta\u017cu: <strong>22-29 czerwca 2009<\/strong><\/p>\n<p>Wykonane ekspertyzy lub inne opracowania na zam\u00f3wienie:<\/p>\n<ol>\n<li>Audyt Centrum Kszta\u0142cenia Ustawicznego Uniwersytetu \u015al\u0105skiego w Katowicach<br \/>\nZlecaj\u0105cy: Dyrektor Centrum Kszta\u0142cenia Ustawicznego Uniwersytetu \u015al\u0105skiego w Katowicach<br \/>\nRok wykonania: 2018<br \/>\nPe\u0142niona funkcja: Autor raportu<\/li>\n<li>Zesp\u00f3\u0142 Opiniuj\u0105cy projekt programu kszta\u0142cenia nowotworzonego kierunku studi\u00f3w <em>zarz\u0105dzanie zasobami ludzkimi<\/em>.<br \/>\nZlecaj\u0105cy: Rektor Uniwersytetu \u015al\u0105skiego w Katowicach<br \/>\nRok wykonania: 2015<br \/>\nPe\u0142niona funkcja: Cz\u0142onek zespo\u0142u przygotowuj\u0105cy opini\u0119\/raport<\/li>\n<li>Raport dla Uniwersyteckiej Komisji Akredytacyjnej \u2013 wniosek o udzielnie reakredytacji dla kierunku: politologia.<br \/>\nZlecaj\u0105cy: Dyrektor Instytutu Nauk Politycznych i Dziennikarstwa Uniwersytetu \u015al\u0105skiego w Katowicach<br \/>\nRok wykonania: 2009<br \/>\nPe\u0142niona funkcja: wsp\u00f3\u0142autor raportu (gromadzenie danych i ich opracowanie)<\/li>\n<\/ol>\n<p>Cz\u0142onkostwo w mi\u0119dzynarodowych i krajowych organizacjach oraz towarzystwach naukowych:<\/p>\n<ol>\n<li><em>European Consortium for Political Research<\/em> \u2013 cz\u0142onek konsorcjum od 2016 roku.<\/li>\n<li><em>Polskie Towarzystwo Nauk Politycznych<\/em> \u2013 cz\u0142onek oddzia\u0142u katowickiego od 2008 roku<\/li>\n<li><em>Towarzystwo Inicjatyw Naukowych<\/em> \u2013 cz\u0142onek za\u0142o\u017cyciel stowarzyszenia w 2009 roku, sekretarz stowarzyszenia od 2009 do 2014 roku, prezes od 2014 roku<\/li>\n<\/ol>\n<p>Udzia\u0142 w zespo\u0142ach eksperckich i konkursowych:<\/p>\n<ol>\n<li>Cz\u0142onek Zespo\u0142u Ekspert\u00f3w w dziale Nauk Humanistycznych, Spo\u0142ecznych i o Sztuce, panel HS5A, do oceny wniosk\u00f3w o finansowanie projekt\u00f3w badawczych z\u0142o\u017conych w konkursie<br \/>\nOPUS 5, og\u0142oszonym przez Narodowe Centrum Nauki w dniu 15 marca 2013 (NCN-DSO\/ZSO\/860\/IW\/13)<\/li>\n<li>Cz\u0142onek Zespo\u0142u Ekspert\u00f3w w dziale Nauk Humanistycznych, Spo\u0142ecznych i o Sztuce, panel HS5A, do oceny wniosk\u00f3w o finansowanie projekt\u00f3w badawczych z\u0142o\u017conych w konkursie<br \/>\nOPUS 6, og\u0142oszonym przez Narodowe Centrum Nauki w dniu 15 wrze\u015bnia 2013 (NCN-DSO\/ZSO\/88\/IW\/14)<\/li>\n<li>Cz\u0142onek Zespo\u0142u Ekspert\u00f3w w dziale Nauk Humanistycznych, Spo\u0142ecznych i o Sztuce, do oceny wniosk\u00f3w o finansowanie sta\u017cy krajowych po uzyskaniu stopnia doktora z\u0142o\u017conych w konkursie FUGA 3, og\u0142oszonym przez Narodowe Centrum Nauki w dniu 16 grudnia 2013 (NCN-DSO\/ZSO\/592\/IW\/14)<\/li>\n<li>Cz\u0142onek Zespo\u0142u Ekspert\u00f3w w dziale Nauk Humanistycznych, Spo\u0142ecznych i o Sztuce, panel HS5A, do oceny wniosk\u00f3w o finansowanie projekt\u00f3w badawczych z\u0142o\u017conych w konkursie<br \/>\nOPUS 7, og\u0142oszonym przez Narodowe Centrum Nauki w dniu 17 marca 2014 (NCN-DSO\/ZSO\/1081\/IW\/14).<\/li>\n<\/ol>\n<p>Recenzowanie projekt\u00f3w mi\u0119dzynarodowych i krajowych:<br \/>\nOrgan zlecaj\u0105cy opracowanie recenzji: <strong>Narodowe Centrum Nauki w Krakowie<br \/>\n<\/strong>Okres pracy: <strong>2013-2014 (cztery konkursy: OPUS 5, OPUS 6, OPUS 7 i FUGA 3)<br \/>\n<\/strong>Rodzaj ocenianych projekt\u00f3w: <strong>badawcze<br \/>\n<\/strong>\u0141\u0105czna liczba ocenionych projekt\u00f3w: <strong>88<\/strong><\/p>\n<p>&nbsp;<\/p>\n<h3>5) Sukcesy i nagrody<\/h3>\n<ul>\n<li>Nagroda Indywidualna III stopnia JM Rektora Uniwersytetu \u015al\u0105skiego w Katowicach za dzia\u0142alno\u015b\u0107 organizacyjn\u0105 (2017)<\/li>\n<li>Lider umi\u0119dzynarodowienia U\u015a \u2013 II miejsce w kategorii m\u0142odszy pracownik naukowy (2015),<\/li>\n<li>Nagroda Zespo\u0142owa III stopnia JM Rektora Uniwersytetu \u015al\u0105skiego w Katowicach (2015),<\/li>\n<li>Nagroda Indywidualna II stopnia JM Rektora Uniwersytetu \u015al\u0105skiego w Katowicach za dzia\u0142alno\u015b\u0107 naukowo-badawcz\u0105 (2011),<\/li>\n<li>Nagroda Indywidualna II stopnia JM Rektora Uniwersytetu \u015al\u0105skiego w Katowicach za dzia\u0142alno\u015b\u0107 organizacyjn\u0105 (2009).<\/li>\n<\/ul>\n<div class=\"mt-3\"><\/div>\r\n                            <\/div>\r\n                            \r\n                            \r\n                        <\/div>\r\n                    <\/div>\r\n                <\/div>[\/vc_column][\/vc_row]<\/p>","protected":false},"excerpt":{"rendered":"<p>[vc_row][vc_column][\/vc_column][\/vc_row] [&#8230;]<\/p>\n<p><a class=\"btn btn-secondary understrap-read-more-link\" href=\"https:\/\/us.edu.pl\/instytut\/inp\/radek-robert-ekspert\/\">Read More&#8230;<\/a><\/p>\n","protected":false},"author":141,"featured_media":0,"parent":0,"menu_order":0,"comment_status":"closed","ping_status":"closed","template":"","meta":{"_expiration-date-status":"saved","_expiration-date":0,"_expiration-date-type":"","_expiration-date-categories":[],"_expiration-date-options":[]},"acf":[],"_links":{"self":[{"href":"https:\/\/us.edu.pl\/instytut\/inp\/wp-json\/wp\/v2\/pages\/1827"}],"collection":[{"href":"https:\/\/us.edu.pl\/instytut\/inp\/wp-json\/wp\/v2\/pages"}],"about":[{"href":"https:\/\/us.edu.pl\/instytut\/inp\/wp-json\/wp\/v2\/types\/page"}],"author":[{"embeddable":true,"href":"https:\/\/us.edu.pl\/instytut\/inp\/wp-json\/wp\/v2\/users\/141"}],"replies":[{"embeddable":true,"href":"https:\/\/us.edu.pl\/instytut\/inp\/wp-json\/wp\/v2\/comments?post=1827"}],"version-history":[{"count":1,"href":"https:\/\/us.edu.pl\/instytut\/inp\/wp-json\/wp\/v2\/pages\/1827\/revisions"}],"predecessor-version":[{"id":1828,"href":"https:\/\/us.edu.pl\/instytut\/inp\/wp-json\/wp\/v2\/pages\/1827\/revisions\/1828"}],"wp:attachment":[{"href":"https:\/\/us.edu.pl\/instytut\/inp\/wp-json\/wp\/v2\/media?parent=1827"}],"curies":[{"name":"wp","href":"https:\/\/api.w.org\/{rel}","templated":true}]}}