{"id":7715,"date":"2025-05-09T21:48:08","date_gmt":"2025-05-09T19:48:08","guid":{"rendered":"https:\/\/us.edu.pl\/instytut\/inp\/?page_id=7715"},"modified":"2025-11-20T12:45:42","modified_gmt":"2025-11-20T11:45:42","slug":"50-lecie","status":"publish","type":"page","link":"https:\/\/us.edu.pl\/instytut\/inp\/50-lecie\/","title":{"rendered":"50-lecie Instytutu Nauk Politycznych"},"content":{"rendered":"<p>[vc_row][vc_column]\r\n                <div class=\"text-modules\">\r\n                    <div class=\"container\">\r\n                        <h3 class=\"page-title text__title\">50-lecie Instytutu Nauk Politycznych<\/h3>\r\n                        <div class=\"text-modules__content\"><p><em>W 2025 roku Instytut Nauk Politycznych Uniwersytetu \u015al\u0105skiego w Katowicach obchodzi jubileusz 50-lecia. Instytut zosta\u0142 powo\u0142any 1 pa\u017adziernika 1975 roku jako samodzielna jednostka, wyodr\u0119bniona z Instytutu Filozofii, Socjologii i Nauk Politycznych. Od 1978 roku funkcjonowa\u0142 pod nazw\u0105 Instytut Nauk Politycznych i Dziennikarstwa, natomiast 1 pa\u017adziernika 2019 roku przywr\u00f3cono jego pierwotn\u0105 nazw\u0119.<\/em><\/p>\n<p style=\"text-align: center;\"><img class=\"aligncenter wp-image-8496\" src=\"https:\/\/us.edu.pl\/instytut\/inp\/wp-content\/uploads\/sites\/31\/2025\/10\/Slajd-glowny-2-1024x576.png\" alt=\"\" width=\"1000\" height=\"563\" srcset=\"https:\/\/us.edu.pl\/instytut\/inp\/wp-content\/uploads\/sites\/31\/2025\/10\/Slajd-glowny-2-1024x576.png 1024w, https:\/\/us.edu.pl\/instytut\/inp\/wp-content\/uploads\/sites\/31\/2025\/10\/Slajd-glowny-2-300x169.png 300w, https:\/\/us.edu.pl\/instytut\/inp\/wp-content\/uploads\/sites\/31\/2025\/10\/Slajd-glowny-2-768x432.png 768w, https:\/\/us.edu.pl\/instytut\/inp\/wp-content\/uploads\/sites\/31\/2025\/10\/Slajd-glowny-2-1536x864.png 1536w, https:\/\/us.edu.pl\/instytut\/inp\/wp-content\/uploads\/sites\/31\/2025\/10\/Slajd-glowny-2-575x323.png 575w, https:\/\/us.edu.pl\/instytut\/inp\/wp-content\/uploads\/sites\/31\/2025\/10\/Slajd-glowny-2.png 1920w\" sizes=\"(max-width: 1000px) 100vw, 1000px\" \/><\/p>\n<p style=\"text-align: center;\">Og\u00f3lnopolska Konferencja Naukowa<\/p>\n<p style=\"text-align: center;\"><strong>\u201eMi\u0119dzy stabilno\u015bci\u0105 a nieprzewidywalno\u015bci\u0105: polityka w czasach przemian\u201d<\/strong><\/p>\n<p style=\"text-align: center;\">9-10 pa\u017adziernika 2025 roku<\/p>\n<p style=\"text-align: center;\">spinPLACE, Katowice<\/p>\n<p><strong>Instytut Nauk Politycznych Uniwersytetu \u015al\u0105skiego w Katowicach zaprasza do uczestnictwa w og\u00f3lnopolskiej konferencji naukowej zatytu\u0142owanej \u201eMi\u0119dzy stabilno\u015bci\u0105 a nieprzewidywalno\u015bci\u0105: polityka w czasach przemian\u201d, kt\u00f3ra odb\u0119dzie si\u0119 w dniach 9-10 pa\u017adziernika 2025 roku. Wydarzenie to, b\u0119d\u0105ce okazj\u0105 do podj\u0119cia refleksji nad wyzwaniami, z jakimi mierzy si\u0119 wsp\u00f3\u0142czesna polityka, stanowi zarazem g\u0142\u00f3wny punkt obchod\u00f3w jubileuszu 50-lecia Instytutu.<\/strong><\/p>\n<p>W ostatnich latach stabilno\u015b\u0107 \u2013 rozumiana jako sta\u0142o\u015b\u0107 (niezmienno\u015b\u0107 lub tylko nieznaczna podatno\u015b\u0107 na zmiany), wytrzyma\u0142o\u015b\u0107 (brak tendencji do zmian, tak\u017ce w odpowiedzi na zak\u0142\u00f3cenia) i odporno\u015b\u0107 (zdolno\u015b\u0107 do powrotu do stanu pierwotnego lub zbli\u017conego do niego w obliczu perturbacji)<a href=\"#_ftn1\" name=\"_ftnref1\">[1]<\/a> \u2013 coraz cz\u0119\u015bciej ust\u0119puje miejsca niepewno\u015bci.<\/p>\n<p>Istotn\u0105 w tym rol\u0119 odgrywaj\u0105 nowe i narastaj\u0105ce kryzysy oraz gwa\u0142towne przemiany, generuj\u0105ce wyzwania zar\u00f3wno w skali lokalnej oraz krajowej, jak i globalnej. Kluczowe staje si\u0119 zatem pytanie o granice adaptacyjno\u015bci polityki i mo\u017cliwo\u015b\u0107 zachowania stabilno\u015bci w \u015bwiecie naznaczonym nieprzewidywalno\u015bci\u0105. Na to w\u0142a\u015bnie pytanie b\u0119dziemy poszukiwa\u0107 odpowiedzi w trakcie konferencji.<\/p>\n<p>Do udzia\u0142u w wydarzeniu zapraszamy zw\u0142aszcza badaczy w dyscyplinie nauki o polityce i administracji oraz dyscyplinach pokrewnych. Obrady obejm\u0105 szerokie spektrum temat\u00f3w, odnosz\u0105cych si\u0119 m.in. do polityki krajowej i mi\u0119dzynarodowej, transformacji system\u00f3w politycznych, nowych form partycypacji obywatelskiej, roli medi\u00f3w i technologii w \u017cyciu politycznym czy zarz\u0105dzania kryzysami. Lista proponowanych paneli dost\u0119pna jest poni\u017cej.<\/p>\n<p>Rejestracja propozycji referat\u00f3w trwa <strong>do 30 czerwca 2025 roku<\/strong> poprzez <strong>formularz zg\u0142oszeniowy (<a href=\"https:\/\/forms.gle\/TkGNXu85za1BqyAbA\">https:\/\/forms.gle\/TkGNXu85za1BqyAbA<\/a>)<\/strong>. Zg\u0142osze\u0144 dokonywa\u0107 mo\u017cna do proponowanych paneli oraz niezale\u017cnie od nich (zg\u0142oszenie poza panelem). Informacje o akceptacji referat\u00f3w zostan\u0105 przekazane <strong>do 13 lipca 2025 roku<\/strong>.<\/p>\n<p>Warunkiem uczestnictwa w wydarzeniu jest wniesienie op\u0142aty konferencyjnej w wysoko\u015bci 500 z\u0142 w terminie <strong>do 16 wrze\u015bnia 2025 roku<\/strong>. Op\u0142ata obejmuje wy\u017cywienie (w tym uroczyst\u0105 kolacj\u0119 w pierwszym dniu konferencji) oraz materia\u0142y konferencyjne.<\/p>\n<p>Konto:<\/p>\n<p>Uniwersytet \u015al\u0105ski w Katowicach<\/p>\n<p>74 1050 1214 1000 0007 0000 7909<\/p>\n<p>W tytule przelewu nale\u017cy poda\u0107: imi\u0119 i nazwisko uczestnika\/uczestniczki oraz akronim konferencji (Konferencja INP U\u015a).<\/p>\n<p>&nbsp;<\/p>\n<p>W przypadku pyta\u0144 prosimy o kontakt: <strong>konferencja.inp@gmail.com<\/strong><\/p>\n<p><strong>\u00a0<\/strong><\/p>\n<p><strong>Lista proponowanych paneli<\/strong> (w kolejno\u015bci alfabetycznej):<\/p>\n<ul>\n<li><strong>Aktywno\u015b\u0107 polityczna m\u0142odych i jej determinanty<\/strong> (moderacja: dr Agata Olszanecka-Marmola)<\/li>\n<li><strong>G\u00f3rny \u015al\u0105sk jako problem politologiczny<\/strong> (moderacja: dr Anna Mu\u015b, prof. U\u015a)<\/li>\n<li><strong>Ko\u015bci\u00f3\u0142 i demokracja: bilans trzydziestolecia<\/strong> (moderacja: dr Dawid Tatarczyk, prof. U\u015a)<\/li>\n<li><strong>Metoda modelowa w teoretyzowaniu polityki<\/strong> (moderacja: dr Mateusz Wajzer)<\/li>\n<li><strong>Niepewno\u015b\u0107, czyli chwiejny status demokracji<\/strong> (moderacja: dr Agnieszka Turo\u0144-Kowalska)<\/li>\n<li><strong>Niepewno\u015b\u0107 polityki \u2013 wymiar pa\u0144stwowy, spo\u0142eczny i ekonomiczny<\/strong> (moderacja: dr Micha\u0142 Czuba, dr Robert Radek)<\/li>\n<li><strong>Nowe trendy w dzia\u0142alno\u015bci aktor\u00f3w pa\u0144stwowych i niepa\u0144stwowych: perspektywa studi\u00f3w strategicznych<\/strong> (moderacja: dr hab. Katarzyna Czornik, prof. U\u015a, prof. dr hab. Miron Lakomy)<\/li>\n<li><strong>Obszar poradziecki wobec wsp\u00f3\u0142czesnych wyzwa\u0144 i zagro\u017ce\u0144<\/strong> (moderacja: dr Agnieszka Miarka, prof. U\u015a)<\/li>\n<li><strong>Systemy polityczne pa\u0144stw basenu Morza \u015ar\u00f3dziemnego po kryzysie gospodarczym z 2008 roku<\/strong> (moderacja: dr hab. Tomasz Kubin, prof. U\u015a, dr Ma\u0142gorzata Lorencka, dr hab. Ma\u0142gorzata My\u015bliwiec, prof. U\u015a)<\/li>\n<li><strong>Teoria polityki \u2013 klasyczne i nowe kierunki bada\u0144<\/strong> (moderacja: prof. dr hab. Sylwester Wr\u00f3bel)<\/li>\n<li><strong>Unia Europejska wobec wyzwa\u0144 i kryzys\u00f3w w trzeciej dekadzie XXI wieku<\/strong> (moderacja: dr hab. Tomasz Kubin, prof. U\u015a)<\/li>\n<li><strong>Wsp\u00f3\u0142czesne tendencje zmian instytucji politycznych w pa\u0144stwach Grupy Wyszehradzkiej <\/strong>(moderacja: dr hab. Anna Czy\u017c, prof. U\u015a, dr hab. Sebastian Kubas, prof. U\u015a)<\/li>\n<li><strong>Wsp\u00f3\u0142praca rozwojowa w dekadzie polikryzys\u00f3w<\/strong> (moderacja: dr Monika Szynol)<\/li>\n<\/ul>\n<p><strong><a href=\"https:\/\/us.edu.pl\/instytut\/inp\/wp-content\/uploads\/sites\/31\/Bez-kategorii\/50lecie-panele.pdf\" class=\"mtli_attachment mtli_pdf\" data-mtli=\"mtli_filesize332,97kB\" class=\"mtli_attachment mtli_pdf\" data-mtli=\"mtli_filesize332,97kB\">Lista paneli wraz z opisami<\/a><\/strong><\/p>\n<p><a href=\"#_ftnref1\" name=\"_ftn1\">[1]<\/a> S.O. Hansson, G. Helgesson, What is Stability?, <em>Synthese<\/em> 136, 219-235 (2003).<\/p>\n<p>&nbsp;<\/p>\n<p><strong>Program wydarzenia<\/strong><\/p>\n<p><strong><a href=\"https:\/\/us.edu.pl\/instytut\/inp\/wp-content\/uploads\/sites\/31\/2025\/10\/9-10.10-program.pdf\" class=\"mtli_attachment mtli_pdf\" data-mtli=\"mtli_filesize505,22kB\" class=\"mtli_attachment mtli_pdf\" data-mtli=\"mtli_filesize505,22kB\" target=\"_blank\" rel=\"noopener\">Program Jubileuszu 50-lecia Instytutu Nauk Politycznych Uniwersytetu \u015al\u0105skiego w Katowicach oraz Og\u00f3lnopolskiej konferencji naukowej &#8222;Mi\u0119dzy stabilno\u015bci\u0105 a nieprzewidywalno\u015bci\u0105: polityka w czasach przemian&#8221;.<\/a>\u00a0<\/strong><\/p>\n<p>&nbsp;<\/p>\n<p><strong>Publikacja pokonferencyjna<\/strong><\/p>\n<p>Zapraszamy do nadsy\u0142ania artyku\u0142\u00f3w do publikacji pokonferencyjnej &#8211; specjalnego numeru czasopisma <strong>Studia Politicae Universitatis Silesiensis<\/strong>. Artyku\u0142y mo\u017cna nadsy\u0142a\u0107 <strong>do 15 pa\u017adziernika 2025 roku<\/strong>.<\/p>\n<p><strong><a href=\"https:\/\/journals.us.edu.pl\/index.php\/SPUS\/Dla_autorow\" target=\"_blank\" rel=\"noopener\">Wytyczne dla autor\u00f3w<\/a><\/strong><\/p>\n<p><strong><a href=\"https:\/\/journals.us.edu.pl\/index.php\/SPUS\/index\" target=\"_blank\" rel=\"noopener\">Strona internetowa czasopisma<\/a><\/strong><\/p>\n<p>&nbsp;<\/p>\n<p><b>Certyfikowany warsztat metodologiczny: Jak idealizowa\u0107 i konkretyzowa\u0107 modele politologiczne<\/b><br \/>\n<b><\/b><\/p>\n<p>M\u0142odych badaczy zapraszamy do uczestnictwa w warsztacie, kt\u00f3rego celem jest wyposa\u017cenie uczestnik\u00f3w w umiej\u0119tno\u015b\u0107 \u015bwiadomego metodologicznie stosowania dw\u00f3ch g\u0142\u00f3wnych procedur budowy modeli naukowych: idealizacji (celowego upraszczania rzeczywisto\u015bci, aby uchwyci\u0107 istot\u0119 badanego zjawiska) oraz konkretyzacji (stopniowego przybli\u017cania modelu do rzeczywisto\u015bci empirycznej). Warsztat odb\u0119dzie si\u0119 10 pa\u017adziernika 2025 roku, a przeprowadz\u0105 go\u00a0dr hab. Krzysztof Kasianiuk, prof. UC oraz dr Mateusz Wajzer, U\u015a.<\/p>\n<p><strong><a href=\"https:\/\/us.edu.pl\/instytut\/inp\/2025\/07\/02\/certyfikowany-warsztat-metodologiczny-jak-idealizowac-i-konkretyzowac-modele-politologiczne\/\" target=\"_blank\" rel=\"noopener\">Wi\u0119cej informacji<\/a><\/strong><\/p>\n<p>Rejestracja udzia\u0142u w warsztacie metodologicznym trwa <b>do 30 sierpnia 2025 roku<\/b> poprzez <a href=\"https:\/\/docs.google.com\/forms\/d\/e\/1FAIpQLSc1P9b7tLAmjS-E2eht5u1-0WzrRgiOlkYmgy-dbVHcCCAZkQ\/viewform\" target=\"_blank\" rel=\"noopener\"><b>formularz zg\u0142oszeniowy<\/b><\/a>. Informacje o akceptacji uczestnictwa zostan\u0105 przekazane <b>do 15 wrze\u015bnia 2025 roku<\/b>.<\/p>\n<p>&nbsp;<\/p>\n<p style=\"text-align: center;\">&#8212;&#8212;&#8212;&#8212;&#8212;&#8212;&#8212;&#8212;&#8212;-<\/p>\n<table class=\" alignleft\" style=\"width: 100%; border-collapse: collapse;\">\n<tbody>\n<tr>\n<td style=\"width: 50%;\"><strong>Komitet naukowy<\/strong><\/td>\n<td style=\"width: 50%;\"><strong>Komitet organizacyjny<\/strong><\/td>\n<\/tr>\n<tr>\n<td style=\"width: 50%;\">prof. dr hab. Miron Lakomy &#8211; przewodnicz\u0105cy<\/p>\n<p>prof. dr hab. Waldemar Wojtasik<\/p>\n<p>prof. dr hab. Sylwester Wr\u00f3bel<\/p>\n<p>dr hab. Katarzyna Czornik, prof. U\u015a<\/p>\n<p>dr hab. Anna Czy\u017c, prof. U\u015a<\/p>\n<p>dr hab. Rafa\u0142 Glajcar, prof. U\u015a<\/p>\n<p>dr hab. Mariusz Kolczy\u0144ski, prof. U\u015a<\/p>\n<p>dr hab. Sebastian Kubas, prof. U\u015a<\/p>\n<p>dr hab. Tomasz Kubin, prof. U\u015a<\/p>\n<p>dr hab. Ma\u0142gorzata My\u015bliwiec, prof. U\u015a<\/p>\n<p>dr hab. Agnieszka Turska-Kawa, prof. U\u015a<\/p>\n<p>&nbsp;<\/p>\n<p>&nbsp;<\/p>\n<p>&nbsp;<\/p>\n<p>&nbsp;<\/p>\n<p>&nbsp;<\/td>\n<td style=\"width: 50%;\">dr Kornelia Batko, prof. U\u015a<\/p>\n<p>dr Anna Budzanowska<\/p>\n<p>dr Micha\u0142 Czuba<\/p>\n<p>mgr Natalia Galica<\/p>\n<p>dr Ma\u0142gorzata Lorencka<\/p>\n<p>dr Maciej Marmola &#8211; przewodnicz\u0105cy<\/p>\n<p>dr Agnieszka Miarka, prof. U\u015a<\/p>\n<p>dr Anna Mu\u015b, prof. U\u015a<\/p>\n<p>dr Agata Olszanecka-Marmola<\/p>\n<p>dr El\u017cbieta Pro\u0144<\/p>\n<p>dr Robert Radek<\/p>\n<p>mgr Emilie Szwajnoch<\/p>\n<p>dr Monika Szynol<\/p>\n<p>dr Dawid Tatarczyk, prof. U\u015a<\/p>\n<p>dr Agnieszka Turo\u0144-Kowalska<\/p>\n<p>dr Mateusz Wajzer<\/td>\n<\/tr>\n<\/tbody>\n<\/table>\n<p>&nbsp;<\/p>\n<p style=\"text-align: center;\"><strong>Patronaty honorowe<\/strong><\/p>\n<p style=\"text-align: center;\"><img class=\"aligncenter wp-image-8408 size-medium\" src=\"https:\/\/us.edu.pl\/instytut\/inp\/wp-content\/uploads\/sites\/31\/Bez-kategorii\/patronat-MNiSW-300x120.png\" alt=\"\" width=\"300\" height=\"120\" srcset=\"https:\/\/us.edu.pl\/instytut\/inp\/wp-content\/uploads\/sites\/31\/Bez-kategorii\/patronat-MNiSW-300x120.png 300w, https:\/\/us.edu.pl\/instytut\/inp\/wp-content\/uploads\/sites\/31\/Bez-kategorii\/patronat-MNiSW.png 564w\" sizes=\"(max-width: 300px) 100vw, 300px\" \/><\/p>\n<table style=\"border-collapse: collapse; width: 100%;\">\n<tbody>\n<tr>\n<td style=\"width: 24.913%;\"><strong><img class=\"aligncenter wp-image-8410\" src=\"https:\/\/us.edu.pl\/instytut\/inp\/wp-content\/uploads\/sites\/31\/2025\/08\/patronat-GZM-300x142.jpg\" alt=\"\" width=\"254\" height=\"120\" srcset=\"https:\/\/us.edu.pl\/instytut\/inp\/wp-content\/uploads\/sites\/31\/2025\/08\/patronat-GZM-300x142.jpg 300w, https:\/\/us.edu.pl\/instytut\/inp\/wp-content\/uploads\/sites\/31\/2025\/08\/patronat-GZM-1024x484.jpg 1024w, https:\/\/us.edu.pl\/instytut\/inp\/wp-content\/uploads\/sites\/31\/2025\/08\/patronat-GZM-768x363.jpg 768w, https:\/\/us.edu.pl\/instytut\/inp\/wp-content\/uploads\/sites\/31\/2025\/08\/patronat-GZM-1536x725.jpg 1536w, https:\/\/us.edu.pl\/instytut\/inp\/wp-content\/uploads\/sites\/31\/2025\/08\/patronat-GZM-2048x967.jpg 2048w, https:\/\/us.edu.pl\/instytut\/inp\/wp-content\/uploads\/sites\/31\/2025\/08\/patronat-GZM-575x272.jpg 575w\" sizes=\"(max-width: 254px) 100vw, 254px\" \/><\/strong><\/td>\n<td style=\"width: 25.087%;\"><img class=\"alignnone size-medium wp-image-8515\" src=\"https:\/\/us.edu.pl\/instytut\/inp\/wp-content\/uploads\/sites\/31\/Bez-kategorii\/patronatKatowice-300x89.png\" alt=\"\" width=\"300\" height=\"89\" srcset=\"https:\/\/us.edu.pl\/instytut\/inp\/wp-content\/uploads\/sites\/31\/Bez-kategorii\/patronatKatowice-300x89.png 300w, https:\/\/us.edu.pl\/instytut\/inp\/wp-content\/uploads\/sites\/31\/Bez-kategorii\/patronatKatowice-1024x305.png 1024w, https:\/\/us.edu.pl\/instytut\/inp\/wp-content\/uploads\/sites\/31\/Bez-kategorii\/patronatKatowice-768x229.png 768w, https:\/\/us.edu.pl\/instytut\/inp\/wp-content\/uploads\/sites\/31\/Bez-kategorii\/patronatKatowice-575x171.png 575w, https:\/\/us.edu.pl\/instytut\/inp\/wp-content\/uploads\/sites\/31\/Bez-kategorii\/patronatKatowice.png 1162w\" sizes=\"(max-width: 300px) 100vw, 300px\" \/><\/td>\n<td style=\"width: 25%;\"><strong><img class=\"aligncenter wp-image-8415 size-medium\" src=\"https:\/\/us.edu.pl\/instytut\/inp\/wp-content\/uploads\/sites\/31\/2025\/08\/patronat-JMRektor-300x106.png\" alt=\"\" width=\"300\" height=\"106\" srcset=\"https:\/\/us.edu.pl\/instytut\/inp\/wp-content\/uploads\/sites\/31\/2025\/08\/patronat-JMRektor-300x106.png 300w, https:\/\/us.edu.pl\/instytut\/inp\/wp-content\/uploads\/sites\/31\/2025\/08\/patronat-JMRektor-575x203.png 575w, https:\/\/us.edu.pl\/instytut\/inp\/wp-content\/uploads\/sites\/31\/2025\/08\/patronat-JMRektor.png 646w\" sizes=\"(max-width: 300px) 100vw, 300px\" \/><\/strong><\/td>\n<td style=\"width: 25%;\"><strong><img class=\"aligncenter wp-image-8416 size-medium\" src=\"https:\/\/us.edu.pl\/instytut\/inp\/wp-content\/uploads\/sites\/31\/2025\/08\/patronat-Dziekana-300x73.png\" alt=\"\" width=\"300\" height=\"73\" srcset=\"https:\/\/us.edu.pl\/instytut\/inp\/wp-content\/uploads\/sites\/31\/2025\/08\/patronat-Dziekana-300x73.png 300w, https:\/\/us.edu.pl\/instytut\/inp\/wp-content\/uploads\/sites\/31\/2025\/08\/patronat-Dziekana.png 535w\" sizes=\"(max-width: 300px) 100vw, 300px\" \/><\/strong><\/td>\n<\/tr>\n<\/tbody>\n<\/table>\n<p style=\"text-align: center;\"><strong><img class=\"aligncenter size-medium wp-image-8498\" src=\"https:\/\/us.edu.pl\/instytut\/inp\/wp-content\/uploads\/sites\/31\/2025\/10\/logo_ptnp_poziom-01-300x87.png\" alt=\"\" width=\"300\" height=\"87\" srcset=\"https:\/\/us.edu.pl\/instytut\/inp\/wp-content\/uploads\/sites\/31\/2025\/10\/logo_ptnp_poziom-01-300x87.png 300w, https:\/\/us.edu.pl\/instytut\/inp\/wp-content\/uploads\/sites\/31\/2025\/10\/logo_ptnp_poziom-01-1024x296.png 1024w, https:\/\/us.edu.pl\/instytut\/inp\/wp-content\/uploads\/sites\/31\/2025\/10\/logo_ptnp_poziom-01-768x222.png 768w, https:\/\/us.edu.pl\/instytut\/inp\/wp-content\/uploads\/sites\/31\/2025\/10\/logo_ptnp_poziom-01-1536x444.png 1536w, https:\/\/us.edu.pl\/instytut\/inp\/wp-content\/uploads\/sites\/31\/2025\/10\/logo_ptnp_poziom-01-575x166.png 575w, https:\/\/us.edu.pl\/instytut\/inp\/wp-content\/uploads\/sites\/31\/2025\/10\/logo_ptnp_poziom-01.png 1936w\" sizes=\"(max-width: 300px) 100vw, 300px\" \/><\/strong><\/p>\n<p>&nbsp;<\/p>\n<p style=\"text-align: center;\"><strong>Partner<\/strong><\/p>\n<p style=\"text-align: center;\"><strong><img class=\"size-medium wp-image-8519 aligncenter\" src=\"https:\/\/us.edu.pl\/instytut\/inp\/wp-content\/uploads\/sites\/31\/2025\/11\/patronat-UMKatowice2-300x98.png\" alt=\"\" width=\"300\" height=\"98\" srcset=\"https:\/\/us.edu.pl\/instytut\/inp\/wp-content\/uploads\/sites\/31\/2025\/11\/patronat-UMKatowice2-300x98.png 300w, https:\/\/us.edu.pl\/instytut\/inp\/wp-content\/uploads\/sites\/31\/2025\/11\/patronat-UMKatowice2-768x250.png 768w, https:\/\/us.edu.pl\/instytut\/inp\/wp-content\/uploads\/sites\/31\/2025\/11\/patronat-UMKatowice2-575x187.png 575w, https:\/\/us.edu.pl\/instytut\/inp\/wp-content\/uploads\/sites\/31\/2025\/11\/patronat-UMKatowice2.png 842w\" sizes=\"(max-width: 300px) 100vw, 300px\" \/><\/strong><\/p>\n<p style=\"text-align: center;\"><strong>Patronat medialny<\/strong><\/p>\n<p>&nbsp;<\/p>\n<p style=\"text-align: center;\"><a href=\"https:\/\/forumakademickie.pl\/\" target=\"_blank\" rel=\"noopener\"><img class=\"alignnone wp-image-8062 size-medium\" src=\"https:\/\/us.edu.pl\/instytut\/inp\/wp-content\/uploads\/sites\/31\/Bez-kategorii\/logo_FA_2019_RGB-300x84.jpg\" alt=\"\" width=\"300\" height=\"84\" srcset=\"https:\/\/us.edu.pl\/instytut\/inp\/wp-content\/uploads\/sites\/31\/Bez-kategorii\/logo_FA_2019_RGB-300x84.jpg 300w, https:\/\/us.edu.pl\/instytut\/inp\/wp-content\/uploads\/sites\/31\/Bez-kategorii\/logo_FA_2019_RGB-1024x285.jpg 1024w, https:\/\/us.edu.pl\/instytut\/inp\/wp-content\/uploads\/sites\/31\/Bez-kategorii\/logo_FA_2019_RGB-768x214.jpg 768w, https:\/\/us.edu.pl\/instytut\/inp\/wp-content\/uploads\/sites\/31\/Bez-kategorii\/logo_FA_2019_RGB-575x160.jpg 575w, https:\/\/us.edu.pl\/instytut\/inp\/wp-content\/uploads\/sites\/31\/Bez-kategorii\/logo_FA_2019_RGB.jpg 1442w\" sizes=\"(max-width: 300px) 100vw, 300px\" \/><\/a><\/p>\n<p>\n<style type=\"text\/css\">a[data-mtli~=\"mtli_filesize332,97kB\"]:after {content:\" (332,97 kB)\"}a[data-mtli~=\"mtli_filesize505,22kB\"]:after {content:\" (505,22 kB)\"}<\/style><\/div>\r\n                    <\/div>\r\n                <\/div>[\/vc_column][\/vc_row]<\/p>\n<style type=\"text\/css\">a[data-mtli~=\"mtli_filesize332,97kB\"]:after {content:\" (332,97 kB)\"}a[data-mtli~=\"mtli_filesize505,22kB\"]:after {content:\" (505,22 kB)\"}<\/style>","protected":false},"excerpt":{"rendered":"<p>[vc_row][vc_column][\/vc_column][\/vc_row] [&#8230;]<\/p>\n<p><a class=\"btn btn-secondary understrap-read-more-link\" href=\"https:\/\/us.edu.pl\/instytut\/inp\/50-lecie\/\">Read More&#8230;<\/a><\/p>\n","protected":false},"author":7155,"featured_media":0,"parent":0,"menu_order":0,"comment_status":"closed","ping_status":"closed","template":"page-templates\/page-with-sidebar.php","meta":{"_expiration-date-status":"","_expiration-date":0,"_expiration-date-type":"","_expiration-date-categories":[],"_expiration-date-options":[]},"acf":[],"_links":{"self":[{"href":"https:\/\/us.edu.pl\/instytut\/inp\/wp-json\/wp\/v2\/pages\/7715"}],"collection":[{"href":"https:\/\/us.edu.pl\/instytut\/inp\/wp-json\/wp\/v2\/pages"}],"about":[{"href":"https:\/\/us.edu.pl\/instytut\/inp\/wp-json\/wp\/v2\/types\/page"}],"author":[{"embeddable":true,"href":"https:\/\/us.edu.pl\/instytut\/inp\/wp-json\/wp\/v2\/users\/7155"}],"replies":[{"embeddable":true,"href":"https:\/\/us.edu.pl\/instytut\/inp\/wp-json\/wp\/v2\/comments?post=7715"}],"version-history":[{"count":10,"href":"https:\/\/us.edu.pl\/instytut\/inp\/wp-json\/wp\/v2\/pages\/7715\/revisions"}],"predecessor-version":[{"id":8520,"href":"https:\/\/us.edu.pl\/instytut\/inp\/wp-json\/wp\/v2\/pages\/7715\/revisions\/8520"}],"wp:attachment":[{"href":"https:\/\/us.edu.pl\/instytut\/inp\/wp-json\/wp\/v2\/media?parent=7715"}],"curies":[{"name":"wp","href":"https:\/\/api.w.org\/{rel}","templated":true}]}}