{"id":291,"date":"2019-12-19T15:35:18","date_gmt":"2019-12-19T14:35:18","guid":{"rendered":"http:\/\/us.edu.pl\/instytut\/int\/?page_id=291"},"modified":"2026-04-27T13:41:17","modified_gmt":"2026-04-27T11:41:17","slug":"pracownicy","status":"publish","type":"page","link":"https:\/\/us.edu.pl\/instytut\/int\/instytut\/pracownicy\/","title":{"rendered":"Pracownicy"},"content":{"rendered":"<p>[vc_row][vc_column]\r\n\r\n            <div class=\"blocks\" style=\"text-align: center\">\r\n               <div class=\"container\">\r\n                  \r\n                  <div class=\"row m-0 blocks_3\">\r\n                  \r\n                     <a href=\"https:\/\/us.edu.pl\/wydzial\/wtl\/osoby\/bartoszek-antoni\/?preview=true&aiEnableCheckShortcode=true\" class=\"thumbnail blocks__item\" style=\"background-image: url(https:\/\/us.edu.pl\/instytut\/int\/wp-content\/uploads\/sites\/47\/Osoby\/Bartoszek_A.jpg)\">\r\n                        <span>wi\u0119cej<\/span>\r\n                        <div class=\"blocks__bottom\">\r\n                        <div class=\"blocks__title\">Bartoszek Antoni<\/div>\r\n                        <div class=\"blocks__subtitle\">ks. prof. dr hab.<\/div>\r\n                        <\/div>\r\n                     <\/a>\r\n                  \r\n                     <a href=\"https:\/\/us.edu.pl\/wydzial\/wtl\/osoby\/maciej-basiuk\/\" class=\"thumbnail blocks__item\" style=\"background-image: url(https:\/\/us.edu.pl\/instytut\/int\/wp-content\/uploads\/sites\/47\/Osoby\/Basiuk_M.jpg)\">\r\n                        <span>wi\u0119cej<\/span>\r\n                        <div class=\"blocks__bottom\">\r\n                        <div class=\"blocks__title\">Basiuk Maciej<\/div>\r\n                        <div class=\"blocks__subtitle\">ks. dr<\/div>\r\n                        <\/div>\r\n                     <\/a>\r\n                  \r\n                     <a href=\"https:\/\/us.edu.pl\/wydzial\/wtl\/osoby\/bednarski-damian\/\" class=\"thumbnail blocks__item\" style=\"background-image: url(https:\/\/us.edu.pl\/instytut\/int\/wp-content\/uploads\/sites\/47\/Osoby\/Bednarski_D.jpg)\">\r\n                        <span>wi\u0119cej<\/span>\r\n                        <div class=\"blocks__bottom\">\r\n                        <div class=\"blocks__title\">Bednarski Damian<\/div>\r\n                        <div class=\"blocks__subtitle\">ks. dr hab., prof. U\u015a<\/div>\r\n                        <\/div>\r\n                     <\/a>\r\n                  \r\n                     <a href=\"https:\/\/us.edu.pl\/wydzial\/wtl\/osoby\/biela-bogdan\/\" class=\"thumbnail blocks__item\" style=\"background-image: url(https:\/\/us.edu.pl\/instytut\/int\/wp-content\/uploads\/sites\/47\/2020\/03\/Biela_B.jpg)\">\r\n                        <span>wi\u0119cej<\/span>\r\n                        <div class=\"blocks__bottom\">\r\n                        <div class=\"blocks__title\">Biela Bogdan<\/div>\r\n                        <div class=\"blocks__subtitle\">ks. dr hab., prof. U\u015a<\/div>\r\n                        <\/div>\r\n                     <\/a>\r\n                  \r\n                     <a href=\"https:\/\/us.edu.pl\/wydzial\/wtl\/osoby\/buchta-roman\/\" class=\"thumbnail blocks__item\" style=\"background-image: url(https:\/\/us.edu.pl\/instytut\/int\/wp-content\/uploads\/sites\/47\/Osoby\/Buchta_R.jpg)\">\r\n                        <span>wi\u0119cej<\/span>\r\n                        <div class=\"blocks__bottom\">\r\n                        <div class=\"blocks__title\">Buchta Roman<\/div>\r\n                        <div class=\"blocks__subtitle\">ks. dr hab., prof. U\u015a<\/div>\r\n                        <\/div>\r\n                     <\/a>\r\n                  \r\n                     <a href=\"https:\/\/us.edu.pl\/wydzial\/wtl\/osoby\/celary-ireneusz\/\" class=\"thumbnail blocks__item\" style=\"background-image: url(https:\/\/us.edu.pl\/instytut\/int\/wp-content\/uploads\/sites\/47\/Osoby\/Celary_I.jpg)\">\r\n                        <span>wi\u0119cej<\/span>\r\n                        <div class=\"blocks__bottom\">\r\n                        <div class=\"blocks__title\">Celary Ireneusz<\/div>\r\n                        <div class=\"blocks__subtitle\">ks. prof. dr hab.<\/div>\r\n                        <\/div>\r\n                     <\/a>\r\n                  \r\n                     <a href=\"https:\/\/us.edu.pl\/wydzial\/wtl\/osoby\/czarnuch-sodzawiczny-monika\/\" class=\"thumbnail blocks__item\" style=\"background-image: url(https:\/\/us.edu.pl\/instytut\/int\/wp-content\/uploads\/sites\/47\/Osoby\/Czarnuch_M.jpg)\">\r\n                        <span>wi\u0119cej<\/span>\r\n                        <div class=\"blocks__bottom\">\r\n                        <div class=\"blocks__title\">Czarnuch-Sodzawiczny Monika<\/div>\r\n                        <div class=\"blocks__subtitle\">dr<\/div>\r\n                        <\/div>\r\n                     <\/a>\r\n                  \r\n                     <a href=\"https:\/\/us.edu.pl\/wydzial\/wtl\/osoby\/tomasz-gwozdziewicz\/\" class=\"thumbnail blocks__item\" style=\"background-image: url(https:\/\/us.edu.pl\/instytut\/int\/wp-content\/uploads\/sites\/47\/Bez-kategorii\/Gwozdziewicz-Tomasz-1.jpg)\">\r\n                        <span>wi\u0119cej<\/span>\r\n                        <div class=\"blocks__bottom\">\r\n                        <div class=\"blocks__title\">Gwo\u017adziewicz Tomasz<\/div>\r\n                        <div class=\"blocks__subtitle\">ks. dr<\/div>\r\n                        <\/div>\r\n                     <\/a>\r\n                  \r\n                     <a href=\"https:\/\/us.edu.pl\/wydzial\/wtl\/osoby\/gwozdz-monika\/\" class=\"thumbnail blocks__item\" style=\"background-image: url(https:\/\/us.edu.pl\/instytut\/int\/wp-content\/uploads\/sites\/47\/Osoby\/Gwozdz_M.jpg)\">\r\n                        <span>wi\u0119cej<\/span>\r\n                        <div class=\"blocks__bottom\">\r\n                        <div class=\"blocks__title\">Gw\u00f3\u017ad\u017a Monika<\/div>\r\n                        <div class=\"blocks__subtitle\">dr<\/div>\r\n                        <\/div>\r\n                     <\/a>\r\n                  \r\n                     <a href=\"https:\/\/us.edu.pl\/wydzial\/wtl\/osoby\/kamczyk-wojciech\/\" class=\"thumbnail blocks__item\" style=\"background-image: url(https:\/\/us.edu.pl\/instytut\/int\/wp-content\/uploads\/sites\/47\/Osoby\/Kamczyk_W.jpg)\">\r\n                        <span>wi\u0119cej<\/span>\r\n                        <div class=\"blocks__bottom\">\r\n                        <div class=\"blocks__title\">Kamczyk Wojciech<\/div>\r\n                        <div class=\"blocks__subtitle\">ks. dr<\/div>\r\n                        <\/div>\r\n                     <\/a>\r\n                  \r\n                     <a href=\"https:\/\/us.edu.pl\/wydzial\/wtl\/osoby\/kempa-jacek\/\" class=\"thumbnail blocks__item\" style=\"background-image: url(https:\/\/us.edu.pl\/instytut\/int\/wp-content\/uploads\/sites\/47\/Bez-kategorii\/Kempa_J-1-300x300-1.jpg)\">\r\n                        <span>wi\u0119cej<\/span>\r\n                        <div class=\"blocks__bottom\">\r\n                        <div class=\"blocks__title\">Kempa Jacek<\/div>\r\n                        <div class=\"blocks__subtitle\">ks. dr hab., prof. U\u015a<\/div>\r\n                        <\/div>\r\n                     <\/a>\r\n                  \r\n                     <a href=\"https:\/\/us.edu.pl\/wydzial\/wtl\/osoby\/kita-marek\/\" class=\"thumbnail blocks__item\" style=\"background-image: url(https:\/\/us.edu.pl\/instytut\/int\/wp-content\/uploads\/sites\/47\/Bez-kategorii\/IMG_20231015_095725842_MFNR_Kita_Easy-Resize.com-2.jpg)\">\r\n                        <span>wi\u0119cej<\/span>\r\n                        <div class=\"blocks__bottom\">\r\n                        <div class=\"blocks__title\">Kita Marek<\/div>\r\n                        <div class=\"blocks__subtitle\">dr hab.<\/div>\r\n                        <\/div>\r\n                     <\/a>\r\n                  \r\n                     <a href=\"https:\/\/us.edu.pl\/wydzial\/wtl\/osoby\/kuznik-bartlomiej\/\" class=\"thumbnail blocks__item\" style=\"background-image: url(https:\/\/us.edu.pl\/instytut\/int\/wp-content\/uploads\/sites\/47\/Bez-kategorii\/Kuznik_B-683x1024.jpg)\">\r\n                        <span>wi\u0119cej<\/span>\r\n                        <div class=\"blocks__bottom\">\r\n                        <div class=\"blocks__title\">Ku\u017anik Bart\u0142omiej<\/div>\r\n                        <div class=\"blocks__subtitle\">ks. dr<\/div>\r\n                        <\/div>\r\n                     <\/a>\r\n                  \r\n                     <a href=\"https:\/\/us.edu.pl\/wydzial\/wtl\/osoby\/klos-skrzypczak-aleksandra\/\" class=\"thumbnail blocks__item\" style=\"background-image: url(https:\/\/us.edu.pl\/instytut\/int\/wp-content\/uploads\/sites\/47\/Osoby\/Klos-Skrzypczak_A_2.jpg)\">\r\n                        <span>wi\u0119cej<\/span>\r\n                        <div class=\"blocks__bottom\">\r\n                        <div class=\"blocks__title\">K\u0142os-Skrzypczak Aleksandra<\/div>\r\n                        <div class=\"blocks__subtitle\">dr, prof. U\u015a<\/div>\r\n                        <\/div>\r\n                     <\/a>\r\n                  \r\n                     <a href=\"https:\/\/us.edu.pl\/wydzial\/wtl\/osoby\/ledwon-dawid\/\" class=\"thumbnail blocks__item\" style=\"background-image: url(https:\/\/us.edu.pl\/instytut\/int\/wp-content\/uploads\/sites\/47\/Bez-kategorii\/Ledwon_D-683x1024.jpeg)\">\r\n                        <span>wi\u0119cej<\/span>\r\n                        <div class=\"blocks__bottom\">\r\n                        <div class=\"blocks__title\">Ledwo\u0144 Dawid<\/div>\r\n                        <div class=\"blocks__subtitle\">ks. dr, prof. U\u015a<\/div>\r\n                        <\/div>\r\n                     <\/a>\r\n                  \r\n                     <a href=\"https:\/\/us.edu.pl\/wydzial\/wtl\/osoby\/malina-artur\/\" class=\"thumbnail blocks__item\" style=\"background-image: url(https:\/\/us.edu.pl\/instytut\/int\/wp-content\/uploads\/sites\/47\/Bez-kategorii\/Malina_A.jpg)\">\r\n                        <span>wi\u0119cej<\/span>\r\n                        <div class=\"blocks__bottom\">\r\n                        <div class=\"blocks__title\">Malina Artur<\/div>\r\n                        <div class=\"blocks__subtitle\">ks. prof. dr hab.<\/div>\r\n                        <\/div>\r\n                     <\/a>\r\n                  \r\n                     <a href=\"https:\/\/us.edu.pl\/wydzial\/wtl\/osoby\/maliszewska-anna\/\" class=\"thumbnail blocks__item\" style=\"background-image: url(https:\/\/us.edu.pl\/instytut\/int\/wp-content\/uploads\/sites\/47\/Osoby\/Maliszewska_A.jpg)\">\r\n                        <span>wi\u0119cej<\/span>\r\n                        <div class=\"blocks__bottom\">\r\n                        <div class=\"blocks__title\">Samiec Anna<\/div>\r\n                        <div class=\"blocks__subtitle\">dr hab., prof. U\u015a<\/div>\r\n                        <\/div>\r\n                     <\/a>\r\n                  \r\n                     <a href=\"https:\/\/us.edu.pl\/wydzial\/wtl\/osoby\/matuszewski-krzysztof\/\" class=\"thumbnail blocks__item\" style=\"background-image: url(https:\/\/us.edu.pl\/instytut\/int\/wp-content\/uploads\/sites\/47\/Nieprzypisane\/Matuszewski_K.jpg)\">\r\n                        <span>wi\u0119cej<\/span>\r\n                        <div class=\"blocks__bottom\">\r\n                        <div class=\"blocks__title\">Matuszewski Krzysztof<\/div>\r\n                        <div class=\"blocks__subtitle\">ks. dr<\/div>\r\n                        <\/div>\r\n                     <\/a>\r\n                  \r\n                     <a href=\"https:\/\/us.edu.pl\/wydzial\/wtl\/osoby\/s-dr-hab-joanna-nowinska\/\" class=\"thumbnail blocks__item\" style=\"background-image: url(https:\/\/us.edu.pl\/instytut\/int\/wp-content\/uploads\/sites\/47\/Bez-kategorii\/Nowinska.png)\">\r\n                        <span>wi\u0119cej<\/span>\r\n                        <div class=\"blocks__bottom\">\r\n                        <div class=\"blocks__title\">Nowi\u0144ska Joanna<\/div>\r\n                        <div class=\"blocks__subtitle\">s. dr hab.<\/div>\r\n                        <\/div>\r\n                     <\/a>\r\n                  \r\n                     <a href=\"https:\/\/us.edu.pl\/wydzial\/wtl\/osoby\/olszar-henryk\/\" class=\"thumbnail blocks__item\" style=\"background-image: url(https:\/\/us.edu.pl\/instytut\/int\/wp-content\/uploads\/sites\/47\/2020\/05\/Olszar_H.jpg)\">\r\n                        <span>wi\u0119cej<\/span>\r\n                        <div class=\"blocks__bottom\">\r\n                        <div class=\"blocks__title\">Olszar Henryk<\/div>\r\n                        <div class=\"blocks__subtitle\">ks. prof. dr hab.<\/div>\r\n                        <\/div>\r\n                     <\/a>\r\n                  \r\n                     <a href=\"https:\/\/us.edu.pl\/wydzial\/wtl\/osoby\/pastwa-andrzej\/\" class=\"thumbnail blocks__item\" style=\"background-image: url(https:\/\/us.edu.pl\/instytut\/int\/wp-content\/uploads\/sites\/47\/Nieprzypisane\/Pastwa_A.jpg)\">\r\n                        <span>wi\u0119cej<\/span>\r\n                        <div class=\"blocks__bottom\">\r\n                        <div class=\"blocks__title\">Pastwa Andrzej<\/div>\r\n                        <div class=\"blocks__subtitle\">ks. dr hab.<\/div>\r\n                        <\/div>\r\n                     <\/a>\r\n                  \r\n                     <a href=\"https:\/\/us.edu.pl\/wydzial\/wtl\/osoby\/sawa-przemyslaw\/\" class=\"thumbnail blocks__item\" style=\"background-image: url(https:\/\/us.edu.pl\/instytut\/int\/wp-content\/uploads\/sites\/47\/Bez-kategorii\/Sawa_P-1024x683.jpg)\">\r\n                        <span>wi\u0119cej<\/span>\r\n                        <div class=\"blocks__bottom\">\r\n                        <div class=\"blocks__title\">Sawa Przemys\u0142aw<\/div>\r\n                        <div class=\"blocks__subtitle\">ks. dr<\/div>\r\n                        <\/div>\r\n                     <\/a>\r\n                  \r\n                     <a href=\"https:\/\/us.edu.pl\/wydzial\/wtl\/osoby\/sojka-jerzy\/\" class=\"thumbnail blocks__item\" style=\"background-image: url(https:\/\/us.edu.pl\/instytut\/int\/wp-content\/uploads\/sites\/47\/Bez-kategorii\/Sojk_fot-LWF-Albin-Hillert-1024x681.jpg)\">\r\n                        <span>wi\u0119cej<\/span>\r\n                        <div class=\"blocks__bottom\">\r\n                        <div class=\"blocks__title\">Sojka Jerzy<\/div>\r\n                        <div class=\"blocks__subtitle\">dr hab. <\/div>\r\n                        <\/div>\r\n                     <\/a>\r\n                  \r\n                     <a href=\"https:\/\/us.edu.pl\/wydzial\/wtl\/osoby\/grzegorz-strzelczyk\/\" class=\"thumbnail blocks__item\" style=\"background-image: url(https:\/\/us.edu.pl\/instytut\/int\/wp-content\/uploads\/sites\/47\/Bez-kategorii\/Strzelczyk_G.jpg)\">\r\n                        <span>wi\u0119cej<\/span>\r\n                        <div class=\"blocks__bottom\">\r\n                        <div class=\"blocks__title\">Strzelczyk Grzegorz<\/div>\r\n                        <div class=\"blocks__subtitle\">ks. dr<\/div>\r\n                        <\/div>\r\n                     <\/a>\r\n                  \r\n                     <a href=\"https:\/\/us.edu.pl\/wydzial\/wtl\/osoby\/surmiak-wojciech\/\" class=\"thumbnail blocks__item\" style=\"background-image: url(https:\/\/us.edu.pl\/instytut\/int\/wp-content\/uploads\/sites\/47\/Osoby\/Surmiak_W.jpg)\">\r\n                        <span>wi\u0119cej<\/span>\r\n                        <div class=\"blocks__bottom\">\r\n                        <div class=\"blocks__title\">Surmiak Wojciech<\/div>\r\n                        <div class=\"blocks__subtitle\">ks. dr<\/div>\r\n                        <\/div>\r\n                     <\/a>\r\n                  \r\n                     <a href=\"https:\/\/us.edu.pl\/wydzial\/wtl\/osoby\/szewczyk-leszek\/\" class=\"thumbnail blocks__item\" style=\"background-image: url(https:\/\/us.edu.pl\/instytut\/int\/wp-content\/uploads\/sites\/47\/Osoby\/Szewczyk_L.jpg)\">\r\n                        <span>wi\u0119cej<\/span>\r\n                        <div class=\"blocks__bottom\">\r\n                        <div class=\"blocks__title\">Szewczyk Leszek<\/div>\r\n                        <div class=\"blocks__subtitle\">ks. prof. dr hab.<\/div>\r\n                        <\/div>\r\n                     <\/a>\r\n                  \r\n                     <a href=\"https:\/\/us.edu.pl\/wydzial\/wtl\/osoby\/slomka-jan\/\" class=\"thumbnail blocks__item\" style=\"background-image: url(https:\/\/us.edu.pl\/instytut\/int\/wp-content\/uploads\/sites\/47\/Osoby\/Slomka_J.jpg)\">\r\n                        <span>wi\u0119cej<\/span>\r\n                        <div class=\"blocks__bottom\">\r\n                        <div class=\"blocks__title\">S\u0142omka Jan<\/div>\r\n                        <div class=\"blocks__subtitle\">ks. prof. dr hab.<\/div>\r\n                        <\/div>\r\n                     <\/a>\r\n                  \r\n                     <a href=\"https:\/\/us.edu.pl\/wydzial\/wtl\/osoby\/urbanek-beata\/\" class=\"thumbnail blocks__item\" style=\"background-image: url(https:\/\/us.edu.pl\/instytut\/int\/wp-content\/uploads\/sites\/47\/Osoby\/Urbanek_B.jpg)\">\r\n                        <span>wi\u0119cej<\/span>\r\n                        <div class=\"blocks__bottom\">\r\n                        <div class=\"blocks__title\">Urbanek Beata<\/div>\r\n                        <div class=\"blocks__subtitle\">dr<\/div>\r\n                        <\/div>\r\n                     <\/a>\r\n                  \r\n                     <a href=\"https:\/\/us.edu.pl\/wydzial\/wtl\/osoby\/wuwer-arkadiusz\/\" class=\"thumbnail blocks__item\" style=\"background-image: url(https:\/\/us.edu.pl\/instytut\/int\/wp-content\/uploads\/sites\/47\/Nieprzypisane\/Wuwer_A.jpg)\">\r\n                        <span>wi\u0119cej<\/span>\r\n                        <div class=\"blocks__bottom\">\r\n                        <div class=\"blocks__title\">Wuwer Arkadiusz<\/div>\r\n                        <div class=\"blocks__subtitle\">ks. dr hab., prof. U\u015a<\/div>\r\n                        <\/div>\r\n                     <\/a>\r\n                  \r\n                     <a href=\"https:\/\/us.edu.pl\/wydzial\/wtl\/osoby\/zielinski-slawomir\/\" class=\"thumbnail blocks__item\" style=\"background-image: url(https:\/\/us.edu.pl\/instytut\/int\/wp-content\/uploads\/sites\/47\/Nieprzypisane\/Zielinski_S.jpg)\">\r\n                        <span>wi\u0119cej<\/span>\r\n                        <div class=\"blocks__bottom\">\r\n                        <div class=\"blocks__title\">Zieli\u0144ski S\u0142awomir<\/div>\r\n                        <div class=\"blocks__subtitle\">ks. dr hab.<\/div>\r\n                        <\/div>\r\n                     <\/a>\r\n                  \r\n                     <a href=\"https:\/\/us.edu.pl\/wydzial\/wtl\/osoby\/zygmunt-bartosz\/\" class=\"thumbnail blocks__item\" style=\"background-image: url(https:\/\/us.edu.pl\/instytut\/int\/wp-content\/uploads\/sites\/47\/Osoby\/Zygmunt_B.jpg)\">\r\n                        <span>wi\u0119cej<\/span>\r\n                        <div class=\"blocks__bottom\">\r\n                        <div class=\"blocks__title\">Zygmunt Bartosz<\/div>\r\n                        <div class=\"blocks__subtitle\">ks. dr<\/div>\r\n                        <\/div>\r\n                     <\/a><\/div>     \r\n               <\/div>\r\n            <\/div>[\/vc_column][\/vc_row]<\/p>","protected":false},"excerpt":{"rendered":"<p>[vc_row][vc_column][\/vc_column][\/vc_row] [&#8230;]<\/p>\n<p><a class=\"btn btn-secondary understrap-read-more-link\" href=\"https:\/\/us.edu.pl\/instytut\/int\/instytut\/pracownicy\/\">Read More&#8230;<\/a><\/p>\n","protected":false},"author":117,"featured_media":0,"parent":212,"menu_order":3,"comment_status":"closed","ping_status":"closed","template":"page-templates\/inner-page.php","meta":{"_expiration-date-status":"","_expiration-date":0,"_expiration-date-type":"","_expiration-date-categories":[],"_expiration-date-options":[]},"acf":[],"_links":{"self":[{"href":"https:\/\/us.edu.pl\/instytut\/int\/wp-json\/wp\/v2\/pages\/291"}],"collection":[{"href":"https:\/\/us.edu.pl\/instytut\/int\/wp-json\/wp\/v2\/pages"}],"about":[{"href":"https:\/\/us.edu.pl\/instytut\/int\/wp-json\/wp\/v2\/types\/page"}],"author":[{"embeddable":true,"href":"https:\/\/us.edu.pl\/instytut\/int\/wp-json\/wp\/v2\/users\/117"}],"replies":[{"embeddable":true,"href":"https:\/\/us.edu.pl\/instytut\/int\/wp-json\/wp\/v2\/comments?post=291"}],"version-history":[{"count":12,"href":"https:\/\/us.edu.pl\/instytut\/int\/wp-json\/wp\/v2\/pages\/291\/revisions"}],"predecessor-version":[{"id":4600,"href":"https:\/\/us.edu.pl\/instytut\/int\/wp-json\/wp\/v2\/pages\/291\/revisions\/4600"}],"up":[{"embeddable":true,"href":"https:\/\/us.edu.pl\/instytut\/int\/wp-json\/wp\/v2\/pages\/212"}],"wp:attachment":[{"href":"https:\/\/us.edu.pl\/instytut\/int\/wp-json\/wp\/v2\/media?parent=291"}],"curies":[{"name":"wp","href":"https:\/\/api.w.org\/{rel}","templated":true}]}}