{"id":1331,"date":"2020-01-02T13:12:24","date_gmt":"2020-01-02T12:12:24","guid":{"rendered":"http:\/\/us.edu.pl\/instytut\/ip\/?page_id=1331"},"modified":"2025-05-13T08:36:09","modified_gmt":"2025-05-13T06:36:09","slug":"nasze-sukcesy","status":"publish","type":"page","link":"https:\/\/us.edu.pl\/instytut\/ip\/przykladowa-strona\/instytut\/nasze-sukcesy\/","title":{"rendered":"nasze sukcesy"},"content":{"rendered":"<p>[vc_row][vc_column]\r\n                            \r\n            <div class=\"announcement-loop loop-section color-blue\" style=\"background-color: \">\r\n                <div class=\"container\">\r\n\r\n                    <div class=\"announcement-loop-top loop-section-top\">\r\n                        <h2 class=\"section-title\">Nasze sukcesy<\/h2>\r\n                        \r\n                        <div class=\"announcement-loop-top_right loop-section-top__right\">\r\n                             <a href = \"https:\/\/us.edu.pl\/instytut\/ip\/komunikaty\/\" class=\"link-button \" > Wszystko<\/a>\r\n                        <\/div> \r\n                    <\/div>\r\n\r\n                    <div class=\"announcement-loop-main\">\r\n            \r\n                <article class=\"announcement-loop-post carousel-slide\">\r\n                    \r\n                    <a href=\"https:\/\/us.edu.pl\/instytut\/ip\/komunikaty\/zwiazek-pomiedzy-symptomami-ptsd-zachowaniami-zywieniowymi-i-zdrowiem-fizycznym-korelaty-zapalne-kardiometaboliczne-i-psychofizjologiczne\/\">    <h3 class=\"article-title announcement-loop-post__title\">Zwi\u0105zek pomi\u0119dzy symptomami PTSD, zachowaniami \u017cywieniowymi i zdrowiem fizycznym: Korelaty zapalne, kardiometaboliczne, i psychofizjologiczne<\/h3> <\/a>\r\n                        \r\n                    <a href=\"https:\/\/us.edu.pl\/instytut\/ip\/komunikaty\/zwiazek-pomiedzy-symptomami-ptsd-zachowaniami-zywieniowymi-i-zdrowiem-fizycznym-korelaty-zapalne-kardiometaboliczne-i-psychofizjologiczne\/\">     <div class=\"announcement-loop-post__text\">Kierownik projektu:\u00a0dr Monika Stojek, prof. U\u015a Tytu\u0142 projektu: Zwi\u0105zek pomi\u0119dzy symptomami PTSD, zachowaniami \u017cywieniowymi i zdrowiem fizycznym: Korelaty zapalne, kardiometaboliczne, i psychofizjologiczne Konkurs: OPUS-21 Finansowanie:\u00a0N...<\/div> <\/a>\r\n                    \r\n                     <a href=\"https:\/\/us.edu.pl\/instytut\/ip\/komunikaty\/zwiazek-pomiedzy-symptomami-ptsd-zachowaniami-zywieniowymi-i-zdrowiem-fizycznym-korelaty-zapalne-kardiometaboliczne-i-psychofizjologiczne\/\">   <div class=\"announcement-loop-post__more\">wi\u0119cej...<\/div> <\/a>\r\n                    \r\n                <\/article>\r\n            \r\n                <article class=\"announcement-loop-post carousel-slide\">\r\n                    \r\n                    <a href=\"https:\/\/us.edu.pl\/instytut\/ip\/komunikaty\/flow-i-efektywnosc-zespolu\/\">    <h3 class=\"article-title announcement-loop-post__title\">NCN BEETHOVEN &#8211; Flow i efektywno\u015b\u0107 zespo\u0142u<\/h3> <\/a>\r\n                        \r\n                    <a href=\"https:\/\/us.edu.pl\/instytut\/ip\/komunikaty\/flow-i-efektywnosc-zespolu\/\">     <div class=\"announcement-loop-post__text\">[vc_row][vc_column][\/vc_column][\/vc_row] [...]<p><a class=\"btn btn-secondary understrap-read-more-link\" href=\"https:\/\/us.edu.pl\/instytut\/ip\/przykladowa-strona\/instytut\/nasze-sukcesy\/\">Read More...<\/a><\/p><\/div> <\/a>\r\n                    \r\n                     <a href=\"https:\/\/us.edu.pl\/instytut\/ip\/komunikaty\/flow-i-efektywnosc-zespolu\/\">   <div class=\"announcement-loop-post__more\">wi\u0119cej...<\/div> <\/a>\r\n                    \r\n                <\/article>\r\n            \r\n                <article class=\"announcement-loop-post carousel-slide\">\r\n                    \r\n                    <a href=\"https:\/\/us.edu.pl\/instytut\/ip\/komunikaty\/kobieta-cykliczna-badanie-pilotazowe-doswiadczenie-swojej-pierwszej-miesiaczki-oraz-pierwszej-miesiaczki-u-swoich-corek-w-grupie-polskich-kobiet\/\">    <h3 class=\"article-title announcement-loop-post__title\">NCN MINIATURA V &#8211; Kobieta cykliczna \u2013 badanie pilota\u017cowe. Do\u015bwiadczenie swojej pierwszej miesi\u0105czki oraz pierwszej miesi\u0105czki u swoich c\u00f3rek w grupie polskich kobiet<\/h3> <\/a>\r\n                        \r\n                    <a href=\"https:\/\/us.edu.pl\/instytut\/ip\/komunikaty\/kobieta-cykliczna-badanie-pilotazowe-doswiadczenie-swojej-pierwszej-miesiaczki-oraz-pierwszej-miesiaczki-u-swoich-corek-w-grupie-polskich-kobiet\/\">     <div class=\"announcement-loop-post__text\">[vc_row][vc_column][\/vc_column][\/vc_row] [...]<p><a class=\"btn btn-secondary understrap-read-more-link\" href=\"https:\/\/us.edu.pl\/instytut\/ip\/przykladowa-strona\/instytut\/nasze-sukcesy\/\">Read More...<\/a><\/p><\/div> <\/a>\r\n                    \r\n                     <a href=\"https:\/\/us.edu.pl\/instytut\/ip\/komunikaty\/kobieta-cykliczna-badanie-pilotazowe-doswiadczenie-swojej-pierwszej-miesiaczki-oraz-pierwszej-miesiaczki-u-swoich-corek-w-grupie-polskich-kobiet\/\">   <div class=\"announcement-loop-post__more\">wi\u0119cej...<\/div> <\/a>\r\n                    \r\n                <\/article>\r\n            \r\n                <article class=\"announcement-loop-post carousel-slide\">\r\n                    \r\n                    <a href=\"https:\/\/us.edu.pl\/instytut\/ip\/komunikaty\/3715\/\">    <h3 class=\"article-title announcement-loop-post__title\">NCN MINIATURA V &#8211; Konceptualizacja funkcjonowania psychologicznego muzyk\u00f3w na podstawie modelu elastyczno\u015bci psychologicznej<\/h3> <\/a>\r\n                        \r\n                    <a href=\"https:\/\/us.edu.pl\/instytut\/ip\/komunikaty\/3715\/\">     <div class=\"announcement-loop-post__text\">[vc_row][vc_column][\/vc_column][\/vc_row] [...]<p><a class=\"btn btn-secondary understrap-read-more-link\" href=\"https:\/\/us.edu.pl\/instytut\/ip\/przykladowa-strona\/instytut\/nasze-sukcesy\/\">Read More...<\/a><\/p><\/div> <\/a>\r\n                    \r\n                     <a href=\"https:\/\/us.edu.pl\/instytut\/ip\/komunikaty\/3715\/\">   <div class=\"announcement-loop-post__more\">wi\u0119cej...<\/div> <\/a>\r\n                    \r\n                <\/article>\r\n            \r\n                <article class=\"announcement-loop-post carousel-slide\">\r\n                    \r\n                    <a href=\"https:\/\/us.edu.pl\/instytut\/ip\/komunikaty\/rola-czynnikow-makro-mezo-i-mikro-w-uzaleznieniu-od-pracy-i-w-zwiazanych-z-nim-problemach-zdrowotnych\/\">    <h3 class=\"article-title announcement-loop-post__title\">NCN Sonata 16 &#8211; Rola czynnik\u00f3w makro, mezo i mikro w uzale\u017cnieniu od pracy i w zwi\u0105zanych z nim problemach zdrowotnych<\/h3> <\/a>\r\n                        \r\n                    <a href=\"https:\/\/us.edu.pl\/instytut\/ip\/komunikaty\/rola-czynnikow-makro-mezo-i-mikro-w-uzaleznieniu-od-pracy-i-w-zwiazanych-z-nim-problemach-zdrowotnych\/\">     <div class=\"announcement-loop-post__text\">[vc_row][vc_column][\/vc_column][\/vc_row] [...]<p><a class=\"btn btn-secondary understrap-read-more-link\" href=\"https:\/\/us.edu.pl\/instytut\/ip\/przykladowa-strona\/instytut\/nasze-sukcesy\/\">Read More...<\/a><\/p><\/div> <\/a>\r\n                    \r\n                     <a href=\"https:\/\/us.edu.pl\/instytut\/ip\/komunikaty\/rola-czynnikow-makro-mezo-i-mikro-w-uzaleznieniu-od-pracy-i-w-zwiazanych-z-nim-problemach-zdrowotnych\/\">   <div class=\"announcement-loop-post__more\">wi\u0119cej...<\/div> <\/a>\r\n                    \r\n                <\/article>\r\n            \r\n                <article class=\"announcement-loop-post carousel-slide\">\r\n                    \r\n                    <a href=\"https:\/\/us.edu.pl\/instytut\/ip\/komunikaty\/dr-paruzel-czachura-laureatka-programu-bekkera\/\">    <h3 class=\"article-title announcement-loop-post__title\">dr Paruzel-Czachura laureatk\u0105 programu Bekkera<\/h3> <\/a>\r\n                        \r\n                    <a href=\"https:\/\/us.edu.pl\/instytut\/ip\/komunikaty\/dr-paruzel-czachura-laureatka-programu-bekkera\/\">     <div class=\"announcement-loop-post__text\">[vc_row][vc_column][\/vc_column][\/vc_row] [...]<p><a class=\"btn btn-secondary understrap-read-more-link\" href=\"https:\/\/us.edu.pl\/instytut\/ip\/przykladowa-strona\/instytut\/nasze-sukcesy\/\">Read More...<\/a><\/p><\/div> <\/a>\r\n                    \r\n                     <a href=\"https:\/\/us.edu.pl\/instytut\/ip\/komunikaty\/dr-paruzel-czachura-laureatka-programu-bekkera\/\">   <div class=\"announcement-loop-post__more\">wi\u0119cej...<\/div> <\/a>\r\n                    \r\n                <\/article><\/div>\r\n                    \r\n                    <div class=\"announcement-loop-main announcement-loop-main_responsive carousel\">\r\n                    \r\n                        <a href = \"#\" data-slide = \"prev\" class=\"arrow\" >\r\n                            <em class=\"ci ci-angle-left\" ><\/em >\r\n                            <span class=\"d-none\" > arrow<\/span >\r\n                        <\/a>\r\n    \r\n                        <a href = \"#\" data-slide = \"next\" class=\"arrow\" >\r\n                            <em class=\"ci ci-angle-right\" ><\/em >\r\n                            <span class=\"d-none\" > arrow<\/span >\r\n                        <\/a>\r\n                    \r\n                        <div class=\"row items\">\r\n            \r\n                <article class=\"announcement-loop-post carousel-slide\">\r\n                    \r\n                    <a href=\"https:\/\/us.edu.pl\/instytut\/ip\/komunikaty\/zwiazek-pomiedzy-symptomami-ptsd-zachowaniami-zywieniowymi-i-zdrowiem-fizycznym-korelaty-zapalne-kardiometaboliczne-i-psychofizjologiczne\/\">    <h3 class=\"article-title announcement-loop-post__title\">Zwi\u0105zek pomi\u0119dzy symptomami PTSD, zachowaniami \u017cywieniowymi i zdrowiem fizycznym: Korelaty zapalne, kardiometaboliczne, i psychofizjologiczne<\/h3> <\/a>\r\n                        \r\n                    <a href=\"https:\/\/us.edu.pl\/instytut\/ip\/komunikaty\/zwiazek-pomiedzy-symptomami-ptsd-zachowaniami-zywieniowymi-i-zdrowiem-fizycznym-korelaty-zapalne-kardiometaboliczne-i-psychofizjologiczne\/\">     <div class=\"announcement-loop-post__text\">Kierownik projektu:\u00a0dr Monika Stojek, prof. U\u015a Tytu\u0142 projektu: Zwi\u0105zek pomi\u0119dzy symptomami PTSD, zachowaniami \u017cywieniowymi i zdrowiem fizycznym: Korelaty zapalne, kardiometaboliczne, i psychofizjologiczne Konkurs: OPUS-21 Finansowanie:\u00a0N...<\/div> <\/a>\r\n                    \r\n                     <a href=\"https:\/\/us.edu.pl\/instytut\/ip\/komunikaty\/zwiazek-pomiedzy-symptomami-ptsd-zachowaniami-zywieniowymi-i-zdrowiem-fizycznym-korelaty-zapalne-kardiometaboliczne-i-psychofizjologiczne\/\">   <div class=\"announcement-loop-post__more\">wi\u0119cej...<\/div> <\/a>\r\n                    \r\n                <\/article>\r\n            \r\n                <article class=\"announcement-loop-post carousel-slide\">\r\n                    \r\n                    <a href=\"https:\/\/us.edu.pl\/instytut\/ip\/komunikaty\/flow-i-efektywnosc-zespolu\/\">    <h3 class=\"article-title announcement-loop-post__title\">NCN BEETHOVEN &#8211; Flow i efektywno\u015b\u0107 zespo\u0142u<\/h3> <\/a>\r\n                        \r\n                    <a href=\"https:\/\/us.edu.pl\/instytut\/ip\/komunikaty\/flow-i-efektywnosc-zespolu\/\">     <div class=\"announcement-loop-post__text\">[vc_row][vc_column][\/vc_column][\/vc_row] [...]<p><a class=\"btn btn-secondary understrap-read-more-link\" href=\"https:\/\/us.edu.pl\/instytut\/ip\/przykladowa-strona\/instytut\/nasze-sukcesy\/\">Read More...<\/a><\/p><\/div> <\/a>\r\n                    \r\n                     <a href=\"https:\/\/us.edu.pl\/instytut\/ip\/komunikaty\/flow-i-efektywnosc-zespolu\/\">   <div class=\"announcement-loop-post__more\">wi\u0119cej...<\/div> <\/a>\r\n                    \r\n                <\/article>\r\n            \r\n                <article class=\"announcement-loop-post carousel-slide\">\r\n                    \r\n                    <a href=\"https:\/\/us.edu.pl\/instytut\/ip\/komunikaty\/kobieta-cykliczna-badanie-pilotazowe-doswiadczenie-swojej-pierwszej-miesiaczki-oraz-pierwszej-miesiaczki-u-swoich-corek-w-grupie-polskich-kobiet\/\">    <h3 class=\"article-title announcement-loop-post__title\">NCN MINIATURA V &#8211; Kobieta cykliczna \u2013 badanie pilota\u017cowe. Do\u015bwiadczenie swojej pierwszej miesi\u0105czki oraz pierwszej miesi\u0105czki u swoich c\u00f3rek w grupie polskich kobiet<\/h3> <\/a>\r\n                        \r\n                    <a href=\"https:\/\/us.edu.pl\/instytut\/ip\/komunikaty\/kobieta-cykliczna-badanie-pilotazowe-doswiadczenie-swojej-pierwszej-miesiaczki-oraz-pierwszej-miesiaczki-u-swoich-corek-w-grupie-polskich-kobiet\/\">     <div class=\"announcement-loop-post__text\">[vc_row][vc_column][\/vc_column][\/vc_row] [...]<p><a class=\"btn btn-secondary understrap-read-more-link\" href=\"https:\/\/us.edu.pl\/instytut\/ip\/przykladowa-strona\/instytut\/nasze-sukcesy\/\">Read More...<\/a><\/p><\/div> <\/a>\r\n                    \r\n                     <a href=\"https:\/\/us.edu.pl\/instytut\/ip\/komunikaty\/kobieta-cykliczna-badanie-pilotazowe-doswiadczenie-swojej-pierwszej-miesiaczki-oraz-pierwszej-miesiaczki-u-swoich-corek-w-grupie-polskich-kobiet\/\">   <div class=\"announcement-loop-post__more\">wi\u0119cej...<\/div> <\/a>\r\n                    \r\n                <\/article>\r\n            \r\n                <article class=\"announcement-loop-post carousel-slide\">\r\n                    \r\n                    <a href=\"https:\/\/us.edu.pl\/instytut\/ip\/komunikaty\/3715\/\">    <h3 class=\"article-title announcement-loop-post__title\">NCN MINIATURA V &#8211; Konceptualizacja funkcjonowania psychologicznego muzyk\u00f3w na podstawie modelu elastyczno\u015bci psychologicznej<\/h3> <\/a>\r\n                        \r\n                    <a href=\"https:\/\/us.edu.pl\/instytut\/ip\/komunikaty\/3715\/\">     <div class=\"announcement-loop-post__text\">[vc_row][vc_column][\/vc_column][\/vc_row] [...]<p><a class=\"btn btn-secondary understrap-read-more-link\" href=\"https:\/\/us.edu.pl\/instytut\/ip\/przykladowa-strona\/instytut\/nasze-sukcesy\/\">Read More...<\/a><\/p><\/div> <\/a>\r\n                    \r\n                     <a href=\"https:\/\/us.edu.pl\/instytut\/ip\/komunikaty\/3715\/\">   <div class=\"announcement-loop-post__more\">wi\u0119cej...<\/div> <\/a>\r\n                    \r\n                <\/article>\r\n            \r\n                <article class=\"announcement-loop-post carousel-slide\">\r\n                    \r\n                    <a href=\"https:\/\/us.edu.pl\/instytut\/ip\/komunikaty\/rola-czynnikow-makro-mezo-i-mikro-w-uzaleznieniu-od-pracy-i-w-zwiazanych-z-nim-problemach-zdrowotnych\/\">    <h3 class=\"article-title announcement-loop-post__title\">NCN Sonata 16 &#8211; Rola czynnik\u00f3w makro, mezo i mikro w uzale\u017cnieniu od pracy i w zwi\u0105zanych z nim problemach zdrowotnych<\/h3> <\/a>\r\n                        \r\n                    <a href=\"https:\/\/us.edu.pl\/instytut\/ip\/komunikaty\/rola-czynnikow-makro-mezo-i-mikro-w-uzaleznieniu-od-pracy-i-w-zwiazanych-z-nim-problemach-zdrowotnych\/\">     <div class=\"announcement-loop-post__text\">[vc_row][vc_column][\/vc_column][\/vc_row] [...]<p><a class=\"btn btn-secondary understrap-read-more-link\" href=\"https:\/\/us.edu.pl\/instytut\/ip\/przykladowa-strona\/instytut\/nasze-sukcesy\/\">Read More...<\/a><\/p><\/div> <\/a>\r\n                    \r\n                     <a href=\"https:\/\/us.edu.pl\/instytut\/ip\/komunikaty\/rola-czynnikow-makro-mezo-i-mikro-w-uzaleznieniu-od-pracy-i-w-zwiazanych-z-nim-problemach-zdrowotnych\/\">   <div class=\"announcement-loop-post__more\">wi\u0119cej...<\/div> <\/a>\r\n                    \r\n                <\/article>\r\n            \r\n                <article class=\"announcement-loop-post carousel-slide\">\r\n                    \r\n                    <a href=\"https:\/\/us.edu.pl\/instytut\/ip\/komunikaty\/dr-paruzel-czachura-laureatka-programu-bekkera\/\">    <h3 class=\"article-title announcement-loop-post__title\">dr Paruzel-Czachura laureatk\u0105 programu Bekkera<\/h3> <\/a>\r\n                        \r\n                    <a href=\"https:\/\/us.edu.pl\/instytut\/ip\/komunikaty\/dr-paruzel-czachura-laureatka-programu-bekkera\/\">     <div class=\"announcement-loop-post__text\">[vc_row][vc_column][\/vc_column][\/vc_row] [...]<p><a class=\"btn btn-secondary understrap-read-more-link\" href=\"https:\/\/us.edu.pl\/instytut\/ip\/przykladowa-strona\/instytut\/nasze-sukcesy\/\">Read More...<\/a><\/p><\/div> <\/a>\r\n                    \r\n                     <a href=\"https:\/\/us.edu.pl\/instytut\/ip\/komunikaty\/dr-paruzel-czachura-laureatka-programu-bekkera\/\">   <div class=\"announcement-loop-post__more\">wi\u0119cej...<\/div> <\/a>\r\n                    \r\n                <\/article><\/div>\r\n                    <\/div>\r\n                <\/div>\r\n            <\/div>\r\n            [\/vc_column][\/vc_row]<\/p>","protected":false},"excerpt":{"rendered":"<p>[vc_row][vc_column][\/vc_column][\/vc_row] [&#8230;]<\/p>\n<p><a class=\"btn btn-secondary understrap-read-more-link\" href=\"https:\/\/us.edu.pl\/instytut\/ip\/przykladowa-strona\/instytut\/nasze-sukcesy\/\">Read More&#8230;<\/a><\/p>\n","protected":false},"author":159,"featured_media":0,"parent":544,"menu_order":0,"comment_status":"closed","ping_status":"closed","template":"page-templates\/page-with-sidebar.php","meta":{"_expiration-date-status":"","_expiration-date":0,"_expiration-date-type":"","_expiration-date-categories":[],"_expiration-date-options":[]},"acf":[],"_links":{"self":[{"href":"https:\/\/us.edu.pl\/instytut\/ip\/wp-json\/wp\/v2\/pages\/1331"}],"collection":[{"href":"https:\/\/us.edu.pl\/instytut\/ip\/wp-json\/wp\/v2\/pages"}],"about":[{"href":"https:\/\/us.edu.pl\/instytut\/ip\/wp-json\/wp\/v2\/types\/page"}],"author":[{"embeddable":true,"href":"https:\/\/us.edu.pl\/instytut\/ip\/wp-json\/wp\/v2\/users\/159"}],"replies":[{"embeddable":true,"href":"https:\/\/us.edu.pl\/instytut\/ip\/wp-json\/wp\/v2\/comments?post=1331"}],"version-history":[{"count":8,"href":"https:\/\/us.edu.pl\/instytut\/ip\/wp-json\/wp\/v2\/pages\/1331\/revisions"}],"predecessor-version":[{"id":9947,"href":"https:\/\/us.edu.pl\/instytut\/ip\/wp-json\/wp\/v2\/pages\/1331\/revisions\/9947"}],"up":[{"embeddable":true,"href":"https:\/\/us.edu.pl\/instytut\/ip\/wp-json\/wp\/v2\/pages\/544"}],"wp:attachment":[{"href":"https:\/\/us.edu.pl\/instytut\/ip\/wp-json\/wp\/v2\/media?parent=1331"}],"curies":[{"name":"wp","href":"https:\/\/api.w.org\/{rel}","templated":true}]}}