{"id":1123,"date":"2020-10-24T16:52:12","date_gmt":"2020-10-24T14:52:12","guid":{"rendered":"https:\/\/us.edu.pl\/instytut\/ipe\/?page_id=1123"},"modified":"2020-11-02T09:00:48","modified_gmt":"2020-11-02T08:00:48","slug":"dr-joanna-skibska","status":"publish","type":"page","link":"https:\/\/us.edu.pl\/instytut\/ipe\/dr-joanna-skibska\/","title":{"rendered":"Dr Joanna Skibska"},"content":{"rendered":"<p>[vc_row][vc_column width=&#8221;1\/4&#8243;][vc_single_image image=&#8221;1124&#8243; img_size=&#8221;medium&#8221; style=&#8221;vc_box_shadow_3d&#8221;][\/vc_column][vc_column width=&#8221;3\/4&#8243; css=&#8221;.vc_custom_1597521185463{border-bottom-width: -30px !important;}&#8221;][vc_column_text]<\/p>\n<table style=\"width: 72.9397%\">\n<tbody>\n<tr>\n<td style=\"width: 24.6684%\"><span style=\"font-size: 12pt;font-family: tahoma, arial, helvetica, sans-serif\">Stanowisko:<\/span><\/p>\n<p><span style=\"font-size: 12pt;font-family: tahoma, arial, helvetica, sans-serif\">Grupa:<\/span><\/p>\n<p><span style=\"font-size: 12pt;font-family: tahoma, arial, helvetica, sans-serif\">Specjalno\u015b\u0107:<\/span><\/p>\n<p><span style=\"font-size: 12pt;font-family: tahoma, arial, helvetica, sans-serif\">Pok\u00f3j:<\/span><\/p>\n<p><span style=\"font-size: 12pt;font-family: tahoma, arial, helvetica, sans-serif\">Telefon:<\/span><\/p>\n<p><span style=\"font-size: 12pt;font-family: tahoma, arial, helvetica, sans-serif\">e-mail:<\/span><\/p>\n<p><span style=\"font-size: 12pt;font-family: tahoma, arial, helvetica, sans-serif\"><img class=\"size-full wp-image-275\" src=\"http:\/\/us.edu.pl\/instytut\/im\/wp-content\/uploads\/sites\/43\/Nieprzypisane\/ORCID.png\" alt=\"Logo ORCID\" width=\"71\" height=\"22\" \/><\/span><\/td>\n<td style=\"width: 78.7798%\"><span style=\"font-size: 12pt;font-family: tahoma, arial, helvetica, sans-serif\"><strong>Adiunkt<\/strong><\/span><\/p>\n<p><span style=\"font-size: 12pt;font-family: tahoma, arial, helvetica, sans-serif\"><strong>Pracownicy badawczo-dydaktyczni<\/strong><\/span><\/p>\n<p><span style=\"font-size: 12pt;font-family: tahoma, arial, helvetica, sans-serif\"><strong>Pedagogika<br \/>\n<\/strong><\/span><\/p>\n<p><strong><span style=\"font-family: tahoma, arial, helvetica, sans-serif;font-size: 12pt\">232<\/span><\/strong><\/p>\n<p>&nbsp;<\/p>\n<p><strong><span style=\"font-family: tahoma, arial, helvetica, sans-serif;font-size: medium\">joanna.skibska@us.edu.pl<\/span><\/strong><\/p>\n<p><span style=\"font-size: 12pt;font-family: tahoma, arial, helvetica, sans-serif\"><strong><a href=\"https:\/\/orcid.org\/0000-0001-6096-3747\">0000-0001-6096-3747<\/a><\/strong><\/span><\/td>\n<\/tr>\n<\/tbody>\n<\/table>\n<p>[\/vc_column_text][\/vc_column][\/vc_row][vc_row][vc_column]\r\n\t\t\t\t<div class='container'>\r\n\t\t\t\t\t<div class='list-links list-links_blue'>\r\n\t\t\t\t\t\t  \r\n\t\t\t\t\t\t  <ul>\r\n\t\t\t\t\t\t\t\t<li><a href=''><p>Materia\u0142y dodatkowe<\/p><\/a><\/li><\/ul>\r\n\t\t\t\t\t<\/div>\r\n\t\t\t\t<\/div>   \r\n\t\t\t\t\t[\/vc_column][\/vc_row][vc_row][vc_column css=&#8221;.vc_custom_1597523042561{margin-bottom: -50px !important;}&#8221;]\r\n\t\t\t\t\t<div class='container'>\r\n\t\t\t\t\t\t<div class='sidebar_moduls sidebar_dropdown zakladki' style='background-color: #FFFFFF'>\r\n\t\t\t\t\t\t\t<h3 class='page-title'><\/h3>\r\n\t\t\t\t\t\t\t<p class='zakladki__desc'><\/p>\r\n\r\n\t\t\t\t\t\t\t<div class='bookmarks'>\r\n\t\t\t\t\t<div class=\"bookmark\">\r\n\t\t\t\t\t\t<div class=\"bookmark__title\">\r\n                            <h3>\r\n                                <span class=\"short\">Przebieg kariery naukowej<\/span>\r\n                                <span class=\"long\">Przebieg kariery naukowej<\/span>\r\n                            <\/h3>\r\n\t\t\t\t\t\t<\/div>\r\n\t\t\t\t\t\t\r\n\t\t\t\t\t\t<div class=\"bookmark__content-wrap\">\r\n\t\t\t\t\t\t\t<div class=\"bookmark__content\">\r\n\r\n\t\t\t\t\t\t\t\t\r\n\r\n\t\t\t\t\t\t\t\t<div class=\"bookmark_text\" style=\"font-size:20px;\">\r\n\t\t\t\t\t\t\t\t<b>Przebieg kariery naukowej:<\/b>\n<li>2008 \u2013 doktor nauk humanistycznych w dyscyplinie pedagogika, Uniwersytet \u015al\u0105ski w Katowicach,\n<li>1995 \u2013 magister pedagogiki, Uniwersytet \u015al\u0105ski w Katowicach\n<br>\n<br>\n<b>Udzia\u0142 w projektach naukowych: \/wybrane\/<\/b>\n<li>2018 \u2013 projekt mi\u0119dzynarodowy pt.: Professional Training Supporting the Pedagogical Competences of Future Teachers, grant Ministerstwa Szkolnictwa, M\u0142odzie\u017cy i Sportu Republiki Czeskiej, (koordynator projektu);\n<li>2016-2015 \u2013 projekt og\u00f3lnopolski pt.: Kreatywno\u015b\u0107 w percepcji student\u00f3w wczesnej edukacji realizowany w ramach prac Zespo\u0142u Edukacji Elementarnej przy Komitecie Nauk Pedagogicznych PAN w Warszawie (cz\u0142onek zespo\u0142u);\n<li>2015-2014 \u2013 projekt mi\u0119dzynarodowy pt.: Pedagogical diagnosis of child's school readiness as professional activity teacher  ID (CZ) 7AMB14PL013; ID (PL) 9006\/R14\/R15, grant Ministerstwa Szkolnictwa, M\u0142odzie\u017cy i Sportu Republiki Czeskiej oraz Ministerstwa Nauki i Szkolnictwa Wy\u017cszego (koordynator projektu);\n\n\n\n\n\n\r\n\t\t\t\t\t\t\t\t<br>\r\n\t\t\t\t\t\t\t\t\r\n\t\t\t\t\t\t\t\t<\/div>\r\n\t\t\t\t\t\t\t<\/div>\r\n\t\t\t\t\t\t<\/div>\r\n\t\t\t\t\t<\/div>\r\n\t\t\t\t\t<div class=\"bookmark\">\r\n\t\t\t\t\t\t<div class=\"bookmark__title\">\r\n                            <h3>\r\n                                <span class=\"short\">Zainteresowania badawcze<\/span>\r\n                                <span class=\"long\">Zainteresowania badawcze<\/span>\r\n                            <\/h3>\r\n\t\t\t\t\t\t<\/div>\r\n\t\t\t\t\t\t\r\n\t\t\t\t\t\t<div class=\"bookmark__content-wrap\">\r\n\t\t\t\t\t\t\t<div class=\"bookmark__content\">\r\n\r\n\t\t\t\t\t\t\t\t\r\n\r\n\t\t\t\t\t\t\t\t<div class=\"bookmark_text\" style=\"font-size:20px;\">\r\n\t\t\t\t\t\t\t\t<li>edukacja w\u0142\u0105czaj\u0105ca i personalizacja edukacji,\n<li>kszta\u0142cenie dziecka ze specjalnymi potrze\u00acbami edukacyjnymi w przestrzeni szko\u0142y og\u00f3lnodost\u0119pnej, \n<li>praca z dzieckiem z trudno\u015bciami w uczeniu si\u0119, \n<li>proces diagnostyczny oraz wykorzystanie r\u00f3\u017cnych metod w pracy terapeutycznej z dzieckiem z deficytami rozwojowymi.\n\n\n\n\n\n\n\r\n\t\t\t\t\t\t\t\t<br>\r\n\t\t\t\t\t\t\t\t\r\n\t\t\t\t\t\t\t\t<\/div>\r\n\t\t\t\t\t\t\t<\/div>\r\n\t\t\t\t\t\t<\/div>\r\n\t\t\t\t\t<\/div>\r\n\t\t\t\t\t<div class=\"bookmark\">\r\n\t\t\t\t\t\t<div class=\"bookmark__title\">\r\n                            <h3>\r\n                                <span class=\"short\">Najwa\u017cniejsze osi\u0105gni\u0119cia naukowe, wyr\u00f3\u017cnienia i nagrody<\/span>\r\n                                <span class=\"long\">Najwa\u017cniejsze osi\u0105gni\u0119cia naukowe, wyr\u00f3\u017cnienia i nagrody<\/span>\r\n                            <\/h3>\r\n\t\t\t\t\t\t<\/div>\r\n\t\t\t\t\t\t\r\n\t\t\t\t\t\t<div class=\"bookmark__content-wrap\">\r\n\t\t\t\t\t\t\t<div class=\"bookmark__content\">\r\n\r\n\t\t\t\t\t\t\t\t\r\n\r\n\t\t\t\t\t\t\t\t<div class=\"bookmark_text\" style=\"font-size:20px;\">\r\n\t\t\t\t\t\t\t\t<li>Kompetencje diagnostyczne i terapeutyczne nauczycieli szk\u00f3\u0142 og\u00f3lnodost\u0119pnych, integracyjnych i specjalnych. IMPULS, Krak\u00f3w 2020, ISBN 978-83-8095-765-7, (wsp\u00f3\u0142autorzy: A. Borz\u0119cka i A. Twar\u00f3g-Kanus);\n<li>Pronormalizacyjne zmiany w obszarze edukacji w\u0142\u0105czaj\u0105cej w ocenie nauczycieli edukacji wczesnoszkolnej. \u201eProblemy Opieku\u0144czo-Wychowawcze\u201d 6(591)\/2020, s. 62-76, ISSN 0552-2188, DOI 10.5604\/01.3001.0014.1537;\n<li>Inclusive School Teachers\u2019 Self-Assessment of Their Diagnostic and Therapeutic Knowledge and Skills. \u201eKonteksty Pedagogiczne\u201d 2(13)\/2019, p. 85-98, ISSN 2300-6471, DOI 10.19265\/KP.2019.21385;\n<li>Edukacja spersonalizowana i jej wymiary w ocenie nauczycieli edukacji wczesnoszkolnej. \u201eNiepe\u0142nosprawno\u015b\u0107. Dyskursy Pedagogiki Specjalnej\u201d, nr 33\/2019, s.130-144,  ISSN 2080-9476, DOI 10.4467\/25439561.NP.19.009.10484\n<li>Diagnoza interdyscyplinarna. Wybrane problemy. IMPULS, Krak\u00f3w 2017, ISBN 978-83-8095-142-6;\n<li>Diagnoza funkcjonalna i symptomy zaburze\u0144 funkcji podstawowych. Wybrane problemy [w:] J. Skibska (red.) Diagnoza interdyscyplinarna. Wybrane problemy. IMPULS, Krak\u00f3w 2017, s. 93-119, ISBN 978-83-8095-142-6;\n<li>Edukacja w\u0142\u0105czaj\u0105ca w opinii nauczycieli edukacji wczesnoszkolnej \u2013 analiza segmentacyjna. Doniesienia z bada\u0144 \u201eProblemy Edukacji, Rehabilitacji i Socjalizacji Os\u00f3b Niepe\u0142nosprawnych\u201d, nr 22 (1\/2016), s. 161-174, ISSN 2391-9973.\n<li>Wymiary spostrzegania integracji i edukacji w\u0142\u0105czaj\u0105cej przez rodzic\u00f3w dzieci w m\u0142odszym wieku szkolnym ucz\u0105cych si\u0119 w klasach integracyjnych. Komunikat z bada\u0144. \u201eNiepe\u0142nosprawno\u015b\u0107. Dyskursy Pedagogiki Specjalnej\u201d, nr 23\/2016, s. 146-159, ISSN 2080-9476,\n<li>Dziecko z wad\u0105 s\u0142uchu oraz centralnymi zaburzeniami przetwarzania s\u0142uchowego (CAPD). Wybrane problemy, Wydawnictwo LIBRON, Krak\u00f3w 2014, ss. 166, ISBN 978-83-64275-73-9;\n<li>Wspieranie rozwoju ma\u0142ego dziecka. Wydawnictwo Naukowe ATH, Wydawnictwo LIBRON, Bielsko-Bia\u0142a \u2013 Krak\u00f3w 2014, ss. 259, ISBN 978-83-62292-91-2;\n<li>Ocenianie w\u0142\u0105czaj\u0105ce w praktyce edukacyjnej jako szansa zaspokojenia zr\u00f3\u017cnicowanych potrzeb uczni\u00f3w ze specjalnymi potrzebami edukacyjnymi. \u201eNiepe\u0142nosprawno\u015b\u0107 \u2013 p\u00f3\u0142rocznik naukowy\u201d, nr 9 (2)\/2014, s. 19-28, ISSN 2080-9476;\n<li>My\u015bl Lwa S. Wygotskiego we wsp\u00f3\u0142czesnej edukacji ma\u0142ego dziecka. [w:] K. Denek, A. Kami\u0144ska, P. Ole\u015bniewicz, red. Edukacja jutra. Od Tradycji do nowoczesno\u015bci. Aksjologia w edukacji jutra. Wydawnictwo HUMANITAS, Sosnowiec 2014, s. 307-316, ISBN 978-83-61991-79-3;\n<li>Dostosowanie przestrzeni szko\u0142y og\u00f3lnodost\u0119pnej do potrzeb i mo\u017cliwo\u015bci ucznia ze specjalnymi potrzebami edukacyjnymi (SPE). [w:] A. Klinik, red. Racjonalno\u015b\u0107 oraz uwarunkowania proces\u00f3w terapeutycznych os\u00f3b niepe\u0142nosprawnych. Problemy Edukacji, Rehabilitacji i Socjalizacji Os\u00f3b Niepe\u0142nosprawnych. Tom 16 serii, Oficyna Wydawnicza IMPULS, Krak\u00f3w 2013, s. 89-98, ISBN: 978-83-7850-479-5;\n<li>Mnemotechniki jako czynnik optymalizuj\u0105cy nabywanie przez dzieci umiej\u0119tno\u015bci czytania i pisania. IMPULS, Krak\u00f3w 2012, ss. 224, ISBN 978-83-7850-078-0;\n<li>Mnemoliterki. \u0106wiczenia do wprowadzania i utrwalania liter podobnych pod wzgl\u0119dem kszta\u0142tu a-o, m-n-u-w, l-\u0142-t, b-d-g-p z wykorzystaniem mnemotechnik. Oficyna Wydawnicza IMPULS, Krak\u00f3w 2012, ss. 140, ISBN: 978-83-7850-077-3.\n<li>Poznawanie \u015bwiata przez dziecko z op\u00f3\u017anionymi i zaburzonymi funkcjami podstawowymi w m\u0142odszym wieku szkolnym. [w:] I. Adamek, B. Pawlak, red.: Do\u015bwiadczanie poznawania \u015bwiata przez dzieci w m\u0142odszym wieku szkolnym, Krak\u00f3w 2012, s. 199-215, ISBN 978-83-62196-59-3;\n<li>Kszta\u0142towanie autonomii \u2013 osi\u0105ganie niezale\u017cno\u015bci. [w:] R. Kijak red.: Niepe\u0142nosprawno\u015b\u0107 w zwierciadle doros\u0142o\u015bci. IMPULS, Krak\u00f3w 2012, s. 73-92, ISBN 978-83-7308-964-8;\n\r\n\t\t\t\t\t\t\t\t<br>\r\n\t\t\t\t\t\t\t\t\r\n\t\t\t\t\t\t\t\t<\/div>\r\n\t\t\t\t\t\t\t<\/div>\r\n\t\t\t\t\t\t<\/div>\r\n\t\t\t\t\t<\/div>\r\n\t\t\t\t\t<div class=\"bookmark\">\r\n\t\t\t\t\t\t<div class=\"bookmark__title\">\r\n                            <h3>\r\n                                <span class=\"short\">Sta\u017ce naukowe\/Wizyty studyjne<\/span>\r\n                                <span class=\"long\">Sta\u017ce naukowe\/Wizyty studyjne<\/span>\r\n                            <\/h3>\r\n\t\t\t\t\t\t<\/div>\r\n\t\t\t\t\t\t\r\n\t\t\t\t\t\t<div class=\"bookmark__content-wrap\">\r\n\t\t\t\t\t\t\t<div class=\"bookmark__content\">\r\n\r\n\t\t\t\t\t\t\t\t\r\n\r\n\t\t\t\t\t\t\t\t<div class=\"bookmark_text\" style=\"font-size:20px;\">\r\n\t\t\t\t\t\t\t\t<b>Sta\u017c naukowy (kr\u00f3tkoterminowy):<\/b>\n<li>2019 \u2013 Uniwersytet Po\u0142udniowoczeski w Czeskich Budziejowicach, Republika Czeska;\n<li>2018 \u2013 Uniwersytet Po\u0142udniowoczeski w Czeskich Budziejowicach, Republika Czeska;\n<li>2015 \u2013 Uniwersytet w Ostrawie, Republika Czeska\n<li>2014 \u2013 Uniwersytet w Ostrawie, Republika Czeska\n<br>\n<br>\n<b>Wizyty studyjne:<\/b>\n<li>2018 \u2013 W\u0142ochy, Alternatywne pedagogiki w plac\u00f3wkach o\u015bwiatowych p\u00f3\u0142nocnych W\u0142och a pedagogika Celestyna Freneta, \n<li>2014 \u2013 Dania, Wykorzystanie technologii informacyjnej w nauczaniu uczni\u00f3w klas edukacji wczesnoszkolnej \n<li>2013 \u2013 Niemcy-Szwajcaria-Francja, Praca z uczniem szczeg\u00f3lne uzdolnionym \n<li>2010 \u2013 Austria-W\u0142ochy, Organizacja i zarz\u0105dzanie o\u015bwiat\u0105\n<br>\n<br>\n<b>Program Erasmus+<\/b>\n<li>2019 \u2013 Uniwersytet Po\u0142udniowoczeski w Czeskich Budziejowicach\n<li>2018 \u2013 Uniwersytet w Grazu, Austria\n<li>2017 \u2013 Uniwersytet w Ostrawie, Republika Czeska \n<li>2016 \u2013 Uniwersytet w Ostrawie, Republika Czeska\n<li>2015 \u2013 Uniwersytet w Ostrawie, Republika Czeska\n<li>2013 \u2013 Uniwersytet w Ostrawie, Republika Czeska\n\r\n\t\t\t\t\t\t\t\t<br>\r\n\t\t\t\t\t\t\t\t\r\n\t\t\t\t\t\t\t\t<\/div>\r\n\t\t\t\t\t\t\t<\/div>\r\n\t\t\t\t\t\t<\/div>\r\n\t\t\t\t\t<\/div>\r\n\t\t\t\t\t<div class=\"bookmark\">\r\n\t\t\t\t\t\t<div class=\"bookmark__title\">\r\n                            <h3>\r\n                                <span class=\"short\">Cz\u0142onkostwo w radach naukowych i radach redakcyjnych <\/span>\r\n                                <span class=\"long\">Cz\u0142onkostwo w radach naukowych i radach redakcyjnych <\/span>\r\n                            <\/h3>\r\n\t\t\t\t\t\t<\/div>\r\n\t\t\t\t\t\t\r\n\t\t\t\t\t\t<div class=\"bookmark__content-wrap\">\r\n\t\t\t\t\t\t\t<div class=\"bookmark__content\">\r\n\r\n\t\t\t\t\t\t\t\t\r\n\r\n\t\t\t\t\t\t\t\t<div class=\"bookmark_text\" style=\"font-size:20px;\">\r\n\t\t\t\t\t\t\t\t<li>Konteksty Pedagogiczne (redaktor naczelny)\n<li>\u015awiat i S\u0142owo (reda redakcyjna)\n<li>Forum Logopedyczne (reda redakcyjna)\n<li>Problemy Opieku\u0144czo-Wychowawcze (recenzent)\n\r\n\t\t\t\t\t\t\t\t<br>\r\n\t\t\t\t\t\t\t\t\r\n\t\t\t\t\t\t\t\t<\/div>\r\n\t\t\t\t\t\t\t<\/div>\r\n\t\t\t\t\t\t<\/div>\r\n\t\t\t\t\t<\/div><\/div>\r\n\t\t\t\t\t\t<\/div>\r\n\t\t\t\t\t <\/div>[\/vc_column][\/vc_row]<\/p>","protected":false},"excerpt":{"rendered":"<p>[vc_row][vc_column width=&#8221;1\/4&#8243;][vc_single_image image=&#8221;1124&#8243; img_size=&#8221;medium&#8221; style=&#8221;vc_box_shadow_3d&#8221;][\/vc_column][vc_column width=&#8221;3\/4&#8243; css=&#8221;.vc_custom_1597521185463{border-bottom-width: -30px !important;}&#8221;][vc_column_text] Stanowisko: Grupa: Specjalno\u015b\u0107: Pok\u00f3j: Telefon: e-mail: Adiunkt Pracownicy badawczo-dydaktyczni Pedagogika 232 &nbsp; joanna.skibska@us.edu.pl 0000-0001-6096-3747 [\/vc_column_text][\/vc_column][\/vc_row][vc_row][vc_column][\/vc_column][\/vc_row][vc_row][vc_column css=&#8221;.vc_custom_1597523042561{margin-bottom: -50px !important;}&#8221;][\/vc_column][\/vc_row] [&#8230;]<\/p>\n<p><a class=\"btn btn-secondary understrap-read-more-link\" href=\"https:\/\/us.edu.pl\/instytut\/ipe\/dr-joanna-skibska\/\">Read More&#8230;<\/a><\/p>\n","protected":false},"author":2293,"featured_media":0,"parent":0,"menu_order":0,"comment_status":"closed","ping_status":"closed","template":"page-templates\/page-with-bookmarks.php","meta":{"_expiration-date-status":"saved","_expiration-date":0,"_expiration-date-type":"","_expiration-date-categories":[],"_expiration-date-options":[]},"acf":[],"_links":{"self":[{"href":"https:\/\/us.edu.pl\/instytut\/ipe\/wp-json\/wp\/v2\/pages\/1123"}],"collection":[{"href":"https:\/\/us.edu.pl\/instytut\/ipe\/wp-json\/wp\/v2\/pages"}],"about":[{"href":"https:\/\/us.edu.pl\/instytut\/ipe\/wp-json\/wp\/v2\/types\/page"}],"author":[{"embeddable":true,"href":"https:\/\/us.edu.pl\/instytut\/ipe\/wp-json\/wp\/v2\/users\/2293"}],"replies":[{"embeddable":true,"href":"https:\/\/us.edu.pl\/instytut\/ipe\/wp-json\/wp\/v2\/comments?post=1123"}],"version-history":[{"count":5,"href":"https:\/\/us.edu.pl\/instytut\/ipe\/wp-json\/wp\/v2\/pages\/1123\/revisions"}],"predecessor-version":[{"id":1175,"href":"https:\/\/us.edu.pl\/instytut\/ipe\/wp-json\/wp\/v2\/pages\/1123\/revisions\/1175"}],"wp:attachment":[{"href":"https:\/\/us.edu.pl\/instytut\/ipe\/wp-json\/wp\/v2\/media?parent=1123"}],"curies":[{"name":"wp","href":"https:\/\/api.w.org\/{rel}","templated":true}]}}