{"id":1129,"date":"2020-10-24T17:04:41","date_gmt":"2020-10-24T15:04:41","guid":{"rendered":"https:\/\/us.edu.pl\/instytut\/ipe\/?page_id=1129"},"modified":"2020-10-24T17:08:36","modified_gmt":"2020-10-24T15:08:36","slug":"dr-aleksandra-gancarz","status":"publish","type":"page","link":"https:\/\/us.edu.pl\/instytut\/ipe\/dr-aleksandra-gancarz\/","title":{"rendered":"Dr Aleksandra Gancarz"},"content":{"rendered":"<p>[vc_row][vc_column width=&#8221;1\/4&#8243;][vc_single_image image=&#8221;737&#8243; img_size=&#8221;medium&#8221; style=&#8221;vc_box_shadow_3d&#8221;][\/vc_column][vc_column width=&#8221;3\/4&#8243; css=&#8221;.vc_custom_1597521185463{border-bottom-width: -30px !important;}&#8221;][vc_column_text]<\/p>\n<table style=\"width: 72.9397%\">\n<tbody>\n<tr>\n<td style=\"width: 24.6684%\"><span style=\"font-size: 12pt;font-family: tahoma, arial, helvetica, sans-serif\">Stanowisko:<\/span><\/p>\n<p><span style=\"font-size: 12pt;font-family: tahoma, arial, helvetica, sans-serif\">Grupa:<\/span><\/p>\n<p><span style=\"font-size: 12pt;font-family: tahoma, arial, helvetica, sans-serif\">Specjalno\u015b\u0107:<\/span><\/p>\n<p><span style=\"font-size: 12pt;font-family: tahoma, arial, helvetica, sans-serif\">Pok\u00f3j:<\/span><\/p>\n<p><span style=\"font-size: 12pt;font-family: tahoma, arial, helvetica, sans-serif\">Telefon:<\/span><\/p>\n<p><span style=\"font-size: 12pt;font-family: tahoma, arial, helvetica, sans-serif\">e-mail:<\/span><\/p>\n<p><span style=\"font-size: 12pt;font-family: tahoma, arial, helvetica, sans-serif\"><img class=\"size-full wp-image-275\" src=\"http:\/\/us.edu.pl\/instytut\/im\/wp-content\/uploads\/sites\/43\/Nieprzypisane\/ORCID.png\" alt=\"Logo ORCID\" width=\"71\" height=\"22\" \/><\/span><\/td>\n<td style=\"width: 78.7798%\"><span style=\"font-size: 12pt;font-family: tahoma, arial, helvetica, sans-serif\"><strong>Adiunkt<\/strong><\/span><\/p>\n<p><span style=\"font-size: 12pt;font-family: tahoma, arial, helvetica, sans-serif\"><strong>Pracownicy badawczo-dydaktyczni<\/strong><\/span><\/p>\n<p><span style=\"font-size: 12pt;font-family: tahoma, arial, helvetica, sans-serif\"><strong>Pedagogika<br \/>\n<\/strong><\/span><\/p>\n<p>&nbsp;<\/p>\n<p>&nbsp;<\/p>\n<p><strong><span style=\"font-family: tahoma, arial, helvetica, sans-serif;font-size: medium\">aleksandra.gancarz@us.edu.pl<\/span><\/strong><\/p>\n<p><span style=\"font-size: 12pt;font-family: tahoma, arial, helvetica, sans-serif\"><strong><a href=\"https:\/\/orcid.org\/0000-0002-6051-6610\">0000-0002-6051-6610<\/a><\/strong><\/span><\/td>\n<\/tr>\n<\/tbody>\n<\/table>\n<p>[\/vc_column_text][\/vc_column][\/vc_row][vc_row][vc_column]\r\n\t\t\t\t<div class='container'>\r\n\t\t\t\t\t<div class='list-links list-links_blue'>\r\n\t\t\t\t\t\t  \r\n\t\t\t\t\t\t  <ul>\r\n\t\t\t\t\t\t\t\t<li><a href=''><p>Materia\u0142y dodatkowe<\/p><\/a><\/li><\/ul>\r\n\t\t\t\t\t<\/div>\r\n\t\t\t\t<\/div>   \r\n\t\t\t\t\t[\/vc_column][\/vc_row][vc_row][vc_column css=&#8221;.vc_custom_1597523042561{margin-bottom: -50px !important;}&#8221;]\r\n\t\t\t\t\t<div class='container'>\r\n\t\t\t\t\t\t<div class='sidebar_moduls sidebar_dropdown zakladki' style='background-color: #FFFFFF'>\r\n\t\t\t\t\t\t\t<h3 class='page-title'><\/h3>\r\n\t\t\t\t\t\t\t<p class='zakladki__desc'><\/p>\r\n\r\n\t\t\t\t\t\t\t<div class='bookmarks'>\r\n\t\t\t\t\t<div class=\"bookmark\">\r\n\t\t\t\t\t\t<div class=\"bookmark__title\">\r\n                            <h3>\r\n                                <span class=\"short\">Przebieg kariery naukowej<\/span>\r\n                                <span class=\"long\">Przebieg kariery naukowej<\/span>\r\n                            <\/h3>\r\n\t\t\t\t\t\t<\/div>\r\n\t\t\t\t\t\t\r\n\t\t\t\t\t\t<div class=\"bookmark__content-wrap\">\r\n\t\t\t\t\t\t\t<div class=\"bookmark__content\">\r\n\r\n\t\t\t\t\t\t\t\t\r\n\r\n\t\t\t\t\t\t\t\t<div class=\"bookmark_text\" style=\"font-size:20px;\">\r\n\t\t\t\t\t\t\t\t<li>2018\u2013nadal: Uniwersytet Ostrawski, Wydzia\u0142 Filozoficzny, Katedra Slawistyki \u2013 studia doktoranckie z j\u0119zyka polskiego;\n<li>2019\u20132020: Wy\u017csza Szko\u0142a Nauk Pedagogicznych w Warszawie \u2013 studia podyplomowe z edukacji wczesnoszkolnej i przedszkolnej oraz z pedagogiki korekcyjnej;\n<li> 2018: Uniwersytet \u015al\u0105ski w Katowicach, Wydzia\u0142 Etnologii i Nauk o Edukacji \u00ac\u2013 obrona pracy doktorskiej pt. Adaptacja szkolna dzieci wsp\u00f3\u0142czesnych polskich repatriant\u00f3w napisanej pod kierunkiem prof. dr hab. Aliny Szczurek-Boruty;\n<li>2015\u20132017: Uniwersytet \u015al\u0105ski w Katowicach, Szko\u0142a J\u0119zyka i Kultury Polskiej \u2013 Podyplomowe Studia Kwalifikacyjne Nauczania Kultury Polskiej i J\u0119zyka Polskiego jako Obcego;\n<li>2009\u20132013: Uniwersytet Opolski, Wydzia\u0142 Historyczno-Pedagogiczny \u2013 studia doktoranckie w zakresie pedagogiki;\n<li>2003\u20132009: Uniwersytet \u015al\u0105ski w Katowicach, Wydzia\u0142 Etnologii i Nauk o Edukacji \u2013 jednolite studia magisterskie z pedagogiki na dw\u00f3ch specjalno\u015bciach: praca socjalna i opieku\u0144czo-wychowawcza oraz animacja spo\u0142eczno-kulturalna; uko\u0144czone obron\u0105 pracy magisterskiej pt. Repatrianci z Kazachstanu. Poczucie integracji ze spo\u0142ecze\u0144stwem polskim napisana pod kierunkiem prof. dr hab. Katarzyny Olbrycht.\n\n\r\n\t\t\t\t\t\t\t\t<br>\r\n\t\t\t\t\t\t\t\t\r\n\t\t\t\t\t\t\t\t<\/div>\r\n\t\t\t\t\t\t\t<\/div>\r\n\t\t\t\t\t\t<\/div>\r\n\t\t\t\t\t<\/div>\r\n\t\t\t\t\t<div class=\"bookmark\">\r\n\t\t\t\t\t\t<div class=\"bookmark__title\">\r\n                            <h3>\r\n                                <span class=\"short\">Zainteresowania badawcze<\/span>\r\n                                <span class=\"long\">Zainteresowania badawcze<\/span>\r\n                            <\/h3>\r\n\t\t\t\t\t\t<\/div>\r\n\t\t\t\t\t\t\r\n\t\t\t\t\t\t<div class=\"bookmark__content-wrap\">\r\n\t\t\t\t\t\t\t<div class=\"bookmark__content\">\r\n\r\n\t\t\t\t\t\t\t\t\r\n\r\n\t\t\t\t\t\t\t\t<div class=\"bookmark_text\" style=\"font-size:20px;\">\r\n\t\t\t\t\t\t\t\t<li>adaptacja szkolna;\n<li>migracje, repatriacja;\n<li>mniejszo\u015b\u0107 polska w Republice Czeskiej.\n\r\n\t\t\t\t\t\t\t\t<br>\r\n\t\t\t\t\t\t\t\t\r\n\t\t\t\t\t\t\t\t<\/div>\r\n\t\t\t\t\t\t\t<\/div>\r\n\t\t\t\t\t\t<\/div>\r\n\t\t\t\t\t<\/div>\r\n\t\t\t\t\t<div class=\"bookmark\">\r\n\t\t\t\t\t\t<div class=\"bookmark__title\">\r\n                            <h3>\r\n                                <span class=\"short\">Najwa\u017cniejsze osi\u0105gni\u0119cia naukowe, wyr\u00f3\u017cnienia i nagrody<\/span>\r\n                                <span class=\"long\">Najwa\u017cniejsze osi\u0105gni\u0119cia naukowe, wyr\u00f3\u017cnienia i nagrody<\/span>\r\n                            <\/h3>\r\n\t\t\t\t\t\t<\/div>\r\n\t\t\t\t\t\t\r\n\t\t\t\t\t\t<div class=\"bookmark__content-wrap\">\r\n\t\t\t\t\t\t\t<div class=\"bookmark__content\">\r\n\r\n\t\t\t\t\t\t\t\t\r\n\r\n\t\t\t\t\t\t\t\t<div class=\"bookmark_text\" style=\"font-size:20px;\">\r\n\t\t\t\t\t\t\t\t<li>Nagroda Zespo\u0142owa III Stopnia JM Rektora Uniwersytetu \u015al\u0105skiego w Katowicach za dzia\u0142alno\u015b\u0107 dydaktyczn\u0105 (1.10.2015);\n<li>stypendium Ministra Nauki i Szkolnictwa Wy\u017cszego na rok akademicki 2007\/2008.\n\r\n\t\t\t\t\t\t\t\t<br>\r\n\t\t\t\t\t\t\t\t\r\n\t\t\t\t\t\t\t\t<\/div>\r\n\t\t\t\t\t\t\t<\/div>\r\n\t\t\t\t\t\t<\/div>\r\n\t\t\t\t\t<\/div>\r\n\t\t\t\t\t<div class=\"bookmark\">\r\n\t\t\t\t\t\t<div class=\"bookmark__title\">\r\n                            <h3>\r\n                                <span class=\"short\">Sta\u017ce naukowe\/Wizyty studyjne<\/span>\r\n                                <span class=\"long\">Sta\u017ce naukowe\/Wizyty studyjne<\/span>\r\n                            <\/h3>\r\n\t\t\t\t\t\t<\/div>\r\n\t\t\t\t\t\t\r\n\t\t\t\t\t\t<div class=\"bookmark__content-wrap\">\r\n\t\t\t\t\t\t\t<div class=\"bookmark__content\">\r\n\r\n\t\t\t\t\t\t\t\t\r\n\r\n\t\t\t\t\t\t\t\t<div class=\"bookmark_text\" style=\"font-size:20px;\">\r\n\t\t\t\t\t\t\t\t<li>studenckie stypendium w ramach programu LLP - Erasmus w Instytucie Kszta\u0142cenia\nPedagogicznego w Cambrai (Francja) w 2007 roku;\n<li>sta\u017c w ramach programu LLP - Erasmus w Uniwersytecie Katolickim w Lille (Francja) w 2010 roku;\n<li>sta\u017c w ramach programu Erasmus+ w Uniwersytecie Palackiego w O\u0142omu\u0144cu (Republika Czeska) w 2019 roku.\n\r\n\t\t\t\t\t\t\t\t<br>\r\n\t\t\t\t\t\t\t\t\r\n\t\t\t\t\t\t\t\t<\/div>\r\n\t\t\t\t\t\t\t<\/div>\r\n\t\t\t\t\t\t<\/div>\r\n\t\t\t\t\t<\/div>\r\n\t\t\t\t\t<div class=\"bookmark\">\r\n\t\t\t\t\t\t<div class=\"bookmark__title\">\r\n                            <h3>\r\n                                <span class=\"short\">Cz\u0142onkostwo w radach naukowych i radach redakcyjnych <\/span>\r\n                                <span class=\"long\">Cz\u0142onkostwo w radach naukowych i radach redakcyjnych <\/span>\r\n                            <\/h3>\r\n\t\t\t\t\t\t<\/div>\r\n\t\t\t\t\t\t\r\n\t\t\t\t\t\t<div class=\"bookmark__content-wrap\">\r\n\t\t\t\t\t\t\t<div class=\"bookmark__content\">\r\n\r\n\t\t\t\t\t\t\t\t\r\n\r\n\t\t\t\t\t\t\t\t<div class=\"bookmark_text\" style=\"font-size:20px;\">\r\n\t\t\t\t\t\t\t\t<li>od 2019 roku cz\u0142onkini redakcji ukrai\u0144skiego czasopisma naukowego pt. \u201e\u0412\u0456\u0441\u043d\u0438\u043a \u0425\u043e\u0440\u0442\u0438\u0446\u044c\u043a\u043e\u0457 \u043d\u0430\u0446\u0456\u043e\u043d\u0430\u043b\u044c\u043d\u043e\u0457 \u0430\u043a\u0430\u0434\u0435\u043c\u0456\u0457. Khortytsia National Academy Journal\u201d (Sekcja: nauki pedagogiczne); \n<li>latach 2015\u20132020 sekretarz serii wydawniczej \u201eCieszy\u0144skie Naukowe Forum Studenckie\u201d. \n\r\n\t\t\t\t\t\t\t\t<br>\r\n\t\t\t\t\t\t\t\t\r\n\t\t\t\t\t\t\t\t<\/div>\r\n\t\t\t\t\t\t\t<\/div>\r\n\t\t\t\t\t\t<\/div>\r\n\t\t\t\t\t<\/div><\/div>\r\n\t\t\t\t\t\t<\/div>\r\n\t\t\t\t\t <\/div>[\/vc_column][\/vc_row]<\/p>","protected":false},"excerpt":{"rendered":"<p>[vc_row][vc_column width=&#8221;1\/4&#8243;][vc_single_image image=&#8221;737&#8243; img_size=&#8221;medium&#8221; style=&#8221;vc_box_shadow_3d&#8221;][\/vc_column][vc_column width=&#8221;3\/4&#8243; css=&#8221;.vc_custom_1597521185463{border-bottom-width: -30px !important;}&#8221;][vc_column_text] Stanowisko: Grupa: Specjalno\u015b\u0107: Pok\u00f3j: Telefon: e-mail: Adiunkt Pracownicy badawczo-dydaktyczni Pedagogika &nbsp; &nbsp; aleksandra.gancarz@us.edu.pl 0000-0002-6051-6610 [\/vc_column_text][\/vc_column][\/vc_row][vc_row][vc_column][\/vc_column][\/vc_row][vc_row][vc_column css=&#8221;.vc_custom_1597523042561{margin-bottom: -50px !important;}&#8221;][\/vc_column][\/vc_row] [&#8230;]<\/p>\n<p><a class=\"btn btn-secondary understrap-read-more-link\" href=\"https:\/\/us.edu.pl\/instytut\/ipe\/dr-aleksandra-gancarz\/\">Read More&#8230;<\/a><\/p>\n","protected":false},"author":2293,"featured_media":0,"parent":0,"menu_order":0,"comment_status":"closed","ping_status":"closed","template":"page-templates\/page-with-bookmarks.php","meta":{"_expiration-date-status":"saved","_expiration-date":0,"_expiration-date-type":"","_expiration-date-categories":[],"_expiration-date-options":[]},"acf":[],"_links":{"self":[{"href":"https:\/\/us.edu.pl\/instytut\/ipe\/wp-json\/wp\/v2\/pages\/1129"}],"collection":[{"href":"https:\/\/us.edu.pl\/instytut\/ipe\/wp-json\/wp\/v2\/pages"}],"about":[{"href":"https:\/\/us.edu.pl\/instytut\/ipe\/wp-json\/wp\/v2\/types\/page"}],"author":[{"embeddable":true,"href":"https:\/\/us.edu.pl\/instytut\/ipe\/wp-json\/wp\/v2\/users\/2293"}],"replies":[{"embeddable":true,"href":"https:\/\/us.edu.pl\/instytut\/ipe\/wp-json\/wp\/v2\/comments?post=1129"}],"version-history":[{"count":3,"href":"https:\/\/us.edu.pl\/instytut\/ipe\/wp-json\/wp\/v2\/pages\/1129\/revisions"}],"predecessor-version":[{"id":1132,"href":"https:\/\/us.edu.pl\/instytut\/ipe\/wp-json\/wp\/v2\/pages\/1129\/revisions\/1132"}],"wp:attachment":[{"href":"https:\/\/us.edu.pl\/instytut\/ipe\/wp-json\/wp\/v2\/media?parent=1129"}],"curies":[{"name":"wp","href":"https:\/\/api.w.org\/{rel}","templated":true}]}}