{"id":681,"date":"2020-08-15T10:51:56","date_gmt":"2020-08-15T08:51:56","guid":{"rendered":"https:\/\/us.edu.pl\/instytut\/ipe\/?page_id=681"},"modified":"2023-11-25T16:02:40","modified_gmt":"2023-11-25T15:02:40","slug":"dr-hab-tomasz-huk-2","status":"publish","type":"page","link":"https:\/\/us.edu.pl\/instytut\/ipe\/dr-hab-tomasz-huk-2\/","title":{"rendered":"Dr hab. Tomasz Huk, prof. U\u015a"},"content":{"rendered":"<p>[vc_row][vc_column][vc_column_text][\/vc_column_text][\/vc_column][\/vc_row][vc_row][vc_column][vc_column_text][\/vc_column_text][\/vc_column][\/vc_row][vc_row][vc_column][vc_column_text][\/vc_column_text][\/vc_column][\/vc_row][vc_row][vc_column width=&#8221;1\/4&#8243;][vc_single_image image=&#8221;679&#8243; img_size=&#8221;medium&#8221; style=&#8221;vc_box_shadow_3d&#8221;][\/vc_column][vc_column width=&#8221;3\/4&#8243; css=&#8221;.vc_custom_1597521185463{border-bottom-width: -30px !important;}&#8221;][vc_column_text]<\/p>\n<table style=\"width: 72.9397%;\">\n<tbody>\n<tr>\n<td style=\"width: 24.6684%;\"><span style=\"font-size: 12pt; font-family: tahoma, arial, helvetica, sans-serif;\">Stanowisko:<\/span><\/p>\n<p><span style=\"font-size: 12pt; font-family: tahoma, arial, helvetica, sans-serif;\">Grupa:<\/span><\/p>\n<p><span style=\"font-size: 12pt; font-family: tahoma, arial, helvetica, sans-serif;\">Specjalno\u015b\u0107:<\/span><\/p>\n<p><span style=\"font-size: 12pt; font-family: tahoma, arial, helvetica, sans-serif;\">Pok\u00f3j:<\/span><\/p>\n<p><span style=\"font-size: 12pt; font-family: tahoma, arial, helvetica, sans-serif;\">Telefon:<\/span><\/p>\n<p><span style=\"font-size: 12pt; font-family: tahoma, arial, helvetica, sans-serif;\">e-mail:<\/span><\/p>\n<p><span style=\"font-size: 12pt; font-family: tahoma, arial, helvetica, sans-serif;\"><img class=\"size-full wp-image-275\" src=\"http:\/\/us.edu.pl\/instytut\/im\/wp-content\/uploads\/sites\/43\/Nieprzypisane\/ORCID.png\" alt=\"Logo ORCID\" width=\"71\" height=\"22\" \/><\/span><\/td>\n<td style=\"width: 78.7798%;\"><span style=\"font-size: 12pt; font-family: tahoma, arial, helvetica, sans-serif;\"><strong>Profesor<\/strong><\/span><\/p>\n<p><span style=\"font-size: 12pt; font-family: tahoma, arial, helvetica, sans-serif;\"><strong>Pracownicy badawczo-dydaktyczni<\/strong><\/span><\/p>\n<p><span style=\"font-size: 12pt; font-family: tahoma, arial, helvetica, sans-serif;\"><strong>Pedagogika medialna<br \/>\n<\/strong><\/span><\/p>\n<p><span style=\"font-size: 12pt; font-family: tahoma, arial, helvetica, sans-serif;\"><strong>23<\/strong><\/span><\/p>\n<p><span style=\"font-size: 12pt; font-family: tahoma, arial, helvetica, sans-serif;\"><strong>brak<\/strong><\/span><\/p>\n<p><span style=\"font-size: 12pt; font-family: tahoma, arial, helvetica, sans-serif;\"><strong>tomasz.huk@us.edu.pl<\/strong><\/span><\/p>\n<p><span style=\"font-size: 12pt; font-family: tahoma, arial, helvetica, sans-serif;\"><strong><a href=\"https:\/\/orcid.org\/0000-0003-1082-5826\">0000-0003-1082-5826<\/a><\/strong><\/span><\/td>\n<\/tr>\n<\/tbody>\n<\/table>\n<p>[\/vc_column_text][\/vc_column][\/vc_row][vc_row][vc_column]\r\n\t\t\t\t<div class='container'>\r\n\t\t\t\t\t<div class='list-links list-links_blue'>\r\n\t\t\t\t\t\t  \r\n\t\t\t\t\t\t  <ul>\r\n\t\t\t\t\t\t\t\t<li><a href=''><p>Materia\u0142y dodatkowe<\/p><\/a><\/li><\/ul>\r\n\t\t\t\t\t<\/div>\r\n\t\t\t\t<\/div>   \r\n\t\t\t\t\t[\/vc_column][\/vc_row][vc_row][vc_column css=&#8221;.vc_custom_1597523042561{margin-bottom: -50px !important;}&#8221;]\r\n\t\t\t\t\t<div class='container'>\r\n\t\t\t\t\t\t<div class='sidebar_moduls sidebar_dropdown zakladki' style='background-color: #FFFFFF'>\r\n\t\t\t\t\t\t\t<h3 class='page-title'><\/h3>\r\n\t\t\t\t\t\t\t<p class='zakladki__desc'><\/p>\r\n\r\n\t\t\t\t\t\t\t<div class='bookmarks'>\r\n\t\t\t\t\t<div class=\"bookmark\">\r\n\t\t\t\t\t\t<div class=\"bookmark__title\">\r\n                            <h3>\r\n                                <span class=\"short\">Przebieg kariery naukowej<\/span>\r\n                                <span class=\"long\">Przebieg kariery naukowej<\/span>\r\n                            <\/h3>\r\n\t\t\t\t\t\t<\/div>\r\n\t\t\t\t\t\t\r\n\t\t\t\t\t\t<div class=\"bookmark__content-wrap\">\r\n\t\t\t\t\t\t\t<div class=\"bookmark__content\">\r\n\r\n\t\t\t\t\t\t\t\t\r\n\r\n\t\t\t\t\t\t\t\t<div class=\"bookmark_text\" style=\"font-size:20px;\">\r\n\t\t\t\t\t\t\t\t<li>2003r. \u2013 uzyskanie tytu\u0142u magistra pedagogiki. Uniwersytet \u015al\u0105ski w Katowicach. \n<li>2008r. \u2013 uzyskanie stopnia doktora nauk humanistycznych. Uniwersytet \u015al\u0105ski w Katowicach. \n<li>2008r. \u2013 cz\u0142onek redakcji mi\u0119dzynarodowego czasopisma naukowego \u201eThe New Educational Review\u201d.\n<li>2008r. \u2013 rzeczoznawca ds. podr\u0119cznik\u00f3w Ministerstwa Edukacji Narodowej. \n<li>2017r. \u2013 cz\u0142onek Harcerskiego Instytutu Badawczego w Warszawie.\n<li>2016r. \u2013 cz\u0142onek zespo\u0142u naukowego Muzeum Harcerstwa w Warszawie. \n<li>2018r.-2020r. cz\u0142onek Zespo\u0142u Metodologii Bada\u0144 Pedagogicznych przy Komitecie Nauk Pedagogicznych Polskiej Akademii Nauk.\n<li>2020r. \u2013 uzyskanie stopnia doktora habilitowanego nauk spo\u0142ecznych.\n<li> profesor Uniwersytetu \u015al\u0105skiego\n<li> pe\u0142nomocnika Dziekana WNS ds. kszta\u0142cenia na odleg\u0142o\u015b\u0107.\r\n\t\t\t\t\t\t\t\t<br>\r\n\t\t\t\t\t\t\t\t\r\n\t\t\t\t\t\t\t\t<\/div>\r\n\t\t\t\t\t\t\t<\/div>\r\n\t\t\t\t\t\t<\/div>\r\n\t\t\t\t\t<\/div>\r\n\t\t\t\t\t<div class=\"bookmark\">\r\n\t\t\t\t\t\t<div class=\"bookmark__title\">\r\n                            <h3>\r\n                                <span class=\"short\">Zainteresowania badawcze<\/span>\r\n                                <span class=\"long\">Zainteresowania badawcze<\/span>\r\n                            <\/h3>\r\n\t\t\t\t\t\t<\/div>\r\n\t\t\t\t\t\t\r\n\t\t\t\t\t\t<div class=\"bookmark__content-wrap\">\r\n\t\t\t\t\t\t\t<div class=\"bookmark__content\">\r\n\r\n\t\t\t\t\t\t\t\t\r\n\r\n\t\t\t\t\t\t\t\t<div class=\"bookmark_text\" style=\"font-size:20px;\">\r\n\t\t\t\t\t\t\t\t<li>wykorzystanie medi\u00f3w cyfrowych w wychowaniu przedszkolnym, w edukacji szkolnej i pozaszkolnej;\n<li>analiza zjawiska catfishingu, hikikomorii, FOMO,  e-sportu w kontek\u015bcie edukacyjnym;\n<li>osi\u0105ganie korzy\u015bci w zwi\u0105zku z u\u017cytkowanymi mediami cyfrowymi,\n<li>kszta\u0142towanie kompetencji kluczowych; \n<li>architektura przestrzeni edukacyjnej;\n<li>harcerska metoda wychowawcza;\n<li>nauczanie online;\n<li>edukacja szkolna i edukacja poza formalna;\n<li>edukacja medialna;\n<li>zarz\u0105dzanie szko\u0142\u0105; \r\n\t\t\t\t\t\t\t\t<br>\r\n\t\t\t\t\t\t\t\t\r\n\t\t\t\t\t\t\t\t<\/div>\r\n\t\t\t\t\t\t\t<\/div>\r\n\t\t\t\t\t\t<\/div>\r\n\t\t\t\t\t<\/div>\r\n\t\t\t\t\t<div class=\"bookmark\">\r\n\t\t\t\t\t\t<div class=\"bookmark__title\">\r\n                            <h3>\r\n                                <span class=\"short\">Najwa\u017cniejsze osi\u0105gni\u0119cia naukowe, wyr\u00f3\u017cnienia i nagrody<\/span>\r\n                                <span class=\"long\">Najwa\u017cniejsze osi\u0105gni\u0119cia naukowe, wyr\u00f3\u017cnienia i nagrody<\/span>\r\n                            <\/h3>\r\n\t\t\t\t\t\t<\/div>\r\n\t\t\t\t\t\t\r\n\t\t\t\t\t\t<div class=\"bookmark__content-wrap\">\r\n\t\t\t\t\t\t\t<div class=\"bookmark__content\">\r\n\r\n\t\t\t\t\t\t\t\t\r\n\r\n\t\t\t\t\t\t\t\t<div class=\"bookmark_text\" style=\"font-size:20px;\">\r\n\t\t\t\t\t\t\t\t<b>Nagrody Mi\u0119dzynarodowe i krajowe nagrody za dzia\u0142alno\u015b\u0107 naukow\u0105<\/b>\n<\/br>\n<\/br>\n\n\n<li>Indywidualna Nagroda III stopnia. Rok przyznania: 1.09.2009. Nazwa organu przyznaj\u0105cego nagrod\u0119: Nagroda JM Rektora Uniwersytetu \u015al\u0105skiego w Katowicach. Okre\u015blenie tytu\u0142u z jakiego zosta\u0142a przyznana: za dzia\u0142alno\u015b\u0107 naukowo \u2013 badawcz\u0105. \n\n<li>Indywidualna Nagroda III stopnia. Rok przyznania: 13.12.2012. Nazwa organu przyznaj\u0105cego nagrod\u0119: Nagroda JM Rektora Uniwersytetu \u015al\u0105skiego w Katowicach. Okre\u015blenie tytu\u0142u z jakiego zosta\u0142a przyznana: za dzia\u0142alno\u015b\u0107 naukowo \u2013 badawcz\u0105. \n\n<li>Indywidualna Nagroda II stopnia. Rok przyznania: 1.10.2015. Nazwa organu przyznaj\u0105cego nagrod\u0119: Nagroda JM Rektora Uniwersytetu \u015al\u0105skiego w Katowicach. Okre\u015blenie tytu\u0142u z jakiego zosta\u0142a przyznana: za dzia\u0142alno\u015b\u0107 naukowo \u2013 badawcz\u0105. \n\n<li>Nagroda Zespo\u0142ow\u0105 III stopnia. Rok przyznania: 31.08.2016. Nazwa organu przyznaj\u0105cego nagrod\u0119: Nagroda JM Rektora Uniwersytetu \u015al\u0105skiego w Katowicach. Okre\u015blenie tytu\u0142u z jakiego zosta\u0142a przyznana: za dzia\u0142alno\u015b\u0107 naukowo \u2013 badawcz\u0105. \n\n<li>Nagroda Zespo\u0142ow\u0105 II stopnia. Rok przyznania: 1.10.2017. Nazwa organu przyznaj\u0105cego nagrod\u0119: Nagroda JM Rektora Uniwersytetu \u015al\u0105skiego w Katowicach. Okre\u015blenie tytu\u0142u z jakiego zosta\u0142a przyznana: za dzia\u0142alno\u015b\u0107 naukowo \u2013 badawcz\u0105. \n\n<li>Wyr\u00f3\u017cnienie. Rok przyznania: 16.09.2017. Nazwa organu przyznaj\u0105cego nagrod\u0119: Kierownik naukowy XXXI LSMP, Przewodnicz\u0105cy KNP PAN. Okre\u015blenie tytu\u0142u z jakiego zosta\u0142a przyznana: za najlepsze wyst\u0105pienie doktora. \n\n<li>nagroda Polskiego Towarzystwa Edukacji Medialnej za monografi\u0119 dotycz\u0105c\u0105 prowadzonych bada\u0144 w zakresie korzy\u015bci osi\u0105ganych przez uczni\u00f3w (2019r.).   \n\n<\/br>\n<\/br>\n\n<b>Pozosta\u0142e nagrody i wyr\u00f3\u017cnienia<\/b>\n<\/br>\n<\/br>\n<li>Z\u0142ota Odznaka Za Zas\u0142ugi dla Chor\u0105gwi \u015al\u0105skiej. Rok przyznania: 2003 Nazwa organu przyznaj\u0105cego nagrod\u0119: Komendant Chor\u0105gwi \u015al\u0105skiej ZHP. Okre\u015blenie tytu\u0142u z jakiego zosta\u0142a przyznana nagroda: za wk\u0142ad w edukacj\u0119 dzieci i m\u0142odzie\u017cy oraz popularyzowanie idei ruchu harcerskiego. \n\n<li>Srebrny Krzy\u017c Za Zas\u0142ugi dla ZHP. Rok przyznania:20.06.2006. Nazwa organu przyznaj\u0105cego nagrod\u0119: Przewodnicz\u0105cy ZHP. Okre\u015blenie tytu\u0142u z jakiego zosta\u0142a przyznana nagroda: za wk\u0142ad w edukacj\u0119 dzieci i m\u0142odzie\u017cy oraz popularyzowanie idei ruchu harcerskiego. \n\n<li>Medal Komisji Edukacji Narodowej. Rok przyznania: 29.06.2010. Nazwa organu przyznaj\u0105cego nagrod\u0119: Minister Edukacji Narodowej. Okre\u015blenie tytu\u0142u z jakiego zosta\u0142a przyznana nagroda: za wk\u0142ad w edukacj\u0119 dzieci i m\u0142odzie\u017cy oraz popularyzowanie idei ruchu harcerskiego.\n\n<li>Srebrna Odznaka za Zas\u0142ugi dla Wojew\u00f3dztwa \u015al\u0105skiego. Rok przyznania:1.11.2010. Nazwa organu przyznaj\u0105cego nagrod\u0119: Sejmik Wojew\u00f3dztwa \u015al\u0105skiego. Okre\u015blenie tytu\u0142u z jakiego zosta\u0142a przyznana nagroda: za wk\u0142ad w edukacj\u0119 dzieci i m\u0142odzie\u017cy oraz popularyzowanie idei ruchu harcerskiego. \n\n<li>Dyplom. Rok przyznania:14.10.2010. Nazwa organu przyznaj\u0105cego nagrod\u0119: Wojewoda \u015al\u0105ski, \u015al\u0105ski Kurator O\u015bwiaty. Okre\u015blenie tytu\u0142u z jakiego zosta\u0142a przyznana nagroda: za szczeg\u00f3lne osi\u0105gni\u0119cia na rzecz rozwoju systemu edukacji w wojew\u00f3dztwie \u015bl\u0105skim. \n\n<li>Nagroda Dyrektora Szko\u0142y. Rok przyznania: 14.10.2012. Nazwa organu przyznaj\u0105cego nagrod\u0119: Dyrektor Szko\u0142y Podstawowej nr 11 z Oddzia\u0142ami Integracyjnymi w Katowicach. Okre\u015blenie tytu\u0142u z jakiego zosta\u0142a przyznana nagroda: za organizacj\u0119 Mi\u0119dzynarodowej Konferencji metodyczno-naukowej, dotycz\u0105cej osi\u0105gni\u0119\u0107 w pracy z uczniem uzdolnionym.\n\n<li>Nagroda Dyrektora Szko\u0142y. Rok przyznania: 14.10.2014. Nazwa organu przyznaj\u0105cego nagrod\u0119: Dyrektor Szko\u0142y Podstawowej nr 11 z Oddzia\u0142ami Integracyjnymi w Katowicach. Okre\u015blenie tytu\u0142u z jakiego zosta\u0142a przyznana nagroda: za organizacj\u0119 Og\u00f3lnopolskiej Konferencji metodyczno-naukowej, dotycz\u0105cej dzia\u0142alno\u015b\u0107 szk\u00f3\u0142 z oddzia\u0142ami integracyjnymi.\n\n<li>Z\u0142ota Odznaka za Zas\u0142ugi dla Wojew\u00f3dztwa \u015al\u0105skiego. Rok przyznania: 1.09.2014. Nazwa organu przyznaj\u0105cego nagrod\u0119: Sejmik Wojew\u00f3dztwa \u015al\u0105skiego. Okre\u015blenie tytu\u0142u z jakiego zosta\u0142a przyznana nagroda: za wk\u0142ad w edukacj\u0119 doros\u0142ych, dzieci i m\u0142odzie\u017cy oraz popularyzowanie idei ruchu harcerskiego. \n\n<li>Srebrna Odznaka za Zas\u0142ugi dla Uniwersytetu \u015al\u0105skiego. Rok przyznania: 25.03.2015. Nazwa organu przyznaj\u0105cego nagrod\u0119: Rektor Uniwersytetu \u015al\u0105skiego. Okre\u015blenie tytu\u0142u z jakiego zosta\u0142a przyznana nagroda: za dzia\u0142alno\u015b\u0107 naukow\u0105.\n\n<li>Nagroda Prezydenta Miasta Katowice. Rok przyznania 2019. Za dzia\u0142alno\u015b\u0107 edukacyjn\u0105 i organizacyjn\u0105. \n\r\n\t\t\t\t\t\t\t\t<br>\r\n\t\t\t\t\t\t\t\t\r\n\t\t\t\t\t\t\t\t<\/div>\r\n\t\t\t\t\t\t\t<\/div>\r\n\t\t\t\t\t\t<\/div>\r\n\t\t\t\t\t<\/div>\r\n\t\t\t\t\t<div class=\"bookmark\">\r\n\t\t\t\t\t\t<div class=\"bookmark__title\">\r\n                            <h3>\r\n                                <span class=\"short\">Sta\u017ce naukowe\/Wizyty studyjne<\/span>\r\n                                <span class=\"long\">Sta\u017ce naukowe\/Wizyty studyjne<\/span>\r\n                            <\/h3>\r\n\t\t\t\t\t\t<\/div>\r\n\t\t\t\t\t\t\r\n\t\t\t\t\t\t<div class=\"bookmark__content-wrap\">\r\n\t\t\t\t\t\t\t<div class=\"bookmark__content\">\r\n\r\n\t\t\t\t\t\t\t\t\r\n\r\n\t\t\t\t\t\t\t\t<div class=\"bookmark_text\" style=\"font-size:20px;\">\r\n\t\t\t\t\t\t\t\t<li>Nazwa o\u015brodka: Mediattivo \u2013 Permamanet Center for Citizenship Education, W\u0142ochy, Mediolan. Termin odbycia sta\u017cu: 20.10.2008 \u2013 25.10.2008. Charakter sta\u017cu: sta\u017c naukowo-edukacyjny.\n\n<li>Nazwa o\u015brodka: Katholische Hochschule Nordrhein-Westfalen w K\u00f6ln \u2013 Niemcy. Termin odbycia sta\u017cu: 30.06.2012 \u2013 07.07.2012. Charakter sta\u017cu: sta\u017c naukowy.\n\n<li>Nazwa o\u015brodka: Palack\u00fd University Olomouc. Czech Republic. Termin odbycia sta\u017cu: 6-7.05.2016. Charakter sta\u017cu: wizyta studyjna. \n\n<li>Nazwa o\u015brodka: Uniwersytet \u0141\u00f3dzki. Wydzia\u0142 Nauk o Wychowaniu. Czas trwania: Rok Akademicki 2016\/2017. Udzia\u0142 w Og\u00f3lnopolskim Seminarium Naukowym pod kierownictwem naukowym prof. zw. dr hab. Bogus\u0142awa \u015aliwerskiego oraz prof. nadzw. dr hab. Aliny Wr\u00f3bel. \n\n<li>Nazwa o\u015brodka: Technical University of Mombasa. Kenia. Termin odbycia sta\u017cu: 8-19.11.2017. Charakter sta\u017cu: wizyta studyjna. \n\n<li>Nazwa o\u015brodka: Pwani University. Kenia. Termin odbycia sta\u017cu: 16-25.11.2018. Charakter sta\u017cu: wizyta studyjna. \n\n\n\r\n\t\t\t\t\t\t\t\t<br>\r\n\t\t\t\t\t\t\t\t\r\n\t\t\t\t\t\t\t\t<\/div>\r\n\t\t\t\t\t\t\t<\/div>\r\n\t\t\t\t\t\t<\/div>\r\n\t\t\t\t\t<\/div>\r\n\t\t\t\t\t<div class=\"bookmark\">\r\n\t\t\t\t\t\t<div class=\"bookmark__title\">\r\n                            <h3>\r\n                                <span class=\"short\">Cz\u0142onkostwo w radach naukowych i radach redakcyjnych <\/span>\r\n                                <span class=\"long\">Cz\u0142onkostwo w radach naukowych i radach redakcyjnych <\/span>\r\n                            <\/h3>\r\n\t\t\t\t\t\t<\/div>\r\n\t\t\t\t\t\t\r\n\t\t\t\t\t\t<div class=\"bookmark__content-wrap\">\r\n\t\t\t\t\t\t\t<div class=\"bookmark__content\">\r\n\r\n\t\t\t\t\t\t\t\t\r\n\r\n\t\t\t\t\t\t\t\t<div class=\"bookmark_text\" style=\"font-size:20px;\">\r\n\t\t\t\t\t\t\t\t<li>Nazwa czasopisma: \"The New Educational Review\u201d. Okres udzia\u0142u: od 2008 roku do nadal. Nazwa wydawcy czasopisma: Adam Marsza\u0142ek. Charakter udzia\u0142u: Executive Editor\/sekretarz czasopisma.  \n<li>Cz\u0142onek Rady Naukowej Instytutu Pedagogiki Uniwersytetu \u015al\u0105skiego w Katowicach. Okres cz\u0142onkostwa: od 2019 do nadal.\r\n\t\t\t\t\t\t\t\t<br>\r\n\t\t\t\t\t\t\t\t\r\n\t\t\t\t\t\t\t\t<\/div>\r\n\t\t\t\t\t\t\t<\/div>\r\n\t\t\t\t\t\t<\/div>\r\n\t\t\t\t\t<\/div><\/div>\r\n\t\t\t\t\t\t<\/div>\r\n\t\t\t\t\t <\/div>[\/vc_column][\/vc_row][vc_row][vc_column][vc_column_text][\/vc_column_text][\/vc_column][\/vc_row][vc_row][vc_column][vc_column_text][\/vc_column_text][\/vc_column][\/vc_row][vc_row][vc_column][vc_column_text][\/vc_column_text][\/vc_column][\/vc_row]<\/p>","protected":false},"excerpt":{"rendered":"<p>[vc_row][vc_column][vc_column_text][\/vc_column_text][\/vc_column][\/vc_row][vc_row][vc_column][vc_column_text][\/vc_column_text][\/vc_column][\/vc_row][vc_row][vc_column][vc_column_text][\/vc_column_text][\/vc_column][\/vc_row][vc_row][vc_column width=&#8221;1\/4&#8243;][vc_single_image image=&#8221;679&#8243; img_size=&#8221;medium&#8221; style=&#8221;vc_box_shadow_3d&#8221;][\/vc_column][vc_column width=&#8221;3\/4&#8243; css=&#8221;.vc_custom_1597521185463{border-bottom-width: -30px !important;}&#8221;][vc_column_text] Stanowisko: Grupa: Specjalno\u015b\u0107: Pok\u00f3j: Telefon: e-mail: Profesor Pracownicy badawczo-dydaktyczni Pedagogika medialna 23 brak tomasz.huk@us.edu.pl 0000-0003-1082-5826 [\/vc_column_text][\/vc_column][\/vc_row][vc_row][vc_column][\/vc_column][\/vc_row][vc_row][vc_column css=&#8221;.vc_custom_1597523042561{margin-bottom: -50px !important;}&#8221;][\/vc_column][\/vc_row][vc_row][vc_column][vc_column_text][\/vc_column_text][\/vc_column][\/vc_row][vc_row][vc_column][vc_column_text][\/vc_column_text][\/vc_column][\/vc_row][vc_row][vc_column][vc_column_text][\/vc_column_text][\/vc_column][\/vc_row] [&#8230;]<\/p>\n<p><a class=\"btn btn-secondary understrap-read-more-link\" href=\"https:\/\/us.edu.pl\/instytut\/ipe\/dr-hab-tomasz-huk-2\/\">Read More&#8230;<\/a><\/p>\n","protected":false},"author":201,"featured_media":0,"parent":0,"menu_order":0,"comment_status":"closed","ping_status":"closed","template":"page-templates\/page-with-bookmarks.php","meta":{"_expiration-date-status":"","_expiration-date":0,"_expiration-date-type":"","_expiration-date-categories":[],"_expiration-date-options":[]},"acf":[],"_links":{"self":[{"href":"https:\/\/us.edu.pl\/instytut\/ipe\/wp-json\/wp\/v2\/pages\/681"}],"collection":[{"href":"https:\/\/us.edu.pl\/instytut\/ipe\/wp-json\/wp\/v2\/pages"}],"about":[{"href":"https:\/\/us.edu.pl\/instytut\/ipe\/wp-json\/wp\/v2\/types\/page"}],"author":[{"embeddable":true,"href":"https:\/\/us.edu.pl\/instytut\/ipe\/wp-json\/wp\/v2\/users\/201"}],"replies":[{"embeddable":true,"href":"https:\/\/us.edu.pl\/instytut\/ipe\/wp-json\/wp\/v2\/comments?post=681"}],"version-history":[{"count":10,"href":"https:\/\/us.edu.pl\/instytut\/ipe\/wp-json\/wp\/v2\/pages\/681\/revisions"}],"predecessor-version":[{"id":2355,"href":"https:\/\/us.edu.pl\/instytut\/ipe\/wp-json\/wp\/v2\/pages\/681\/revisions\/2355"}],"wp:attachment":[{"href":"https:\/\/us.edu.pl\/instytut\/ipe\/wp-json\/wp\/v2\/media?parent=681"}],"curies":[{"name":"wp","href":"https:\/\/api.w.org\/{rel}","templated":true}]}}