{"id":805,"date":"2020-08-20T20:07:07","date_gmt":"2020-08-20T18:07:07","guid":{"rendered":"https:\/\/us.edu.pl\/instytut\/ipe\/?page_id=805"},"modified":"2020-09-12T11:09:54","modified_gmt":"2020-09-12T09:09:54","slug":"dr-eugeniusz-szymik","status":"publish","type":"page","link":"https:\/\/us.edu.pl\/instytut\/ipe\/dr-eugeniusz-szymik\/","title":{"rendered":"Dr Eugeniusz Szymik"},"content":{"rendered":"<p>[vc_row][vc_column width=&#8221;1\/4&#8243;][vc_single_image image=&#8221;737&#8243; img_size=&#8221;medium&#8221; style=&#8221;vc_box_shadow_3d&#8221;][\/vc_column][vc_column width=&#8221;3\/4&#8243; css=&#8221;.vc_custom_1597521185463{border-bottom-width: -30px !important;}&#8221;][vc_column_text]<\/p>\n<table style=\"width: 72.9397%\">\n<tbody>\n<tr>\n<td style=\"width: 24.6684%\"><span style=\"font-size: 12pt;font-family: tahoma, arial, helvetica, sans-serif\">Stanowisko:<\/span><\/p>\n<p><span style=\"font-size: 12pt;font-family: tahoma, arial, helvetica, sans-serif\">Grupa:<\/span><\/p>\n<p><span style=\"font-size: 12pt;font-family: tahoma, arial, helvetica, sans-serif\">Specjalno\u015b\u0107:<\/span><\/p>\n<p><span style=\"font-size: 12pt;font-family: tahoma, arial, helvetica, sans-serif\">Pok\u00f3j:<\/span><\/p>\n<p><span style=\"font-size: 12pt;font-family: tahoma, arial, helvetica, sans-serif\">Telefon:<\/span><\/p>\n<p><span style=\"font-size: 12pt;font-family: tahoma, arial, helvetica, sans-serif\">e-mail:<\/span><\/p>\n<p><span style=\"font-size: 12pt;font-family: tahoma, arial, helvetica, sans-serif\"><img class=\"size-full wp-image-275\" src=\"http:\/\/us.edu.pl\/instytut\/im\/wp-content\/uploads\/sites\/43\/Nieprzypisane\/ORCID.png\" alt=\"Logo ORCID\" width=\"71\" height=\"22\" \/><\/span><\/td>\n<td style=\"width: 78.7798%\"><span style=\"font-size: 12pt;font-family: tahoma, arial, helvetica, sans-serif\"><strong>Adiunkt<\/strong><\/span><\/p>\n<p><span style=\"font-size: 12pt;font-family: tahoma, arial, helvetica, sans-serif\"><strong>Pracownicy badawczo-dydaktyczni<\/strong><\/span><\/p>\n<p><span style=\"font-size: 12pt;font-family: tahoma, arial, helvetica, sans-serif\"><strong>Pedagogika<br \/>\n<\/strong><\/span><\/p>\n<p><span style=\"font-size: 12pt;font-family: tahoma, arial, helvetica, sans-serif\"><strong>427<\/strong><\/span><\/p>\n<p><span style=\"font-size: 12pt;font-family: tahoma, arial, helvetica, sans-serif\"><strong>brak<br \/>\n<\/strong><\/span><\/p>\n<p><span style=\"font-size: 12pt;font-family: tahoma, arial, helvetica, sans-serif\"><strong>eugeniusz.szymik@us.edu.pl<\/strong><\/span><\/p>\n<p><span style=\"font-size: 12pt;font-family: tahoma, arial, helvetica, sans-serif\"><strong><a href=\"https:\/\/orcid.org\/0000-0001-9142-2484\">0000-0001-9142-2484<\/a><\/strong><\/span><\/td>\n<\/tr>\n<\/tbody>\n<\/table>\n<p>[\/vc_column_text][\/vc_column][\/vc_row][vc_row][vc_column]\r\n\t\t\t\t<div class='container'>\r\n\t\t\t\t\t<div class='list-links list-links_blue'>\r\n\t\t\t\t\t\t  \r\n\t\t\t\t\t\t  <ul>\r\n\t\t\t\t\t\t\t\t<li><a href=''><p>Materia\u0142y dodatkowe<\/p><\/a><\/li><\/ul>\r\n\t\t\t\t\t<\/div>\r\n\t\t\t\t<\/div>   \r\n\t\t\t\t\t[\/vc_column][\/vc_row][vc_row][vc_column css=&#8221;.vc_custom_1597523042561{margin-bottom: -50px !important;}&#8221;]\r\n\t\t\t\t\t<div class='container'>\r\n\t\t\t\t\t\t<div class='sidebar_moduls sidebar_dropdown zakladki' style='background-color: #FFFFFF'>\r\n\t\t\t\t\t\t\t<h3 class='page-title'><\/h3>\r\n\t\t\t\t\t\t\t<p class='zakladki__desc'><\/p>\r\n\r\n\t\t\t\t\t\t\t<div class='bookmarks'>\r\n\t\t\t\t\t<div class=\"bookmark\">\r\n\t\t\t\t\t\t<div class=\"bookmark__title\">\r\n                            <h3>\r\n                                <span class=\"short\">Przebieg kariery naukowej<\/span>\r\n                                <span class=\"long\">Przebieg kariery naukowej<\/span>\r\n                            <\/h3>\r\n\t\t\t\t\t\t<\/div>\r\n\t\t\t\t\t\t\r\n\t\t\t\t\t\t<div class=\"bookmark__content-wrap\">\r\n\t\t\t\t\t\t\t<div class=\"bookmark__content\">\r\n\r\n\t\t\t\t\t\t\t\t\r\n\r\n\t\t\t\t\t\t\t\t<div class=\"bookmark_text\" style=\"font-size:20px;\">\r\n\t\t\t\t\t\t\t\t<li>1990r. \u2013 uzyskanie tytu\u0142u magistra filologii polskiej (Uniwersytet \u015al\u0105ski w Katowicach). \n<li>1997r. \u2013 uzyskanie trzeciego stopnia specjalizacji zawodowej w zakresie nauczania j\u0119zyka polskiego  (Centralny O\u015brodek Doskonalenia Nauczycieli w Warszawie).\n<li>2000r. \u2013 uzyskanie stopnia doktora nauk humanistycznych (Uniwersytet \u015al\u0105ski w Katowicach). \n<li>2005r. \u2013 recenzent podr\u0119cznik\u00f3w pt.  \u201eNasz wsp\u00f3lny \u015bwiat\u201d dla klasy pierwszej gimnazjum (Wydawnictwa Edukacyjne \u201eWiking\u201d).\n<li>2016r. \u2013 cz\u0142onek Polskiego Towarzystwa Profesjologicznego w Zielonej G\u00f3rze.  \n<li>2021r. \u2013 kierownik zespo\u0142u badawczego projektu pt. \u201eMetoda dramy w szkole podstawowej \u2013 badania eksperymentalne\u201d.\n\n\n\r\n\t\t\t\t\t\t\t\t<br>\r\n\t\t\t\t\t\t\t\t\r\n\t\t\t\t\t\t\t\t<\/div>\r\n\t\t\t\t\t\t\t<\/div>\r\n\t\t\t\t\t\t<\/div>\r\n\t\t\t\t\t<\/div>\r\n\t\t\t\t\t<div class=\"bookmark\">\r\n\t\t\t\t\t\t<div class=\"bookmark__title\">\r\n                            <h3>\r\n                                <span class=\"short\">Zainteresowania badawcze<\/span>\r\n                                <span class=\"long\">Zainteresowania badawcze<\/span>\r\n                            <\/h3>\r\n\t\t\t\t\t\t<\/div>\r\n\t\t\t\t\t\t\r\n\t\t\t\t\t\t<div class=\"bookmark__content-wrap\">\r\n\t\t\t\t\t\t\t<div class=\"bookmark__content\">\r\n\r\n\t\t\t\t\t\t\t\t\r\n\r\n\t\t\t\t\t\t\t\t<div class=\"bookmark_text\" style=\"font-size:20px;\">\r\n\t\t\t\t\t\t\t\t<li>drama w procesie nauczania i wychowania dzieci i m\u0142odzie\u017cy  na wszystkich szczeblach edukacji\n<li>rozwijanie kompetencji j\u0119zykowych i komunikacyjnych uczni\u00f3w\n<li>andragogika\n<li>edukacja regionalna\n<li>edukacja teatralna dzieci i m\u0142odzie\u017cy\n\n\n\r\n\t\t\t\t\t\t\t\t<br>\r\n\t\t\t\t\t\t\t\t\r\n\t\t\t\t\t\t\t\t<\/div>\r\n\t\t\t\t\t\t\t<\/div>\r\n\t\t\t\t\t\t<\/div>\r\n\t\t\t\t\t<\/div>\r\n\t\t\t\t\t<div class=\"bookmark\">\r\n\t\t\t\t\t\t<div class=\"bookmark__title\">\r\n                            <h3>\r\n                                <span class=\"short\">Najwa\u017cniejsze osi\u0105gni\u0119cia naukowe, wyr\u00f3\u017cnienia i nagrody<\/span>\r\n                                <span class=\"long\">Najwa\u017cniejsze osi\u0105gni\u0119cia naukowe, wyr\u00f3\u017cnienia i nagrody<\/span>\r\n                            <\/h3>\r\n\t\t\t\t\t\t<\/div>\r\n\t\t\t\t\t\t\r\n\t\t\t\t\t\t<div class=\"bookmark__content-wrap\">\r\n\t\t\t\t\t\t\t<div class=\"bookmark__content\">\r\n\r\n\t\t\t\t\t\t\t\t\r\n\r\n\t\t\t\t\t\t\t\t<div class=\"bookmark_text\" style=\"font-size:20px;\">\r\n\t\t\t\t\t\t\t\t<li>opublikowanie wsp\u00f3\u0142autorskiej ksi\u0105\u017cki o zasi\u0119gu mi\u0119dzynarodowym w j\u0119zyku angielskim na \u0141otwie pt. \u201e Drama: Theoretical Outline and Practical Aspects\u201d;\n<li>otrzymanie Nagrody Zespo\u0142owej Rektora III Stopnia za dzia\u0142alno\u015b\u0107 naukowo- badawcz\u0105 (2017r.);\n<li>otrzymanie Nagrody  Indywidualnej Rektora III Stopnia za dzia\u0142alno\u015b\u0107 naukowo- badawcz\u0105 (2018r.).\n\r\n\t\t\t\t\t\t\t\t<br>\r\n\t\t\t\t\t\t\t\t\r\n\t\t\t\t\t\t\t\t<\/div>\r\n\t\t\t\t\t\t\t<\/div>\r\n\t\t\t\t\t\t<\/div>\r\n\t\t\t\t\t<\/div>\r\n\t\t\t\t\t<div class=\"bookmark\">\r\n\t\t\t\t\t\t<div class=\"bookmark__title\">\r\n                            <h3>\r\n                                <span class=\"short\">Sta\u017ce naukowe\/Wizyty studyjne<\/span>\r\n                                <span class=\"long\">Sta\u017ce naukowe\/Wizyty studyjne<\/span>\r\n                            <\/h3>\r\n\t\t\t\t\t\t<\/div>\r\n\t\t\t\t\t\t\r\n\t\t\t\t\t\t<div class=\"bookmark__content-wrap\">\r\n\t\t\t\t\t\t\t<div class=\"bookmark__content\">\r\n\r\n\t\t\t\t\t\t\t\t\r\n\r\n\t\t\t\t\t\t\t\t<div class=\"bookmark_text\" style=\"font-size:20px;\">\r\n\t\t\t\t\t\t\t\t\r\n\t\t\t\t\t\t\t\t<br>\r\n\t\t\t\t\t\t\t\t\r\n\t\t\t\t\t\t\t\t<\/div>\r\n\t\t\t\t\t\t\t<\/div>\r\n\t\t\t\t\t\t<\/div>\r\n\t\t\t\t\t<\/div>\r\n\t\t\t\t\t<div class=\"bookmark\">\r\n\t\t\t\t\t\t<div class=\"bookmark__title\">\r\n                            <h3>\r\n                                <span class=\"short\">Cz\u0142onkostwo w radach naukowych i radach redakcyjnych <\/span>\r\n                                <span class=\"long\">Cz\u0142onkostwo w radach naukowych i radach redakcyjnych <\/span>\r\n                            <\/h3>\r\n\t\t\t\t\t\t<\/div>\r\n\t\t\t\t\t\t\r\n\t\t\t\t\t\t<div class=\"bookmark__content-wrap\">\r\n\t\t\t\t\t\t\t<div class=\"bookmark__content\">\r\n\r\n\t\t\t\t\t\t\t\t\r\n\r\n\t\t\t\t\t\t\t\t<div class=\"bookmark_text\" style=\"font-size:20px;\">\r\n\t\t\t\t\t\t\t\t\r\n\t\t\t\t\t\t\t\t<br>\r\n\t\t\t\t\t\t\t\t\r\n\t\t\t\t\t\t\t\t<\/div>\r\n\t\t\t\t\t\t\t<\/div>\r\n\t\t\t\t\t\t<\/div>\r\n\t\t\t\t\t<\/div><\/div>\r\n\t\t\t\t\t\t<\/div>\r\n\t\t\t\t\t <\/div>[\/vc_column][\/vc_row]<\/p>","protected":false},"excerpt":{"rendered":"<p>[vc_row][vc_column width=&#8221;1\/4&#8243;][vc_single_image image=&#8221;737&#8243; img_size=&#8221;medium&#8221; style=&#8221;vc_box_shadow_3d&#8221;][\/vc_column][vc_column width=&#8221;3\/4&#8243; css=&#8221;.vc_custom_1597521185463{border-bottom-width: -30px !important;}&#8221;][vc_column_text] Stanowisko: Grupa: Specjalno\u015b\u0107: Pok\u00f3j: Telefon: e-mail: Adiunkt Pracownicy badawczo-dydaktyczni Pedagogika 427 brak eugeniusz.szymik@us.edu.pl 0000-0001-9142-2484 [\/vc_column_text][\/vc_column][\/vc_row][vc_row][vc_column][\/vc_column][\/vc_row][vc_row][vc_column css=&#8221;.vc_custom_1597523042561{margin-bottom: -50px !important;}&#8221;][\/vc_column][\/vc_row] [&#8230;]<\/p>\n<p><a class=\"btn btn-secondary understrap-read-more-link\" href=\"https:\/\/us.edu.pl\/instytut\/ipe\/dr-eugeniusz-szymik\/\">Read More&#8230;<\/a><\/p>\n","protected":false},"author":2293,"featured_media":0,"parent":0,"menu_order":0,"comment_status":"closed","ping_status":"closed","template":"page-templates\/page-with-bookmarks.php","meta":{"_expiration-date-status":"saved","_expiration-date":0,"_expiration-date-type":"","_expiration-date-categories":[],"_expiration-date-options":[]},"acf":[],"_links":{"self":[{"href":"https:\/\/us.edu.pl\/instytut\/ipe\/wp-json\/wp\/v2\/pages\/805"}],"collection":[{"href":"https:\/\/us.edu.pl\/instytut\/ipe\/wp-json\/wp\/v2\/pages"}],"about":[{"href":"https:\/\/us.edu.pl\/instytut\/ipe\/wp-json\/wp\/v2\/types\/page"}],"author":[{"embeddable":true,"href":"https:\/\/us.edu.pl\/instytut\/ipe\/wp-json\/wp\/v2\/users\/2293"}],"replies":[{"embeddable":true,"href":"https:\/\/us.edu.pl\/instytut\/ipe\/wp-json\/wp\/v2\/comments?post=805"}],"version-history":[{"count":3,"href":"https:\/\/us.edu.pl\/instytut\/ipe\/wp-json\/wp\/v2\/pages\/805\/revisions"}],"predecessor-version":[{"id":935,"href":"https:\/\/us.edu.pl\/instytut\/ipe\/wp-json\/wp\/v2\/pages\/805\/revisions\/935"}],"wp:attachment":[{"href":"https:\/\/us.edu.pl\/instytut\/ipe\/wp-json\/wp\/v2\/media?parent=805"}],"curies":[{"name":"wp","href":"https:\/\/api.w.org\/{rel}","templated":true}]}}