{"id":822,"date":"2020-08-21T20:50:59","date_gmt":"2020-08-21T18:50:59","guid":{"rendered":"https:\/\/us.edu.pl\/instytut\/ipe\/?page_id=822"},"modified":"2020-09-15T18:55:00","modified_gmt":"2020-09-15T16:55:00","slug":"dr-renata-raszka","status":"publish","type":"page","link":"https:\/\/us.edu.pl\/instytut\/ipe\/dr-renata-raszka\/","title":{"rendered":"Dr Renata Raszka"},"content":{"rendered":"<p>[vc_row][vc_column width=&#8221;1\/4&#8243;][vc_single_image image=&#8221;968&#8243; img_size=&#8221;medium&#8221; style=&#8221;vc_box_shadow_3d&#8221;][\/vc_column][vc_column width=&#8221;3\/4&#8243; css=&#8221;.vc_custom_1597521185463{border-bottom-width: -30px !important;}&#8221;][vc_column_text]<\/p>\n<table style=\"width: 72.9397%\">\n<tbody>\n<tr>\n<td style=\"width: 24.6684%\"><span style=\"font-size: 12pt;font-family: tahoma, arial, helvetica, sans-serif\">Stanowisko:<\/span><\/p>\n<p><span style=\"font-size: 12pt;font-family: tahoma, arial, helvetica, sans-serif\">Grupa:<\/span><\/p>\n<p><span style=\"font-size: 12pt;font-family: tahoma, arial, helvetica, sans-serif\">Specjalno\u015b\u0107:<\/span><\/p>\n<p><span style=\"font-size: 12pt;font-family: tahoma, arial, helvetica, sans-serif\">Pok\u00f3j:<\/span><\/p>\n<p><span style=\"font-size: 12pt;font-family: tahoma, arial, helvetica, sans-serif\">Telefon:<\/span><\/p>\n<p><span style=\"font-size: 12pt;font-family: tahoma, arial, helvetica, sans-serif\">e-mail:<\/span><\/p>\n<p><span style=\"font-size: 12pt;font-family: tahoma, arial, helvetica, sans-serif\"><img class=\"size-full wp-image-275\" src=\"http:\/\/us.edu.pl\/instytut\/im\/wp-content\/uploads\/sites\/43\/Nieprzypisane\/ORCID.png\" alt=\"Logo ORCID\" width=\"71\" height=\"22\" \/><\/span><\/td>\n<td style=\"width: 78.7798%\"><span style=\"font-size: 12pt;font-family: tahoma, arial, helvetica, sans-serif\"><strong>Adiunkt<\/strong><\/span><\/p>\n<p><span style=\"font-size: 12pt;font-family: tahoma, arial, helvetica, sans-serif\"><strong>Pracownicy badawczo-dydaktyczni<\/strong><\/span><\/p>\n<p><span style=\"font-size: 12pt;font-family: tahoma, arial, helvetica, sans-serif\"><strong>Pedagogika<br \/>\n<\/strong><\/span><\/p>\n<p>&nbsp;<\/p>\n<p>&nbsp;<\/p>\n<p><span style=\"font-size: 12pt;font-family: tahoma, arial, helvetica, sans-serif\"><strong> renata.raszka@us.edu.pl<\/strong><\/span><\/p>\n<p><span style=\"font-size: 12pt;font-family: tahoma, arial, helvetica, sans-serif\"><strong><a href=\"https:\/\/orcid.org\/0000-0002-3318-0699\">0000-0002-3318-0699<\/a><\/strong><\/span><\/td>\n<\/tr>\n<\/tbody>\n<\/table>\n<p>[\/vc_column_text][\/vc_column][\/vc_row][vc_row][vc_column]\r\n\t\t\t\t<div class='container'>\r\n\t\t\t\t\t<div class='list-links list-links_blue'>\r\n\t\t\t\t\t\t  \r\n\t\t\t\t\t\t  <ul>\r\n\t\t\t\t\t\t\t\t<li><a href=''><p>Materia\u0142y dodatkowe<\/p><\/a><\/li><\/ul>\r\n\t\t\t\t\t<\/div>\r\n\t\t\t\t<\/div>   \r\n\t\t\t\t\t[\/vc_column][\/vc_row][vc_row][vc_column css=&#8221;.vc_custom_1597523042561{margin-bottom: -50px !important;}&#8221;]\r\n\t\t\t\t\t<div class='container'>\r\n\t\t\t\t\t\t<div class='sidebar_moduls sidebar_dropdown zakladki' style='background-color: #FFFFFF'>\r\n\t\t\t\t\t\t\t<h3 class='page-title'><\/h3>\r\n\t\t\t\t\t\t\t<p class='zakladki__desc'><\/p>\r\n\r\n\t\t\t\t\t\t\t<div class='bookmarks'>\r\n\t\t\t\t\t<div class=\"bookmark\">\r\n\t\t\t\t\t\t<div class=\"bookmark__title\">\r\n                            <h3>\r\n                                <span class=\"short\">Przebieg kariery naukowej<\/span>\r\n                                <span class=\"long\">Przebieg kariery naukowej<\/span>\r\n                            <\/h3>\r\n\t\t\t\t\t\t<\/div>\r\n\t\t\t\t\t\t\r\n\t\t\t\t\t\t<div class=\"bookmark__content-wrap\">\r\n\t\t\t\t\t\t\t<div class=\"bookmark__content\">\r\n\r\n\t\t\t\t\t\t\t\t\r\n\r\n\t\t\t\t\t\t\t\t<div class=\"bookmark_text\" style=\"font-size:20px;\">\r\n\t\t\t\t\t\t\t\t<li>1999r. - uzyskanie tytu\u0142u magistra pedagogiki \u2013 specjalno\u015b\u0107 edukacja wczesnoszkolna, na podstawie pracy magisterskiej Intelektualne zdolno\u015bci a uzdolnienia muzyczne uczni\u00f3w w m\u0142odszym wieku szkolnym, pod kierunkiem Dr Urszuli Morszczy\u0144skiej, Wydzia\u0142 Pedagogiczno-Artystyczny Uniwersytetu \u015al\u0105skiego w Katowicach.\n<li>2000r. - uzyskanie tytu\u0142u magistra pedagogiki muzycznej \u2013 specjalno\u015b\u0107 wychowanie muzyczne w edukacji wczesnoszkolnej na podstawie pracy magisterskiej Uzdolnienia muzyczne a zainteresowania dzieci w m\u0142odszym wieku szkolnym, pod kierunkiem Prof. dra hab. Alojzego Suchanka, Wydzia\u0142 Pedagogiczno-Artystyczny Uniwersytetu \u015al\u0105skiego w Katowicach.\n<li>2005r. - uzyskanie stopnia doktora nauk humanistycznych w zakresie pedagogiki na podstawie rozprawy Komputerowe wspomaganie procesu zintegrowanej edukacji matematycznej uczni\u00f3w klas pierwszych w zakresie arytmetyki, pod kierunkiem Prof. zw. dra hab. Stanis\u0142awa Juszczyka. Wydzia\u0142 Pedagogiki i Psychologii Uniwersytetu \u015al\u0105skiego w Katowicach.\n<li> 2004r. - uko\u0144czenie studi\u00f3w podyplomowych z zakresu metodyczno-pedagogicznego nauczania j\u0119zyka angielskiego, praca dyplomowa Learner Autonomy. OLYMPUS Szko\u0142a Wy\u017csza im. Romualda Kudli\u0144skiego w Warszawie.\n<li>2012r. - promotor prac dyplomowych w ramach studi\u00f3w I i II stopnia.\n<li>2015r. - uko\u0144czenie kursu kwalifikacyjnego Zarz\u0105dzanie w o\u015bwiacie. Regionalny O\u015brodek Doskonalenia Nauczycieli \u201eWOM\u201d w Bielsku-Bia\u0142ej.\n<li>2015r. \u2013 uko\u0144czenie szkolenia I stopnia uczenie matematyki Metod\u0105 Hejnego.\n<li> 2016r. - udzia\u0142 w Letn\u00ed \u0161kola s metodou Hejn\u00e9ho na 1. stupni Z\u0160 pro pokro\u010dil\u00e9 i uko\u0144czenie szkolenia II stopnia uczenie matematyki Metod\u0105 Hejnego, Lu\u010dina.\n\n\n\n\n\n\r\n\t\t\t\t\t\t\t\t<br>\r\n\t\t\t\t\t\t\t\t\r\n\t\t\t\t\t\t\t\t<\/div>\r\n\t\t\t\t\t\t\t<\/div>\r\n\t\t\t\t\t\t<\/div>\r\n\t\t\t\t\t<\/div>\r\n\t\t\t\t\t<div class=\"bookmark\">\r\n\t\t\t\t\t\t<div class=\"bookmark__title\">\r\n                            <h3>\r\n                                <span class=\"short\">Zainteresowania badawcze<\/span>\r\n                                <span class=\"long\">Zainteresowania badawcze<\/span>\r\n                            <\/h3>\r\n\t\t\t\t\t\t<\/div>\r\n\t\t\t\t\t\t\r\n\t\t\t\t\t\t<div class=\"bookmark__content-wrap\">\r\n\t\t\t\t\t\t\t<div class=\"bookmark__content\">\r\n\r\n\t\t\t\t\t\t\t\t\r\n\r\n\t\t\t\t\t\t\t\t<div class=\"bookmark_text\" style=\"font-size:20px;\">\r\n\t\t\t\t\t\t\t\t<li>wychowanie ekonomiczne w klasach I-III szko\u0142y podstawowej,\n<li>edukacja dla przedsi\u0119biorczo\u015bci, ze szczeg\u00f3lnym uwzgl\u0119dnieniem przedsi\u0119biorczo\u015bci indywidualnej oraz otoczenia przedsi\u0119biorczo\u015bci (tj. edukacji ekonomicznej i edukacji finansowej),\n<li>przygotowanie przysz\u0142ych pedagog\u00f3w do stosowania przedsi\u0119biorczej dydaktyki w rozwijaniu kompetencji inicjatywno\u015bci i przedsi\u0119biorczo\u015bci najm\u0142odszych uczni\u00f3w,\n<li>metodyka edukacji matematycznej dzieci w wieku przedszkolnym \ni wczesnoszkolnym,\n<li>technologie informacyjno-komunikacyjne w procesie nauczania-uczenia si\u0119 i wychowania,\n<li>edukacja medialna.\n\n\n\n\r\n\t\t\t\t\t\t\t\t<br>\r\n\t\t\t\t\t\t\t\t\r\n\t\t\t\t\t\t\t\t<\/div>\r\n\t\t\t\t\t\t\t<\/div>\r\n\t\t\t\t\t\t<\/div>\r\n\t\t\t\t\t<\/div>\r\n\t\t\t\t\t<div class=\"bookmark\">\r\n\t\t\t\t\t\t<div class=\"bookmark__title\">\r\n                            <h3>\r\n                                <span class=\"short\">Najwa\u017cniejsze osi\u0105gni\u0119cia naukowe, wyr\u00f3\u017cnienia i nagrody<\/span>\r\n                                <span class=\"long\">Najwa\u017cniejsze osi\u0105gni\u0119cia naukowe, wyr\u00f3\u017cnienia i nagrody<\/span>\r\n                            <\/h3>\r\n\t\t\t\t\t\t<\/div>\r\n\t\t\t\t\t\t\r\n\t\t\t\t\t\t<div class=\"bookmark__content-wrap\">\r\n\t\t\t\t\t\t\t<div class=\"bookmark__content\">\r\n\r\n\t\t\t\t\t\t\t\t\r\n\r\n\t\t\t\t\t\t\t\t<div class=\"bookmark_text\" style=\"font-size:20px;\">\r\n\t\t\t\t\t\t\t\t<li>udzia\u0142 w organizowaniu cyklicznych, mi\u0119dzynarodowych konferencji naukowych Innowacyjno\u015b\u0107 w praktyce pedagogicznej, Innowacyjno\u015b\u0107 w badaniach pedagogicznych (od 2015r.), Uniwersytet \u015al\u0105ski w Katowicach;\n<li> realizacja autorskiego projektu Odkrywcy \u015bwiata ekonomicznego w Klimatycznej SP nr 2 w Ustroniu \u2013 z uczniami trzecich klas edukacji wczesnoszkolnej (2017 \u2013 2018) w ramach umowy dydaktyczno-naukowej zawartej mi\u0119dzy Uniwersytetem \u015al\u0105skim w Katowicach a w\/w Szko\u0142\u0105.\n\n\n\n\r\n\t\t\t\t\t\t\t\t<br>\r\n\t\t\t\t\t\t\t\t\r\n\t\t\t\t\t\t\t\t<\/div>\r\n\t\t\t\t\t\t\t<\/div>\r\n\t\t\t\t\t\t<\/div>\r\n\t\t\t\t\t<\/div>\r\n\t\t\t\t\t<div class=\"bookmark\">\r\n\t\t\t\t\t\t<div class=\"bookmark__title\">\r\n                            <h3>\r\n                                <span class=\"short\">Sta\u017ce naukowe\/Wizyty studyjne<\/span>\r\n                                <span class=\"long\">Sta\u017ce naukowe\/Wizyty studyjne<\/span>\r\n                            <\/h3>\r\n\t\t\t\t\t\t<\/div>\r\n\t\t\t\t\t\t\r\n\t\t\t\t\t\t<div class=\"bookmark__content-wrap\">\r\n\t\t\t\t\t\t\t<div class=\"bookmark__content\">\r\n\r\n\t\t\t\t\t\t\t\t\r\n\r\n\t\t\t\t\t\t\t\t<div class=\"bookmark_text\" style=\"font-size:20px;\">\r\n\t\t\t\t\t\t\t\t<li>Wyjazdy stypendialne jako pracownik U\u015a za granic\u0119 (Staff Mobility For Teaching) w celu prowadzenia zaj\u0119\u0107 dydaktycznych w ramach programu Erasmus +  \n<br>22\/04\/2015 \u2013 23\/04\/2015 \u2013 Uniwersytet im. Mateja Bela w Ba\u0144skiej Bystrzycy, Wydzia\u0142 Edukacji, S\u0142owacja\n<br>22\/05\/2017 \u2013 26\/05\/2017 \u2013 Uniwersytet Karola w Pradze, Wydzia\u0142 Edukacji, Czechy\n<br>09\/04\/2018 \u2013 13\/04\/2018 \u2013 Uniwersytet Karola w Pradze, Wydzia\u0142 Edukacji, Czechy.\n<li> Wsp\u00f3\u0142praca dydaktyczno-naukowa Uniwersytetu \u015al\u0105skiego z Klimatyczn\u0105 Szko\u0142\u0105 Podstawow\u0105 nr 2 w Ustroniu\n<li>Reprezentuj\u0119 Uniwersytet \u015al\u0105ski i koordynuj\u0119 wsp\u00f3\u0142prac\u0119 dydaktyczno-naukow\u0105 z ramienia Uniwersytetu - z Klimatyczn\u0105 SP nr 2 w Ustroniu w oparciu o podpisan\u0105 umow\u0119 dydaktyczno-naukow\u0105 Uniwersytetu \u015al\u0105skiego w Katowicach, Wydzia\u0142u Etnologii i Nauk o Edukacji w Cieszynie z Klimatyczn\u0105 Szko\u0142\u0105 Podstawow\u0105 nr 2 w Ustroniu z dnia 4.09.2017, na czas 3 lat z mo\u017cliwo\u015bci\u0105 przed\u0142u\u017cenia. W ramach tej wsp\u00f3\u0142pracy zrealizowa\u0142am m.in. autorski projekt edukacyjny - Odkrywcy \u015bwiata ekonomicznego \u2013 w trakcie cotygodniowych zaj\u0119\u0107 z uczniami trzecich klas edukacji wczesnoszkolnej od pa\u017adziernika 2017 roku do czerwca 2018 roku.\n\n\n\n\r\n\t\t\t\t\t\t\t\t<br>\r\n\t\t\t\t\t\t\t\t\r\n\t\t\t\t\t\t\t\t<\/div>\r\n\t\t\t\t\t\t\t<\/div>\r\n\t\t\t\t\t\t<\/div>\r\n\t\t\t\t\t<\/div>\r\n\t\t\t\t\t<div class=\"bookmark\">\r\n\t\t\t\t\t\t<div class=\"bookmark__title\">\r\n                            <h3>\r\n                                <span class=\"short\">Cz\u0142onkostwo w radach naukowych i radach redakcyjnych <\/span>\r\n                                <span class=\"long\">Cz\u0142onkostwo w radach naukowych i radach redakcyjnych <\/span>\r\n                            <\/h3>\r\n\t\t\t\t\t\t<\/div>\r\n\t\t\t\t\t\t\r\n\t\t\t\t\t\t<div class=\"bookmark__content-wrap\">\r\n\t\t\t\t\t\t\t<div class=\"bookmark__content\">\r\n\r\n\t\t\t\t\t\t\t\t\r\n\r\n\t\t\t\t\t\t\t\t<div class=\"bookmark_text\" style=\"font-size:20px;\">\r\n\t\t\t\t\t\t\t\t<li>2013r. - cz\u0142onek Zadaniowego Zespo\u0142u Samokszta\u0142ceniowego i Samopomocy Kole\u017ce\u0144skiej Doktor\u00f3w pod patronatem KNP PAN. \n<li>2015r. - cz\u0142onek PTP oddzia\u0142 w Cieszynie.\n\n\r\n\t\t\t\t\t\t\t\t<br>\r\n\t\t\t\t\t\t\t\t\r\n\t\t\t\t\t\t\t\t<\/div>\r\n\t\t\t\t\t\t\t<\/div>\r\n\t\t\t\t\t\t<\/div>\r\n\t\t\t\t\t<\/div><\/div>\r\n\t\t\t\t\t\t<\/div>\r\n\t\t\t\t\t <\/div>[\/vc_column][\/vc_row]<\/p>","protected":false},"excerpt":{"rendered":"<p>[vc_row][vc_column width=&#8221;1\/4&#8243;][vc_single_image image=&#8221;968&#8243; img_size=&#8221;medium&#8221; style=&#8221;vc_box_shadow_3d&#8221;][\/vc_column][vc_column width=&#8221;3\/4&#8243; css=&#8221;.vc_custom_1597521185463{border-bottom-width: -30px !important;}&#8221;][vc_column_text] Stanowisko: Grupa: Specjalno\u015b\u0107: Pok\u00f3j: Telefon: e-mail: Adiunkt Pracownicy badawczo-dydaktyczni Pedagogika &nbsp; &nbsp; renata.raszka@us.edu.pl 0000-0002-3318-0699 [\/vc_column_text][\/vc_column][\/vc_row][vc_row][vc_column][\/vc_column][\/vc_row][vc_row][vc_column css=&#8221;.vc_custom_1597523042561{margin-bottom: -50px !important;}&#8221;][\/vc_column][\/vc_row] [&#8230;]<\/p>\n<p><a class=\"btn btn-secondary understrap-read-more-link\" href=\"https:\/\/us.edu.pl\/instytut\/ipe\/dr-renata-raszka\/\">Read More&#8230;<\/a><\/p>\n","protected":false},"author":201,"featured_media":0,"parent":0,"menu_order":0,"comment_status":"closed","ping_status":"closed","template":"page-templates\/page-with-bookmarks.php","meta":{"_expiration-date-status":"saved","_expiration-date":0,"_expiration-date-type":"","_expiration-date-categories":[],"_expiration-date-options":[]},"acf":[],"_links":{"self":[{"href":"https:\/\/us.edu.pl\/instytut\/ipe\/wp-json\/wp\/v2\/pages\/822"}],"collection":[{"href":"https:\/\/us.edu.pl\/instytut\/ipe\/wp-json\/wp\/v2\/pages"}],"about":[{"href":"https:\/\/us.edu.pl\/instytut\/ipe\/wp-json\/wp\/v2\/types\/page"}],"author":[{"embeddable":true,"href":"https:\/\/us.edu.pl\/instytut\/ipe\/wp-json\/wp\/v2\/users\/201"}],"replies":[{"embeddable":true,"href":"https:\/\/us.edu.pl\/instytut\/ipe\/wp-json\/wp\/v2\/comments?post=822"}],"version-history":[{"count":2,"href":"https:\/\/us.edu.pl\/instytut\/ipe\/wp-json\/wp\/v2\/pages\/822\/revisions"}],"predecessor-version":[{"id":969,"href":"https:\/\/us.edu.pl\/instytut\/ipe\/wp-json\/wp\/v2\/pages\/822\/revisions\/969"}],"wp:attachment":[{"href":"https:\/\/us.edu.pl\/instytut\/ipe\/wp-json\/wp\/v2\/media?parent=822"}],"curies":[{"name":"wp","href":"https:\/\/api.w.org\/{rel}","templated":true}]}}