{"id":856,"date":"2020-08-22T08:57:18","date_gmt":"2020-08-22T06:57:18","guid":{"rendered":"https:\/\/us.edu.pl\/instytut\/ipe\/?page_id=856"},"modified":"2020-09-03T10:00:22","modified_gmt":"2020-09-03T08:00:22","slug":"dr-hab-edyta-widawska","status":"publish","type":"page","link":"https:\/\/us.edu.pl\/instytut\/ipe\/dr-hab-edyta-widawska\/","title":{"rendered":"Dr hab. Edyta Widawska, prof. U\u015a"},"content":{"rendered":"<p>[vc_row][vc_column width=&#8221;1\/4&#8243;][vc_single_image image=&#8221;911&#8243; img_size=&#8221;medium&#8221; style=&#8221;vc_box_shadow_3d&#8221;][\/vc_column][vc_column width=&#8221;3\/4&#8243; css=&#8221;.vc_custom_1597521185463{border-bottom-width: -30px !important;}&#8221;][vc_column_text]<\/p>\n<table style=\"width: 72.9397%\">\n<tbody>\n<tr>\n<td style=\"width: 24.6684%\"><span style=\"font-size: 12pt;font-family: tahoma, arial, helvetica, sans-serif\">Stanowisko:<\/span><\/p>\n<p><span style=\"font-size: 12pt;font-family: tahoma, arial, helvetica, sans-serif\">Grupa:<\/span><\/p>\n<p><span style=\"font-size: 12pt;font-family: tahoma, arial, helvetica, sans-serif\">Specjalno\u015b\u0107:<\/span><\/p>\n<p><span style=\"font-size: 12pt;font-family: tahoma, arial, helvetica, sans-serif\">Pok\u00f3j:<\/span><\/p>\n<p><span style=\"font-size: 12pt;font-family: tahoma, arial, helvetica, sans-serif\">Telefon:<\/span><\/p>\n<p><span style=\"font-size: 12pt;font-family: tahoma, arial, helvetica, sans-serif\">e-mail:<\/span><\/p>\n<p><span style=\"font-size: 12pt;font-family: tahoma, arial, helvetica, sans-serif\"><img class=\"size-full wp-image-275\" src=\"http:\/\/us.edu.pl\/instytut\/im\/wp-content\/uploads\/sites\/43\/Nieprzypisane\/ORCID.png\" alt=\"Logo ORCID\" width=\"71\" height=\"22\" \/><\/span><\/td>\n<td style=\"width: 78.7798%\"><span style=\"font-size: 12pt;font-family: tahoma, arial, helvetica, sans-serif\"><strong>Profesor Uczelni<\/strong><\/span><\/p>\n<p><span style=\"font-size: 12pt;font-family: tahoma, arial, helvetica, sans-serif\"><strong>Pracownicy badawczo-dydaktyczni<\/strong><\/span><\/p>\n<p><span style=\"font-size: 12pt;font-family: tahoma, arial, helvetica, sans-serif\"><strong>Pedagogika<br \/>\n<\/strong><\/span><\/p>\n<p><span style=\"font-size: 12pt;font-family: tahoma, arial, helvetica, sans-serif\"><strong>431<\/strong><\/span><\/p>\n<p><span style=\"font-size: 12pt;font-family: tahoma, arial, helvetica, sans-serif\"><strong>\u00a032 359 97 48<br \/>\n<\/strong><\/span><\/p>\n<p><span style=\"font-size: 12pt;font-family: tahoma, arial, helvetica, sans-serif\"><strong> edyta.widawska@us.edu.pl<\/strong><\/span><\/p>\n<p><span style=\"font-size: 12pt;font-family: tahoma, arial, helvetica, sans-serif\"><strong><a href=\"https:\/\/orcid.org\/0000-0002-0964-0341\">0000-0002-0964-0341<\/a><\/strong><\/span><\/td>\n<\/tr>\n<\/tbody>\n<\/table>\n<p>[\/vc_column_text][\/vc_column][\/vc_row][vc_row][vc_column]\r\n\t\t\t\t<div class='container'>\r\n\t\t\t\t\t<div class='list-links list-links_blue'>\r\n\t\t\t\t\t\t  \r\n\t\t\t\t\t\t  <ul>\r\n\t\t\t\t\t\t\t\t<li><a href=''><p>Materia\u0142y dodatkowe<\/p><\/a><\/li><\/ul>\r\n\t\t\t\t\t<\/div>\r\n\t\t\t\t<\/div>   \r\n\t\t\t\t\t[\/vc_column][\/vc_row][vc_row][vc_column css=&#8221;.vc_custom_1597523042561{margin-bottom: -50px !important;}&#8221;]\r\n\t\t\t\t\t<div class='container'>\r\n\t\t\t\t\t\t<div class='sidebar_moduls sidebar_dropdown zakladki' style='background-color: #FFFFFF'>\r\n\t\t\t\t\t\t\t<h3 class='page-title'><\/h3>\r\n\t\t\t\t\t\t\t<p class='zakladki__desc'><\/p>\r\n\r\n\t\t\t\t\t\t\t<div class='bookmarks'>\r\n\t\t\t\t\t<div class=\"bookmark\">\r\n\t\t\t\t\t\t<div class=\"bookmark__title\">\r\n                            <h3>\r\n                                <span class=\"short\">Przebieg kariery naukowej<\/span>\r\n                                <span class=\"long\">Przebieg kariery naukowej<\/span>\r\n                            <\/h3>\r\n\t\t\t\t\t\t<\/div>\r\n\t\t\t\t\t\t\r\n\t\t\t\t\t\t<div class=\"bookmark__content-wrap\">\r\n\t\t\t\t\t\t\t<div class=\"bookmark__content\">\r\n\r\n\t\t\t\t\t\t\t\t\r\n\r\n\t\t\t\t\t\t\t\t<div class=\"bookmark_text\" style=\"font-size:20px;\">\r\n\t\t\t\t\t\t\t\t<li>2019 \u2013 uzyskanie stopnia doktora habilitowanego w zakresie pedagogiki, Uniwersytet \u015al\u0105ski w Katowicach\n<li>2012-2013 \u2013 Studia Podyplomowe \u201eMened\u017cer Projekt\u00f3w Badawczych\u201d, Wy\u017csza Szko\u0142a Ekonomii i Innowacji w Lublinie \n<li>2003 \u2013 uzyskanie stopnia doktora nauk humanistycznych w zakresie socjologii (praca wyr\u00f3\u017cniona), Uniwersytet \u015al\u0105ski w Katowicach \n<li>1999 \u2013 Studia Podyplomowe \u201eSzko\u0142a Praw Cz\u0142owieka\u201d, Helsi\u0144ska Fundacja Praw Cz\u0142owieka \n<li>1998 \u2013 Studia Podyplomowe \u201eStudium Pomocy Psychologicznej\u201d, Instytut Psychologii Zdrowia Polskiego Towarzystwa Psychologicznego\n<li>1996-2001 \u2013 Studia doktoranckie, Uniwersytet \u015al\u0105ski w Katowicach Wydzia\u0142 Nauk Spo\u0142ecznych\n<li>1995 \u2013 uzyskanie tytu\u0142u magistra pedagogiki o specjalno\u015bci pedagogika spo\u0142eczna, Wy\u017csza Szko\u0142a Pedagogiczna w Cz\u0119stochowie\n<br>\n<br>\n<li>Kierowanie projektami badawczymi i wdro\u017ceniowymi, uczestniczenie w zespo\u0142ach projektowych krajowych i mi\u0119dzynarodowych (\u0142\u0105cznie w ponad 30. projektach), dzia\u0142ania realizowane w ramach funduszy strukturalnych, ministerialnych i NCBiR.\n\n\n\r\n\t\t\t\t\t\t\t\t<br>\r\n\t\t\t\t\t\t\t\t\r\n\t\t\t\t\t\t\t\t<\/div>\r\n\t\t\t\t\t\t\t<\/div>\r\n\t\t\t\t\t\t<\/div>\r\n\t\t\t\t\t<\/div>\r\n\t\t\t\t\t<div class=\"bookmark\">\r\n\t\t\t\t\t\t<div class=\"bookmark__title\">\r\n                            <h3>\r\n                                <span class=\"short\">Zainteresowania badawcze<\/span>\r\n                                <span class=\"long\">Zainteresowania badawcze<\/span>\r\n                            <\/h3>\r\n\t\t\t\t\t\t<\/div>\r\n\t\t\t\t\t\t\r\n\t\t\t\t\t\t<div class=\"bookmark__content-wrap\">\r\n\t\t\t\t\t\t\t<div class=\"bookmark__content\">\r\n\r\n\t\t\t\t\t\t\t\t\r\n\r\n\t\t\t\t\t\t\t\t<div class=\"bookmark_text\" style=\"font-size:20px;\">\r\n\t\t\t\t\t\t\t\tDzia\u0142ania animacyjne jako wsparcie proces\u00f3w inkluzywnych i ich oddzia\u0142ywanie w przestrzeni spo\u0142ecznej ze szczeg\u00f3lnym uwzgl\u0119dnieniem:\n<li>animacji spo\u0142ecznej, aktywizacji spo\u0142eczno\u015bci lokalnych i partycypacji spo\u0142ecznej,\n<li> edukacji mi\u0119dzykulturowej, mediacji i negocjacji spo\u0142ecznych,\n<li>praw cz\u0142owieka, dzia\u0142a\u0144 inkluzywnych i pror\u00f3wno\u015bciowych,\n<li>edukacyjnej analizy transakcyjnej.\n\n\n\n\r\n\t\t\t\t\t\t\t\t<br>\r\n\t\t\t\t\t\t\t\t\r\n\t\t\t\t\t\t\t\t<\/div>\r\n\t\t\t\t\t\t\t<\/div>\r\n\t\t\t\t\t\t<\/div>\r\n\t\t\t\t\t<\/div>\r\n\t\t\t\t\t<div class=\"bookmark\">\r\n\t\t\t\t\t\t<div class=\"bookmark__title\">\r\n                            <h3>\r\n                                <span class=\"short\">Najwa\u017cniejsze osi\u0105gni\u0119cia naukowe, wyr\u00f3\u017cnienia i nagrody<\/span>\r\n                                <span class=\"long\">Najwa\u017cniejsze osi\u0105gni\u0119cia naukowe, wyr\u00f3\u017cnienia i nagrody<\/span>\r\n                            <\/h3>\r\n\t\t\t\t\t\t<\/div>\r\n\t\t\t\t\t\t\r\n\t\t\t\t\t\t<div class=\"bookmark__content-wrap\">\r\n\t\t\t\t\t\t\t<div class=\"bookmark__content\">\r\n\r\n\t\t\t\t\t\t\t\t\r\n\r\n\t\t\t\t\t\t\t\t<div class=\"bookmark_text\" style=\"font-size:20px;\">\r\n\t\t\t\t\t\t\t\t<li>autorstwo, wsp\u00f3\u0142autorstwo, redakcja 9 opracowa\u0144 zwartych, 65 artyku\u0142\u00f3w oraz 12 prac o charakterze popularnonaukowym, \n<li>organizowanie i wsp\u00f3\u0142organizowanie 14 konferencji naukowych (w tym 11 mi\u0119dzynarodowych i 2 zagranicznych),\n<li>wieloletnia dzia\u0142alno\u015b\u0107 trenerska i edukatorska w zakresie dzia\u0142a\u0144 r\u00f3wno\u015bciowych i stra\u017cniczych, monitoringu i praw cz\u0142owieka w kraju oraz za granic\u0105 (m.in. Armenia, Azerbejd\u017can, Bia\u0142oru\u015b, Gruzja, Kirgistan, Kazachstan, Rosja, Serbia, Ukraina), wsp\u00f3\u0142praca z wieloma organizacjami pozarz\u0105dowymi,\n<li>realizacja projekt\u00f3w we wsp\u00f3\u0142pracy z instytucjami zaanga\u017cowanymi we wprowadzanie polityk r\u00f3wno\u015bciowych na poziomie krajowym i mi\u0119dzynarodowym (m.in. RPO, MAiC, OBWE, ONZ, RE, UE, UNHCR),\n<li>popularyzacja nauki m.in. w ramach organizacji Objazdowego Festiwalu Filmowego \u201cWatch Docs. Prawa cz\u0142owieka w filmie\u201d oraz wsp\u00f3\u0142prac\u0119 z ko\u0142ami naukowymi, aktualnie Ko\u0142em Naukowym \u201cW\u0142\u0105cznik\u201d https:\/\/www.wlacznik.us.edu.pl\/\n<li>autorstwo i kierownictwo merytoryczne projekt\u00f3w realizowanych w ramach program\u00f3w: Fundusz Inicjatyw Obywatelskich (2015, 2017) oraz Aktywno\u015b\u0107 Spo\u0142eczna Os\u00f3b Starszych (2015, 2016)\n<li>nagrody indywidualne za wybitne osi\u0105gni\u0119cia w pracy zawodowej Rektora Akademii im. Jana D\u0142ugosza w Cz\u0119stochowie (2004, 2009) oraz Rektora Uniwersytetu \u015al\u0105skiego (2014, 2015, 2016)\n<li>nagroda indywidualna Rektora Uniwersytetu \u015al\u0105skiego za istotny indywidualny wk\u0142ad do dorobku kategoryzacyjnego Wydzia\u0142u Pedagogiki i Psychologii w latach 2013-2016 (2017)\n<li>Srebrny Krzy\u017c Zas\u0142ugi, 2011, Prezydent Rzeczypospolitej Polskiej, nagroda za wybitne osi\u0105gni\u0119cia w pracy zawodowej, zas\u0142ugi dla pa\u0144stwa i obywateli, spe\u0142nianie czyn\u00f3w przekraczaj\u0105cych zakres zwyk\u0142ych obowi\u0105zk\u00f3w zawodowych, przynosz\u0105ce znaczn\u0105 korzy\u015b\u0107 pa\u0144stwu i obywatelom, za ofiarn\u0105 dzia\u0142alno\u015b\u0107 publiczn\u0105 \n<li>stypendium Ministra Nauki i Szkolnictwa Wy\u017cszego, 2017 \n<li>nagroda za dzia\u0142alno\u015b\u0107 w organizacjach pozarz\u0105dowych, 2017, Prezydent Miasta Cz\u0119stochowy, nagroda za dzia\u0142alno\u015b\u0107 spo\u0142eczn\u0105 na rzecz spo\u0142eczno\u015bci lokalnej\n<li>nagroda R\u00f3wno\u015bci im. Mieczys\u0142awy Biega\u0144skiej, 2018, Prezydent Miasta Cz\u0119stochowy, nagroda za dzia\u0142alno\u015b\u0107 na rzecz r\u00f3wnych szans i sprawiedliwo\u015bci spo\u0142ecznej oraz przeciwdzia\u0142ania dyskryminacji w\u015br\u00f3d mieszkanek i mieszka\u0144c\u00f3w Cz\u0119stochowy\n<li>nominacja w og\u00f3lnopolskim konkursie dla popularyzator\u00f3w nauki \u201cPOP Science\u201d w\u015br\u00f3d wyk\u0142adowc\u00f3w, w kategorii \u201cmy\u015bl globalnie, dzia\u0142aj lokalnie\u201d, 2020\n\n\n\n\r\n\t\t\t\t\t\t\t\t<br>\r\n\t\t\t\t\t\t\t\t\r\n\t\t\t\t\t\t\t\t<\/div>\r\n\t\t\t\t\t\t\t<\/div>\r\n\t\t\t\t\t\t<\/div>\r\n\t\t\t\t\t<\/div>\r\n\t\t\t\t\t<div class=\"bookmark\">\r\n\t\t\t\t\t\t<div class=\"bookmark__title\">\r\n                            <h3>\r\n                                <span class=\"short\">Sta\u017ce naukowe\/Wizyty studyjne<\/span>\r\n                                <span class=\"long\">Sta\u017ce naukowe\/Wizyty studyjne<\/span>\r\n                            <\/h3>\r\n\t\t\t\t\t\t<\/div>\r\n\t\t\t\t\t\t\r\n\t\t\t\t\t\t<div class=\"bookmark__content-wrap\">\r\n\t\t\t\t\t\t\t<div class=\"bookmark__content\">\r\n\r\n\t\t\t\t\t\t\t\t\r\n\r\n\t\t\t\t\t\t\t\t<div class=\"bookmark_text\" style=\"font-size:20px;\">\r\n\t\t\t\t\t\t\t\t<li>World Health Organization, The Joint United Nations Programme on HIV and AIDS, United Nations High Commissioner for Refugees, Genewa (Szwajcaria), Council of Europe, Human Rights and Human Rights Capacity Building Division, European Court of Human Rights, Stasburg (Francja), 2008\n<li>Evangelische Hochschule Ludwigsburg (Niemcy), 2009 \n<li>Evangelische Hochschule Ludwigsburg (Niemcy), 2010 \n<li>Diakonia University of Applied Sciences, J\u00e4rvenp\u00e4\u00e4 (Finlandia), 2011 \n<li>World Health Organization, The Joint United Nations Programme on HIV and AIDS, United Nations High Commissioner for Refugees, International Committee of the Red Cross, Genewa (Szwajcaria), Norymberga (Niemcy) Council of Europe, Directorate General of Human Rights and Rule of  Law (DG I), Directorate of Human Rights, Support to Human Rights National Implementation Unit, European Court of Human Rights, Strasburg (Francja), 2013 \n<li>Uniwersytet im. Borysa Grinczenki w Kijowie (Ukraina), 2017\n\n\r\n\t\t\t\t\t\t\t\t<br>\r\n\t\t\t\t\t\t\t\t\r\n\t\t\t\t\t\t\t\t<\/div>\r\n\t\t\t\t\t\t\t<\/div>\r\n\t\t\t\t\t\t<\/div>\r\n\t\t\t\t\t<\/div>\r\n\t\t\t\t\t<div class=\"bookmark\">\r\n\t\t\t\t\t\t<div class=\"bookmark__title\">\r\n                            <h3>\r\n                                <span class=\"short\">Cz\u0142onkostwo w radach naukowych i radach redakcyjnych <\/span>\r\n                                <span class=\"long\">Cz\u0142onkostwo w radach naukowych i radach redakcyjnych <\/span>\r\n                            <\/h3>\r\n\t\t\t\t\t\t<\/div>\r\n\t\t\t\t\t\t\r\n\t\t\t\t\t\t<div class=\"bookmark__content-wrap\">\r\n\t\t\t\t\t\t\t<div class=\"bookmark__content\">\r\n\r\n\t\t\t\t\t\t\t\t\r\n\r\n\t\t\t\t\t\t\t\t<div class=\"bookmark_text\" style=\"font-size:20px;\">\r\n\t\t\t\t\t\t\t\t<li>2020 \u2013 cz\u0142onkini zespo\u0142u ekspert\u00f3w Fundacji im. Stefana Batorego\n<li>2020 \u2013 cz\u0142onkini zespo\u0142u ekspert\u00f3w Funduszu Obywatelskiego\n<li>2019 do nadal \u2013 cz\u0142onkini Zespo\u0142u Pedagogiki Medialnej przy Komitecie Nauk Pedagogicznych Polskiej Akademii Nauk\n<li>2016 do nadal \u2013 cz\u0142onkini Komisji Ekspert\u00f3w ds. Zdrowia przy Rzeczniku Praw Obywatelskich\n<li>2014-2015 \u2013 cz\u0142onkini zespo\u0142u ekspert\u00f3w Fundacji im. Stefana Batorego\n<li>2014 \u2013 cz\u0142onkini Panelu Ekspert\u00f3w projektu \u201ePolska Akademia Dost\u0119pno\u015bci\u201d\n<li>2012 do nadal \u2013 cz\u0142onkini komitetu redakcyjnego czasopisma naukowego \u201eEdukacyjna Analiza Transakcyjna\u201d\n<li>2010-2015 \u2013 cz\u0142onkini rady konsultacyjnej projektu \u201eWe\u017a kurs na wielokulturowo\u015b\u0107\u201d na rzecz Integracji Obywateli Pa\u0144stw Trzecich \n<li>2008 \u2013 2013 \u2013 Pe\u0142nomocniczka ds. os\u00f3b z niepe\u0142nosprawno\u015bci\u0105 Rektora Akademii im. Jana D\u0142ugosza w Cz\u0119stochowie\n<li>2008 \u2013 cz\u0142onkini Zespo\u0142u Ekspert\u00f3w Zewn\u0119trznych ds. Analiz Delphi Narodowego Programu Foresight Polska 2020\n<li>2000 do nadal \u2013 cz\u0142onkini zespo\u0142u ekspert\u00f3w Helsi\u0144skiej Fundacji Praw Cz\u0142owieka\n\n\r\n\t\t\t\t\t\t\t\t<br>\r\n\t\t\t\t\t\t\t\t\r\n\t\t\t\t\t\t\t\t<\/div>\r\n\t\t\t\t\t\t\t<\/div>\r\n\t\t\t\t\t\t<\/div>\r\n\t\t\t\t\t<\/div><\/div>\r\n\t\t\t\t\t\t<\/div>\r\n\t\t\t\t\t <\/div>[\/vc_column][\/vc_row]<\/p>","protected":false},"excerpt":{"rendered":"<p>[vc_row][vc_column width=&#8221;1\/4&#8243;][vc_single_image image=&#8221;911&#8243; img_size=&#8221;medium&#8221; style=&#8221;vc_box_shadow_3d&#8221;][\/vc_column][vc_column width=&#8221;3\/4&#8243; css=&#8221;.vc_custom_1597521185463{border-bottom-width: -30px !important;}&#8221;][vc_column_text] Stanowisko: Grupa: Specjalno\u015b\u0107: Pok\u00f3j: Telefon: e-mail: Profesor Uczelni Pracownicy badawczo-dydaktyczni Pedagogika 431 \u00a032 359 97 48 edyta.widawska@us.edu.pl 0000-0002-0964-0341 [\/vc_column_text][\/vc_column][\/vc_row][vc_row][vc_column][\/vc_column][\/vc_row][vc_row][vc_column css=&#8221;.vc_custom_1597523042561{margin-bottom: -50px !important;}&#8221;][\/vc_column][\/vc_row] [&#8230;]<\/p>\n<p><a class=\"btn btn-secondary understrap-read-more-link\" href=\"https:\/\/us.edu.pl\/instytut\/ipe\/dr-hab-edyta-widawska\/\">Read More&#8230;<\/a><\/p>\n","protected":false},"author":2293,"featured_media":0,"parent":0,"menu_order":0,"comment_status":"closed","ping_status":"closed","template":"page-templates\/page-with-bookmarks.php","meta":{"_expiration-date-status":"saved","_expiration-date":0,"_expiration-date-type":"","_expiration-date-categories":[],"_expiration-date-options":[]},"acf":[],"_links":{"self":[{"href":"https:\/\/us.edu.pl\/instytut\/ipe\/wp-json\/wp\/v2\/pages\/856"}],"collection":[{"href":"https:\/\/us.edu.pl\/instytut\/ipe\/wp-json\/wp\/v2\/pages"}],"about":[{"href":"https:\/\/us.edu.pl\/instytut\/ipe\/wp-json\/wp\/v2\/types\/page"}],"author":[{"embeddable":true,"href":"https:\/\/us.edu.pl\/instytut\/ipe\/wp-json\/wp\/v2\/users\/2293"}],"replies":[{"embeddable":true,"href":"https:\/\/us.edu.pl\/instytut\/ipe\/wp-json\/wp\/v2\/comments?post=856"}],"version-history":[{"count":4,"href":"https:\/\/us.edu.pl\/instytut\/ipe\/wp-json\/wp\/v2\/pages\/856\/revisions"}],"predecessor-version":[{"id":912,"href":"https:\/\/us.edu.pl\/instytut\/ipe\/wp-json\/wp\/v2\/pages\/856\/revisions\/912"}],"wp:attachment":[{"href":"https:\/\/us.edu.pl\/instytut\/ipe\/wp-json\/wp\/v2\/media?parent=856"}],"curies":[{"name":"wp","href":"https:\/\/api.w.org\/{rel}","templated":true}]}}