{"id":913,"date":"2020-09-03T18:21:21","date_gmt":"2020-09-03T16:21:21","guid":{"rendered":"https:\/\/us.edu.pl\/instytut\/ipe\/?page_id=913"},"modified":"2020-09-03T18:49:22","modified_gmt":"2020-09-03T16:49:22","slug":"prof-dr-hab-ewa-syrek","status":"publish","type":"page","link":"https:\/\/us.edu.pl\/instytut\/ipe\/prof-dr-hab-ewa-syrek\/","title":{"rendered":"Prof. dr hab. Ewa Syrek"},"content":{"rendered":"<p>[vc_row][vc_column width=&#8221;1\/4&#8243;][vc_single_image image=&#8221;737&#8243; img_size=&#8221;medium&#8221; style=&#8221;vc_box_shadow_3d&#8221;][\/vc_column][vc_column width=&#8221;3\/4&#8243; css=&#8221;.vc_custom_1597521185463{border-bottom-width: -30px !important;}&#8221;][vc_column_text]<\/p>\n<table style=\"width: 72.9397%\">\n<tbody>\n<tr>\n<td style=\"width: 24.6684%\"><span style=\"font-size: 12pt;font-family: tahoma, arial, helvetica, sans-serif\">Stanowisko:<\/span><\/p>\n<p><span style=\"font-size: 12pt;font-family: tahoma, arial, helvetica, sans-serif\">Grupa:<\/span><\/p>\n<p><span style=\"font-size: 12pt;font-family: tahoma, arial, helvetica, sans-serif\">Specjalno\u015b\u0107:<\/span><\/p>\n<p><span style=\"font-size: 12pt;font-family: tahoma, arial, helvetica, sans-serif\">Pok\u00f3j:<\/span><\/p>\n<p><span style=\"font-size: 12pt;font-family: tahoma, arial, helvetica, sans-serif\">Telefon:<\/span><\/p>\n<p><span style=\"font-size: 12pt;font-family: tahoma, arial, helvetica, sans-serif\">e-mail:<\/span><\/p>\n<p><span style=\"font-size: 12pt;font-family: tahoma, arial, helvetica, sans-serif\"><img class=\"size-full wp-image-275\" src=\"http:\/\/us.edu.pl\/instytut\/im\/wp-content\/uploads\/sites\/43\/Nieprzypisane\/ORCID.png\" alt=\"Logo ORCID\" width=\"71\" height=\"22\" \/><\/span><\/td>\n<td style=\"width: 78.7798%\"><span style=\"font-size: 12pt;font-family: tahoma, arial, helvetica, sans-serif\"><strong>Profesor<\/strong><\/span><\/p>\n<p><span style=\"font-size: 12pt;font-family: tahoma, arial, helvetica, sans-serif\"><strong>Pracownicy badawczo-dydaktyczni<\/strong><\/span><\/p>\n<p><span style=\"font-size: 12pt;font-family: tahoma, arial, helvetica, sans-serif\"><strong>Pedagogika<br \/>\n<\/strong><\/span><\/p>\n<p><strong><span style=\"font-family: tahoma, arial, helvetica, sans-serif;font-size: 12pt\">132<\/span><\/strong><\/p>\n<p><span style=\"font-size: 12pt;font-family: tahoma, arial, helvetica, sans-serif\"><strong>brak<\/strong><\/span><\/p>\n<p><span style=\"font-size: 12pt;font-family: tahoma, arial, helvetica, sans-serif\"><strong>\u00a0ewa.syrek@us.edu.pl<\/strong><\/span><\/p>\n<p><span style=\"font-size: 12pt;font-family: tahoma, arial, helvetica, sans-serif\"><strong><a href=\"https:\/\/orcid.org\/0000-0002-9560-627X\">0000-0002-9560-627X<\/a><\/strong><\/span><\/td>\n<\/tr>\n<\/tbody>\n<\/table>\n<p>[\/vc_column_text][\/vc_column][\/vc_row][vc_row][vc_column]\r\n\t\t\t\t<div class='container'>\r\n\t\t\t\t\t<div class='list-links list-links_blue'>\r\n\t\t\t\t\t\t  \r\n\t\t\t\t\t\t  <ul>\r\n\t\t\t\t\t\t\t\t<li><a href=''><p>Materia\u0142y dodatkowe<\/p><\/a><\/li><\/ul>\r\n\t\t\t\t\t<\/div>\r\n\t\t\t\t<\/div>   \r\n\t\t\t\t\t[\/vc_column][\/vc_row][vc_row][vc_column css=&#8221;.vc_custom_1597523042561{margin-bottom: -50px !important;}&#8221;]\r\n\t\t\t\t\t<div class='container'>\r\n\t\t\t\t\t\t<div class='sidebar_moduls sidebar_dropdown zakladki' style='background-color: #FFFFFF'>\r\n\t\t\t\t\t\t\t<h3 class='page-title'><\/h3>\r\n\t\t\t\t\t\t\t<p class='zakladki__desc'><\/p>\r\n\r\n\t\t\t\t\t\t\t<div class='bookmarks'>\r\n\t\t\t\t\t<div class=\"bookmark\">\r\n\t\t\t\t\t\t<div class=\"bookmark__title\">\r\n                            <h3>\r\n                                <span class=\"short\">Przebieg kariery naukowej<\/span>\r\n                                <span class=\"long\">Przebieg kariery naukowej<\/span>\r\n                            <\/h3>\r\n\t\t\t\t\t\t<\/div>\r\n\t\t\t\t\t\t\r\n\t\t\t\t\t\t<div class=\"bookmark__content-wrap\">\r\n\t\t\t\t\t\t\t<div class=\"bookmark__content\">\r\n\r\n\t\t\t\t\t\t\t\t\r\n\r\n\t\t\t\t\t\t\t\t<div class=\"bookmark_text\" style=\"font-size:20px;\">\r\n\t\t\t\t\t\t\t\t<li>1977 r. \u2013  tytu\u0142 magistra pedagogiki. Wydzia\u0142 Pedagogiki i Psychologii  Uniwersytet \u015al\u0105ski w Katowicach. \n<li>1983 r.\u2013  stopnie\u0144 naukowy doktora nauk humanistycznych w zakresie pedagogiki. Wydzia\u0142  Filozoficzno- Historyczny ,Uniwersytet Jagiello\u0144ski w Krakowie \n<li>1998 r.-  stopnie\u0144 naukowy doktora habilitowanego. Wydzia\u0142 Studi\u00f3w Edukacyjnych Uniwersytet A. Mickiewicza w Poznaniu\n<li>2010 r-  tytu\u0142u naukowego profesora nadany przez Prezydenta RP\n\n\r\n\t\t\t\t\t\t\t\t<br>\r\n\t\t\t\t\t\t\t\t\r\n\t\t\t\t\t\t\t\t<\/div>\r\n\t\t\t\t\t\t\t<\/div>\r\n\t\t\t\t\t\t<\/div>\r\n\t\t\t\t\t<\/div>\r\n\t\t\t\t\t<div class=\"bookmark\">\r\n\t\t\t\t\t\t<div class=\"bookmark__title\">\r\n                            <h3>\r\n                                <span class=\"short\">Zainteresowania badawcze<\/span>\r\n                                <span class=\"long\">Zainteresowania badawcze<\/span>\r\n                            <\/h3>\r\n\t\t\t\t\t\t<\/div>\r\n\t\t\t\t\t\t\r\n\t\t\t\t\t\t<div class=\"bookmark__content-wrap\">\r\n\t\t\t\t\t\t\t<div class=\"bookmark__content\">\r\n\r\n\t\t\t\t\t\t\t\t\r\n\r\n\t\t\t\t\t\t\t\t<div class=\"bookmark_text\" style=\"font-size:20px;\">\r\n\t\t\t\t\t\t\t\tZainteresowania badawcze s\u0105 zwi\u0105zane z obszarami pedagogiki spo\u0142ecznej, pedagogiki zdrowia i socjologii zdrowia i choroby a szczeg\u00f3lnie:\n<li> teoretyczne podstawy pedagogiki zdrowia \n<li> spo\u0142eczno-kulturowe i \u015brodowiskowe uwarunkowania zdrowia i choroby\n<li> zachowania zdrowotne i zagro\u017cenia zdrowia  dzieci i m\u0142odzie\u017cy\n<li> promocja zdrowia i edukacja zdrowotna w r\u00f3\u017cnych \u015brodowiskach\n<li> socjalizacja zdrowotna dzieci i m\u0142odzie\u017cy \n<li> zdrowie psychospo\u0142eczne dzieci i m\u0142odzie\u017cy  \n<li> rodzicielstwo w chorobie przewlek\u0142ej dziecka \n\n\n\r\n\t\t\t\t\t\t\t\t<br>\r\n\t\t\t\t\t\t\t\t\r\n\t\t\t\t\t\t\t\t<\/div>\r\n\t\t\t\t\t\t\t<\/div>\r\n\t\t\t\t\t\t<\/div>\r\n\t\t\t\t\t<\/div>\r\n\t\t\t\t\t<div class=\"bookmark\">\r\n\t\t\t\t\t\t<div class=\"bookmark__title\">\r\n                            <h3>\r\n                                <span class=\"short\">Najwa\u017cniejsze osi\u0105gni\u0119cia naukowe, wyr\u00f3\u017cnienia i nagrody<\/span>\r\n                                <span class=\"long\">Najwa\u017cniejsze osi\u0105gni\u0119cia naukowe, wyr\u00f3\u017cnienia i nagrody<\/span>\r\n                            <\/h3>\r\n\t\t\t\t\t\t<\/div>\r\n\t\t\t\t\t\t\r\n\t\t\t\t\t\t<div class=\"bookmark__content-wrap\">\r\n\t\t\t\t\t\t\t<div class=\"bookmark__content\">\r\n\r\n\t\t\t\t\t\t\t\t\r\n\r\n\t\t\t\t\t\t\t\t<div class=\"bookmark_text\" style=\"font-size:20px;\">\r\n\t\t\t\t\t\t\t\t<li>Wypracowanie  wsp\u00f3\u0142czesnej definicji (uj\u0119cia teoretycznego) pedagogiki zdrowia  jako subdyscypliny pedagogiki i jej teoretycznych podstaw \n<li>Wypracowanie wieloaspektowych  kontekst\u00f3w edukacji zdrowotnej  w zr\u00f3\u017cnicowanych \u015brodowiskach, badania naukowe  wzbogacaj\u0105ce dorobek naukowy w zakresie pedagogiki zdrowia i pedagogiki spo\u0142ecznej\n<li>Dorobek naukowy w zakresie pedagogiki spo\u0142ecznej, socjologii wychowania, pedagogiki zdrowia \u2013 6 monografii autorskich, 5 prac wieloautorskich  pod  naukow\u0105 redakcj\u0105 oraz ponad 100 tekst\u00f3w  naukowych opublikowanych  w postaci artyku\u0142\u00f3w naukowych   i rozdzia\u0142\u00f3w w pracach monograficznych- wieloautorskich\n<li>Aktywne uczestnictwo (wyst\u0105pienia) w licznych konferencjach naukowych  w kraju i zagranic\u0105 zwi\u0105zanych z przedmiotem zainteresowa\u0144,  \n<li>Organizatorka\/ wsp\u00f3\u0142organizatorka kilku konferencji naukowych z zakresu pedagogiki spo\u0142ecznej (m.in. dziesi\u0119cioletnia  wsp\u00f3\u0142praca  naukowa w organizowaniu konferencji naukowych z Institutem Mezioborovych Studii w Brnie)\n<li>Wypromowanie 9 doktor\u00f3w nauk humanistycznych\/spo\u0142ecznych.\n<li>Kilkakrotne nagrody J.M. Rektora Uniwersytetu \u015al\u0105skiego  w Katowicach\n<li>Medal Komisji Edukacji Narodowej (200r.),  Z\u0142ota Odznaka za Zas\u0142ugi dla Uniwersytetu \u015al\u0105skiego (1996r), Z\u0142oty Krzy\u017c Zas\u0142ugi (2004r). \n\r\n\t\t\t\t\t\t\t\t<br>\r\n\t\t\t\t\t\t\t\t\r\n\t\t\t\t\t\t\t\t<\/div>\r\n\t\t\t\t\t\t\t<\/div>\r\n\t\t\t\t\t\t<\/div>\r\n\t\t\t\t\t<\/div>\r\n\t\t\t\t\t<div class=\"bookmark\">\r\n\t\t\t\t\t\t<div class=\"bookmark__title\">\r\n                            <h3>\r\n                                <span class=\"short\">Cz\u0142onkostwo w radach naukowych i radach redakcyjnych <\/span>\r\n                                <span class=\"long\">Cz\u0142onkostwo w radach naukowych i radach redakcyjnych <\/span>\r\n                            <\/h3>\r\n\t\t\t\t\t\t<\/div>\r\n\t\t\t\t\t\t\r\n\t\t\t\t\t\t<div class=\"bookmark__content-wrap\">\r\n\t\t\t\t\t\t\t<div class=\"bookmark__content\">\r\n\r\n\t\t\t\t\t\t\t\t\r\n\r\n\t\t\t\t\t\t\t\t<div class=\"bookmark_text\" style=\"font-size:20px;\">\r\n\t\t\t\t\t\t\t\t<li>Cz\u0142onkini Komitetu Nauk Pedagogicznych  PAN (2011-2015), \n<li>Cz\u0142onkini Zespo\u0142u Pedagogiki Spo\u0142ecznej przy Komitecie Nauk Pedagogicznych PAN a w latach  2007-2010 i 2016-2020 wiceprzewodnicz\u0105ca ds. naukowych,\n<li>Specjalista w ramach subpola pedagogika zdrowia -Komitet Nauk Pedagogicznych PAN (od 2020r.)\n<li>Cz\u0142onkini Polskiego Towarzystwa Pedagogicznego (prezes Oddzia\u0142u katowickiego w latach 1989 -1993)\n<li>Redaktor Naczelna czasopisma \u201eChowanna\u201d ( 2013-2019), \n<li>Cz\u0142onkini rad naukowych czasopism m.in. \u201eChowanna\u201d, \u201ePedagogika Spo\u0142eczna\u201d, \u201eThe Educational Review\u201d ( redaktor tematyczny\/przedmiotowy z zakresu pedagogiki spo\u0142ecznej).\n <li>Cz\u0142onkini Komisji Etyki ds. bada\u0144 naukowych Uniwersytetu \u015al\u0105skiego w Katowicach \n\n\r\n\t\t\t\t\t\t\t\t<br>\r\n\t\t\t\t\t\t\t\t\r\n\t\t\t\t\t\t\t\t<\/div>\r\n\t\t\t\t\t\t\t<\/div>\r\n\t\t\t\t\t\t<\/div>\r\n\t\t\t\t\t<\/div><\/div>\r\n\t\t\t\t\t\t<\/div>\r\n\t\t\t\t\t <\/div>[\/vc_column][\/vc_row]<\/p>","protected":false},"excerpt":{"rendered":"<p>[vc_row][vc_column width=&#8221;1\/4&#8243;][vc_single_image image=&#8221;737&#8243; img_size=&#8221;medium&#8221; style=&#8221;vc_box_shadow_3d&#8221;][\/vc_column][vc_column width=&#8221;3\/4&#8243; css=&#8221;.vc_custom_1597521185463{border-bottom-width: -30px !important;}&#8221;][vc_column_text] Stanowisko: Grupa: Specjalno\u015b\u0107: Pok\u00f3j: Telefon: e-mail: Profesor Pracownicy badawczo-dydaktyczni Pedagogika 132 brak \u00a0ewa.syrek@us.edu.pl 0000-0002-9560-627X [\/vc_column_text][\/vc_column][\/vc_row][vc_row][vc_column][\/vc_column][\/vc_row][vc_row][vc_column css=&#8221;.vc_custom_1597523042561{margin-bottom: -50px !important;}&#8221;][\/vc_column][\/vc_row] [&#8230;]<\/p>\n<p><a class=\"btn btn-secondary understrap-read-more-link\" href=\"https:\/\/us.edu.pl\/instytut\/ipe\/prof-dr-hab-ewa-syrek\/\">Read More&#8230;<\/a><\/p>\n","protected":false},"author":2293,"featured_media":0,"parent":0,"menu_order":0,"comment_status":"closed","ping_status":"closed","template":"page-templates\/page-with-bookmarks.php","meta":{"_expiration-date-status":"saved","_expiration-date":0,"_expiration-date-type":"","_expiration-date-categories":[],"_expiration-date-options":[]},"acf":[],"_links":{"self":[{"href":"https:\/\/us.edu.pl\/instytut\/ipe\/wp-json\/wp\/v2\/pages\/913"}],"collection":[{"href":"https:\/\/us.edu.pl\/instytut\/ipe\/wp-json\/wp\/v2\/pages"}],"about":[{"href":"https:\/\/us.edu.pl\/instytut\/ipe\/wp-json\/wp\/v2\/types\/page"}],"author":[{"embeddable":true,"href":"https:\/\/us.edu.pl\/instytut\/ipe\/wp-json\/wp\/v2\/users\/2293"}],"replies":[{"embeddable":true,"href":"https:\/\/us.edu.pl\/instytut\/ipe\/wp-json\/wp\/v2\/comments?post=913"}],"version-history":[{"count":2,"href":"https:\/\/us.edu.pl\/instytut\/ipe\/wp-json\/wp\/v2\/pages\/913\/revisions"}],"predecessor-version":[{"id":915,"href":"https:\/\/us.edu.pl\/instytut\/ipe\/wp-json\/wp\/v2\/pages\/913\/revisions\/915"}],"wp:attachment":[{"href":"https:\/\/us.edu.pl\/instytut\/ipe\/wp-json\/wp\/v2\/media?parent=913"}],"curies":[{"name":"wp","href":"https:\/\/api.w.org\/{rel}","templated":true}]}}