{"id":924,"date":"2020-09-11T10:59:21","date_gmt":"2020-09-11T08:59:21","guid":{"rendered":"https:\/\/us.edu.pl\/instytut\/ipe\/?page_id=924"},"modified":"2026-04-30T06:41:03","modified_gmt":"2026-04-30T04:41:03","slug":"pracownicy","status":"publish","type":"page","link":"https:\/\/us.edu.pl\/instytut\/ipe\/pracownicy\/","title":{"rendered":"Pracownicy"},"content":{"rendered":"<p>[vc_row][vc_column]<div class=\"AZ\"><div class=\"container\"> <div class=\"AZ__letters\"><a href=\"#AZ-B\"> B <\/a><a href=\"#AZ-C\"> C <\/a><a href=\"#AZ-D\"> D <\/a><a href=\"#AZ-F\"> F <\/a><a href=\"#AZ-G\"> G <\/a><a href=\"#AZ-H\"> H <\/a><a href=\"#AZ-J\"> J <\/a><a href=\"#AZ-K\"> K <\/a><a href=\"#AZ-M\"> M <\/a><a href=\"#AZ-N\"> N <\/a><a href=\"#AZ-O\"> O <\/a><a href=\"#AZ-P\"> P <\/a><a href=\"#AZ-R\"> R <\/a><a href=\"#AZ-S\"> S <\/a><a href=\"#AZ-T\"> T <\/a><a href=\"#AZ-W\"> W <\/a><a href=\"#AZ-Z\"> Z <\/a><a href=\"#AZ-\u017b\"> \u017b <\/a><\/div><div class=\"AZ-content\"><div class=\"AZ__section\" data-section=\"#AZ-B\"><a href=\"#\" class=\"AZ__section-name\">B<\/a><a href=\"https:\/\/us.edu.pl\/instytut\/ipe\/dr-hab-katarzyna-borzucka-sitkiewicz\/\" target=\"_blank\"> <borzucka-Sitkiewicz>Dr hab. Katarzyna Borzucka-Sitkiewicz <\/a><a href=\"https:\/\/us.edu.pl\/instytut\/ipe\/dr-jan-basiaga\/\" target=\"_blank\"> <Basiaga>Dr Jan Basiaga <\/a><a href=\"https:\/\/us.edu.pl\/instytut\/ipe\/dr-hab-ewa-bielska\/\" target=\"_blank\"> <Bielska>Dr hab. Ewa Bielska, prof. U\u015a <\/a><a href=\"https:\/\/us.edu.pl\/instytut\/ipe\/dr-bogumila-bobik\/\" target=\"_blank\"> <Bobik>Dr Bogumi\u0142a Bobik <\/a><a href=\"https:\/\/us.edu.pl\/instytut\/ipe\/dr-hab-maciej-bernasiewicz\/\" target=\"_blank\"> <Bernasiewicz>Prof. dr hab. Maciej Bernasiewicz <\/a><a href=\"https:\/\/us.edu.pl\/instytut\/ipe\/dr-magdalena-belza-gajdzica\/\" target=\"_blank\"> <Be\u0142za-Gajdzica>Dr Magdalena Be\u0142za-Gajdzica <\/a><\/div><div class=\"AZ__section\" data-section=\"#AZ-C\"><a href=\"#\" class=\"AZ__section-name\">C<\/a><a href=\"https:\/\/us.edu.pl\/instytut\/ipe\/dr-edyta-charzynska\/\" target=\"_blank\"> <charzy\u0144ska>Dr Edyta Charzy\u0144ska <\/a><\/div><div class=\"AZ__section\" data-section=\"#AZ-D\"><a href=\"#\" class=\"AZ__section-name\">D<\/a><a href=\"https:\/\/us.edu.pl\/instytut\/ipe\/dr-dagmara-dobosz\/\" target=\"_blank\"> <dobosz>Dr Dagmara Dobosz <\/a><a href=\"https:\/\/us.edu.pl\/instytut\/ipe\/dr-alina-dworak\/\" target=\"_blank\"> <Dworak>Dr Alina Dworak <\/a><\/div><div class=\"AZ__section\" data-section=\"#AZ-F\"><a href=\"#\" class=\"AZ__section-name\">F<\/a><a href=\"https:\/\/us.edu.pl\/instytut\/ipe\/dr-monika-frania\/\" target=\"_blank\"> <Frania>Dr Monika Frania, prof. U\u015a <\/a><\/div><div class=\"AZ__section\" data-section=\"#AZ-G\"><a href=\"#\" class=\"AZ__section-name\">G<\/a><a href=\"https:\/\/us.edu.pl\/instytut\/ipe\/dr-grzegorz-glupczyk\/\" target=\"_blank\"> <G\u0142upczyk>Dr Grzegorz G\u0142upczyk <\/a><a href=\"https:\/\/us.edu.pl\/instytut\/ipe\/dr-hab-alicja-galazka\/\" target=\"_blank\"> <Ga\u0142\u0105zka>Dr hab. Alicja Ga\u0142\u0105zka, prof. U\u015a <\/a><a href=\"https:\/\/us.edu.pl\/instytut\/ipe\/dr-joanna-gozdz\/\" target=\"_blank\"> <g\u00f3\u017ad\u017a>Dr Joanna G\u00f3\u017ad\u017a <\/a><a href=\"https:\/\/us.edu.pl\/instytut\/ipe\/dr-marcin-gierczyk\/\" target=\"_blank\"> <Gierczyk>Dr Marcin Gierczyk, prof. U\u015a <\/a><a href=\"https:\/\/us.edu.pl\/instytut\/ipe\/prof-dr-hab-zenon-gajdzica\/\" target=\"_blank\"> <Gajdzica>Prof. dr hab. Zenon Gajdzica <\/a><a href=\"https:\/\/us.edu.pl\/instytut\/ipe\/dr-aleksandra-gancarz\/\" target=\"_blank\"> <Gancarz>Dr Aleksandra Gancarz <\/a><a href=\"https:\/\/us.edu.pl\/instytut\/ipe\/dr-hab-barbara-grabowska\/\" target=\"_blank\"> <Grabowska>dr hab. Barbara Grabowska, prof. U\u015a <\/a><\/div><div class=\"AZ__section\" data-section=\"#AZ-H\"><a href=\"#\" class=\"AZ__section-name\">H<\/a><a href=\"https:\/\/us.edu.pl\/instytut\/ipe\/dr-hab-tomasz-huk-2\/\" target=\"_blank\"> <huk>Dr hab. Tomasz Huk, prof. U\u015a <\/a><a href=\"https:\/\/us.edu.pl\/instytut\/ipe\/dr-hewilia-hetmanczyk\/\" target=\"_blank\"> <Hetma\u0144czyk>Dr Hewilia Hetma\u0144czyk <\/a><\/div><div class=\"AZ__section\" data-section=\"#AZ-J\"><a href=\"#\" class=\"AZ__section-name\">J<\/a><a href=\"https:\/\/us.edu.pl\/instytut\/ipe\/dr-katarzyna-jas\/\" target=\"_blank\"> <jas>Dr Katarzyna Jas <\/a><a href=\"https:\/\/us.edu.pl\/instytut\/ipe\/prof-dr-hab-ewa-jarosz\/\" target=\"_blank\"> <Jarosz>Prof. dr hab. Ewa Jarosz <\/a><a href=\"https:\/\/us.edu.pl\/instytut\/ipe\/dr-marcin-jurczyk\/\" target=\"_blank\"> <Jurczyk>Dr Marcin Jurczyk <\/a><\/div><div class=\"AZ__section\" data-section=\"#AZ-K\"><a href=\"#\" class=\"AZ__section-name\">K<\/a><a href=\"https:\/\/us.edu.pl\/instytut\/ipe\/dr-hab-ewelina-konieczna-prof-us\/\" target=\"_blank\"> <konieczna>Dr hab. Ewelina Konieczna, prof. U\u015a <\/a><a href=\"https:\/\/us.edu.pl\/instytut\/ipe\/dr-lukasz-kwadrans\/\" target=\"_blank\"> <kwadrans>Dr \u0141ukasz Kwadrans, prof. U\u015a <\/a><a href=\"https:\/\/us.edu.pl\/instytut\/ipe\/dr-hab-miroslaw-kisiel\/\" target=\"_blank\"> <kisiel>Dr hab. Miros\u0142aw Kisiel, prof. U\u015a <\/a><a href=\"https:\/\/us.edu.pl\/instytut\/ipe\/dr-malgorzata-kitlinska-krol\/\" target=\"_blank\"> <kitli\u0144ska-Kr\u00f3l>Dr Ma\u0142gorzata Kitli\u0144ska-Kr\u00f3l <\/a><a href=\"https:\/\/us.edu.pl\/instytut\/ipe\/prof-dr-hristo-kyuchukov\/\" target=\"_blank\"> <Kyuchukov>Prof. Dr Hristo Kyuchukov <\/a><a href=\"https:\/\/us.edu.pl\/instytut\/ipe\/dr-kinga-konieczny-pizon\" target=\"_blank\"> <konieczny-Pizo\u0144>Dr Kinga Konieczny-Pizo\u0144 <\/a><a href=\"https:\/\/us.edu.pl\/instytut\/ipe\/dr-ewelina-kawiak\/\" target=\"_blank\"> <Kawiak>Dr Ewelina Kawiak <\/a><a href=\"https:\/\/us.edu.pl\/instytut\/ipe\/dr-danuta-kocurek\/\" target=\"_blank\"> <Kocurek>Dr Danuta Kocurek <\/a><a href=\"https:\/\/us.edu.pl\/instytut\/ipe\/dr-katarzyna-kowalczewska-grabowska\/\" target=\"_blank\"> <Kowalczewska-Grabowska>Dr Katarzyna Kowalczewska-Grabowska <\/a><a href=\"https:\/\/us.edu.pl\/instytut\/ipe\/dr-wojciech-kruszelnicki\/\" target=\"_blank\"> <Kruszelnicki>Dr Wojciech Kruszelnicki <\/a><a href=\"https:\/\/us.edu.pl\/instytut\/ipe\/dr-tomasz-kopczynski\/\" target=\"_blank\"> <Kopczy\u0144ski>Dr Tomasz Kopczy\u0144ski, prof. U\u015a <\/a><a href=\"https:\/\/us.edu.pl\/instytut\/ipe\/prof-dr-hab-katarzyna-krason\/\" target=\"_blank\"> <Kraso\u0144>Prof. dr hab. Katarzyna Kraso\u0144 <\/a><a href=\"https:\/\/us.edu.pl\/instytut\/ipe\/dr-hab-urszula-klajmon-lech\/\" target=\"_blank\"> <Klajmon> Dr hab. Urszula Klajmon-Lech, prof. U\u015a <\/a><a href=\"https:\/\/us.edu.pl\/instytut\/ipe\/dr-mariola-kozubek\/\" target=\"_blank\"> <Kozubek> Dr Mariola T. Kozubek, prof. U\u015a <\/a><\/div><div class=\"AZ__section\" data-section=\"#AZ-M\"><a href=\"#\" class=\"AZ__section-name\">M<\/a><a href=\"https:\/\/us.edu.pl\/instytut\/ipe\/dr-patrycja-mlynek\/\" target=\"_blank\"> <M\u0142ynek>Dr Partycja M\u0142ynek <\/a><a href=\"https:\/\/us.edu.pl\/instytut\/ipe\/mgr-sebastian-mrozek\/\" target=\"_blank\"> <Mr\u00f3zek >Mgr Sebastian Mr\u00f3zek <\/a><a href=\"https:\/\/us.edu.pl\/instytut\/ipe\/dr-lukasz-michalski\/\" target=\"_blank\"> <Michalski>Dr \u0141ukasz Michalski <\/a><a href=\"https:\/\/us.edu.pl\/instytut\/ipe\/dr-hab-krzysztof-maliszewski\/\" target=\"_blank\"> <Maliszewski>Prof. dr hab. Krzysztof Maliszewski <\/a><a href=\"https:\/\/us.edu.pl\/instytut\/ipe\/mgr-katarzyna-maliszewska\/\" target=\"_blank\"> <Maliszewska>Dr Katarzyna Maliszewska <\/a><a href=\"https:\/\/us.edu.pl\/instytut\/ipe\/dr-hab-beata-mazepa-domagala\/\" target=\"_blank\"> <Mazepa-Domaga\u0142a>Dr hab. Beata Mazepa-Domaga\u0142a prof. U\u015a <\/a><\/div><div class=\"AZ__section\" data-section=\"#AZ-N\"><a href=\"#\" class=\"AZ__section-name\">N<\/a><a href=\"https:\/\/us.edu.pl\/instytut\/ipe\/dr-monika-noszczyk-bernasiewicz\/\" target=\"_blank\"> <Noszczyk-Bernasiewicz>Dr Monika Noszczyk-Bernasiewicz <\/a><a href=\"https:\/\/us.edu.pl\/instytut\/ipe\/dr-marta-niemiec\/\" target=\"_blank\"> <Niemiec>Dr Marta Niemiec <\/a><a href=\"https:\/\/us.edu.pl\/instytut\/ipe\/dr-edyta-m-nieduziak\/\" target=\"_blank\"> <Nieduziak>Dr Edyta M. Nieduziak <\/a><\/div><div class=\"AZ__section\" data-section=\"#AZ-O\"><a href=\"#\" class=\"AZ__section-name\">O<\/a><a href=\"https:\/\/us.edu.pl\/instytut\/ipe\/prof-dr-hab-ewa-ogrodzka-mazur\/\" target=\"_blank\"> <Ogrodzka-Mazur>Prof. dr hab. Ewa Ogrodzka-Mazur <\/a><\/div><div class=\"AZ__section\" data-section=\"#AZ-P\"><a href=\"#\" class=\"AZ__section-name\">P<\/a><a href=\"https:\/\/us.edu.pl\/instytut\/ipe\/dr-sabina-pawlik\/\" target=\"_blank\"> <pawlik>Dr Sabina Pawlik <\/a><a href=\"https:\/\/us.edu.pl\/instytut\/ipe\/dr-aleksandra-pyrzyk-kuta\/\" target=\"_blank\"> <Pyrzyk-Kuta>Dr Aleksandra Pyrzyk-Kuta <\/a><a href=\"https:\/\/us.edu.pl\/instytut\/ipe\/prof-milon-potmesil\/\" target=\"_blank\"> <Potm\u011b\u0161il>Prof. PhDr. PaedDr. Milo\u0148 Potm\u011b\u0161il, Ph.D., Ph.D. <\/a><a href=\"https:\/\/us.edu.pl\/instytut\/ipe\/?page_id=1002&preview=true&aiEnableCheckShortcode=true\" target=\"_blank\"> <Polewczyk>Dr hab. Irena Polewczyk prof. U\u015a <\/a><a href=\"https:\/\/us.edu.pl\/instytut\/ipe\/dr-mateusz-penczek\/\" target=\"_blank\"> <Penczek>Dr Mateusz Penczek <\/a><\/div><div class=\"AZ__section\" data-section=\"#AZ-R\"><a href=\"#\" class=\"AZ__section-name\">R<\/a><a href=\"https:\/\/us.edu.pl\/instytut\/ipe\/dr-natalia-ruman\/\" target=\"_blank\"> <Ruman>Dr Natalia Ruman <\/a><a href=\"https:\/\/us.edu.pl\/instytut\/ipe\/dr-renata-raszka\/\" target=\"_blank\"> <Raszka >Dr Renata Raszka <\/a><a href=\"https:\/\/us.edu.pl\/instytut\/ipe\/dr-hab-violetta-rodek\/\" target=\"_blank\"> <Rodek>Dr hab. Violetta Rodek, prof. U\u015a <\/a><a href=\"https:\/\/us.edu.pl\/instytut\/ipe\/mgr-sylwia-ryszawy\/\" target=\"_blank\"> <Ryszawy>Mgr Sylwia Ryszawy <\/a><a href=\"https:\/\/us.edu.pl\/instytut\/ipe\/dr-agata-rzymelka-frackiewicz\/\" target=\"_blank\"> <Rzyme\u0142ka-Fr\u0105ckiewicz>Dr Agata Rzyme\u0142ka-Fr\u0105ckiewicz <\/a><a href=\"https:\/\/us.edu.pl\/instytut\/ipe\/dr-hab-marek-rembierz-prof-us\/?aiEnableCheckShortcode=true\" target=\"_blank\"> <rembierz>Dr hab. Marek Rembierz, prof. U\u015a <\/a><\/div><div class=\"AZ__section\" data-section=\"#AZ-S\"><a href=\"#\" class=\"AZ__section-name\">S<\/a><a href=\"https:\/\/us.edu.pl\/instytut\/ipe\/dr-hab-urszula-szuscik\/\" target=\"_blank\"> <szu\u015bcik>Prof. dr hab. Urszula Szu\u015bcik <\/a><a href=\"https:\/\/us.edu.pl\/instytut\/ipe\/dr-iwona-samborska\/\" target=\"_blank\"> <samborska>Dr Iwona Samborska <\/a><a href=\"https:\/\/us.edu.pl\/instytut\/ipe\/dr-hab-eugenia-smyrnova-trybulska-prof-us\/\" target=\"_blank\"> <smyrnova-Trybulska>Dr hab. Eugenia Smyrnova-Trybulska Prof. U\u015a <\/a><a href=\"https:\/\/us.edu.pl\/instytut\/ipe\/dr-eugeniusz-szymik\/\" target=\"_blank\"> <Szymik>Dr Eugeniusz Szymik <\/a><a href=\"https:\/\/us.edu.pl\/instytut\/ipe\/dr-anida-szafranska\/\" target=\"_blank\"> <Szafra\u0144ska>Dr Anida Szafra\u0144ska <\/a><a href=\"https:\/\/us.edu.pl\/instytut\/ipe\/dr-hab-anna-szafranska\/\" target=\"_blank\"> <Szafra\u0144ska>Dr hab. Anna Szafra\u0144ska, prof. U\u015a <\/a><a href=\"https:\/\/us.edu.pl\/instytut\/ipe\/dr-anastazja-sorkowicz\/\" target=\"_blank\"> <Sorkowicz>Dr Anastazja Sorkowicz <\/a><a href=\"https:\/\/us.edu.pl\/instytut\/ipe\/prof-dr-hab-alina-szczurek-boruta\/\" target=\"_blank\"> <Szczurek-Boruta>Prof. dr hab. Alina Szczurek-Boruta <\/a><a href=\" https:\/\/us.edu.pl\/instytut\/ipe\/dr-karolina-skop\" target=\"_blank\"> <Skop>Dr Karolina Skop <\/a><a href=\"https:\/\/us.edu.pl\/instytut\/ipe\/dr-joanna-skibska\/\" target=\"_blank\"> <Skibska>Dr Joanna Skibska <\/a><\/div><div class=\"AZ__section\" data-section=\"#AZ-T\"><a href=\"#\" class=\"AZ__section-name\">T<\/a><a href=\"https:\/\/us.edu.pl\/instytut\/ipe\/dr-anna-trzcionka-wieczorek\/\" target=\"_blank\"> <Trzcionka-Wieczorek>Dr Anna Trzcionka-Wieczorek <\/a><a href=\"https:\/\/us.edu.pl\/instytut\/ipe\/dr-iwona-tomas\/\" target=\"_blank\"> <Tomas>Dr Iwona Tomas <\/a><\/div><div class=\"AZ__section\" data-section=\"#AZ-W\"><a href=\"#\" class=\"AZ__section-name\">W<\/a><a href=\"https:\/\/us.edu.pl\/instytut\/ipe\/dr-hab-edyta-widawska\/\" target=\"_blank\"> <widawska>Dr hab. Edyta Widawska, prof. U\u015a <\/a><a href=\"https:\/\/us.edu.pl\/instytut\/ipe\/dr-anna-wojtas-rduch\/\" target=\"_blank\"> <wojtas-Rduch>Dr Anna Wojtas-Rduch <\/a><a href=\"https:\/\/us.edu.pl\/instytut\/ipe\/dr-hab-teresa-wilk\/\" target=\"_blank\"> <Wilk>Prof. dr hab. Teresa Wilk <\/a><\/div><div class=\"AZ__section\" data-section=\"#AZ-Z\"><a href=\"#\" class=\"AZ__section-name\">Z<\/a><a href=\"https:\/\/us.edu.pl\/instytut\/ipe\/dr-hab-malgorzata-zalewska-bujak\/\" target=\"_blank\"> <Zalewska>Dr hab. Ma\u0142gorzata Zalewska-Bujak, prof. U\u015a <\/a><a href=\"https:\/\/us.edu.pl\/instytut\/ipe\/dr-lucie-zormanova\/\" target=\"_blank\"> <zormanova>Dr Lucie Zormanova <\/a><a href=\"https:\/\/us.edu.pl\/instytut\/ipe\/dr-hab-malgorzata-zalewska-bujak\/\" target=\"_blank\"> <zalewska-Bujak>Dr hab. Ma\u0142gorzata Zalewska-Bujak, prof. U\u015a <\/a><\/div><div class=\"AZ__section\" data-section=\"#AZ-\u017b\"><a href=\"#\" class=\"AZ__section-name\">\u017b<\/a><a href=\"https:\/\/us.edu.pl\/instytut\/ipe\/dr-hab-alicja-zywczok-prof-us\/\" target=\"_blank\"> <\u017bywczok> Dr hab. Alicja \u017bywczok, prof. U\u015a <\/a><\/div><\/div> <\/div><\/div>[\/vc_column][\/vc_row][vc_column][\/vc_column]<\/p>","protected":false},"excerpt":{"rendered":"<p>[vc_row][vc_column][\/vc_column][\/vc_row][vc_column][\/vc_column] [&#8230;]<\/p>\n<p><a class=\"btn btn-secondary understrap-read-more-link\" href=\"https:\/\/us.edu.pl\/instytut\/ipe\/pracownicy\/\">Read More&#8230;<\/a><\/p>\n","protected":false},"author":201,"featured_media":0,"parent":0,"menu_order":0,"comment_status":"closed","ping_status":"closed","template":"","meta":{"_expiration-date-status":"","_expiration-date":0,"_expiration-date-type":"","_expiration-date-categories":[],"_expiration-date-options":[]},"acf":[],"_links":{"self":[{"href":"https:\/\/us.edu.pl\/instytut\/ipe\/wp-json\/wp\/v2\/pages\/924"}],"collection":[{"href":"https:\/\/us.edu.pl\/instytut\/ipe\/wp-json\/wp\/v2\/pages"}],"about":[{"href":"https:\/\/us.edu.pl\/instytut\/ipe\/wp-json\/wp\/v2\/types\/page"}],"author":[{"embeddable":true,"href":"https:\/\/us.edu.pl\/instytut\/ipe\/wp-json\/wp\/v2\/users\/201"}],"replies":[{"embeddable":true,"href":"https:\/\/us.edu.pl\/instytut\/ipe\/wp-json\/wp\/v2\/comments?post=924"}],"version-history":[{"count":10,"href":"https:\/\/us.edu.pl\/instytut\/ipe\/wp-json\/wp\/v2\/pages\/924\/revisions"}],"predecessor-version":[{"id":3358,"href":"https:\/\/us.edu.pl\/instytut\/ipe\/wp-json\/wp\/v2\/pages\/924\/revisions\/3358"}],"wp:attachment":[{"href":"https:\/\/us.edu.pl\/instytut\/ipe\/wp-json\/wp\/v2\/media?parent=924"}],"curies":[{"name":"wp","href":"https:\/\/api.w.org\/{rel}","templated":true}]}}