{"id":252,"date":"2023-10-06T14:21:45","date_gmt":"2023-10-06T12:21:45","guid":{"rendered":"https:\/\/us.edu.pl\/instytut\/ipo\/?page_id=252"},"modified":"2023-10-06T14:21:45","modified_gmt":"2023-10-06T12:21:45","slug":"dariusz-rott","status":"publish","type":"page","link":"https:\/\/us.edu.pl\/instytut\/ipo\/pracownicy\/dariusz-rott\/","title":{"rendered":"Dariusz Rott"},"content":{"rendered":"<p>[vc_row el_class=&#8221;container&#8221;][vc_column width=&#8221;2\/3&#8243;]\r\n                <div class=\"text-modules \">\r\n                    <div class=\"container\">\r\n                        <h3 class=\"section-title section-title_border-bottom\">Dariusz Rott<\/h3> <h3 class=\"subtitle text-modules__subtitle\">e-mail: dariusz.rott@us.edu.pl<\/h3>\r\n                        <div class=\"row m-0\">\r\n                            <div class=\"text-modules__content\">\r\n                                 \r\n                                <div class=\"mt-3\"><a href=\"https:\/\/orcid.org\/0000-0001-5171-2794\" class=\"link-button mr-3 \">ORCID<\/a><a href=\"https:\/\/www.researchgate.net\/profile\/Dariusz_Rott\" class=\"link-button mr-3 \">ResearchGate<\/a><a href=\"https:\/\/scholar.google.pl\/citations?hl=pl&user=uI11WiwAAAAJ\" class=\"link-button mr-3 \">GoogleScholar<\/a><\/div>\r\n                            <\/div>\r\n                            \r\n                            \r\n                        <\/div>\r\n                    <\/div>\r\n                <\/div>[vc_tta_tabs alignment=&#8221;right&#8221; active_section=&#8221;1&#8243;][vc_tta_section title=&#8221;POLISH&#8221; tab_id=&#8221;1696245225773-eae4e9a1-2c7a&#8221;]\r\n                <div class=\"text-modules\">\r\n                    <div class=\"container\">\r\n                        \r\n                        <div class=\"text-modules__content\"><\/p>\n<h3 class=\"western\">prof. dr hab. Dariusz Rott<\/h3>\n<hr \/>\n<p>Jestem w\u0119drownym humanist\u0105, historykiem literatury dawnej Polski, medioznawc\u0105, regionalist\u0105, edytorem, absolwentem filologii polskiej U\u015a (1989).<\/p>\n<p>Tytu\u0142y moich prac awansowych:<\/p>\n<ul>\n<li>doktorat:\u00a0<em>Staropolskie chorografie. Pocz\u0105tki \u2014 rozw\u00f3j \u2014 przemiany gatunku\u00a0<\/em>(1995)<\/li>\n<li>habilitacja:\u00a0<em>Bracia czescy w dawnej Polsce. Dzia\u0142alno\u015b\u0107 literacka \u2014 tw\u00f3rcy \u2014 recepcja<\/em>\u00a0(2003)<\/li>\n<li>profesura: 2008.<\/li>\n<\/ul>\n<p>By\u0142em profesorem wizytuj\u0105cym w Katedrze Komunikacji Marketingowej na Uniwersytecie \u015bw. Cyryla i Metodego w Trnawie na S\u0142owacji (2010-2015), Katedrze Dziennikarstwa Collegium Civitas w Warszawie (2014-2015), Katedrze Literatur S\u0142owia\u0144skich Uniwersytetu Sofijskiego \u015bw. Klimenta Ochrydzkiego w Bu\u0142garii (2018-2019), Katedrze Slawistyki Uniwersytetu Palackiego w O\u0142omu\u0144cu (2020-2021). Odbywa\u0142em sta\u017ce naukowe i dydaktyczne w Czechach (Ostrawa, O\u0142omuniec), Niemczech (Moguncja), W\u0142oszech (Bari, Neapol) i na S\u0142owacji (Nitra). By\u0142em uczestnikiem zagranicznych konferencji naukowych w nast\u0119puj\u0105cych krajach: Bu\u0142garia, Chorwacja, Czechy, Rosja, Szwecja, Ukraina, Wielka Brytania. Kr\u0119gi moich naukowych zainteresowa\u0144 obejmuj\u0105 zw\u0142aszcza: pi\u015bmiennictwo geograficzne i podr\u00f3\u017copisarstwo, kultur\u0119 literack\u0105 braci czeskich w Polsce, polsko-czeskie, polsko-rosyjskie i polsko-ukrai\u0144skie kontakty kulturowe, wizerunek Islandii w pi\u015bmiennictwie polskim, polonistyczne podr\u0119czniki szkolne, rzecznictwo prasowe.<\/p>\n<p>Hobby: Islandia, kaligrafia, kolejnictwo, numizmatyka (zw\u0142aszcza monety polskie z okresu dwudziestolecia), zwiedzanie podziemi.<\/p>\n<p>&nbsp;<\/p>\n<p><strong>Najwa\u017cniejsze publikacje ksi\u0105\u017ckowe w wyborze:<\/strong><\/p>\n<hr \/>\n<p><span style=\"text-decoration: underline;\">Monografie autorskie i edycje:<\/span><\/p>\n<ol>\n<li><em>Daniel Vetter i jego \u201eOpisanie wyspy Islandyji\u201d. Studium z dziej\u00f3w staropolskiego podr\u00f3\u017copisarstwa.\u00a0<\/em>Katowice 1993.<\/li>\n<li><em>Staropolskie chorografie. Pocz\u0105tki \u2014 rozw\u00f3j \u2014 przemiany gatunku<\/em>. Wydawnictwo Uniwersytetu \u015al\u0105skiego. Katowice 1995.<\/li>\n<li>Daniel Vetter:\u00a0<em>Islandia albo Kr\u00f3tkie opisanie wyspy Islandyji<\/em>. Oprac. i wst\u0119pem opatrzy\u0142 D. Rott. Wydawnictwo Uniwersytetu \u015al\u0105skiego. Katowice 1997.<\/li>\n<li><em>Leksykon przypomnie\u0144. Literatura dawnej Polski. \u015aredniowiecze\u2014Renesans\u2014Barok. Setnik pisarzy i dzie\u0142.\u00a0<\/em>Wydawnictwo Ex Libris Galeria Polskiej Ksi\u0105\u017cki Warszawa 2000<em>.<\/em><\/li>\n<li><em>Bracia czescy w dawnej Polsce. Dzia\u0142alno\u015b\u0107 literacka \u2014 tw\u00f3rcy \u2014 recepcja<\/em>. Wydawnictwo Uniwersytetu \u015al\u0105skiego. Katowice 2002.<\/li>\n<li><em>Kobieta z przemalowanego portretu. Opowie\u015b\u0107 o Annie Zb\u0105skiej ze Stanis\u0142awskich i jej \u201eTransakcyji\u201d<\/em>. Wydawnictwo Uniwersytetu \u015al\u0105skiego w Katowicach. Katowice 2004.<\/li>\n<li>\u201e<em>Hymny moje domowe\u201d Piotra Wacheniusa. Przyczynek do dziej\u00f3w braci czeskich na \u015al\u0105sku wraz z tekstem utworu<\/em>. Towarzystwo Mi\u0142o\u015bnik\u00f3w Ziemi Pszczy\u0144skiej, Fundacja Pallas Silesia. Katowice-Pszczyna 2005.<\/li>\n<li><em>Wizerunek Kuby we wsp\u00f3\u0142czesnych polskich reporta\u017cach podr\u00f3\u017cniczych (Jerzy Adamuszek, Beata Pawlikowska, Agnieszka Buda-Rodriguez)<\/em>\u00a0[wsp\u00f3lnie z Bart\u0142omiejem Jag\u0142owskim]. Oficyna Wydawnicza \u201eHumanitas\u201d. Sosnowiec 2010.<\/li>\n<li><em>Strategie autoprezentacyjne w reporta\u017cach podr\u00f3\u017cniczych Wojciecha Cejrowskiego<\/em>\u00a0[wsp\u00f3lnie z Beat\u0105 Kr\u00f3likowsk\u0105]. Oficyna Wydawnicza \u201eHumanitas\u201d. Sosnowiec 2010.<\/li>\n<li>Piotr Wachenius:\u00a0<em>Utwory zebrane<\/em>. Oprac. Mariusz Pawelec, Dariusz Rott. Instytut Bada\u0144 Interdyscyplinarnych \u201cArtesLiberales\u201d Uniwersytetu Warszawskiego, Wydawnictwo Naukowe Sub Lupa. Warszawa 2011.<\/li>\n<li>Ina Martela, Dariusz Rott,\u00a0<em>Rzecznik prasowy. Kompetencje interpersonalne \u2013 wybrane problemy i zagro\u017cenia.<\/em>\u00a0Oficyna Wydawnicza Humanitas\/ Fakulta masmedi\u00e1lnej komunikacie. Sosnowiec-Trnava 2011.<\/li>\n<li>Dariusz Rott, Zbigniew Widera,\u00a0<em>Dobre praktyki w rzecznictwie prasowym.<\/em>\u00a0Stowarzyszenie Tw\u00f3rc\u00f3w Nauki i Kultury EPISTEME, Pracownia Zarz\u0105dzania Wiedz\u0105. Krak\u00f3w-Warszawa 2013.<\/li>\n<li>Krzysztof Moniwid Dorohostajski:\u00a0<em>Hippica, to jest o koniach ksi\u0119gi<\/em>. Oprac. Andrzej Radecki, Dariusz Rott. Wydawnictwo Naukowe Unikat 2. Katowice 2015.<\/li>\n<\/ol>\n<p><span style=\"text-decoration: underline;\">Prace redagowane:<\/span><\/p>\n<ol start=\"14\">\n<li><em>Tradycje \u015bl\u0105skiej humanistyki. Jan Kazimierz Zaremba<\/em>. Red. Jan Malicki, Dariusz Rott. Biblioteka \u015al\u0105ska w Katowicach, \u015al\u0105skie Towarzystwo Naukowoliterackie. Katowice 1994.<\/li>\n<li><em>Jan Amos Kome\u0144ski. Kolokwium polsko-czeskie<\/em>. Red. Jan Malicki, Jana Raclavska, Dariusz Rott. Wydawnictwo \u201e\u015al\u0105sk\u201d. Katowice-Ostrawa 1996.<\/li>\n<li><em>Wawrzyniec Korwin. Wczesnorenesansowy humanista \u015bl\u0105ski<\/em>. Wojew\u00f3dzka Biblioteka Publiczna w Katowicach. Katowice 1997.<\/li>\n<li><em>Wok\u00f3\u0142 Wac\u0142awa Potockiego<\/em>. Red. Jan Malicki, Dariusz Rott. Wydawnictwo Uniwersytetu \u015al\u0105skiego w Katowicach. Katowice 1997.<\/li>\n<li><em>Badania dawnego pi\u015bmiennictwa w Instytucie \u015al\u0105skim w Katowicach (1934\u20141939). Wybrane zagadnienia z dziej\u00f3w humanistyki na \u015al\u0105sku<\/em>. Polska Akademia Nauk, Oddzia\u0142 w Katowicach, Komisja Historycznoliteracka. Kielce 1998.<\/li>\n<li><em>Staropolskie teksty i konteksty. Studia<\/em>. T. 4. Red. Jan Malicki i Dariusz Rott. Wydawnictwo Uniwersytetu \u015al\u0105skiego w Katowicach. Katowice 2003.<\/li>\n<li><em>Archiwum Themerson\u00f3w w Polsce<\/em>. Red. Adam Dziadek, Dariusz Rott przy wsp\u00f3\u0142udziale Katarzyny Bytomskiej. Fundacja \u201ePallas Silesia\u201d. Katowice 2003.<\/li>\n<li><em>S\u0142ownik pisarzy \u015bl\u0105skich<\/em>. Red. Jacek Lyszczyna, Dariusz Rott. T. 1-5. Wydawnictwo Uniwersytetu \u015al\u0105skiego w Katowicach. Katowice 2005-2017.<\/li>\n<li><em>Wok\u00f3\u0142 reporta\u017cu podr\u00f3\u017cniczego.\u00a0<\/em>3:\u00a0<em>Lucjan Wolanowski (1920-2006). Studia-szkice \u2013materia\u0142y.\u00a0<\/em>Red. Dariusz Rott, Mariusz Kubik. Wydawnictwo Uniwersytetu \u015al\u0105skiego w Katowicach. Katowice 2009, ss. 318.<\/li>\n<li><em>Liber Amicorum Joannis Malicki<\/em>. Red. Dariusz Rott, Piotr Wilczek, przy wsp\u00f3\u0142pracy Beaty Stuchlik-Surowiak. Wydawnictwo Uniwersytetu \u015al\u0105skiego w Katowicach. Katowice 2011.<\/li>\n<li><em>Problemy konwergencji medi\u00f3w<\/em>. Red. Micha\u0142 Kaczmarczyk, Dariusz Rott. T. 1-2. Oficyna Wydawnicza \u201eHumanitas\u201d, Wydawnictwo Verbum. Sosnowiec-Praga 2013.<\/li>\n<li><em>Marketingov\u00e1 a medi\u00e1ln\u00ed komunikace dnes<\/em>. II. Red. Dariusz Rott. Wydawnictwo Verbum. Praha 2013.<\/li>\n<li><em>Marketingov\u00e1 a medi\u00e1ln\u00ed komunikace dnes.\u00a0<\/em>Red. Monika Bia\u0142ek, Dariusz Rott. Wydawnictwo Verbum. Praha 2017.<\/li>\n<li><em>Poczucie narodowe. Poczucie patriotyczne<\/em>. Red. Dariusz Rott. Spo\u0142eczne Stowarzyszenie Prasoznawcze \u201cStopka\u201d im. Stanis\u0142awa Zag\u00f3rskiego. \u0141om\u017ca 2017.<\/li>\n<li><em>Staropolskie teksty i konteksty<\/em>. T. 8:\u00a0<em>Tom jubileuszowy, po\u015bwi\u0119cony pracy tw\u00f3rczej i organizacyjnej Profesora Jana Malickiego w siedemdziesi\u0105t\u0105 rocznic\u0119 Jego urodzin.<\/em>\u00a0Teresa Bana\u015b-Korniak, Beata Stuchlik-Surowiak Dariusz Rott i Jacek Kwosek. Wydawnictwo Uniwersytetu \u015al\u0105skiego. Katowice 2018.<\/li>\n<li><em>Radioucze(L)ni<\/em>. T. 2:\u00a0<em>Radio w badaniach naukowych<\/em>. Red. Monika Bia\u0142ek, Dariusz Rott. Wydawnictwo Naukowe Instytut Kultury Regionalnej i Bada\u0144 Literackich im. Franciszka Karpi\u0144skiego. Stowarzyszenie. Siedlce 2020.<\/li>\n<li><em>Ludzie w drodze. Migracje. Granice. To\u017csamo\u015b\u0107<\/em>. Red. Dariusz Rott. Seria Glogerowska. Spo\u0142eczne Stowarzyszenie Prasoznawcze im. Stanis\u0142awa Zag\u00f3rskiego, Instytut Kultury Regionalnej i\u00a0Bada\u0144 Literackich im. Franciszka Karpi\u0144skiego. Stowarzyszenie. \u0141om\u017ca \u2013 Siedlce 2022.<\/li>\n<\/ol>\n<p>\n<\/div>\r\n                    <\/div>\r\n                <\/div>[\/vc_tta_section][vc_tta_section title=&#8221;ENGLISH&#8221; tab_id=&#8221;1696252715456-7a1c3c83-9fb3&#8243;]\r\n                <div class=\"text-modules\">\r\n                    <div class=\"container\">\r\n                        \r\n                        <div class=\"text-modules__content\"><\/p>\n<h3>Prof. Dariusz Rott, PhD<\/h3>\n<hr \/>\n<p>&nbsp;<\/p>\n<p><strong>Research interests<\/strong>:<\/p>\n<hr \/>\n<p>Old Polish literature, rhetoric, Polish-Czech cultural relations, travel writing, journalism and social communication, marketing, contemporary education and higher education systems<\/p>\n<p><strong>Recent publications:<\/strong><\/p>\n<hr \/>\n<ol>\n<li><em>Central Europe as Verbal\u2013Musical Project. Mickiewicz\u2014Stasiuk\u2014Haydamaky.\u00a0<\/em><em>In:\u00a0<\/em><em>St\u0159edn\u00ed Evropa v\u010dera a dnes: prom\u011bny koncepc\u00ed<\/em><em>\u00a0III (<\/em><em>jazyk \u2013 literatura \u2013 kultura politika \u2013 filozofie<\/em><em>). Editor Ivo Posp\u00ed\u0161il. St\u0159edoevropsk\u00e9 centrum slovansk\u00fdch studi\u00ed. Brno 2022, pp. 155-165.<\/em><\/li>\n<li><em>Sustainable Development in Secondary Schools Curricula. Polish Context<\/em><em>, \u201cEducational Studies\u201d, Moscow: Higher School of Economics, issue 1 (2020), pp. 182-204 (co-authors: Anna Mr\u00f3z, Iwona Ocetkiewicz et al.)<\/em><\/li>\n<li><em>Mapping the Early Modern World: Ptolemy\u2019s Cosmography in Sixteenth Century Cracow<\/em>, \u201cTabula. \u010casopis Filozofskog fakulteta, Sveu\u010dili\u0161te Jurja Dobrile u Puli\u201d, issue 17 (2020):\u00a0<em>Proceedings of the International Conference Mare Internum Culture: Humanistic Ideas, Relationships and Parallels in the Early Modern Age.<\/em>\u00a0Buli\u0107, N. \u2013 Moretti, V.,\u00a0 Pula: Juraj Dobrila University of Pula, pp. 315-329.<\/li>\n<li><em>Image of the Post-Soviet Countries in the Polish Travel Whiting (1989-2019). Introduction<\/em>, \u201cStudia Slavica\u201d, issue 1 (2020), Ostrava: University of Ostrava, pp. 7-13.<\/li>\n<li>\u201c<em>Sed quia regio Polonorum ab itineribus peregrinorum est remota\u201d. New strategies of the Social Communication in East and Central Europe in the Early 12th Century<\/em>. In:\u00a0<em>\u0421\u043b\u043e\u0432<\/em><em>\u2019\u044f\u043d\u0441\u044c\u043a\u0430<\/em><em>\u00a0\u0444\u0456\u043b\u043e\u043b\u043e\u0433\u0456\u044f<\/em><em>: \u0456\u0441\u0442\u043e\u0440\u0456\u044f<\/em><em>, \u0441\u044c\u043e\u0433\u043e\u0434\u0435\u043d\u043d\u044f<\/em><em>, \u043f\u0435\u0440\u0441\u043f\u0435\u043a\u0442\u0438\u0432\u0438<\/em><em>\u00a0(Slavic Philology: History, Present Day, Perspectives)<\/em>. Red. \u041b\u044e\u0431\u043e\u0432 \u042e\u0440\u0456\u0457\u0432\u043d\u0430 \u0420\u0456\u0434\u043d\u0435\u0432\u0430. Uman: Pavlo Tychyna Pedagogical University, Uman 2017, pp. 138-147.<\/li>\n<li><em>Modern book marketing<\/em><em>, in: Megatrendy a m\u00e9di\u00e1 2012. Red. Dana Petranov\u00e1, Slavom\u00edr Mag\u00e1l, Jozef Mat\u00fa\u0161. Trnava:\u00a0 University of SS. Cyril and Methodius in Trnava 2012, pp.\u00a0 87-95 (co-author Zbigniew Widera).<\/em><\/li>\n<\/ol>\n<p>\n<\/div>\r\n                    <\/div>\r\n                <\/div>[\/vc_tta_section][\/vc_tta_tabs][\/vc_column][vc_column width=&#8221;1\/3&#8243;]\r\n                <div class=\"text-modules\">\r\n                    <div class=\"container\">\r\n                        \r\n                        <div class=\"text-modules__content\"><\/p>\n<p>&nbsp;<\/p>\n<p><img class=\"alignnone wp-image-253 size-full\" src=\"http:\/\/us.edu.pl\/instytut\/ipo\/wp-content\/uploads\/sites\/74\/Pracownicy\/Rott-foto-autorka-Agnieszka-Sikora-683x1024-1.jpg\" alt=\"Dariusz Rott\" width=\"100%\" height=\"auto\" srcset=\"https:\/\/us.edu.pl\/instytut\/ipo\/wp-content\/uploads\/sites\/74\/Pracownicy\/Rott-foto-autorka-Agnieszka-Sikora-683x1024-1.jpg 683w, https:\/\/us.edu.pl\/instytut\/ipo\/wp-content\/uploads\/sites\/74\/Pracownicy\/Rott-foto-autorka-Agnieszka-Sikora-683x1024-1-200x300.jpg 200w, https:\/\/us.edu.pl\/instytut\/ipo\/wp-content\/uploads\/sites\/74\/Pracownicy\/Rott-foto-autorka-Agnieszka-Sikora-683x1024-1-384x575.jpg 384w\" sizes=\"(max-width: 683px) 100vw, 683px\" \/><\/p>\n<\/div>\r\n                    <\/div>\r\n                <\/div>[\/vc_column][\/vc_row][vc_row el_class=&#8221;container&#8221;][vc_column width=&#8221;2\/3&#8243;][\/vc_column][vc_column width=&#8221;1\/3&#8243;][\/vc_column][\/vc_row]<\/p>","protected":false},"excerpt":{"rendered":"<p>[vc_row el_class=&#8221;container&#8221;][vc_column width=&#8221;2\/3&#8243;][vc_tta_tabs alignment=&#8221;right&#8221; active_section=&#8221;1&#8243;][vc_tta_section title=&#8221;POLISH&#8221; tab_id=&#8221;1696245225773-eae4e9a1-2c7a&#8221;][\/vc_tta_section][vc_tta_section title=&#8221;ENGLISH&#8221; tab_id=&#8221;1696252715456-7a1c3c83-9fb3&#8243;][\/vc_tta_section][\/vc_tta_tabs][\/vc_column][vc_column width=&#8221;1\/3&#8243;][\/vc_column][\/vc_row][vc_row el_class=&#8221;container&#8221;][vc_column width=&#8221;2\/3&#8243;][\/vc_column][vc_column width=&#8221;1\/3&#8243;][\/vc_column][\/vc_row] [&#8230;]<\/p>\n<p><a class=\"btn btn-secondary understrap-read-more-link\" href=\"https:\/\/us.edu.pl\/instytut\/ipo\/pracownicy\/dariusz-rott\/\">Read More&#8230;<\/a><\/p>\n","protected":false},"author":7254,"featured_media":0,"parent":84,"menu_order":0,"comment_status":"closed","ping_status":"closed","template":"","meta":{"_expiration-date-status":"","_expiration-date":0,"_expiration-date-type":"","_expiration-date-categories":[],"_expiration-date-options":[]},"acf":[],"_links":{"self":[{"href":"https:\/\/us.edu.pl\/instytut\/ipo\/wp-json\/wp\/v2\/pages\/252"}],"collection":[{"href":"https:\/\/us.edu.pl\/instytut\/ipo\/wp-json\/wp\/v2\/pages"}],"about":[{"href":"https:\/\/us.edu.pl\/instytut\/ipo\/wp-json\/wp\/v2\/types\/page"}],"author":[{"embeddable":true,"href":"https:\/\/us.edu.pl\/instytut\/ipo\/wp-json\/wp\/v2\/users\/7254"}],"replies":[{"embeddable":true,"href":"https:\/\/us.edu.pl\/instytut\/ipo\/wp-json\/wp\/v2\/comments?post=252"}],"version-history":[{"count":6,"href":"https:\/\/us.edu.pl\/instytut\/ipo\/wp-json\/wp\/v2\/pages\/252\/revisions"}],"predecessor-version":[{"id":259,"href":"https:\/\/us.edu.pl\/instytut\/ipo\/wp-json\/wp\/v2\/pages\/252\/revisions\/259"}],"up":[{"embeddable":true,"href":"https:\/\/us.edu.pl\/instytut\/ipo\/wp-json\/wp\/v2\/pages\/84"}],"wp:attachment":[{"href":"https:\/\/us.edu.pl\/instytut\/ipo\/wp-json\/wp\/v2\/media?parent=252"}],"curies":[{"name":"wp","href":"https:\/\/api.w.org\/{rel}","templated":true}]}}