{"id":276,"date":"2023-10-09T12:51:31","date_gmt":"2023-10-09T10:51:31","guid":{"rendered":"https:\/\/us.edu.pl\/instytut\/ipo\/?page_id=276"},"modified":"2023-10-09T12:51:32","modified_gmt":"2023-10-09T10:51:32","slug":"katarzyna-taluc","status":"publish","type":"page","link":"https:\/\/us.edu.pl\/instytut\/ipo\/pracownicy\/katarzyna-taluc\/","title":{"rendered":"Katarzyna Ta\u0142u\u0107"},"content":{"rendered":"<p>[vc_row el_class=&#8221;container&#8221;][vc_column width=&#8221;2\/3&#8243;]\r\n                <div class=\"text-modules \">\r\n                    <div class=\"container\">\r\n                        <h3 class=\"section-title section-title_border-bottom\">Katarzyna Ta\u0142u\u0107<\/h3> <h3 class=\"subtitle text-modules__subtitle\">e-mail: katarzyna.taluc@us.edu.pl<\/h3>\r\n                        <div class=\"row m-0\">\r\n                            <div class=\"text-modules__content\">\r\n                                 \r\n                                <div class=\"mt-3\"><a href=\"https:\/\/orcid.org\/my-orcid?orcid=0000-0001-8944-6209\" class=\"link-button mr-3 \">ORCID<\/a><a href=\"https:\/\/www.researchgate.net\/profile\/Katarzyna-Taluc\" class=\"link-button mr-3 \">ResearchGate<\/a><\/div>\r\n                            <\/div>\r\n                            \r\n                            \r\n                        <\/div>\r\n                    <\/div>\r\n                <\/div>[vc_tta_tabs alignment=&#8221;right&#8221; active_section=&#8221;1&#8243;][vc_tta_section title=&#8221;POLISH&#8221; tab_id=&#8221;1696245225773-eae4e9a1-2c7a&#8221;]\r\n                <div class=\"text-modules\">\r\n                    <div class=\"container\">\r\n                        \r\n                        <div class=\"text-modules__content\"><\/p>\n<h3>dr hab. Katarzyna Ta\u0142u\u0107, prof. U\u015a<\/h3>\n<hr \/>\n<p>&nbsp;<\/p>\n<p><strong>Stopnie i tytu\u0142y naukowe:<\/strong><\/p>\n<hr \/>\n<ul>\n<li>Magisterium w zakresie filologii polskiej: Jadwiga Kucianka \u2013 badaczka literatury \u015bl\u0105skiej, 1995.<\/li>\n<li>Magisterium w zakresie filologii s\u0142owia\u0144skiej: Zdrobnienia w j\u0119zyku s\u0142owackim i polskim. Formacje nominalne, 1997.<\/li>\n<li>Doktorat: Emil Szramek, Jan Kudera, Konstanty Prus \u2013 pierwsze pokolenie badaczy \u015bl\u0105skiego regionalizmu literackiego, 2000.<\/li>\n<li>Habilitacja: \u201eNasz\u0105 broni\u0105 jest wolne s\u0142owo\u201d. Niezale\u017cna produkcja wydawnicza w wojew\u00f3dztwie katowickim w latach 1976-1990, 2010.<\/li>\n<\/ul>\n<p><strong>Moje zainteresowania badawcze koncentruj\u0105 si\u0119 wok\u00f3\u0142 temat\u00f3w:<\/strong><\/p>\n<hr \/>\n<ul>\n<li>zagadnienia kultury ksi\u0105\u017cki i prasy na \u015al\u0105sku od wieku XIX,<\/li>\n<li>zagadnienia dziej\u00f3w ksi\u0105\u017cki i prasy dla dzieci i m\u0142odzie\u017cy,<\/li>\n<li>zagadnienia obecno\u015bci i recepcji wypowiedzi w przestrzeni cyfrowej,<\/li>\n<li>zagadnienia metodologii bada\u0144 humanistycznych.<\/li>\n<\/ul>\n<p><strong>Nale\u017c\u0119 do nast\u0119puj\u0105cych organizacji i towarzystw:<\/strong><\/p>\n<hr \/>\n<ul>\n<li>Polska Akademia Nauk. Odzia\u0142 w Katowicach. Komisja Historycznoliteracka(cz\u0142onek),<\/li>\n<li>International Society for Knowledge Organization (cz\u0142onek).<\/li>\n<\/ul>\n<p><strong>Pe\u0142ni\u0119 funkcje w redakcjach i radach naukowych nast\u0119puj\u0105cych czasopism:<\/strong><\/p>\n<hr \/>\n<ul>\n<li>\u201eBibliotheca Nostra\u201d (problematyka: kultura ksi\u0105\u017cki, bibliotekarstwo, edytorstwo, informatologia; wydawca: Biblioteka G\u0142\u00f3wna Akademii Wychowania Fizycznego im. Jerzego Kukuczki w Katowicach) \u2013 redaktor naczelny.<\/li>\n<li>\u201ePaidia i Literatura\u201d (problematyka: literatura (sztuka) dla dzieci i m\u0142odzie\u017cy; wydawca: Uniwersytet \u015al\u0105ski) \u2013 cz\u0142onek Rady Redakcyjnej.<\/li>\n<li>\u201eKsi\u0105\u017cnica \u015al\u0105ska\u201d (problematyka z obszaru kultury ksi\u0105\u017cki, bibliotekoznawstwa, literaturoznawstwa, teatrologii oraz historii \u015al\u0105ska G\u00f3rnego i Cieszy\u0144skiego) \u2013 cz\u0142onek Rady Naukowej.<\/li>\n<\/ul>\n<p><strong>Wsp\u00f3\u0142pracuj\u0119 z:<\/strong><\/p>\n<hr \/>\n<p>Pracowni\u0105 Bada\u0144 Humanistycznych nad Problematyk\u0105 G\u00f3rsk\u0105. To jednostka naukowo-badawcza dzia\u0142aj\u0105ca od czerwca 2017 roku w ramach Instytutu Filologii Polskiej Uniwersytetu Wroc\u0142awskiego. Celem Pracowni jest prowadzenie zintegrowanych bada\u0144 nad problematyk\u0105 g\u00f3rsk\u0105 w aspekcie humanistycznym w zakresie literaturoznawstwa, j\u0119zykoznawstwa, kulturoznawstwa, historii sztuki i innych dyscyplin.<\/p>\n<p><strong>Spis publikacji (wyb\u00f3r):<\/strong><\/p>\n<hr \/>\n<p><span style=\"text-decoration: underline;\">Monografie autorskie:<\/span><\/p>\n<ul>\n<li>Go\u0142da, K. Ta\u0142u\u0107,\u00a0<em>Materia\u0142y \u017ar\u00f3d\u0142owe do biografii ks. prof. Wincentego Myszora (katalog z opracowaniem)<\/em>, Ksi\u0119garnia \u015bw. Jacka, Katowice 2020.<\/li>\n<li>Ta\u0142u\u0107,\u00a0<em>Materia\u0142y \u017ar\u00f3d\u0142owe do biografii naukowej ks. prof. Wincentego Myszora (Wyb\u00f3r korespondencji)<\/em>, wst\u0119p i edycja K. Ta\u0142u\u0107, Ksi\u0119garnia \u015bw. Jacka, Fundacja Centrum Bada\u0144 nad Histori\u0105 Ko\u015bcio\u0142a im. ks. Wincentego Myszora. Katowice 2019.<\/li>\n<li>Ta\u0142u\u0107,\u00a0<em>\u201eNasz\u0105 broni\u0105 jest wolne s\u0142owo\u201d. Niezale\u017cna produkcja wydawnicza w wojew\u00f3dztwie katowickim w latach 1976-1990<\/em>, Wydawnictwo Uniwersytetu \u015al\u0105skiego, Katowice 2009.<\/li>\n<li>Ta\u0142u\u0107<em>, Emil Szramek, Jan Kudera, Konstanty Prus \u2013 pierwsze pokolenie badaczy \u015bl\u0105skiego regionalizmu literackiego<\/em>, Wydawnictwo Uniwersytetu \u015al\u0105skiego, Katowice 2002.<\/li>\n<\/ul>\n<p><span style=\"text-decoration: underline;\">Redakcje monografii:<\/span><\/p>\n<ul>\n<li><em>Mi\u0119dzy ksi\u0105\u017ck\u0105 a literatur\u0105. Ksi\u0119ga jubileuszowa dedykowana Profesor dr hab. Teresie Wilko\u0144 z okazji 45-lecia pracy naukowej i dydaktycznej<\/em>, \u00a0Wydawnictwo Uniwersytetu \u015al\u0105skiego, Katowice 2020.<\/li>\n<li><em>Literatura dla dzieci i m\u0142odzie\u017cy<\/em>, T. 5, red. K. Ta\u0142u\u0107, Wydawnictwo Uniwersytetu \u015al\u0105skiego, Katowice 2017.<\/li>\n<li><em>Literatura dla dzieci i m\u0142odzie\u017cy<\/em>, T. 4, red. K. Heska-Kwa\u015bniewicz, K. Ta\u0142u\u0107, Wydawnictwo Uniwersytetu \u015al\u0105skiego, Katowice 2014.<\/li>\n<li><em>Literatura dla dzieci i m\u0142odzie\u017cy<\/em>, T. 3, red. K. Heska-Kwa\u015bniewicz, K. Ta\u0142u\u0107, Wydawnictwo Uniwersytetu \u015al\u0105skiego, Katowice 2013.<\/li>\n<li><em>Czytanie Korczaka. Ksi\u0105\u017cki, bohaterowie, postawy<\/em>, red. K. Ta\u0142u\u0107, Biblioteka \u015al\u0105ska, Katowice 2013.<\/li>\n<\/ul>\n<p><span style=\"text-decoration: underline;\">Artyku\u0142y (wyb\u00f3r):<\/span><\/p>\n<ul>\n<li>Go\u0142da, K. Ta\u0142u\u0107,\u00a0<em>Mi\u0119dzynarodowa wsp\u00f3\u0142praca publikacyjna patrolog\u00f3w na potrzeby analizy korespondencji ks. profesora Wincentego Myszora z Archiwum Archidiecezjalnego w Katowicach<\/em>, \u201eVox Patrum\u201d 2022 (83), s. 413-438,\u00a0<a href=\"https:\/\/doi.org\/10.31743\/vp.13668\">https:\/\/doi.org\/10.31743\/vp.13668<\/a>.<\/li>\n<li>Ta\u0142u\u0107,\u00a0<em>Sacrum w komiksie dla dzieci i m\u0142odzie\u017cy (na komiks\u00f3w ojcu Maksymilianie Kolbem), w: Sacrum w literaturze dzieci\u0119cej i m\u0142odzie\u017cowej<\/em>, red. A. Nosek, M. Wosnitzka-Kowalska, Wydawnictwo Universitas, Krak\u00f3w 2021, s. 171\u2013188.<\/li>\n<li>Ta\u0142u\u0107,\u00a0<em>Scholarly Correspondence of Fr. Prof. Wincenty Myszor with Polish Academic Institutions, Publishing Houses, and Bookshops Preserved in the Archdiocesan Archives in Katowice<\/em>, \u201ePolish Libraries\u201d2021 (9), s. 247\u2013271,\u00a0<a href=\"https:\/\/doi.org\/10.36155\/PLib.9.00008\">https:\/\/doi.org\/10.36155\/PLib.9.00008<\/a><\/li>\n<li>Ta\u0142u\u0107<em>, \u201ePrzyjaciel Rodziny\u201d jako narz\u0119dzie kszta\u0142towania czytelnik\u00f3w na \u015al\u0105sku\u201d<\/em>, w:\u00a0<em>Studia o kulturze i historii ksi\u0105\u017cki. Przesz\u0142o\u015b\u0107, tera\u017aniejszo\u015b\u0107<\/em>, red. A. \u0141akomy-Ch\u0142osta, K. Makles, Wydawnictwo Gnome, Katowice 2020, s. 62\u201380.<\/li>\n<li>Ta\u0142u\u0107,\u00a0<em>Lektura krajobrazu. Czasopisma krajoznawczo-turystyczne jako narz\u0119dzie edukacyjne w dwudziestoleciu mi\u0119dzywojennym<\/em>, w:\u00a0<em>Zmys\u0142y i literatura dla dzieci i m\u0142odzie\u017cy<\/em>, red. B. Niesporek-Szamburska, M. W\u00f3jcik-Dudek, Wydawnictwo Uniwersytetu \u015al\u0105skiego, Katowice 2020, s. 173\u2013190.<\/li>\n<li>Ta\u0142u\u0107,\u00a0<em>Prasa polska okresu dwudziestolecia mi\u0119dzywojennego o turystyce okres<\/em>, \u201eG\u00f3ry -Literatura -Kultura\u201d 2020, t. 14, s. 223\u2013238,\u00a0<a href=\"https:\/\/doi.org\/10.19195\/2084-4107.14.16\">https:\/\/doi.org\/10.19195\/2084-4107.14.16<\/a>.<\/li>\n<li>Ta\u0142u\u0107,\u00a0<em>Wile\u0144szczyzna na \u0142amach prasy \u015bl\u0105skiej na pocz\u0105tku niepodleg\u0142o\u015bci (1918-1922)<\/em>, w:\u00a0<em>Mi\u0119dzy \u015al\u0105skiem a Wile\u0144szczyzn\u0105<\/em>, red. K. Heska-Kwa\u015bniewicz, J. Januszewska-Jurkiewicz, E. \u017burawska, Wydawnictwo Uniwersytetu \u015al\u0105skiego. Katowice 2019, s. 47-60.<\/li>\n<li>Ta\u0142u\u0107,\u00a0<em>Idealizacja g\u00f3r w dyskursie prasowym lat mi\u0119dzywojennych<\/em>, \u201eG\u00f3ry -Literatura -Kultura\u201d 2019, t. 13, s. 303-316,\u00a0<a href=\"https:\/\/doi.org\/10.19195\/2084-4107.13.24\">https:\/\/doi.org\/10.19195\/2084-4107.13.24<\/a><\/li>\n<li>Ta\u0142u\u0107,\u00a0<em>Krajobraz w s\u0142u\u017cbie patriotyzmu. Czasopisma krajoznawcze jako narz\u0119dzie wychowania patriotycznego w II Rzeczypospolitej<\/em>, \u201eZ Bada\u0144 nad Ksi\u0105\u017ck\u0105 i Ksi\u0119gozbiorami Historycznymi\u201d 2019, s. 375\u2013393,\u00a0<a href=\"https:\/\/doi.org\/10.33077\/uw.25448730.zbkh.2020.207\">https:\/\/doi.org\/10.33077\/uw.25448730.zbkh.2020.207<\/a><\/li>\n<li>Ta\u0142u\u0107,\u00a0<em>Recepcja tw\u00f3rczo\u015bci Zofii Kossak w Internecie (prolegomena do bada\u0144)<\/em>, w:\u00a0<em>Zofia Kossak i jej czasy<\/em>, red. E. M. Kur, L. Sadzikowska, Wydawnictwo Uniwersytetu Przyrodniczo-Humanistycznego w Siedlcach, Siedlce 2019, s. 121\u2013131.<\/li>\n<li>Ta\u0142u\u0107,\u00a0<em>G\u00f3rska w\u0119dr\u00f3wka w s\u0142u\u017cbie wychowania \u201enowego\u201d cz\u0142owieka w dwudziestoleciu mi\u0119dzywojennym<\/em>, \u201eG\u00f3ry \u2013 Literatura \u2013 Kultura\u201d 2018, T. 12, s. 307-323,\u00a0<a href=\"https:\/\/doi.org\/10.19195\/2084-4107.12.18\">https:\/\/doi.org\/10.19195\/2084-4107.12.18<\/a><\/li>\n<li>Ta\u0142u\u0107, J. Tomaszczyk,\u00a0<em>Percepcja tekstu w formie drukowanej i elektronicznej<\/em>, \u201eZagadnienia Informacji Naukowej\u201d 2018, nr 1, s. 77-95,\u00a0<a href=\"https:\/\/doi.org\/10.36702\/zin.383\">https:\/\/doi.org\/10.36702\/zin.383<\/a>.<\/li>\n<li>Ta\u0142u\u0107,\u00a0<em>Literatura dla dzieci i m\u0142odzie\u017cy w Internecie. Analiza zawarto\u015bci stron internetowych wydawnictw<\/em>, \u201eFolia Bibliologica\u201d 2018 t. 60, s. 37\u201357,\u00a0<a href=\"https:\/\/doi.org\/10.17951\/fb.2018.60.37-57\">https:\/\/doi.org\/10.17951\/fb.2018.60.37-57<\/a><\/li>\n<li>Ta\u0142u\u0107,\u00a0<em>Zdobywanie, w\u0119drowanie, obcowanie. Problematyka przekraczaj\u0105ca granic\u0119 w eksploracji g\u00f3r na \u0142amach prasy dwudziestolecia mi\u0119dzywojennego<\/em>, \u201eG\u00f3ry \u2013 Literatura \u2013 Kultura\u201d 2018, T. 11, s. 275-289\u00a0<a href=\"https:\/\/doi.org\/10.19195\/2084-4107.11.18\">https:\/\/doi.org\/10.19195\/2084-4107.11.18<\/a><\/li>\n<li>Ta\u0142u\u0107,\u00a0<em>Blog \u2013 narracja w s\u0142owie i obrazie<\/em>, w:\u00a0<em>\u201eStare\u201d i \u201enowe\u201d w literaturze dla dzieci i m\u0142odzie\u017cy \u2013 ma\u0142e formy narracyjne<\/em>, red. B. Olszewska, O. Paj\u0105czkowski, Wydawnictwo Uniwersytetu Opolskiego, Opole 2017, s. 119-140. ISBN: 978-83-7395-752-7<\/li>\n<li>Ta\u0142u\u0107,\u00a0<em>Ulotka<\/em>, w:\u00a0<em>Encyklopedia ksi\u0105\u017cki<\/em>, T. 2. Wydawnictwo Uniwersytetu Wroc\u0142awskiego. Wroc\u0142aw 2017, s. 597-598.<\/li>\n<\/ul>\n<p>\n<\/div>\r\n                    <\/div>\r\n                <\/div>[\/vc_tta_section][vc_tta_section title=&#8221;ENGLISH&#8221; tab_id=&#8221;1696252715456-7a1c3c83-9fb3&#8243;]\r\n                <div class=\"text-modules\">\r\n                    <div class=\"container\">\r\n                        \r\n                        <div class=\"text-modules__content\"><\/p>\n<h3>Katarzyna Ta\u0142u\u0107, PhD, DLitt<\/h3>\n<hr \/>\n<p>Associate Professor<\/p>\n<p>&nbsp;<\/p>\n<p><strong>My research interests are focused around:<\/strong><\/p>\n<hr \/>\n<ul>\n<li>book and media culture in Silesia since the 19th century,<\/li>\n<li>books and press for children and adolescents,<\/li>\n<li>text reception in the digital space,<\/li>\n<li>research methodology in the humanities<\/li>\n<\/ul>\n<p><strong>I belong to the following organizations and societies:<\/strong><\/p>\n<hr \/>\n<ul>\n<li>Polish Academy of Sciences. Katowice branch. Historical and Literary Commission<\/li>\n<li>International Society for Knowledge Organization.<\/li>\n<\/ul>\n<p><strong>I act in editorial offices and scientific councils of the following magazines:<\/strong><\/p>\n<hr \/>\n<ul>\n<li>\u201eBibliotheca Nostra\u201d, jurnal, \u00a0which is a communication platform for people working in academic and specialist libraries in Upper Silesia and members of the Higher Education Libraries Section of the Society of Polish Librarians, in local in Katowice. I\u2019m \u00a0the editor-in-chief of the journal.<\/li>\n<li>\u201ePaidia i Literatura\u201d, jurnal presents broad view of polish and foreign children\u2019s and youth literature seen from a perspective of contemporary trends in humanities. I belong to the journal\u2019s Editorial Board.<\/li>\n<li>\u201eKsi\u0105\u017cnica \u015al\u0105ska\u201d, jurnal, \u00a0which publishes dissertations and materials devoted primarily to issues in the field of book culture, library studies, literary studies, theater studies and the history of Upper and Cieszyn Silesia. I\u2019m a member of the journal\u2019s Scientific Council.<\/li>\n<\/ul>\n<p><strong>I work with:<\/strong><\/p>\n<hr \/>\n<p>Lab of Humanistic Research on Mountain topics (which was established in 2017, as part of the Institute of Polish, the University of Wroc\u0142aw). The aim of the Lab is to conduct integrated, international research\u00a0 on mountain topics in literary studies, linguistics, cultural studies, the history of art and other disciplines.<\/p>\n<\/div>\r\n                    <\/div>\r\n                <\/div>[\/vc_tta_section][\/vc_tta_tabs][\/vc_column][vc_column width=&#8221;1\/3&#8243;]\r\n                <div class=\"text-modules\">\r\n                    <div class=\"container\">\r\n                        \r\n                        <div class=\"text-modules__content\"><\/p>\n<p>&nbsp;<\/p>\n<p><img class=\"alignnone wp-image-278 size-full\" src=\"http:\/\/us.edu.pl\/instytut\/ipo\/wp-content\/uploads\/sites\/74\/Pracownicy\/Taluc.jpg\" alt=\"Katarzyna Ta\u0142u\u0107\" width=\"124\" height=\"162\" \/><\/p>\n<\/div>\r\n                    <\/div>\r\n                <\/div>[\/vc_column][\/vc_row][vc_row el_class=&#8221;container&#8221;][vc_column width=&#8221;2\/3&#8243;][\/vc_column][vc_column width=&#8221;1\/3&#8243;][\/vc_column][\/vc_row]<\/p>","protected":false},"excerpt":{"rendered":"<p>[vc_row el_class=&#8221;container&#8221;][vc_column width=&#8221;2\/3&#8243;][vc_tta_tabs alignment=&#8221;right&#8221; active_section=&#8221;1&#8243;][vc_tta_section title=&#8221;POLISH&#8221; tab_id=&#8221;1696245225773-eae4e9a1-2c7a&#8221;][\/vc_tta_section][vc_tta_section title=&#8221;ENGLISH&#8221; tab_id=&#8221;1696252715456-7a1c3c83-9fb3&#8243;][\/vc_tta_section][\/vc_tta_tabs][\/vc_column][vc_column width=&#8221;1\/3&#8243;][\/vc_column][\/vc_row][vc_row el_class=&#8221;container&#8221;][vc_column width=&#8221;2\/3&#8243;][\/vc_column][vc_column width=&#8221;1\/3&#8243;][\/vc_column][\/vc_row] [&#8230;]<\/p>\n<p><a class=\"btn btn-secondary understrap-read-more-link\" href=\"https:\/\/us.edu.pl\/instytut\/ipo\/pracownicy\/katarzyna-taluc\/\">Read More&#8230;<\/a><\/p>\n","protected":false},"author":7254,"featured_media":0,"parent":84,"menu_order":0,"comment_status":"closed","ping_status":"closed","template":"","meta":{"_expiration-date-status":"","_expiration-date":0,"_expiration-date-type":"","_expiration-date-categories":[],"_expiration-date-options":[]},"acf":[],"_links":{"self":[{"href":"https:\/\/us.edu.pl\/instytut\/ipo\/wp-json\/wp\/v2\/pages\/276"}],"collection":[{"href":"https:\/\/us.edu.pl\/instytut\/ipo\/wp-json\/wp\/v2\/pages"}],"about":[{"href":"https:\/\/us.edu.pl\/instytut\/ipo\/wp-json\/wp\/v2\/types\/page"}],"author":[{"embeddable":true,"href":"https:\/\/us.edu.pl\/instytut\/ipo\/wp-json\/wp\/v2\/users\/7254"}],"replies":[{"embeddable":true,"href":"https:\/\/us.edu.pl\/instytut\/ipo\/wp-json\/wp\/v2\/comments?post=276"}],"version-history":[{"count":4,"href":"https:\/\/us.edu.pl\/instytut\/ipo\/wp-json\/wp\/v2\/pages\/276\/revisions"}],"predecessor-version":[{"id":281,"href":"https:\/\/us.edu.pl\/instytut\/ipo\/wp-json\/wp\/v2\/pages\/276\/revisions\/281"}],"up":[{"embeddable":true,"href":"https:\/\/us.edu.pl\/instytut\/ipo\/wp-json\/wp\/v2\/pages\/84"}],"wp:attachment":[{"href":"https:\/\/us.edu.pl\/instytut\/ipo\/wp-json\/wp\/v2\/media?parent=276"}],"curies":[{"name":"wp","href":"https:\/\/api.w.org\/{rel}","templated":true}]}}