{"id":283,"date":"2023-10-09T13:00:22","date_gmt":"2023-10-09T11:00:22","guid":{"rendered":"https:\/\/us.edu.pl\/instytut\/ipo\/?page_id=283"},"modified":"2023-10-09T13:00:22","modified_gmt":"2023-10-09T11:00:22","slug":"marzena-walinska","status":"publish","type":"page","link":"https:\/\/us.edu.pl\/instytut\/ipo\/pracownicy\/marzena-walinska\/","title":{"rendered":"Marzena Wali\u0144ska"},"content":{"rendered":"<p>[vc_row el_class=&#8221;container&#8221;][vc_column width=&#8221;2\/3&#8243;]\r\n                <div class=\"text-modules \">\r\n                    <div class=\"container\">\r\n                        <h3 class=\"section-title section-title_border-bottom\">Marzena Wali\u0144ska<\/h3> <h3 class=\"subtitle text-modules__subtitle\">e-mail: marzena.walinska@us.edu.pl<\/h3>\r\n                        <div class=\"row m-0\">\r\n                            <div class=\"text-modules__content\">\r\n                                 \r\n                                <div class=\"mt-3\"><a href=\"https:\/\/orcid.org\/0000-0001-7605-1099\" class=\"link-button mr-3 \">ORCID<\/a><a href=\"https:\/\/www.researchgate.net\/profile\/Marzena-Walinska-2\" class=\"link-button mr-3 \">ResearchGate<\/a><a href=\"https:\/\/silesian.academia.edu\/MarzenaWali%C5%84ska\" class=\"link-button mr-3 \">Silesian Academia<\/a><\/div>\r\n                            <\/div>\r\n                            \r\n                            \r\n                        <\/div>\r\n                    <\/div>\r\n                <\/div>[vc_tta_tabs alignment=&#8221;right&#8221; active_section=&#8221;1&#8243;][vc_tta_section title=&#8221;POLISH&#8221; tab_id=&#8221;1696245225773-eae4e9a1-2c7a&#8221;]\r\n                <div class=\"text-modules\">\r\n                    <div class=\"container\">\r\n                        \r\n                        <div class=\"text-modules__content\"><\/p>\n<h3>dr hab. Marzena Wali\u0144ska, prof. U\u015a<\/h3>\n<hr \/>\n<p>&nbsp;<\/p>\n<p><strong>Wykszta\u0142cenie:<\/strong><\/p>\n<hr \/>\n<ul>\n<li>1997 \u2013 magister filologii polskiej, Wydzia\u0142 Filologii Polskiej Uniwersytetu Wroc\u0142awskiego we Wroc\u0142awiu. Rozprawa magisterska:\u00a0<em>Lyricorum libellus<\/em>\u00a0i\u00a0<em>Pie\u015bni ksi\u0105g dwoje<\/em>\u00a0\u2013\u00a0<em>analizy i propozycje\u00a0<\/em>(druk: Acta Universatis Wratislaviensis No 2200. Prace Literackie XXXVII. Wroc\u0142aw 2000, s. 5-34)<\/li>\n<li>2002 \u2013 stopie\u0144 doktora nauk humanistycznych w dziedzinie literaturoznawstwa, Wydzia\u0142 Filologiczny Uniwersytetu \u015al\u0105skiego w Katowicach. Rozprawa doktorska:\u00a0<em>Mitologia w staropolskich cyklach sielankowych<\/em>. (druk Katowice 2003)<\/li>\n<li>2019 \u2013 stopie\u0144 doktora habilitowanego nauk humanistycznych w dziedzinie literaturoznawstwa; Wydzia\u0142 Filologiczny Uniwersytetu \u015al\u0105skiego w Katowicach. Rozprawa habilitacyjna:\u00a0<em>\u201e\u017bywoty \u015bwi\u0119tych ten Apollo pieje\u201d. Studia nad tradycj\u0105 mitologiczn\u0105 w literaturze staropolskiej<\/em>. Katowice 2018.<\/li>\n<li>Zajmuj\u0119 si\u0119 badaniami nad tradycja mitologiczn\u0105 w literaturze staropolskiej, barokowym kaznodziejstwem oraz retoryk\u0105 dawn\u0105 i wsp\u00f3\u0142czesn\u0105.<\/li>\n<\/ul>\n<p><strong>Wyb\u00f3r prac:<\/strong><\/p>\n<hr \/>\n<p><span style=\"text-decoration: underline;\">Monografie autorskie:<\/span><\/p>\n<ol>\n<li><em>Mitologia w staropolskich cyklach sielankowych<\/em>. Katowice 2003.<\/li>\n<li><em>S\u0142odki i okrutny. Wizerunek Kupidyna w literaturze staropolskiej.<\/em>\u00a0Katowice 2008.<\/li>\n<li><em>\u201e\u017bywoty \u015bwi\u0119tych ten Apollo pieje\u201d. Studia nad tradycj\u0105 mitologiczn\u0105 w literaturze staropolskiej<\/em>. Katowice 2018.<\/li>\n<\/ol>\n<p><span style=\"text-decoration: underline;\">Prace redagowane:<\/span><\/p>\n<ol>\n<li><em>Sarmackie theatrum<\/em>. T. 3:\u00a0<em>Studia historycznoliterackie<\/em>. Red. R. Ocieczek<br \/>\ni M. Wali\u0144ska. Katowice 2006.<\/li>\n<li><em>Sarmackie theatrum<\/em>. T. 5:\u00a0<em>Mi\u0119dzy ksi\u0119gami<\/em>. Red. M. Bar\u0142owska i M. Wali\u0144ska. Katowice 2012.<\/li>\n<\/ol>\n<p><span style=\"text-decoration: underline;\">Artyku\u0142y:<\/span><\/p>\n<ol>\n<li><em>O Janie Gawi\u0144skim jako autorze cyklu sielankowego<\/em>. \u201ePami\u0119tnik Literacki\u201d 2002, z. 1, s. 155\u2013161.<\/li>\n<li>\u201e<em>Sielankowe\u201d dedykacje Jana Gawi\u0144skiego<\/em>. W:<em>\u00a0Dzie\u0142o literackie i ksi\u0105\u017cka w kulturze. Studia i\u00a0szkice ofiarowane Profesor Renardzie Ocieczek w 40\u2013lecie pracy naukowej i dydaktycznej<\/em>. R I. Opacki przy wsp\u00f3\u0142udz. B. Mazurkowej. Katowice 2002, s. 426\u2013435.<\/li>\n<li><em>Mitologia w epice romansowej Samuela ze Skrzypny Twardowskiego. Rekonesans<\/em>.<br \/>\nW:\u00a0<em>Sarmackie theatrum<\/em>. T. 3:\u00a0<em>Studia historycznoliterackie<\/em>. Red. R. Ocieczek i M. Wali\u0144ska. Katowice 2006, s. 78-96.<\/li>\n<li><em>Kilka uwag o staropolskim li\u015bcie poetyckim<\/em>. W:\u00a0<em>Epistolografia w dawnej Rzeczypospolitej<\/em>. T.3:\u00a0<em>Stulecia XV-XIX. Perspektywa historycznoliteracka<\/em>. Red. P. Borek, M. Olma. Krak\u00f3w 2013, s.\u00a049-163.<\/li>\n<li><em>Zelotypia jako grzech \u015bmiertelny: Antoniego W\u0119grzynowicza kazanie o nieuzasadnionej zazdro\u015bci w ma\u0142\u017ce\u0144stwie<\/em>. W:\u00a0<em>Sarmackie theatrum<\/em>. T. 7:\u00a0<em>W kr\u0119gu rodziny i prywatno\u015bci<\/em>. Red. M. Jarczykowa, R. Ryba. Katowice 2014, s. 160-173.<\/li>\n<li><em>Fotografowanie zbior\u00f3w specjalnych w polskich bibliotekach naukowych: przepisy<br \/>\ni praktyka<\/em>. \u201eBibliotheca Nostra\u201d 2015, nr 3, s. 168-179.<\/li>\n<li><em>\u201eCzas uprzykrzony\u201d i \u201egodziny po\u017c\u0105dane\u201d. Znaczenie w\u0105tk\u00f3w temporalnych w \u201ePobo\u017cnych pragnieniach\u201d Aleksandra Teodora Lackiego.<\/em>\u00a0W:\u00a0<em>Kategorie kultury. Czas.\u00a0<\/em>M.\u00a0Bator, M.\u00a0Krzysztofik, Z. Trzaskowski. Kielce 2015, s. 529-540.<\/li>\n<li><em>Wsp\u00f3\u0142czesne mitologie dla najm\u0142odszych: strategie i pomys\u0142y.\u00a0<\/em>W:\u00a0<em>Par coeur. Tw\u00f3rczo\u015b\u0107 dla dzieci i m\u0142odzie\u017cy raz jeszcze.\u00a0<\/em>I. Gralewicz-Wolny i B. Mytych-Forajter. Katowice 2016, s. 179-199.<\/li>\n<li><em>Listy dedykacyjne w barokowych zbiorach kaznodziejskich.\u00a0<\/em>W:\u00a0<em>Epistolografia w dawnej Rzeczypospolitej.\u00a0<\/em>7:\u00a0<em>Literatura, historia, j\u0119zyk<\/em>. Red. P. Borek, M. Olma. Krak\u00f3w 2017, s. 75-87.<\/li>\n<li><em>The Image of the Wife in the Homiletics of Antoni W\u0119grzynowicz<\/em>.\u00a0<a href=\"https:\/\/www.researchgate.net\/journal\/Annales-Universitatis-Mariae-Curie-Sklodowska-sectio-FF-Philologiae-0239-426X\">Annales Universitatis Mariae Curie-Sk\u0142odowska sectio FF \u2013 Philologiae<\/a>, 2020, s. 54-66.<\/li>\n<li><em>O perswazji w staropolskich poradnikach przeciwd\u017cumowych<\/em>, \u201eTematy i Konteksty\u201d 2021, s. 183-203.<\/li>\n<\/ol>\n<p>\n<\/div>\r\n                    <\/div>\r\n                <\/div>[\/vc_tta_section][\/vc_tta_tabs][\/vc_column][vc_column width=&#8221;1\/3&#8243;]\r\n                <div class=\"text-modules\">\r\n                    <div class=\"container\">\r\n                        \r\n                        <div class=\"text-modules__content\"><\/p>\n<p>&nbsp;<\/p>\n<p><img class=\"alignnone wp-image-284 size-full\" src=\"http:\/\/us.edu.pl\/instytut\/ipo\/wp-content\/uploads\/sites\/74\/Pracownicy\/IMG_20180614_090835walinska.png\" alt=\"Marzena Wali\u0144ska\" width=\"100%\" height=\"auto\" srcset=\"https:\/\/us.edu.pl\/instytut\/ipo\/wp-content\/uploads\/sites\/74\/Pracownicy\/IMG_20180614_090835walinska.png 446w, https:\/\/us.edu.pl\/instytut\/ipo\/wp-content\/uploads\/sites\/74\/Pracownicy\/IMG_20180614_090835walinska-239x300.png 239w\" sizes=\"(max-width: 446px) 100vw, 446px\" \/><\/p>\n<\/div>\r\n                    <\/div>\r\n                <\/div>[\/vc_column][\/vc_row][vc_row el_class=&#8221;container&#8221;][vc_column width=&#8221;2\/3&#8243;][\/vc_column][vc_column width=&#8221;1\/3&#8243;][\/vc_column][\/vc_row]<\/p>","protected":false},"excerpt":{"rendered":"<p>[vc_row el_class=&#8221;container&#8221;][vc_column width=&#8221;2\/3&#8243;][vc_tta_tabs alignment=&#8221;right&#8221; active_section=&#8221;1&#8243;][vc_tta_section title=&#8221;POLISH&#8221; tab_id=&#8221;1696245225773-eae4e9a1-2c7a&#8221;][\/vc_tta_section][\/vc_tta_tabs][\/vc_column][vc_column width=&#8221;1\/3&#8243;][\/vc_column][\/vc_row][vc_row el_class=&#8221;container&#8221;][vc_column width=&#8221;2\/3&#8243;][\/vc_column][vc_column width=&#8221;1\/3&#8243;][\/vc_column][\/vc_row] [&#8230;]<\/p>\n<p><a class=\"btn btn-secondary understrap-read-more-link\" href=\"https:\/\/us.edu.pl\/instytut\/ipo\/pracownicy\/marzena-walinska\/\">Read More&#8230;<\/a><\/p>\n","protected":false},"author":7254,"featured_media":0,"parent":84,"menu_order":0,"comment_status":"closed","ping_status":"closed","template":"","meta":{"_expiration-date-status":"","_expiration-date":0,"_expiration-date-type":"","_expiration-date-categories":[],"_expiration-date-options":[]},"acf":[],"_links":{"self":[{"href":"https:\/\/us.edu.pl\/instytut\/ipo\/wp-json\/wp\/v2\/pages\/283"}],"collection":[{"href":"https:\/\/us.edu.pl\/instytut\/ipo\/wp-json\/wp\/v2\/pages"}],"about":[{"href":"https:\/\/us.edu.pl\/instytut\/ipo\/wp-json\/wp\/v2\/types\/page"}],"author":[{"embeddable":true,"href":"https:\/\/us.edu.pl\/instytut\/ipo\/wp-json\/wp\/v2\/users\/7254"}],"replies":[{"embeddable":true,"href":"https:\/\/us.edu.pl\/instytut\/ipo\/wp-json\/wp\/v2\/comments?post=283"}],"version-history":[{"count":1,"href":"https:\/\/us.edu.pl\/instytut\/ipo\/wp-json\/wp\/v2\/pages\/283\/revisions"}],"predecessor-version":[{"id":285,"href":"https:\/\/us.edu.pl\/instytut\/ipo\/wp-json\/wp\/v2\/pages\/283\/revisions\/285"}],"up":[{"embeddable":true,"href":"https:\/\/us.edu.pl\/instytut\/ipo\/wp-json\/wp\/v2\/pages\/84"}],"wp:attachment":[{"href":"https:\/\/us.edu.pl\/instytut\/ipo\/wp-json\/wp\/v2\/media?parent=283"}],"curies":[{"name":"wp","href":"https:\/\/api.w.org\/{rel}","templated":true}]}}