{"id":10,"date":"2019-10-28T13:22:17","date_gmt":"2019-10-28T12:22:17","guid":{"rendered":"http:\/\/us.edu.pl\/instytut\/isft\/?page_id=10"},"modified":"2022-04-29T09:44:47","modified_gmt":"2022-04-29T07:44:47","slug":"strona-glowna-instytut-sztuk-filmowych-i-teatralnych","status":"publish","type":"page","link":"https:\/\/us.edu.pl\/instytut\/isft\/","title":{"rendered":"Strona g\u0142\u00f3wna &#8211; Instytut sztuk filmowych i Teatralnych"},"content":{"rendered":"<p>[vc_row el_class=&#8221;container&#8221;][vc_column]\n            <div data-autotime=\"6\" class=\"slider reverse color_white bg_\" >\n                  <div class=\"slide slide_css\">\n                     <div class=\"slide__content_container container\">\n                        <div class=\"slide__content\">\n                           <a href=\"\/\" class=\"slide__link\">\n                              <div class=\"slide__title\">Instytut Sztuk Filmowych i Teatralnych <\/div>\n                              <div class=\"slide__text\"><\/div>\n                           <\/a>\n                        <\/div>\n                     <\/div>\n                     <a href=\"\/\" class=\"slide__img thumbnail\"\n                           style=\"background-image: url('https:\/\/us.edu.pl\/instytut\/isft\/wp-content\/uploads\/sites\/49\/Nieprzypisane\/ok2ok-1100x575.png')\">\n                           <span class=\"d-none\">Instytut Sztuk Filmowych i Teatralnych  <\/span>\n                     <\/a>\n                  <\/div>\n                  <div class=\"slide slide_css\">\n                     <div class=\"slide__content_container container\">\n                        <div class=\"slide__content\">\n                           <a href=\"\/\" class=\"slide__link\">\n                              <div class=\"slide__title\"><\/div>\n                              <div class=\"slide__text\">Instytut Sztuk Filmowych i Teatralnych \njest instytutem naukowym i artystycznym \nSzko\u0142y Filmowej im. Krzysztofa Kie\u015blowskiego \nUniwersytetu \u015al\u0105skiego w Katowicach. <\/div>\n                           <\/a>\n                        <\/div>\n                     <\/div>\n                     <a href=\"\/\" class=\"slide__img thumbnail\"\n                           style=\"background-image: url('https:\/\/us.edu.pl\/instytut\/isft\/wp-content\/uploads\/sites\/49\/Nieprzypisane\/proba2-1-2-1100x575.jpg')\">\n                           <span class=\"d-none\"> Instytut Sztuk Filmowych i Teatralnych \njest instytutem naukowym i artystycznym \nSzko\u0142y Filmowej im. Krzysztofa Kie\u015blowskiego \nUniwersytetu \u015al\u0105skiego w Katowicach. <\/span>\n                     <\/a>\n                  <\/div>\n                  <div class=\"slide slide_css\">\n                     <div class=\"slide__content_container container\">\n                        <div class=\"slide__content\">\n                           <a href=\"\" class=\"slide__link\">\n                              <div class=\"slide__title\"><\/div>\n                              <div class=\"slide__text\">W Instytucie prowadzona jest dzia\u0142alno\u015b\u0107 tw\u00f3rcza w zakresie sztuk filmowych, fotografii oraz sztuk teatralnych.<\/div>\n                           <\/a>\n                        <\/div>\n                     <\/div>\n                     <a href=\"\" class=\"slide__img thumbnail\"\n                           style=\"background-image: url('https:\/\/us.edu.pl\/instytut\/isft\/wp-content\/uploads\/sites\/49\/Nieprzypisane\/ok2-1100x575.jpg')\">\n                           <span class=\"d-none\"> W Instytucie prowadzona jest dzia\u0142alno\u015b\u0107 tw\u00f3rcza w zakresie sztuk filmowych, fotografii oraz sztuk teatralnych.<\/span>\n                     <\/a>\n                  <\/div>\n                  <div class=\"slide slide_css\">\n                     <div class=\"slide__content_container container\">\n                        <div class=\"slide__content\">\n                           <a href=\"\" class=\"slide__link\">\n                              <div class=\"slide__title\"><\/div>\n                              <div class=\"slide__text\">Prac\u0105 Instytutu kieruje zesp\u00f3\u0142 przedstawicieli \u015bwiata filmu, \nkultury, nauki i literatury, kt\u00f3rych tw\u00f3rczo\u015b\u0107 w postaci \nform kinematograficznych, telewizyjnych i teatralnych \nma znacz\u0105cy zasi\u0119g w Polsce i Europie.\n<\/div>\n                           <\/a>\n                        <\/div>\n                     <\/div>\n                     <a href=\"\" class=\"slide__img thumbnail\"\n                           style=\"background-image: url('https:\/\/us.edu.pl\/instytut\/isft\/wp-content\/uploads\/sites\/49\/Nieprzypisane\/ok-1100x575.jpg')\">\n                           <span class=\"d-none\"> Prac\u0105 Instytutu kieruje zesp\u00f3\u0142 przedstawicieli \u015bwiata filmu, \nkultury, nauki i literatury, kt\u00f3rych tw\u00f3rczo\u015b\u0107 w postaci \nform kinematograficznych, telewizyjnych i teatralnych \nma znacz\u0105cy zasi\u0119g w Polsce i Europie.\n<\/span>\n                     <\/a>\n                  <\/div>\n                  <div class=\"slide slide_css\">\n                     <div class=\"slide__content_container container\">\n                        <div class=\"slide__content\">\n                           <a href=\"\" class=\"slide__link\">\n                              <div class=\"slide__title\"><\/div>\n                              <div class=\"slide__text\">W ramach Instytutu wsp\u00f3\u0142pracujemy z wieloma instytucjami kulturalnymi oraz wsp\u00f3\u0142organizujemy r\u00f3\u017cne wydarzenia artystyczne, naukowe oraz dydaktyczne.\n<\/div>\n                           <\/a>\n                        <\/div>\n                     <\/div>\n                     <a href=\"\" class=\"slide__img thumbnail\"\n                           style=\"background-image: url('https:\/\/us.edu.pl\/instytut\/isft\/wp-content\/uploads\/sites\/49\/Nieprzypisane\/proba5-1100x575.jpg')\">\n                           <span class=\"d-none\"> W ramach Instytutu wsp\u00f3\u0142pracujemy z wieloma instytucjami kulturalnymi oraz wsp\u00f3\u0142organizujemy r\u00f3\u017cne wydarzenia artystyczne, naukowe oraz dydaktyczne.\n<\/span>\n                     <\/a>\n                  <\/div>\n                <div class=\"slider__controls\">\n                    <div class=\"slider__dots\"><\/div>\n                    <div class=\"slider__actions\">\n                        <a href=\"#\" class=\"arrow\" data-direction=\"prev\" title=\"poprzedni slajd\">\n                            <em class=\"ci ci-arrow-left\"><\/em>\n                            <span class=\"d-none\">control<\/span>\n                        <\/a>\n            \n                        <a href=\"#\" class=\"start-pause\" data-action=\"stop\" title=\"wstrzymaj poruszanie si\u0119 slajd\u00f3w\">\n                            <em class=\"ci ci-pause\"><\/em>\n                            <span class=\"d-none\">control<\/span>\n                        <\/a>\n            \n                       \n                        <a href=\"#\" class=\"arrow\" data-direction=\"next\"  title=\"Kolejny slajd\" >\n                            <em class=\"ci ci-arrow-right\"><\/em>\n                            <span class=\"d-none\">control<\/span>\n                        <\/a>\n                    <\/div>\n                <\/div>\n            <\/div>[\/vc_column][vc_column][vc_empty_space][\/vc_column][\/vc_row][vc_row][vc_column]\r\n                <div class=\"text-modules\">\r\n                    <div class=\"container\">\r\n                        \r\n                        <div class=\"text-modules__content\"><p><span style=\"font-size: 10pt;\"><strong>Instytut Sztuk Filmowych i Teatralnych jest instytutem naukowym <\/strong><strong>i artystycznym Szko\u0142y Filmowej im. Krzysztofa Kie\u015blowskiego <\/strong><strong>Uniwersytetu \u015al\u0105skiego w Katowicach. <\/strong><strong>Prowadzona jest w nim dzia\u0142alno\u015b\u0107 tw\u00f3rcza w zakresie sztuk <\/strong><strong>filmowych, fotografii oraz sztuk teatralnych.<\/strong><\/span><\/p>\n<p><span style=\"font-size: 10pt;\">Do zada\u0144 Instytutu nale\u017c\u0105:<\/span><\/p>\n<ul>\n<li><span style=\"font-size: 10pt;\">Prowadzenie i wsparcie bada\u0144 naukowych oraz artystycznych z dyscypliny sztuk filmowych i teatralnych,<\/span><\/li>\n<li><span style=\"font-size: 10pt;\">Organizowanie i wsp\u00f3\u0142organizowanie wydarze\u0144 naukowych, artystycznych i kulturalnych promuj\u0105cych sztuk\u0119 filmow\u0105,<\/span><\/li>\n<li><span style=\"font-size: 10pt;\">Organizowanie oraz udzia\u0142 w konferencjach, seminariach, szkoleniach oraz sesjach naukowych,<\/span><\/li>\n<li><span style=\"font-size: 10pt;\">Wydawnictwa w\u0142asne oraz publikacja artyku\u0142\u00f3w naukowych,<\/span><\/li>\n<li><span style=\"font-size: 10pt;\">Uczestniczenie w projektach s\u0142u\u017c\u0105cych upowszechnianiu sztuki filmowej,<\/span><\/li>\n<li><span style=\"font-size: 10pt;\">Organizowanie mi\u0119dzynarodowego festiwalu film\u00f3w kr\u00f3tkometra\u017cowych W\u0119giel Film Festival.<\/span><\/li>\n<\/ul>\n<p><span style=\"font-size: 10pt;\">Prac\u0105 Instytutu kieruje zesp\u00f3\u0142 przedstawicieli \u015bwiata filmu, kultury, nauki i literatury, kt\u00f3rych tw\u00f3rczo\u015b\u0107 w postaci form kinematograficznych, telewizyjnych i teatralnych ma znacz\u0105cy zasi\u0119g w Polsce i Europie.<\/span><\/p>\n<\/div>\r\n                    <\/div>\r\n                <\/div>[\/vc_column][\/vc_row][vc_row][vc_column]            \r\n                \r\n                <div class=\"container\">\r\n                     <div class=\"gallery-big \">\r\n                        \r\n                        <div class=\"row m-0\">\r\n                        <a data-fancybox=\"6480\" href=\"https:\/\/us.edu.pl\/instytut\/isft\/wp-content\/uploads\/sites\/49\/Nieprzypisane\/grafika-WRSIT.png\"\r\n                        title=\"\" \r\n                        class=\"gallery-big__item gallery-big__item_big thumbnail\"\r\n                        style=\"background-image: url(https:\/\/us.edu.pl\/instytut\/isft\/wp-content\/uploads\/sites\/49\/Nieprzypisane\/grafika-WRSIT-1024x478.png)\"><span class=\"d-none\">https:\/\/us.edu.pl\/instytut\/isft\/wp-content\/uploads\/sites\/49\/Nieprzypisane\/grafika-WRSIT.png<\/span><\/a><\/div><\/div>\r\n                    <\/div>\r\n                <\/div>[\/vc_column][\/vc_row][vc_row][vc_column]\r\n                <div class=\"text-modules\">\r\n                    <div class=\"container\">\r\n                        \r\n                        <div class=\"text-modules__content\"><p><span style=\"font-size: 8pt;\">Fotografie autorstwa Krzysztofa Szlapy.<\/span><\/p>\n<\/div>\r\n                    <\/div>\r\n                <\/div>[\/vc_column][\/vc_row]<\/p>","protected":false},"excerpt":{"rendered":"<p>[vc_row el_class=&#8221;container&#8221;][vc_column][\/vc_column][vc_column][vc_empty_space][\/vc_column][\/vc_row][vc_row][vc_column][\/vc_column][\/vc_row][vc_row][vc_column][\/vc_column][\/vc_row][vc_row][vc_column][\/vc_column][\/vc_row] [&#8230;]<\/p>\n<p><a class=\"btn btn-secondary understrap-read-more-link\" href=\"https:\/\/us.edu.pl\/instytut\/isft\/\">Read More&#8230;<\/a><\/p>\n","protected":false},"author":25,"featured_media":0,"parent":0,"menu_order":0,"comment_status":"closed","ping_status":"closed","template":"page-templates\/index-template.php","meta":{"_expiration-date-status":"saved","_expiration-date":0,"_expiration-date-type":"","_expiration-date-categories":[],"_expiration-date-options":[]},"acf":[],"_links":{"self":[{"href":"https:\/\/us.edu.pl\/instytut\/isft\/wp-json\/wp\/v2\/pages\/10"}],"collection":[{"href":"https:\/\/us.edu.pl\/instytut\/isft\/wp-json\/wp\/v2\/pages"}],"about":[{"href":"https:\/\/us.edu.pl\/instytut\/isft\/wp-json\/wp\/v2\/types\/page"}],"author":[{"embeddable":true,"href":"https:\/\/us.edu.pl\/instytut\/isft\/wp-json\/wp\/v2\/users\/25"}],"replies":[{"embeddable":true,"href":"https:\/\/us.edu.pl\/instytut\/isft\/wp-json\/wp\/v2\/comments?post=10"}],"version-history":[{"count":11,"href":"https:\/\/us.edu.pl\/instytut\/isft\/wp-json\/wp\/v2\/pages\/10\/revisions"}],"predecessor-version":[{"id":596,"href":"https:\/\/us.edu.pl\/instytut\/isft\/wp-json\/wp\/v2\/pages\/10\/revisions\/596"}],"wp:attachment":[{"href":"https:\/\/us.edu.pl\/instytut\/isft\/wp-json\/wp\/v2\/media?parent=10"}],"curies":[{"name":"wp","href":"https:\/\/api.w.org\/{rel}","templated":true}]}}