{"id":121,"date":"2020-11-17T09:55:34","date_gmt":"2020-11-17T08:55:34","guid":{"rendered":"https:\/\/us.edu.pl\/instytut\/isft\/?page_id=121"},"modified":"2024-01-12T10:52:47","modified_gmt":"2024-01-12T09:52:47","slug":"dyrekcja-i-rada-naukowa","status":"publish","type":"page","link":"https:\/\/us.edu.pl\/instytut\/isft\/dyrekcja-i-rada-naukowa\/","title":{"rendered":"Cz\u0142onkowie"},"content":{"rendered":"<p>[vc_row title=&#8221;&#8221;][vc_column]\r\n                <div class=\"text-modules\">\r\n                    <div class=\"container\">\r\n                        \r\n                        <div class=\"text-modules__content\"><\/p>\n<div class=\"row\">\n<ul style=\"list-style-type: square;\">\n<li><a href=\"http:\/\/www.writv.us.edu.pl\/pl\/wykladowcy\/item\/103-musial-janusz-pl\" target=\"_blank\" rel=\"noopener noreferrer\">Prof. dr hab. Janusz Musia\u0142<\/a><\/li>\n<li><a href=\"https:\/\/www.writv.us.edu.pl\/pl\/wykladowcy\/89-doktorowicz-krystyna-pl\">Prof. U\u015a dr hab. Krystyna Doktorowicz<\/a><\/li>\n<li><a href=\"http:\/\/www.writv.us.edu.pl\/pl\/wykladowcy\/item\/85-zanussi-krzysztof\" target=\"_blank\" rel=\"noopener noreferrer\">Prof. dr hab. Krzysztof Zanussi<\/a><\/li>\n<li><a href=\"http:\/\/www.writv.us.edu.pl\/pl\/wykladowcy\/item\/88-lukaszewicz-jerzy-w\" target=\"_blank\" rel=\"noopener noreferrer\">Prof. zw. Jerzy \u0141ukaszewicz<\/a><\/li>\n<li><a href=\"http:\/\/www.writv.us.edu.pl\/pl\/wykladowcy\/item\/95-sikora-adam-pl\" target=\"_blank\" rel=\"noopener noreferrer\">Prof. dr hab. Adam Sikora<\/a><\/li>\n<li><a href=\"http:\/\/www.writv.us.edu.pl\/pl\/wykladowcy\/item\/97-pieprzyca-maciej-w-pl\" target=\"_blank\" rel=\"noopener noreferrer\">Prof. dr hab. Maciej Pieprzyca<\/a><\/li>\n<li><a href=\"http:\/\/www.writv.us.edu.pl\/pl\/wykladowcy\/item\/87-dziworski-bogdan-pl\" target=\"_blank\" rel=\"noopener noreferrer\">Prof. dr hab. Bogdan Dziworski<\/a><\/li>\n<li><a href=\"http:\/\/www.writv.us.edu.pl\/pl\/wykladowcy\/item\/91-fidyk-andrzej-pl\" target=\"_blank\" rel=\"noopener noreferrer\">Prof. dr hab. Andrzej Fidyk<\/a><\/li>\n<li><a href=\"http:\/\/www.writv.us.edu.pl\/pl\/wykladowcy\/item\/101-drzazga-dagmara-pl\" target=\"_blank\" rel=\"noopener noreferrer\">Dr hab. Dagmara Drzazga, prof. U\u015a<\/a><\/li>\n<li><a href=\"http:\/\/www.writv.us.edu.pl\/pl\/wykladowcy\/item\/104-koszalka-marcin-pl\" target=\"_blank\" rel=\"noopener noreferrer\">Dr hab. Marcin Kosza\u0142ka, prof. U\u015a<\/a><\/li>\n<li><a href=\"http:\/\/www.writv.us.edu.pl\/pl\/wykladowcy\/item\/511-rafal-milach-pl\" target=\"_blank\" rel=\"noopener noreferrer\">Dr hab. Rafa\u0142 Milach, prof. U\u015a<\/a><\/li>\n<li><a href=\"http:\/\/www.writv.us.edu.pl\/pl\/wykladowcy\/item\/98-rosa-michal-w\" target=\"_blank\" rel=\"noopener noreferrer\">Dr hab. in\u017c. Micha\u0142 Rosa, prof. U\u015a<\/a><\/li>\n<li><a href=\"http:\/\/www.writv.us.edu.pl\/pl\/wykladowcy\/item\/117-chorzepa-pawel-pl\" target=\"_blank\" rel=\"noopener noreferrer\">Dr hab. Pawe\u0142 Chorz\u0119pa<\/a><\/li>\n<li><a href=\"http:\/\/www.writv.us.edu.pl\/pl\/wykladowcy\/item\/149-swierszcz-villqist-jaroslaw-pl\" target=\"_blank\" rel=\"noopener noreferrer\">Dr Jaros\u0142aw \u015awierszcz, prof. U\u015a<\/a><\/li>\n<li><a href=\"http:\/\/www.writv.us.edu.pl\/pl\/wykladowcy\/item\/86-czernow-ryszard-pl\" target=\"_blank\" rel=\"noopener noreferrer\">Dr hab. Ryszard Czernow, prof. U\u015a<\/a><\/li>\n<li><a href=\"http:\/\/www.writv.us.edu.pl\/pl\/wykladowcy\/item\/119-pawelec-dariusz-pl\" target=\"_blank\" rel=\"noopener noreferrer\">Dr hab. Dariusz Pawelec, prof. U\u015a<\/a><\/li>\n<li><a href=\"http:\/\/www.writv.us.edu.pl\/pl\/wykladowcy\/item\/106-dzianowicz-beata-pl\" target=\"_blank\" rel=\"noopener noreferrer\">Dr hab. Beata Dzianowicz<\/a><\/li>\n<li><a href=\"http:\/\/www.writv.us.edu.pl\/pl\/wykladowcy\/item\/453-matuszynski-jan-pawel-pl\" target=\"_blank\" rel=\"noopener noreferrer\">Dr hab. Jan Matuszy\u0144ski<\/a><\/li>\n<li><a href=\"http:\/\/www.writv.us.edu.pl\/pl\/wykladowcy\/item\/113-huth-anna-pl\" target=\"_blank\" rel=\"noopener noreferrer\">Dr Anna Huth<\/a><\/li>\n<li><a href=\"http:\/\/www.writv.us.edu.pl\/pl\/wykladowcy\/item\/107-kowalczyk-andrzej\" target=\"_blank\" rel=\"noopener noreferrer\">Dr Andrzej Kowalczyk<\/a><\/li>\n<li><a href=\"http:\/\/www.writv.us.edu.pl\/pl\/wykladowcy\/item\/111-trela-ptaszynska-jolanta-pl\" target=\"_blank\" rel=\"noopener noreferrer\">Dr Jolanta Trela-Ptaszy\u0144ska<\/a><\/li>\n<li><a href=\"http:\/\/www.writv.us.edu.pl\/pl\/wykladowcy\/item\/127-konopka-bartosz-w\" target=\"_blank\" rel=\"noopener noreferrer\">Mgr Bartosz Konopka<\/a><\/li>\n<li><a href=\"http:\/\/www.writv.us.edu.pl\/pl\/wykladowcy\/item\/449-domin-malgorzata-pl\" target=\"_blank\" rel=\"noopener noreferrer\">Mgr Ma\u0142gorzata Domin<\/a><\/li>\n<li><a href=\"https:\/\/www.writv.us.edu.pl\/pl\/wykladowcy\/744-aneta-hickinbotham-pl\">Mgr Aneta Hickinbotham<\/a><\/li>\n<li><a href=\"https:\/\/www.writv.us.edu.pl\/pl\/wykladowcy\/115-bajerski-adam-pl\" target=\"_blank\" rel=\"noopener\">Mgr Adam Bajerski<\/a><\/li>\n<li><a href=\"https:\/\/www.writv.us.edu.pl\/pl\/wykladowcy\/702-piotr-domalewski-pol\" target=\"_blank\" rel=\"noopener\">Mgr Piotr Domalewski<\/a><\/li>\n<li><a href=\"https:\/\/www.writv.us.edu.pl\/pl\/wykladowcy\/122-wozniczka-tomasz\" target=\"_blank\" rel=\"noopener\">Mgr Tomasz Wo\u017aniczka<\/a><\/li>\n<\/ul>\n<\/div>\n<p>\n<\/div>\r\n                    <\/div>\r\n                <\/div>[\/vc_column][\/vc_row]<\/p>","protected":false},"excerpt":{"rendered":"<p>[vc_row title=&#8221;&#8221;][vc_column][\/vc_column][\/vc_row] [&#8230;]<\/p>\n<p><a class=\"btn btn-secondary understrap-read-more-link\" href=\"https:\/\/us.edu.pl\/instytut\/isft\/dyrekcja-i-rada-naukowa\/\">Read More&#8230;<\/a><\/p>\n","protected":false},"author":29,"featured_media":0,"parent":0,"menu_order":0,"comment_status":"closed","ping_status":"closed","template":"","meta":{"_expiration-date-status":"","_expiration-date":0,"_expiration-date-type":"","_expiration-date-categories":[],"_expiration-date-options":[]},"acf":[],"_links":{"self":[{"href":"https:\/\/us.edu.pl\/instytut\/isft\/wp-json\/wp\/v2\/pages\/121"}],"collection":[{"href":"https:\/\/us.edu.pl\/instytut\/isft\/wp-json\/wp\/v2\/pages"}],"about":[{"href":"https:\/\/us.edu.pl\/instytut\/isft\/wp-json\/wp\/v2\/types\/page"}],"author":[{"embeddable":true,"href":"https:\/\/us.edu.pl\/instytut\/isft\/wp-json\/wp\/v2\/users\/29"}],"replies":[{"embeddable":true,"href":"https:\/\/us.edu.pl\/instytut\/isft\/wp-json\/wp\/v2\/comments?post=121"}],"version-history":[{"count":10,"href":"https:\/\/us.edu.pl\/instytut\/isft\/wp-json\/wp\/v2\/pages\/121\/revisions"}],"predecessor-version":[{"id":618,"href":"https:\/\/us.edu.pl\/instytut\/isft\/wp-json\/wp\/v2\/pages\/121\/revisions\/618"}],"wp:attachment":[{"href":"https:\/\/us.edu.pl\/instytut\/isft\/wp-json\/wp\/v2\/media?parent=121"}],"curies":[{"name":"wp","href":"https:\/\/api.w.org\/{rel}","templated":true}]}}