{"id":1454,"date":"2020-03-20T19:40:36","date_gmt":"2020-03-20T18:40:36","guid":{"rendered":"https:\/\/us.edu.pl\/instytut\/ismuz\/?page_id=1454"},"modified":"2020-03-28T08:34:19","modified_gmt":"2020-03-28T07:34:19","slug":"aleksander-lason","status":"publish","type":"page","link":"https:\/\/us.edu.pl\/instytut\/ismuz\/pracownicy\/aleksander-lason\/","title":{"rendered":"prof. zw. dr hab. Aleksander Laso\u0144"},"content":{"rendered":"<p>[vc_row][vc_column]\r\n                <div class=\"text-modules reverse\">\r\n                    <div class=\"container\">\r\n                        <h3 class=\"section-title section-title_border-bottom\">prof. zw. dr hab. Aleksander Laso\u0144<\/h3> \r\n                        <div class=\"row m-0\">\r\n                            <div class=\"text-modules__content\">\r\n                                <\/p>\n<p style=\"text-align: justify\"><strong>Aleksander Laso\u0144<\/strong> &#8211; uko\u0144czy\u0142 z wyr\u00f3\u017cnieniem studia kompozytorskie w\u00a0Pa\u0144stwowej Wy\u017cszej Szkole Muzycznej w\u00a0Katowicach w\u00a0klasie J\u00f3zefa \u015awidra. Studia uzupe\u0142nia\u0142 na kursach, m.in.\u00a0w\u00a0Burgasie u\u00a0Tona de Leeuwa, Marina Goleminowa i\u00a0Andreia Eshpaia, w\u00a0latach 1984 i\u00a01988 bra\u0142 udzia\u0142 w\u00a0Mi\u0119dzynarodowych Wakacyjnych Kursach Nowej Muzyki w\u00a0Darmstadt.<\/p>\n<p style=\"text-align: justify\">Pocz\u0105tkowo dzia\u0142a\u0142 jako pianista-improwizator (w\u00a01972 roku zosta\u0142 laureatem IV\u00a0Konkursu Improwizacji Fortepianowej w\u00a0Gda\u0144sku), po czym po\u015bwi\u0119ci\u0142 si\u0119 przede wszystkim komponowaniu, pedagogice a\u00a0tak\u017ce dyrygenturze. Za swoj\u0105 tw\u00f3rczo\u015b\u0107 otrzyma\u0142 szereg znacz\u0105cych nagr\u00f3d, do najwa\u017cniejszych nale\u017c\u0105, m.in.:\u00a0Nagroda im.\u00a0Beethovena Miasta Bonn za II\u00a0Symfoni\u0119 &#8222;Koncertuj\u0105c\u0105&#8221; na fortepian i\u00a0orkiestr\u0119 (1980), trzykrotnie uzyska\u0142 wysokie lokaty na Mi\u0119dzynarodowej Trybunie Kompozytor\u00f3w UNESCO w\u00a0Pary\u017cu \u2013 za I\u00a0Symfoni\u0119 (najwy\u017csza punktacja i\u00a0I\u00a0lokata w\u00a01980), za II\u00a0Kwartet smyczkowy (wyr\u00f3\u017cnienie w\u00a01988) oraz Concerto festivo na skrzypce i\u00a0orkiestr\u0119 (wyr\u00f3\u017cnienie w\u00a01997), dwukrotnie nagrod\u0119-stypendium Witolda Lutos\u0142awskiego (1987 i\u00a01989), laureat Nagrody Artystycznej M\u0142odych im.\u00a0Stanis\u0142awa Wyspia\u0144skiego (1986), Dwukrotnie Nagrod\u0119\u2013stypendium &#8222;Exclusiv&#8221; wydawnictwa muzycznego &#8222;TONOS Music Publishers&#8221; w\u00a0Darmstadt (1988 i\u00a01989), Nagrod\u0119 Zwi\u0105zku Kompozytor\u00f3w Polskich za wybitne osi\u0105gni\u0119cia kompozytorskie oraz dzia\u0142alno\u015b\u0107 wykonawcz\u0105 w\u00a0dziedzinie nowej muzyki (2002), dwukrotnie nominacj\u0119 do Nagrody Medi\u00f3w Publicznych OPUS za VII\u00a0Kwartet smyczkowy (2008) i\u00a0&#8222;Called Back&#8221; (2009), Nagrod\u0119 fonograficzn\u0105 \u201eFryderyk 1999\u201d i\u00a0kilka nominacji do nagr\u00f3d \u201eFryderyka\u201d oraz wiele innych nagr\u00f3d.<\/p>\n<p style=\"text-align: justify\">W styczniu 2000 roku otrzyma\u0142 tytu\u0142 profesora sztuk muzycznych, wyk\u0142ada na Uniwersytecie \u015al\u0105skim, a\u00a0tak\u017ce w\u00a0Akademii Muzycznej w\u00a0Katowicach. Od 1996 by\u0142 dyrygentem Orkiestry Muzyki Nowej, za\u0142o\u017conej z\u00a0jego inicjatywy przy Akademii Muzycznej w\u00a0Katowicach, kt\u00f3rej celem jest popularyzacja muzyki najnowszej i\u00a0klasyki XX\u00a0w. W\u00a0latach 1986-89 by\u0142 wiceprezesem Polskiego Towarzystwa Muzyki Wsp\u00f3\u0142czesnej w\u00a0Warszawie (polskiej sekcji ISCM), a\u00a0w\u00a0latach 1990-93 \u2013 prezesem Oddzia\u0142u Zwi\u0105zku Kompozytor\u00f3w Polskich w\u00a0Katowicach. Jego utwory opublikowane s\u0105 w\u00a0Polskim Wydawnictwie Muzycznym w\u00a0Krakowie, Wydawnictwie Muzycznym Euterpe w\u00a0Krakowie oraz w\u00a0wydawnictwie &#8222;TONOS Music Publishers&#8221; w\u00a0Darmstadt i\u00a0Edition Modern w\u00a0Monachium.<\/p>\n<p>\u00a0 \r\n                                <div class=\"mt-3\"><\/div>\r\n                            <\/div>\r\n                            \r\n                            <div class=\"text-modules__img\"><img src=\"https:\/\/us.edu.pl\/instytut\/ismuz\/wp-content\/uploads\/sites\/54\/Nieprzypisane\/Laso\u0144-Aleksander-foto-1.jpg\" alt=\"img\"><\/div>\r\n                        <\/div>\r\n                    <\/div>\r\n                <\/div>[\/vc_column][\/vc_row][vc_row][vc_column]\r\n                <div class=\"text-modules\">\r\n                    <div class=\"container\">\r\n                        \r\n                        <div class=\"text-modules__content\"><\/p>\n<p style=\"padding-left: 160px\"><strong><span style=\"font-size: 14pt\">Wa\u017cniejsze kompozycje<\/span><\/strong><\/p>\n<p style=\"padding-left: 160px\">Sonata na skrzypce i fortepian (1970-71),<br \/>\nPie\u015bni na sopran i fortepian (1973),<br \/>\nImpresje na fortepian i orkiestr\u0119 (1974),<br \/>\nMuzyka kameralna nr 1 &#8222;Stalowowolska&#8221; [wersja I] na fortepian i kwartet smyczkowy (1974-78),<br \/>\nSymfonia nr 1 na instrumenty d\u0119te, perkusj\u0119 i dwa fortepiany (1975),<br \/>\nSonata na skrzypce solo nr 1 (1975),<br \/>\nMuzyka u Szekspira na baryton i ta\u015bm\u0119 magnetofonow\u0105 (1975),<br \/>\nMuzyka kameralna nr 2 na fortepian, 2 rogi, tr\u0105bk\u0119, 2 puzony i tub\u0119 (1976),<br \/>\nKoncert na fortepian i 3 ta\u015bmy magnetofonowe (1976),<br \/>\nMuzyka w czterech cz\u0119\u015bciach na kontrabas i fortepian (1977),<br \/>\nSymfonia nr 2 &#8222;Koncertuj\u0105ca&#8221; na fortepian i orkiestr\u0119 (1977-79),<br \/>\nMuzyka kameralna nr 3 na instrumenty d\u0119te, perkusj\u0119 i fortepian (1978),<br \/>\nG\u00f3ry na orkiestr\u0119 symfoniczn\u0105 (1979-80),<br \/>\nKwartet smyczkowy nr 1 (1979-80),<br \/>\nKwintet d\u0119ty &#8222;Wiosenny&#8221; (1980-81),<br \/>\nMuzyka kameralna nr 5 &#8222;Cztery pory roku&#8221; na klarnet, puzon, fortepian i smyczki (1981),<br \/>\nTrzy pie\u015bni do s\u0142\u00f3w Kazimiery I\u0142\u0142akowicz\u00f3wny na alt, ob\u00f3j, skrzypce, wiolonczel\u0119 i fortepian (1983),<br \/>\nSonata na skrzypce solo nr 2 (1983-84),<br \/>\nConcerto &#8222;Pablo Casals in memoriam&#8221; na wiolonczel\u0119 i orkiestr\u0119 (1985),<br \/>\nConcertino w dw\u00f3ch cz\u0119\u015bciach na skrzypce i fortepian (1986),<br \/>\nKwartet smyczkowy nr 2(1987),<br \/>\nKatedra na orkiestr\u0119 symfoniczn\u0105 (1987-89,)<br \/>\nKwartet smyczkowy nr 3 (1992-93),<br \/>\nHymn i aria na orkiestr\u0119 smyczkow\u0105 (1993),<br \/>\nConcerto festivo na skrzypce i orkiestr\u0119 (1993-95),<br \/>\nRelief dla Andrzeja na kwartet smyczkowy (1995),<br \/>\nSymfonia nr 3 &#8222;1999&#8221; na ch\u00f3r i orkiestr\u0119 (1996-97),<br \/>\nCredo na orkiestr\u0119 symfoniczn\u0105 (1997),<br \/>\n&#8222;2 plus 2&#8221; dla Witolda na skrzypce, wiolonczel\u0119 i 2 fortepiany (1997),<br \/>\n&#8222;20 dla 4&#8221; na kwartet smyczkowy (1998),<br \/>\nMusica Sacra \u2013 Sanctus na cztery g\u0142osy m\u0119skie, organy i orkiestr\u0119 smyczkow\u0105 (1998),<br \/>\nFanfary &#8222;50&#8221; na zesp\u00f3\u0142 kameralny (1999-2000),<br \/>\nMuzyka kameralna nr 6 &#8222;Saxophonium&#8221; na kwartet saksofonowy i perkusj\u0119 (2000),<br \/>\nKwartet smyczkowy nr 4 &#8222;Tarnog\u00f3rski&#8221; (2000),<br \/>\nA Little Book na klarnet i smyczki (2001),<br \/>\nCanto \u2013 &#8222;Dharma&#8221; [wersja I] na wiolonczel\u0119 i smyczki (2001),<br \/>\nCanto \u2013 &#8222;Dharma&#8221; [wersja II] na wiolonczel\u0119 i fortepian (2002),<br \/>\nSuibusium felix na dwoje skrzypiec i orkiestr\u0119 smyczkow\u0105 (2002),<br \/>\n&#8222;La Danza a Tre&#8221; na klarnet, klarnet basowy, skrzypce i fortepian (2003),<br \/>\nKwartet smyczkowy nr 5 (2004),<br \/>\n&#8222;Sinfonia concertante&#8221; na gitar\u0119 i orkiestr\u0119 kameraln\u0105 (2004),<br \/>\nKwartet smyczkowy nr 6 (2005),<br \/>\nBenedictus na ch\u00f3r mieszany a\u2019cappella (2005),<br \/>\n&#8222;AUKSO&#8221;na orkiestr\u0119 smyczkow\u0105 (2006),<br \/>\n&#8222;SATJA&#8221; IV Symfonia na orkiestr\u0119 (2006-2007),<br \/>\nKwartet smyczkowy nr 7 (2007),<br \/>\n&#8222;Deciso e affettuoso&#8221; na wiolonczel\u0119 solo (2007),<br \/>\n&#8222;CALLED BACK&#8221; Sacrificial Chanting and Playing to ANNA, na g\u0142osy \u015bpiewane i orkiestr\u0119 smyczkow\u0105 (2008),<br \/>\n&#8222;hyMMny&#8221; na orkiestr\u0119 symfoniczn\u0105 (2009-2010).<br \/>\n&#8222;Dla Ciebie Oni \u015apiewaja i Ta\u0144cz\u0105&#8221; Kwartet Smyczkowy nr 8 (2011-2012)<br \/>\n&#8222;Laetatus sum &#8211; Gorczycki in memoriam&#8221; na orkiestr\u0119 kameraln\u0105 (2013-2014)<br \/>\nTAO. V Symfonia &#8222;concertante&#8221; na orkiestr\u0119 (2014-2016)<br \/>\nMetta. Sinfonia \u201econcertante\u201d nr 2 na ro\u017cek basetowy, klarnet basowy i orkiestr\u0119 kameraln\u0105 (2018-2019)<\/p>\n<p>\n<\/div>\r\n                    <\/div>\r\n                <\/div>[\/vc_column][\/vc_row]<\/p>","protected":false},"excerpt":{"rendered":"<p>[vc_row][vc_column][\/vc_column][\/vc_row][vc_row][vc_column][\/vc_column][\/vc_row] [&#8230;]<\/p>\n<p><a class=\"btn btn-secondary understrap-read-more-link\" href=\"https:\/\/us.edu.pl\/instytut\/ismuz\/pracownicy\/aleksander-lason\/\">Read More&#8230;<\/a><\/p>\n","protected":false},"author":362,"featured_media":0,"parent":189,"menu_order":10,"comment_status":"closed","ping_status":"closed","template":"","meta":{"_expiration-date-status":"saved","_expiration-date":0,"_expiration-date-type":"","_expiration-date-categories":[],"_expiration-date-options":[]},"acf":[],"_links":{"self":[{"href":"https:\/\/us.edu.pl\/instytut\/ismuz\/wp-json\/wp\/v2\/pages\/1454"}],"collection":[{"href":"https:\/\/us.edu.pl\/instytut\/ismuz\/wp-json\/wp\/v2\/pages"}],"about":[{"href":"https:\/\/us.edu.pl\/instytut\/ismuz\/wp-json\/wp\/v2\/types\/page"}],"author":[{"embeddable":true,"href":"https:\/\/us.edu.pl\/instytut\/ismuz\/wp-json\/wp\/v2\/users\/362"}],"replies":[{"embeddable":true,"href":"https:\/\/us.edu.pl\/instytut\/ismuz\/wp-json\/wp\/v2\/comments?post=1454"}],"version-history":[{"count":9,"href":"https:\/\/us.edu.pl\/instytut\/ismuz\/wp-json\/wp\/v2\/pages\/1454\/revisions"}],"predecessor-version":[{"id":1732,"href":"https:\/\/us.edu.pl\/instytut\/ismuz\/wp-json\/wp\/v2\/pages\/1454\/revisions\/1732"}],"up":[{"embeddable":true,"href":"https:\/\/us.edu.pl\/instytut\/ismuz\/wp-json\/wp\/v2\/pages\/189"}],"wp:attachment":[{"href":"https:\/\/us.edu.pl\/instytut\/ismuz\/wp-json\/wp\/v2\/media?parent=1454"}],"curies":[{"name":"wp","href":"https:\/\/api.w.org\/{rel}","templated":true}]}}