{"id":1551,"date":"2020-03-23T16:07:48","date_gmt":"2020-03-23T15:07:48","guid":{"rendered":"https:\/\/us.edu.pl\/instytut\/ismuz\/?page_id=1551"},"modified":"2020-12-14T14:32:42","modified_gmt":"2020-12-14T13:32:42","slug":"aleksandra-halat","status":"publish","type":"page","link":"https:\/\/us.edu.pl\/instytut\/ismuz\/pracownicy\/aleksandra-halat\/","title":{"rendered":"dr Aleksandra Ha\u0142at"},"content":{"rendered":"<p>[vc_row][vc_column]\r\n                <div class=\"text-modules reverse\">\r\n                    <div class=\"container\">\r\n                        <h3 class=\"section-title section-title_border-bottom\">dr Aleksandra Ha\u0142at<\/h3> \r\n                        <div class=\"row m-0\">\r\n                            <div class=\"text-modules__content\">\r\n                                <\/p>\n<p style=\"text-align: justify\"><strong>Aleksandra Ha\u0142at<\/strong> &#8211; absolwentka Akademii Muzycznej im.\u00a0Karola Szymanowskiego w\u00a0Katowicach (2006), w\u00a0klasie fortepianu prof.\u00a0Czes\u0142awa Sta\u0144czyka. Sw\u00f3j warsztat pianistyczny rozwija\u0142a r\u00f3wnie\u017c w\u00a0czasie pobytu stypendialnego w\u00a0ramach europejskiego programu Erasmus-Sokrates w\u00a0Universit\u00e4t f\u0171r Musik und darstellende Kunst w\u00a0Grazu, w\u00a0Austrii, a\u00a0nast\u0119pnie dwuletnich studi\u00f3w (2005-2007) w\u00a0w\/w\u00a0uniwersytecie, pod kierunkiem prof.\u00a0Ottona Niederdorfera (klasa fortepianu), prof.\u00a0Chia\u00a0Chou (klasa kameralistyki) oraz prof.\u00a0Stacey Bartsch (akompaniament wokalny). W\u00a02010\u00a0r. uko\u0144czy\u0142a studia podyplomowe na kierunku Kameralistyka Fortepianowa, w\u00a0Akademii Muzycznej im.\u00a0Karola Szymanowskiego w\u00a0Katowicach, w\u00a0klasie prof.\u00a0Marii Szwajger-Ku\u0142akowskiej.<\/p>\n<p style=\"text-align: justify\">W\u00a0czasie licznych krajowych i\u00a0zagranicznych warsztat\u00f3w pianistycznych oraz kurs\u00f3w mistrzowskich mia\u0142a okazj\u0119 pracowa\u0107 pod kierunkiem takich artyst\u00f3w jak Wojciech \u015awita\u0142a, Ewa Pob\u0142ocka, Katarzyna Popowa-Zydro\u0144, Waldemar Wojtal, Wiera Nossina, Julius Drake, Walter Moore, Norman Shetler, Robert Kabara, Barbara G\u00f3rzy\u0144ska, Tomasz Herbut, Chrisoph Wyneken.<br \/>\nJest dwukrotn\u0105 laureatk\u0105 Og\u00f3lnopolskiego Konkursu Kameralistyki Fortepianowej w\u00a0Toruniu. W\u00a02005\u00a0r. jako studentka Uniwersytetu w\u00a0Grazu otrzyma\u0142a stypendium VIP &#8211; Vienna International Pianists. W\u00a02007\u00a0r. zosta\u0142a stypendystk\u0105 AIMS &#8211; American Institute for Musical Studies. W\u00a02010\u00a0r. wraz z\u00a0Agat\u0105 Ho\u0142dyk otrzyma\u0142a wyr\u00f3\u017cnienie na Mi\u0119dzynarodowym Konkursie Pianistycznym &#8222;Concours Grieg&#8221; w\u00a0Oslo, w\u00a0Norwegii, w\u00a0kategorii duet\u00f3w fortepianowych. W\u00a02011\u00a0r. wraz z\u00a0Agat\u0105 Ho\u0142dyk otrzyma\u0142a II\u00a0nagrod\u0119 na Mi\u0119dzynarodowym Konkursie Pianistycznym &#8222;Bradshaw &amp; Buono&#8221; w\u00a0Nowym Jorku. Wyst\u0119powa\u0142a z\u00a0repertuarem solowym jak i\u00a0kameralnym zar\u00f3wno w\u00a0kraju jak i\u00a0zagranic\u0105, mi\u0119dzy innymi: w\u00a0Austrii, Turcji, Chorwacji, W\u0142oszech, Czechach.<\/p>\n<p style=\"text-align: justify\">Wyst\u0119powa\u0142a na jednej scenie z\u00a0takimi artystami jak Katarzyna Ole\u015b-Blacha (Akademia Muzyczna w\u00a0Krakowie), Anna Luba\u0144ska (Opera Narodowa), Taylan Memioglu (Grazer Oper), Atilla Aldemir (Berliner Philharmoniker), Beata Warykiewicz-Siwy (Akademia Muzyczna w\u00a0Katowicach), Marcin M\u0105czy\u0144ski (Sinfonietta Cracovia), Andrzej Lampert (Opera w\u00a0Krakowie).<br \/>\nWsp\u00f3\u0142pracowa\u0142a z Teatrem Rozrywki w Chorzowie i TVP Katowice. W latach 2009-2017 by\u0142a pracownikiem Akademii Muzycznej w Katowicach, zatrudniona w charakterze pianisty-akompaniatora w Katedrze Instrument\u00f3w Smyczkowych. Od 2004 r. wraz z Marcinem Ha\u0142atem tworzy HA\u0141AT DUO, a od 2009 r. wraz z Agat\u0105 Ho\u0142dyk wsp\u00f3\u0142tworzy duet fortepianowy AHHA PIANO DUO. W 2017 r. nagra\u0142a dwie p\u0142yty: &#8222;Our world of 4 hands&#8221; z\u00a0Agat\u0105 Ho\u0142dyk jako AHHA Piano Duo oraz p\u0142yt\u0119 z repertuarem kameralnym &#8222;The Ways&#8221;.<\/p>\n<p style=\"text-align: justify\">W\u00a02018\u00a0r. otrzyma\u0142a tytu\u0142 doktora w\u00a0Akademii Muzycznej im.\u00a0K.\u00a0Szymanowskiego w\u00a0Katowicach. Temat dysertacji doktorskiej to: &#8222;Transkrypcja w\u00a0muzyce kameralnej jako przestrze\u0144 dla interpretacji pianistycznej w\u00a0oparciu o\u00a0wybrane dzie\u0142a&#8221;.<br \/>\nJest cz\u0142onkiem International Piano Duo Association w Tokyo w Japonii.<\/p>\n<div class=\"mt-3\"><\/div>\r\n                            <\/div>\r\n                            \r\n                            <div class=\"text-modules__img\"><img src=\"https:\/\/us.edu.pl\/instytut\/ismuz\/wp-content\/uploads\/sites\/54\/Nieprzypisane\/a.halat_.jpg\" alt=\"img\"><\/div>\r\n                        <\/div>\r\n                    <\/div>\r\n                <\/div>\r\n                <div class=\"text-modules\">\r\n                    <div class=\"container\">\r\n                        \r\n                        <div class=\"text-modules__content\"><p><img class=\"alignnone size-full wp-image-1699\" src=\"https:\/\/us.edu.pl\/instytut\/ismuz\/wp-content\/uploads\/sites\/54\/Nieprzypisane\/youtube1.jpg\" alt=\"\" width=\"200\" height=\"89\" \/><\/p>\n<\/div>\r\n                    <\/div>\r\n                <\/div>[\/vc_column][\/vc_row][vc_row css=&#8221;.vc_custom_1585308103916{padding-right: 5% !important;padding-left: 5% !important;}&#8221;][vc_column width=&#8221;1\/4&#8243;][vc_video link=&#8221;https:\/\/youtu.be\/FbfXkxHzm74&#8243; el_width=&#8221;90&#8243; align=&#8221;center&#8221;][\/vc_column][vc_column width=&#8221;1\/4&#8243;][vc_video link=&#8221;https:\/\/youtu.be\/SFz74uWlNiU&#8221; el_width=&#8221;90&#8243; align=&#8221;center&#8221;][\/vc_column][vc_column width=&#8221;1\/4&#8243;][vc_video link=&#8221;https:\/\/youtu.be\/2P0ZNrFjPvY&#8221; el_width=&#8221;90&#8243; align=&#8221;center&#8221;][\/vc_column][vc_column width=&#8221;1\/4&#8243;][vc_video link=&#8221;https:\/\/youtu.be\/bf4slcw0wTo&#8221; el_width=&#8221;90&#8243; align=&#8221;center&#8221;][\/vc_column][\/vc_row][vc_row][vc_column]            \r\n                    <div class=\"container\">\r\n                        <div class=\"gallery gallery_3\" data-images-in-row=\"3\">\r\n                            <div class=\"section-title section-title_border-bottom\">THE WAYS<\/div>\r\n                            <div class=\"row m-0\">\r\n                                <a data-fancybox-group=\"button\" title=\"\" data-fancybox=\"9089\" href=\"https:\/\/us.edu.pl\/instytut\/ismuz\/wp-content\/uploads\/sites\/54\/Nieprzypisane\/THE-WAYS-1.jpg\" class=\"gallery__item thumbnail\"\r\n                                    style=\"background-image: url(https:\/\/us.edu.pl\/instytut\/ismuz\/wp-content\/uploads\/sites\/54\/Nieprzypisane\/THE-WAYS-1.jpg)\"> <span class=\"d-none\">https:\/\/us.edu.pl\/instytut\/ismuz\/wp-content\/uploads\/sites\/54\/Nieprzypisane\/THE-WAYS-1.jpg<\/span> <\/a><a data-fancybox-group=\"button\" title=\"\" data-fancybox=\"9089\" href=\"https:\/\/us.edu.pl\/instytut\/ismuz\/wp-content\/uploads\/sites\/54\/Nieprzypisane\/THE-WAYS-2.jpg\" class=\"gallery__item thumbnail\"\r\n                                    style=\"background-image: url(https:\/\/us.edu.pl\/instytut\/ismuz\/wp-content\/uploads\/sites\/54\/Nieprzypisane\/THE-WAYS-2.jpg)\"> <span class=\"d-none\">https:\/\/us.edu.pl\/instytut\/ismuz\/wp-content\/uploads\/sites\/54\/Nieprzypisane\/THE-WAYS-2.jpg<\/span> <\/a><a data-fancybox-group=\"button\" title=\"\" data-fancybox=\"9089\" href=\"https:\/\/us.edu.pl\/instytut\/ismuz\/wp-content\/uploads\/sites\/54\/Nieprzypisane\/THE-WAYS-3.jpg\" class=\"gallery__item thumbnail\"\r\n                                    style=\"background-image: url(https:\/\/us.edu.pl\/instytut\/ismuz\/wp-content\/uploads\/sites\/54\/Nieprzypisane\/THE-WAYS-3.jpg)\"> <span class=\"d-none\">https:\/\/us.edu.pl\/instytut\/ismuz\/wp-content\/uploads\/sites\/54\/Nieprzypisane\/THE-WAYS-3.jpg<\/span> <\/a><a data-fancybox-group=\"button\" title=\"\" data-fancybox=\"9089\" href=\"https:\/\/us.edu.pl\/instytut\/ismuz\/wp-content\/uploads\/sites\/54\/Nieprzypisane\/THE-WAYS-4.jpg\" class=\"gallery__item thumbnail\"\r\n                                    style=\"background-image: url(https:\/\/us.edu.pl\/instytut\/ismuz\/wp-content\/uploads\/sites\/54\/Nieprzypisane\/THE-WAYS-4.jpg)\"> <span class=\"d-none\">https:\/\/us.edu.pl\/instytut\/ismuz\/wp-content\/uploads\/sites\/54\/Nieprzypisane\/THE-WAYS-4.jpg<\/span> <\/a><a data-fancybox-group=\"button\" title=\"\" data-fancybox=\"9089\" href=\"https:\/\/us.edu.pl\/instytut\/ismuz\/wp-content\/uploads\/sites\/54\/Nieprzypisane\/THE-WAYS-5.jpg\" class=\"gallery__item thumbnail\"\r\n                                    style=\"background-image: url(https:\/\/us.edu.pl\/instytut\/ismuz\/wp-content\/uploads\/sites\/54\/Nieprzypisane\/THE-WAYS-5.jpg)\"> <span class=\"d-none\">https:\/\/us.edu.pl\/instytut\/ismuz\/wp-content\/uploads\/sites\/54\/Nieprzypisane\/THE-WAYS-5.jpg<\/span> <\/a><a data-fancybox-group=\"button\" title=\"\" data-fancybox=\"9089\" href=\"https:\/\/us.edu.pl\/instytut\/ismuz\/wp-content\/uploads\/sites\/54\/Nieprzypisane\/THE-WAYS-6.jpg\" class=\"gallery__item thumbnail\"\r\n                                    style=\"background-image: url(https:\/\/us.edu.pl\/instytut\/ismuz\/wp-content\/uploads\/sites\/54\/Nieprzypisane\/THE-WAYS-6.jpg)\"> <span class=\"d-none\">https:\/\/us.edu.pl\/instytut\/ismuz\/wp-content\/uploads\/sites\/54\/Nieprzypisane\/THE-WAYS-6.jpg<\/span> <\/a>\r\n                            <\/div>\r\n                    <\/div>\r\n                <\/div>[\/vc_column][\/vc_row][vc_row][vc_column]\r\n\t\t\t\t\t<div class='container'>\r\n\t\t\t\t\t\t<div class='sidebar_moduls sidebar_dropdown zakladki' style='background-color: #FFFFFF'>\r\n\t\t\t\t\t\t\t<h3 class='page-title'>Wynonawcy \u201eThe Ways\u201d:<\/h3>\r\n\t\t\t\t\t\t\t<p class='zakladki__desc'><\/p>\r\n\r\n\t\t\t\t\t\t\t<div class='bookmarks'>\r\n\t\t\t\t\t<div class=\"bookmark\">\r\n\t\t\t\t\t\t<div class=\"bookmark__title\">\r\n                            <h3>\r\n                                <span class=\"short\">Piotr Wybraniec<\/span>\r\n                                <span class=\"long\">Piotr Wybraniec<\/span>\r\n                            <\/h3>\r\n\t\t\t\t\t\t<\/div>\r\n\t\t\t\t\t\t\r\n\t\t\t\t\t\t<div class=\"bookmark__content-wrap\">\r\n\t\t\t\t\t\t\t<div class=\"bookmark__content\">\r\n\r\n\t\t\t\t\t\t\t\t\r\n\r\n\t\t\t\t\t\t\t\t<div class=\"bookmark_text\" style=\"font-size:14px;\">\r\n\t\t\t\t\t\t\t\tPiotr Wybraniec \u2013 absolwent Akademii Muzycznej im. Karola Szymanowskiego w Katowicach w klasie klarnetu prof. dr. hab. Arkadiusza Adamskiego. Swoje umiej\u0119tno\u015bci doskonali\u0142 w Escola Superior de M\u00fasica, Artes e Espect\u00e1culo w Porto, w Kr\u00f3lewskim Konserwatorium w Hadze pod okiem prof. Pierre\u2019a Woudenberga, gdzie w ramach studi\u00f3w na profilu orkiestrowym odbywa\u0142 sta\u017c w Residentie Orkest \/ The Hague Philharmonic. Jest laureatem wielu nagr\u00f3d na konkursach kameralnych i klarnetowych, m.in. CIA Award na 20th IJMF w Amsterdamie, I nagrody na Og\u00f3lnopolskim Konkursie D\u0119tych Zespo\u0142\u00f3w Kameralnych w Warszawie, III nagrody na XXXI Og\u00f3lnopolskim Konkursie Muzyki Kameralnej we Wroc\u0142awiu, IV nagrody na Akademickim Konkursie Klarnetowym we W\u0142oszakowicach, I nagrody na Zachodniopomorskim Festiwalu Klarnetowym w Szczecinie, I nagrody na Og\u00f3lnopolskim Festiwalu Klarnetowym w Piotrkowie Trybunalskim. Koncertowa\u0142 na presti\u017cowych, mi\u0119dzynarodowych festiwalach muzycznych, takich jak: Gergiev Festival (Rotterdam), Warszawska Jesie\u0144, Chopin i jego Europa, Young Euro Classic (Berlin). Od 2016 roku jest muzykiem \u2013 solist\u0105 Orkiestry Symfonicznej Filharmonii im. Mieczys\u0142awa Kar\u0142owicza w Szczecinie. Jest jednym z za\u0142o\u017cycieli zespo\u0142u muzyki etnicznej Dance of Fire.\r\n\t\t\t\t\t\t\t\t<br>\r\n\t\t\t\t\t\t\t\t\r\n\t\t\t\t\t\t\t\t<\/div>\r\n\t\t\t\t\t\t\t<\/div>\r\n\t\t\t\t\t\t<\/div>\r\n\t\t\t\t\t<\/div>\r\n\t\t\t\t\t<div class=\"bookmark\">\r\n\t\t\t\t\t\t<div class=\"bookmark__title\">\r\n                            <h3>\r\n                                <span class=\"short\">Dr Marcin Ha\u0142at<\/span>\r\n                                <span class=\"long\">Dr Marcin Ha\u0142at<\/span>\r\n                            <\/h3>\r\n\t\t\t\t\t\t<\/div>\r\n\t\t\t\t\t\t\r\n\t\t\t\t\t\t<div class=\"bookmark__content-wrap\">\r\n\t\t\t\t\t\t\t<div class=\"bookmark__content\">\r\n\r\n\t\t\t\t\t\t\t\t\r\n\r\n\t\t\t\t\t\t\t\t<div class=\"bookmark_text\" style=\"font-size:14px;\">\r\n\t\t\t\t\t\t\t\tDr Marcin Ha\u0142at \u2013 skrzypek, improwizator, poruszaj\u0105cy si\u0119 mi\u0119dzy muzyk\u0105 klasyczn\u0105, jazzow\u0105 i improwizowan\u0105. Absolwent Wydzia\u0142u Jazzu i Muzyki Rozrywkowej Akademii Muzycznej w Katowicach  oraz Wydzia\u0142u Instrumentalnego Akademii Muzycznej w Krakowie. Wsp\u00f3\u0142pracowa\u0142 z Orkiestr\u0105 Sto\u0142ecznego Kr\u00f3lewskiego Miasta Krakowa Sinfonietta Cracovia, z kt\u00f3r\u0105 bra\u0142 udzia\u0142 w licznych krajowych i mi\u0119dzynarodowych nagraniach, koncertach i festiwalach, takich jak: Festiwal Muzyki Wsp\u00f3\u0142czesnej Warszawska Jesie\u0144, Festiwal Muzyczny w \u0141a\u0144cucie, Festiwal Karola Szymanowskiego w Zakopanem, a tak\u017ce w Colmar we Francji, Schleswig Holstein w Niemczech, Carinthischer Sommer w Austrii, Europamusicale w Niemczech, Murten Classics w Szwajcarii, Le Dieci Giornati w Brescii we W\u0142oszech. Pracowa\u0142 pod batut\u0105 dyrygent\u00f3w, takich jak: Krzysztof Penderecki, Jerzy Maksymiuk, Christoph Eschenbach, Lorin Maazel, Valery Gergiev, Lawrence Foster, John Axelrood. Nagrywa\u0142 dla wytw\u00f3rni m.in. Sony Classical, DUX i Tv Arte. Jest liderem tria Owl, kt\u00f3re tworzy wraz z Krzysztofem Gradziukiem i Maciejem Garbowskim. W 2017 roku ich debiutancki album On The Way zosta\u0142 wydany przez Fundacj\u0119 S\u0142uchaj i doceniony zar\u00f3wno w Polsce, jak i zagranic\u0105. Obecnie pracuje na stanowisku adiunkta w Instytucie Muzyki w Cieszynie Uniwersytetu \u015al\u0105skiego w Katowicach. W 2013 roku otrzyma\u0142 tytu\u0142 doktora w Akademii Muzycznej w Krakowie.\r\n\t\t\t\t\t\t\t\t<br>\r\n\t\t\t\t\t\t\t\t\r\n\t\t\t\t\t\t\t\t<\/div>\r\n\t\t\t\t\t\t\t<\/div>\r\n\t\t\t\t\t\t<\/div>\r\n\t\t\t\t\t<\/div>\r\n\t\t\t\t\t<div class=\"bookmark\">\r\n\t\t\t\t\t\t<div class=\"bookmark__title\">\r\n                            <h3>\r\n                                <span class=\"short\">Marcin M\u0105czy\u0144ski<\/span>\r\n                                <span class=\"long\">Marcin M\u0105czy\u0144ski<\/span>\r\n                            <\/h3>\r\n\t\t\t\t\t\t<\/div>\r\n\t\t\t\t\t\t\r\n\t\t\t\t\t\t<div class=\"bookmark__content-wrap\">\r\n\t\t\t\t\t\t\t<div class=\"bookmark__content\">\r\n\r\n\t\t\t\t\t\t\t\t\r\n\r\n\t\t\t\t\t\t\t\t<div class=\"bookmark_text\" style=\"font-size:14px;\">\r\n\t\t\t\t\t\t\t\tMarcin M\u0105czy\u0144ski \u2013 absolwent Akademii Muzycznej w Krakowie. Od roku 2006 pe\u0142ni funkcj\u0119 lidera grupy wiolonczel Orkiestry Sinfonietta Cracovia, z kt\u00f3r\u0105 koncertuje w kraju i za granic\u0105, wsp\u00f3\u0142pracuj\u0105c m.in. z artystami tej klasy, co Krzysztof Penderecki, Maxim Vengerov, Gidon Kremer, Piotr Anderszewski, Rafael Payare. Od 2012 roku wyst\u0119puje jako go\u015bcinny wiolonczelista w Kwartecie Smyczkowym Dafo. Od listopada 2019 jest cz\u0142onkiem Meccore String Quartet, jednego z czo\u0142owych europejskich kwartet\u00f3w smyczkowych. Jako kameralista bra\u0142 udzia\u0142 w szeregu nagra\u0144 p\u0142ytowych, rejestruj\u0105c albumy dla presti\u017cowych wydawnictw polskich i europejskich (Sony Classical, Warner Classics, DUX). Jako wyk\u0142adowca prowadzi\u0142 zaj\u0119cia z Lus\u0142awick\u0105 Orkiestr\u0105 Talent\u00f3w w Europejskim Centrum Muzyki Krzysztofa Pendereckiego. Udziela\u0142 lekcji gry na wiolonczeli w ramach Akademii Festiwalu im. Pablo Casalsa w Prades.\r\n\t\t\t\t\t\t\t\t<br>\r\n\t\t\t\t\t\t\t\t\r\n\t\t\t\t\t\t\t\t<\/div>\r\n\t\t\t\t\t\t\t<\/div>\r\n\t\t\t\t\t\t<\/div>\r\n\t\t\t\t\t<\/div>\r\n\t\t\t\t\t<div class=\"bookmark\">\r\n\t\t\t\t\t\t<div class=\"bookmark__title\">\r\n                            <h3>\r\n                                <span class=\"short\">Klaudia Baca<\/span>\r\n                                <span class=\"long\">Klaudia Baca<\/span>\r\n                            <\/h3>\r\n\t\t\t\t\t\t<\/div>\r\n\t\t\t\t\t\t\r\n\t\t\t\t\t\t<div class=\"bookmark__content-wrap\">\r\n\t\t\t\t\t\t\t<div class=\"bookmark__content\">\r\n\r\n\t\t\t\t\t\t\t\t\r\n\r\n\t\t\t\t\t\t\t\t<div class=\"bookmark_text\" style=\"font-size:14px;\">\r\n\t\t\t\t\t\t\t\tKlaudia Baca \u2013 absolwentka Akademii Muzycznej im. K. Szymanowskiego w Katowicach w klasie prof. Jana Kotuli oraz szwajcarskiej uczelni muzycznej \u201eConservatorio della Svizzera Italian\u201d, gdzie odby\u0142a studia solistyczne pod kierunkiem prof. E. Fagone. Jest laureatk\u0105 wielu mi\u0119dzynarodowych oraz og\u00f3lnopolskich konkurs\u00f3w muzycznych. Obecnie wyk\u0142ada na Uczelni Muzycznej w Trento oraz w Materze. Wsp\u00f3\u0142pracuje z licznymi orkiestrami, m.in. Orchestra della Svizzera Italiana, Luzerner Philharmoniker, International Philharmonic Orchestra w Lugano. W roli solistki oraz kameralistki wyst\u0119puje na licznych festiwalach muzycznych, m.in. w Szwajcarii, Niemczech, W\u0142oszech, Francji, oraz Polsce.\r\n\t\t\t\t\t\t\t\t<br>\r\n\t\t\t\t\t\t\t\t\r\n\t\t\t\t\t\t\t\t<\/div>\r\n\t\t\t\t\t\t\t<\/div>\r\n\t\t\t\t\t\t<\/div>\r\n\t\t\t\t\t<\/div><\/div>\r\n\t\t\t\t\t\t<\/div>\r\n\t\t\t\t\t <\/div>[\/vc_column][\/vc_row][vc_row][vc_column]\r\n                <div class=\"text-modules\">\r\n                    <div class=\"container\">\r\n                        \r\n                        <div class=\"text-modules__content\"><\/p>\n<!--[if lt IE 9]><script>document.createElement('audio');<\/script><![endif]-->\n<audio class=\"wp-audio-shortcode\" id=\"audio-1551-1\" preload=\"none\" style=\"width: 100%;\" controls=\"controls\"><source type=\"audio\/mpeg\" src=\"https:\/\/us.edu.pl\/instytut\/ismuz\/wp-content\/uploads\/sites\/54\/Nieprzypisane\/01-Allegro-amabile.mp3?_=1\" \/><a href=\"https:\/\/us.edu.pl\/instytut\/ismuz\/wp-content\/uploads\/sites\/54\/Nieprzypisane\/01-Allegro-amabile.mp3\">https:\/\/us.edu.pl\/instytut\/ismuz\/wp-content\/uploads\/sites\/54\/Nieprzypisane\/01-Allegro-amabile.mp3<\/a><\/audio>\n<p>&#8222;Allegro amabile&#8221;. \u015acie\u017cka 1.<\/p>\n<audio class=\"wp-audio-shortcode\" id=\"audio-1551-2\" preload=\"none\" style=\"width: 100%;\" controls=\"controls\"><source type=\"audio\/mpeg\" src=\"https:\/\/us.edu.pl\/instytut\/ismuz\/wp-content\/uploads\/sites\/54\/Nieprzypisane\/02-Allegro-appasionato.mp3?_=2\" \/><a href=\"https:\/\/us.edu.pl\/instytut\/ismuz\/wp-content\/uploads\/sites\/54\/Nieprzypisane\/02-Allegro-appasionato.mp3\">https:\/\/us.edu.pl\/instytut\/ismuz\/wp-content\/uploads\/sites\/54\/Nieprzypisane\/02-Allegro-appasionato.mp3<\/a><\/audio>\n<p>&#8222;Allegro appasionato&#8221;. \u015acie\u017cka 2.<\/p>\n<audio class=\"wp-audio-shortcode\" id=\"audio-1551-3\" preload=\"none\" style=\"width: 100%;\" controls=\"controls\"><source type=\"audio\/mpeg\" src=\"https:\/\/us.edu.pl\/instytut\/ismuz\/wp-content\/uploads\/sites\/54\/Nieprzypisane\/03-Andante-con-moto.mp3?_=3\" \/><a href=\"https:\/\/us.edu.pl\/instytut\/ismuz\/wp-content\/uploads\/sites\/54\/Nieprzypisane\/03-Andante-con-moto.mp3\">https:\/\/us.edu.pl\/instytut\/ismuz\/wp-content\/uploads\/sites\/54\/Nieprzypisane\/03-Andante-con-moto.mp3<\/a><\/audio>\n<p>&#8222;Andante con moto&#8221;. \u015acie\u017cka 3.<\/p>\n<audio class=\"wp-audio-shortcode\" id=\"audio-1551-4\" preload=\"none\" style=\"width: 100%;\" controls=\"controls\"><source type=\"audio\/mpeg\" src=\"https:\/\/us.edu.pl\/instytut\/ismuz\/wp-content\/uploads\/sites\/54\/Nieprzypisane\/04-Allegro-amabile.mp3?_=4\" \/><a href=\"https:\/\/us.edu.pl\/instytut\/ismuz\/wp-content\/uploads\/sites\/54\/Nieprzypisane\/04-Allegro-amabile.mp3\">https:\/\/us.edu.pl\/instytut\/ismuz\/wp-content\/uploads\/sites\/54\/Nieprzypisane\/04-Allegro-amabile.mp3<\/a><\/audio>\n<p>&#8222;Allegro amabile&#8221;. \u015acie\u017cka 4.<\/p>\n<audio class=\"wp-audio-shortcode\" id=\"audio-1551-5\" preload=\"none\" style=\"width: 100%;\" controls=\"controls\"><source type=\"audio\/mpeg\" src=\"https:\/\/us.edu.pl\/instytut\/ismuz\/wp-content\/uploads\/sites\/54\/Nieprzypisane\/05-Appassonato-ma-non-troppo-allegro.mp3?_=5\" \/><a href=\"https:\/\/us.edu.pl\/instytut\/ismuz\/wp-content\/uploads\/sites\/54\/Nieprzypisane\/05-Appassonato-ma-non-troppo-allegro.mp3\">https:\/\/us.edu.pl\/instytut\/ismuz\/wp-content\/uploads\/sites\/54\/Nieprzypisane\/05-Appassonato-ma-non-troppo-allegro.mp3<\/a><\/audio>\n<p>&#8222;Appassonato, ma non troppo allegro&#8221;. \u015acie\u017cka 5.<\/p>\n<audio class=\"wp-audio-shortcode\" id=\"audio-1551-6\" preload=\"none\" style=\"width: 100%;\" controls=\"controls\"><source type=\"audio\/mpeg\" src=\"https:\/\/us.edu.pl\/instytut\/ismuz\/wp-content\/uploads\/sites\/54\/Nieprzypisane\/06-Andante-con-moto.mp3?_=6\" \/><a href=\"https:\/\/us.edu.pl\/instytut\/ismuz\/wp-content\/uploads\/sites\/54\/Nieprzypisane\/06-Andante-con-moto.mp3\">https:\/\/us.edu.pl\/instytut\/ismuz\/wp-content\/uploads\/sites\/54\/Nieprzypisane\/06-Andante-con-moto.mp3<\/a><\/audio>\n<p>&#8222;Andante con moto&#8221;. \u015acie\u017cka 6.<\/p>\n<audio class=\"wp-audio-shortcode\" id=\"audio-1551-7\" preload=\"none\" style=\"width: 100%;\" controls=\"controls\"><source type=\"audio\/mpeg\" src=\"https:\/\/us.edu.pl\/instytut\/ismuz\/wp-content\/uploads\/sites\/54\/Nieprzypisane\/07-Allegro-non-troppo.mp3?_=7\" \/><a href=\"https:\/\/us.edu.pl\/instytut\/ismuz\/wp-content\/uploads\/sites\/54\/Nieprzypisane\/07-Allegro-non-troppo.mp3\">https:\/\/us.edu.pl\/instytut\/ismuz\/wp-content\/uploads\/sites\/54\/Nieprzypisane\/07-Allegro-non-troppo.mp3<\/a><\/audio>\n<p>&#8222;07 Allegro non troppo&#8221;. Rok wydania: 1990. \u015acie\u017cka 1. Gatunek: Jazz.<\/p>\n<audio class=\"wp-audio-shortcode\" id=\"audio-1551-8\" preload=\"none\" style=\"width: 100%;\" controls=\"controls\"><source type=\"audio\/mpeg\" src=\"https:\/\/us.edu.pl\/instytut\/ismuz\/wp-content\/uploads\/sites\/54\/Nieprzypisane\/08-Allegro.mp3?_=8\" \/><a href=\"https:\/\/us.edu.pl\/instytut\/ismuz\/wp-content\/uploads\/sites\/54\/Nieprzypisane\/08-Allegro.mp3\">https:\/\/us.edu.pl\/instytut\/ismuz\/wp-content\/uploads\/sites\/54\/Nieprzypisane\/08-Allegro.mp3<\/a><\/audio>\n<p>&#8222;08 Allegro&#8221;. \u015acie\u017cka 2. Gatunek: Jazz.<\/p>\n<audio class=\"wp-audio-shortcode\" id=\"audio-1551-9\" preload=\"none\" style=\"width: 100%;\" controls=\"controls\"><source type=\"audio\/mpeg\" src=\"https:\/\/us.edu.pl\/instytut\/ismuz\/wp-content\/uploads\/sites\/54\/Nieprzypisane\/09-Largo.mp3?_=9\" \/><a href=\"https:\/\/us.edu.pl\/instytut\/ismuz\/wp-content\/uploads\/sites\/54\/Nieprzypisane\/09-Largo.mp3\">https:\/\/us.edu.pl\/instytut\/ismuz\/wp-content\/uploads\/sites\/54\/Nieprzypisane\/09-Largo.mp3<\/a><\/audio>\n<p>&#8222;09 Largo&#8221;. Rok wydania: 1990. \u015acie\u017cka 3. Gatunek: Jazz.<\/p>\n<audio class=\"wp-audio-shortcode\" id=\"audio-1551-10\" preload=\"none\" style=\"width: 100%;\" controls=\"controls\"><source type=\"audio\/mpeg\" src=\"https:\/\/us.edu.pl\/instytut\/ismuz\/wp-content\/uploads\/sites\/54\/Nieprzypisane\/10-Allegro.mp3?_=10\" \/><a href=\"https:\/\/us.edu.pl\/instytut\/ismuz\/wp-content\/uploads\/sites\/54\/Nieprzypisane\/10-Allegro.mp3\">https:\/\/us.edu.pl\/instytut\/ismuz\/wp-content\/uploads\/sites\/54\/Nieprzypisane\/10-Allegro.mp3<\/a><\/audio>\n<p>&#8222;10 Allegro&#8221;. Rok wydania: 1990. \u015acie\u017cka 4. Gatunek: Jazz.<\/p>\n<audio class=\"wp-audio-shortcode\" id=\"audio-1551-11\" preload=\"none\" style=\"width: 100%;\" controls=\"controls\"><source type=\"audio\/mpeg\" src=\"https:\/\/us.edu.pl\/instytut\/ismuz\/wp-content\/uploads\/sites\/54\/Nieprzypisane\/11-Moderato.mp3?_=11\" \/><a href=\"https:\/\/us.edu.pl\/instytut\/ismuz\/wp-content\/uploads\/sites\/54\/Nieprzypisane\/11-Moderato.mp3\">https:\/\/us.edu.pl\/instytut\/ismuz\/wp-content\/uploads\/sites\/54\/Nieprzypisane\/11-Moderato.mp3<\/a><\/audio>\n<p>&#8222;11 Moderato&#8221;. Rok wydania: 1990. \u015acie\u017cka 5. Gatunek: Jazz.<\/p>\n<audio class=\"wp-audio-shortcode\" id=\"audio-1551-12\" preload=\"none\" style=\"width: 100%;\" controls=\"controls\"><source type=\"audio\/mpeg\" src=\"https:\/\/us.edu.pl\/instytut\/ismuz\/wp-content\/uploads\/sites\/54\/Nieprzypisane\/12-Moderato-con-moto.mp3?_=12\" \/><a href=\"https:\/\/us.edu.pl\/instytut\/ismuz\/wp-content\/uploads\/sites\/54\/Nieprzypisane\/12-Moderato-con-moto.mp3\">https:\/\/us.edu.pl\/instytut\/ismuz\/wp-content\/uploads\/sites\/54\/Nieprzypisane\/12-Moderato-con-moto.mp3<\/a><\/audio>\n<p>&#8222;12 Moderato con moto&#8221;. Rok wydania: 1990. \u015acie\u017cka 6. Gatunek: Jazz.<\/p>\n<audio class=\"wp-audio-shortcode\" id=\"audio-1551-13\" preload=\"none\" style=\"width: 100%;\" controls=\"controls\"><source type=\"audio\/mpeg\" src=\"https:\/\/us.edu.pl\/instytut\/ismuz\/wp-content\/uploads\/sites\/54\/Nieprzypisane\/13-Largo.mp3?_=13\" \/><a href=\"https:\/\/us.edu.pl\/instytut\/ismuz\/wp-content\/uploads\/sites\/54\/Nieprzypisane\/13-Largo.mp3\">https:\/\/us.edu.pl\/instytut\/ismuz\/wp-content\/uploads\/sites\/54\/Nieprzypisane\/13-Largo.mp3<\/a><\/audio>\n<p>&#8222;13 Largo&#8221;. Rok wydania: 1990. \u015acie\u017cka 7. Gatunek: Jazz.<\/p>\n<audio class=\"wp-audio-shortcode\" id=\"audio-1551-14\" preload=\"none\" style=\"width: 100%;\" controls=\"controls\"><source type=\"audio\/mpeg\" src=\"https:\/\/us.edu.pl\/instytut\/ismuz\/wp-content\/uploads\/sites\/54\/Nieprzypisane\/14-Allegretto.mp3?_=14\" \/><a href=\"https:\/\/us.edu.pl\/instytut\/ismuz\/wp-content\/uploads\/sites\/54\/Nieprzypisane\/14-Allegretto.mp3\">https:\/\/us.edu.pl\/instytut\/ismuz\/wp-content\/uploads\/sites\/54\/Nieprzypisane\/14-Allegretto.mp3<\/a><\/audio>\n<p>&#8222;14 Allegretto&#8221;. Rok wydania: 1990. \u015acie\u017cka 8. Gatunek: Jazz.<\/p>\n<\/div>\r\n                    <\/div>\r\n                <\/div>[\/vc_column][\/vc_row]<\/p>","protected":false},"excerpt":{"rendered":"<p>[vc_row][vc_column][\/vc_column][\/vc_row][vc_row css=&#8221;.vc_custom_1585308103916{padding-right: 5% !important;padding-left: 5% !important;}&#8221;][vc_column width=&#8221;1\/4&#8243;][vc_video link=&#8221;https:\/\/youtu.be\/FbfXkxHzm74&#8243; el_width=&#8221;90&#8243; align=&#8221;center&#8221;][\/vc_column][vc_column width=&#8221;1\/4&#8243;][vc_video link=&#8221;https:\/\/youtu.be\/SFz74uWlNiU&#8221; el_width=&#8221;90&#8243; align=&#8221;center&#8221;][\/vc_column][vc_column width=&#8221;1\/4&#8243;][vc_video link=&#8221;https:\/\/youtu.be\/2P0ZNrFjPvY&#8221; el_width=&#8221;90&#8243; align=&#8221;center&#8221;][\/vc_column][vc_column width=&#8221;1\/4&#8243;][vc_video link=&#8221;https:\/\/youtu.be\/bf4slcw0wTo&#8221; el_width=&#8221;90&#8243; align=&#8221;center&#8221;][\/vc_column][\/vc_row][vc_row][vc_column][\/vc_column][\/vc_row][vc_row][vc_column][\/vc_column][\/vc_row][vc_row][vc_column][\/vc_column][\/vc_row] [&#8230;]<\/p>\n<p><a class=\"btn btn-secondary understrap-read-more-link\" href=\"https:\/\/us.edu.pl\/instytut\/ismuz\/pracownicy\/aleksandra-halat\/\">Read More&#8230;<\/a><\/p>\n","protected":false},"author":362,"featured_media":0,"parent":189,"menu_order":0,"comment_status":"closed","ping_status":"closed","template":"","meta":{"_expiration-date-status":"saved","_expiration-date":0,"_expiration-date-type":"","_expiration-date-categories":[],"_expiration-date-options":[]},"acf":[],"_links":{"self":[{"href":"https:\/\/us.edu.pl\/instytut\/ismuz\/wp-json\/wp\/v2\/pages\/1551"}],"collection":[{"href":"https:\/\/us.edu.pl\/instytut\/ismuz\/wp-json\/wp\/v2\/pages"}],"about":[{"href":"https:\/\/us.edu.pl\/instytut\/ismuz\/wp-json\/wp\/v2\/types\/page"}],"author":[{"embeddable":true,"href":"https:\/\/us.edu.pl\/instytut\/ismuz\/wp-json\/wp\/v2\/users\/362"}],"replies":[{"embeddable":true,"href":"https:\/\/us.edu.pl\/instytut\/ismuz\/wp-json\/wp\/v2\/comments?post=1551"}],"version-history":[{"count":24,"href":"https:\/\/us.edu.pl\/instytut\/ismuz\/wp-json\/wp\/v2\/pages\/1551\/revisions"}],"predecessor-version":[{"id":2156,"href":"https:\/\/us.edu.pl\/instytut\/ismuz\/wp-json\/wp\/v2\/pages\/1551\/revisions\/2156"}],"up":[{"embeddable":true,"href":"https:\/\/us.edu.pl\/instytut\/ismuz\/wp-json\/wp\/v2\/pages\/189"}],"wp:attachment":[{"href":"https:\/\/us.edu.pl\/instytut\/ismuz\/wp-json\/wp\/v2\/media?parent=1551"}],"curies":[{"name":"wp","href":"https:\/\/api.w.org\/{rel}","templated":true}]}}