{"id":1559,"date":"2020-03-23T20:31:14","date_gmt":"2020-03-23T19:31:14","guid":{"rendered":"https:\/\/us.edu.pl\/instytut\/ismuz\/?page_id=1559"},"modified":"2020-03-27T15:04:36","modified_gmt":"2020-03-27T14:04:36","slug":"grzegorz-niemczuk","status":"publish","type":"page","link":"https:\/\/us.edu.pl\/instytut\/ismuz\/pracownicy\/grzegorz-niemczuk\/","title":{"rendered":"dr Grzegorz Niemczuk"},"content":{"rendered":"<p>[vc_row][vc_column]\r\n                <div class=\"text-modules reverse\">\r\n                    <div class=\"container\">\r\n                        <h3 class=\"section-title section-title_border-bottom\">dr Grzegorz Niemczuk<\/h3> \r\n                        <div class=\"row m-0\">\r\n                            <div class=\"text-modules__content\">\r\n                                <\/p>\n<p style=\"text-align: justify\"><strong>Grzegorz Niemczuk<\/strong> nale\u017cy do najbardziej aktywnych polskich pianist\u00f3w klasycznych.<br \/>\nJego bogata, mi\u0119dzynarodowa kariera solowa, trwaj\u0105ca ju\u017c 15 lat, zawiod\u0142a go do wielu presti\u017cowych sal koncertowych na ca\u0142ym \u015bwiecie. Pianista wyst\u0105pi\u0142 z\u00a0ponad 400 recitalami i\u00a0koncertami, odwiedzaj\u0105c 34\u00a0kraje na 6\u00a0kontynentach. Cz\u0119sto sam prowadzi w\u0142asne koncerty, wprowadzaj\u0105c s\u0142uchaczy w\u00a0tajniki wykonywanej muzyki i\u00a0przybli\u017caj\u0105c ciekawe fakty z\u00a0biografii kompozytor\u00f3w. Wsz\u0119dzie gdzie wyst\u0119puje, spotyka si\u0119 z\u00a0gor\u0105cym przyj\u0119ciem publiczno\u015bci oraz krytyki. Szczeg\u00f3lnie ceniony jest w\u00a0Azji: po spektakularnym debiucie solowym w\u00a0Tokio w\u00a0lipcu 2017 roku, w\u00a0presti\u017cowym magazynie \u201eChopin&#8221; ukaza\u0142a si\u0119 niezwykle entuzjastyczna recenzja. Ten wyst\u0119p zaowocowa\u0142 kolejnymi zaproszeniami na recitale w\u00a0Japonii (Tokio, Osaka, Nagoja, Sapporo, Asahikawa, Obihiro, Hakodate, Aomori), jak r\u00f3wnie\u017c kontraktem z\u00a0magazynem \u201eChopin&#8221; na comiesi\u0119czne artyku\u0142y o\u00a0wykonawstwie muzyki F.\u00a0Chopina. W\u00a0grudniu 2017 zadebiutowa\u0142 w\u00a0Chinach, gdzie w\u00a0ramach Festiwalu &#8222;Polskie Kr\u0119gi Sztuki&#8221; (najwi\u0119kszego festiwalu polskiej sztuki w\u00a0Chinach) wyst\u0105pi\u0142 w\u00a0presti\u017cowej Beijing Concert Hall. Koncert ten odbi\u0142 si\u0119 szerokim echem we wszystkich najwa\u017cniejszych mediach chinskich. Od tego czasu regularnie wyst\u0119puje w\u00a0Chinach, staj\u0105c si\u0119 wa\u017cn\u0105 cz\u0119\u015bci\u0105 festiwalu &#8222;Kr\u0119gi Sztuki&#8221;. Jest r\u00f3wnie\u017c ulubie\u0144cem norweskiej publiczno\u015bci \u2013 wyst\u0105pi\u0142 do tej pory w\u00a0ponad 30\u00a0r\u00f3\u017cnych miastach Norwegii, wsz\u0119dzie wzbudzaj\u0105c wielki entuzjazm i\u00a0otrzymuj\u0105c zaproszenia na kolejne wyst\u0119py.<\/p>\n<p style=\"text-align: justify\">Pianista posiada bardzo szeroki repertuar obejmuj\u0105cy ponad 250\u00a0utwor\u00f3w solowych i\u00a028\u00a0koncert\u00f3w na fortepian z\u00a0orkiestr\u0105 od epoki baroku po muzyk\u0119 XX i\u00a0XXI\u00a0wieku. Jest zwyci\u0119zc\u0105 wielu konkurs\u00f3w pianistycznych. W\u00a02013 roku wygra\u0142 \u2013 jako pierwszy Polak w\u00a0historii \u2013 \u201eInternational Carnegie Hall Concerto Debut Competition&#8221; w\u00a0Nowym Jorku. Ta presti\u017cowa nagroda otworzy\u0142a mu drog\u0119 do Carnegie Hall, gdzie w\u00a0lutym 2013 roku mia\u0142 okazj\u0119 zaprezentowa\u0107 II\u00a0Koncert fortepianowy f-moll op.\u00a021\u00a0F.\u00a0Chopina, zbieraj\u0105c znakomite recenzje. W\u00a02016 roku zosta\u0142 finalist\u0105 oraz laureatem Nagrody Specjalnej na 2016 International Busan Maru Music Festival w\u00a0Korei Po\u0142udniowej. Jest r\u00f3wnie\u017c zwyci\u0119zc\u0105 40\u00a0Og\u00f3lnopolskiego Konkursu Pianistycznego im.\u00a0F.\u00a0Chopina w\u00a0Warszawie w\u00a02010 roku oraz mi\u0119dzynarodowych konkurs\u00f3w we\u00a0W\u0142oszech i\u00a0Belgii.<\/p>\n<p style=\"text-align: justify\">Urodzony w\u00a0Tychach, uko\u0144czy\u0142 z\u00a0wyr\u00f3\u017cnieniem Akademi\u0119 Muzyczn\u0105 im.\u00a0K.\u00a0Szymanowskiego w\u00a0Katowicach pod kierunkiem prof.\u00a0J\u00f3zefa Stompla (wybitnego polskiego pianisty i\u00a0pedagoga, laureata Mi\u0119dzynarodowego Konkursu Chopinowskiego w\u00a0Warszawie w\u00a01960 roku). W\u00a0latach 2009-2015 pozostawa\u0142 pod artystyczn\u0105 opiek\u0105 ameryka\u0144skiego pianisty Jeffreya Swanna. Wa\u017cn\u0105 rol\u0119 w\u00a0rozwoju artystycznej osobowo\u015bci pianisty odegra\u0142y lata 2008, 2009 oraz 2011, kiedy to uzupe\u0142nia\u0142 swoje studia w\u00a0Nowym Jorku jako stypendysta International Keyboard Institute &amp; Festiwal (Mannes College of Music). Mia\u0142 w\u00f3wczas mo\u017cliwo\u015b\u0107 studiowania u\u00a0\u015bwiatowej s\u0142awy pianist\u00f3w, takich jak: Menahem Pressler (Indiana University), Philippe Entremont, Joaquin Achucarro (Meadows School of the Arts), David Dubal (The Juilliard School), Choong-Mo Kang (The Juilliard School) czy Yuan Sheng (Central Conservatory of Music \u2013 Beijing).<\/p>\n<p style=\"text-align: justify\">Od pa\u017adziernika 2017 roku jest doktorem sztuki, pracownikiem naukowo-dydaktycznym w\u00a0Instytucie Sztuk Muzycznych w\u00a0Cieszynie na Wydziale Sztuki i\u00a0Nauk o\u00a0Edukacji Uniwersytetu \u015al\u0105skiego w\u00a0Katowicach. Jest r\u00f3wnie\u017c zapraszany do prowadzenia kurs\u00f3w mistrzowskich na wielu uczelniach muzycznych na ca\u0142ym \u015bwiecie, w\u00a0tym: the Nanyang Academy of\u00a0Art w\u00a0Singapurze, Norges Musikkh\u00f8gskole w\u00a0Oslo, University in Agder, Kristiansand, University of the West Indies w\u00a0Kingston na Jamajce, Uniwersytet Stanowy Santa Catarina we Florianopolis, Uniwersytet Stanowy w\u00a0Porto Alegre, w\u00a0Brazylii, Konserwatorium Muzyczne w\u00a0Limie, w\u00a0Peru, Xiamen University oraz Changde University w\u00a0Chinach.<\/p>\n<p><a href=\"http:\/\/www.niemczuk.com\">www.niemczuk.com<\/a><\/p>\n<p><a href=\"https:\/\/www.facebook.com\/g.niemczuk\/\">https:\/\/www.facebook.com\/g.niemczuk\/<\/a><\/p>\n<div class=\"mt-3\"><\/div>\r\n                            <\/div>\r\n                            \r\n                            <div class=\"text-modules__img\"><img src=\"https:\/\/us.edu.pl\/instytut\/ismuz\/wp-content\/uploads\/sites\/54\/Nieprzypisane\/G.-Niemczuk.jpg\" alt=\"img\"><\/div>\r\n                        <\/div>\r\n                    <\/div>\r\n                <\/div>\r\n                <div class=\"text-modules\">\r\n                    <div class=\"container\">\r\n                        \r\n                        <div class=\"text-modules__content\"><p><img class=\"alignnone size-full wp-image-1699\" src=\"https:\/\/us.edu.pl\/instytut\/ismuz\/wp-content\/uploads\/sites\/54\/Nieprzypisane\/youtube1.jpg\" alt=\"\" width=\"200\" height=\"89\" \/><\/p>\n<\/div>\r\n                    <\/div>\r\n                <\/div>[\/vc_column][\/vc_row][vc_row css=&#8221;.vc_custom_1584991627411{padding-right: 90px !important;padding-left: 90px !important;}&#8221;][vc_column width=&#8221;1\/3&#8243;][vc_video link=&#8221;https:\/\/youtu.be\/Y9m3-jnwgjE&#8221; el_width=&#8221;90&#8243; align=&#8221;center&#8221;][vc_video link=&#8221;https:\/\/youtu.be\/-_wNHAzqsUk&#8221; el_width=&#8221;90&#8243; align=&#8221;center&#8221;][\/vc_column][vc_column width=&#8221;1\/3&#8243;][vc_video link=&#8221;https:\/\/youtu.be\/0pZ2N54zLHo&#8221; el_width=&#8221;90&#8243; align=&#8221;center&#8221;][vc_video link=&#8221;https:\/\/youtu.be\/jsjpqmHujos&#8221; el_width=&#8221;90&#8243; align=&#8221;center&#8221;][\/vc_column][vc_column width=&#8221;1\/3&#8243;][vc_video link=&#8221;https:\/\/youtu.be\/06QGLZrkphg&#8221; el_width=&#8221;90&#8243; align=&#8221;center&#8221;][vc_video link=&#8221;https:\/\/youtu.be\/O5xSjp3hew4&#8243; el_width=&#8221;90&#8243; align=&#8221;center&#8221;][\/vc_column][\/vc_row]<\/p>","protected":false},"excerpt":{"rendered":"<p>[vc_row][vc_column][\/vc_column][\/vc_row][vc_row css=&#8221;.vc_custom_1584991627411{padding-right: 90px !important;padding-left: 90px !important;}&#8221;][vc_column width=&#8221;1\/3&#8243;][vc_video link=&#8221;https:\/\/youtu.be\/Y9m3-jnwgjE&#8221; el_width=&#8221;90&#8243; align=&#8221;center&#8221;][vc_video link=&#8221;https:\/\/youtu.be\/-_wNHAzqsUk&#8221; el_width=&#8221;90&#8243; align=&#8221;center&#8221;][\/vc_column][vc_column width=&#8221;1\/3&#8243;][vc_video link=&#8221;https:\/\/youtu.be\/0pZ2N54zLHo&#8221; el_width=&#8221;90&#8243; align=&#8221;center&#8221;][vc_video link=&#8221;https:\/\/youtu.be\/jsjpqmHujos&#8221; el_width=&#8221;90&#8243; align=&#8221;center&#8221;][\/vc_column][vc_column width=&#8221;1\/3&#8243;][vc_video link=&#8221;https:\/\/youtu.be\/06QGLZrkphg&#8221; el_width=&#8221;90&#8243; align=&#8221;center&#8221;][vc_video link=&#8221;https:\/\/youtu.be\/O5xSjp3hew4&#8243; el_width=&#8221;90&#8243; align=&#8221;center&#8221;][\/vc_column][\/vc_row] [&#8230;]<\/p>\n<p><a class=\"btn btn-secondary understrap-read-more-link\" href=\"https:\/\/us.edu.pl\/instytut\/ismuz\/pracownicy\/grzegorz-niemczuk\/\">Read More&#8230;<\/a><\/p>\n","protected":false},"author":362,"featured_media":0,"parent":189,"menu_order":10,"comment_status":"closed","ping_status":"closed","template":"","meta":{"_expiration-date-status":"saved","_expiration-date":0,"_expiration-date-type":"","_expiration-date-categories":[],"_expiration-date-options":[]},"acf":[],"_links":{"self":[{"href":"https:\/\/us.edu.pl\/instytut\/ismuz\/wp-json\/wp\/v2\/pages\/1559"}],"collection":[{"href":"https:\/\/us.edu.pl\/instytut\/ismuz\/wp-json\/wp\/v2\/pages"}],"about":[{"href":"https:\/\/us.edu.pl\/instytut\/ismuz\/wp-json\/wp\/v2\/types\/page"}],"author":[{"embeddable":true,"href":"https:\/\/us.edu.pl\/instytut\/ismuz\/wp-json\/wp\/v2\/users\/362"}],"replies":[{"embeddable":true,"href":"https:\/\/us.edu.pl\/instytut\/ismuz\/wp-json\/wp\/v2\/comments?post=1559"}],"version-history":[{"count":7,"href":"https:\/\/us.edu.pl\/instytut\/ismuz\/wp-json\/wp\/v2\/pages\/1559\/revisions"}],"predecessor-version":[{"id":1705,"href":"https:\/\/us.edu.pl\/instytut\/ismuz\/wp-json\/wp\/v2\/pages\/1559\/revisions\/1705"}],"up":[{"embeddable":true,"href":"https:\/\/us.edu.pl\/instytut\/ismuz\/wp-json\/wp\/v2\/pages\/189"}],"wp:attachment":[{"href":"https:\/\/us.edu.pl\/instytut\/ismuz\/wp-json\/wp\/v2\/media?parent=1559"}],"curies":[{"name":"wp","href":"https:\/\/api.w.org\/{rel}","templated":true}]}}