{"id":1611,"date":"2020-03-25T17:30:57","date_gmt":"2020-03-25T16:30:57","guid":{"rendered":"https:\/\/us.edu.pl\/instytut\/ismuz\/?page_id=1611"},"modified":"2023-06-20T11:34:12","modified_gmt":"2023-06-20T09:34:12","slug":"danuta-zon-ciuk","status":"publish","type":"page","link":"https:\/\/us.edu.pl\/instytut\/ismuz\/pracownicy\/danuta-zon-ciuk\/","title":{"rendered":"dr Danuta Zo\u0144-Ciuk, prof. U\u015a"},"content":{"rendered":"<p>[vc_row][vc_column]\r\n                <div class=\"text-modules reverse\">\r\n                    <div class=\"container\">\r\n                        <h3 class=\"section-title section-title_border-bottom\">dr Danuta Zo\u0144-Ciuk, prof. U\u015a<\/h3> \r\n                        <div class=\"row m-0\">\r\n                            <div class=\"text-modules__content\">\r\n                                <\/p>\n<p style=\"text-align: justify;\"><strong>Danuta Zo\u0144-Ciuk<\/strong> &#8211; dyrygent, nauczyciel akademicki, zatrudniona na stanowisku profesora U\u015a w Instytucie Sztuk Muzycznych w Cieszynie Uniwersytetu \u015al\u0105skiego w Katowicach. W 2014 roku uzyska\u0142a stopie\u0144 doktora sztuki w dyscyplinie artystycznej dyrygentura w Akademii Muzycznej w Bydgoszczy.<\/p>\n<p style=\"text-align: justify;\">Od pocz\u0105tku swojej kariery zawodowej zwi\u0105zana jest z\u00a0Uniwersytetem \u015al\u0105skim, z\u00a0Wydzia\u0142ami w\u00a0Cieszynie oraz przez szereg lat z\u00a0Pa\u0144stwow\u0105 Szko\u0142\u0105 Muzyczn\u0105 w\u00a0B\u0119dzinie i\u00a0Cieszynie. Wsp\u00f3\u0142pracowa\u0142a z\u00a0prof.\u00a0Halin\u0105 Goniewicz-Urba\u015b w\u00a0Akademickim Ch\u00f3rze <em>Harmonia<\/em>, Ch\u00f3rze Kameralnym<em> Absolwent<\/em> ze Skoczowa oraz w\u00a0Polskim Ch\u00f3rze Mieszanym <em>Collegium Canticorum<\/em> z\u00a0Czeskiego Cieszyna. W\u00a02009 roku za\u0142o\u017cy\u0142a Ch\u00f3r Kameralny <em>A piacere <\/em>na Wydziale Artystycznym Uniwersytetu \u015al\u0105skiego w\u00a0Katowicach; w\u00a02011 roku zosta\u0142a dyrygentem i\u00a0kierownikiem artystycznym Estrady Ludowej <em>Czantoria<\/em> z\u00a0Ustronia; od 2018 kieruje r\u00f3wnie\u017c Ch\u00f3rem Kameralnym <em>Amici<\/em>.<\/p>\n<p style=\"text-align: justify;\">Z\u00a0tymi zespo\u0142ami nagra\u0142a p\u0142yty\u00a0CD: <em>Chwalmy Pana swego<\/em>, <em>Z\u00a0Beskid\u00f3w \u015bpiewanie<\/em>, <em>Beskidzkie kol\u0119dowanie <\/em>oraz <em>Na skrzyd\u0142ach muzyk<\/em>i. Dyrygowa\u0142a wieloma koncertami w\u00a0kraju i\u00a0za granic\u0105 propaguj\u0105c muzyk\u0119 polsk\u0105 i\u00a0zdobywaj\u0105c najwy\u017csze laury na presti\u017cowych konkursach takich jak: Mi\u0119dzynarodowy Konkurs im.\u00a0A.\u00a0Brucknera w\u00a0austriackim Linzu, Mi\u0119dzynarodowy Konkurs Ch\u00f3ralny <em>Varsovia Cantus<\/em> w\u00a0Warszawie, Mi\u0119dzynarodowy Konkurs &#8222;XIV\u00a0ro\u010dn\u00edk \u0160tudentskej umeleckej \u010dinnosti&#8221; w\u00a0Ru\u017comberku na S\u0142owacji, Mi\u0119dzynarodowy konkurs <em>Slovakia Folk<\/em> w\u00a0Bratys\u0142awie i\u00a0inne.<\/p>\n<p style=\"text-align: justify;\"><a href=\"https:\/\/us.edu.pl\/instytut\/ismuz\/wp-content\/uploads\/sites\/54\/Nieprzypisane\/Danuta-Zo\u01442-e1592931790863.jpg\"><img class=\"alignright wp-image-1614\" src=\"https:\/\/us.edu.pl\/instytut\/ismuz\/wp-content\/uploads\/sites\/54\/Nieprzypisane\/Danuta-Zo\u01442-e1592931790863-1024x640.jpg\" alt=\"\" width=\"480\" height=\"300\" srcset=\"https:\/\/us.edu.pl\/instytut\/ismuz\/wp-content\/uploads\/sites\/54\/Nieprzypisane\/Danuta-Zo\u01442-e1592931790863-1024x640.jpg 1024w, https:\/\/us.edu.pl\/instytut\/ismuz\/wp-content\/uploads\/sites\/54\/Nieprzypisane\/Danuta-Zo\u01442-e1592931790863-300x188.jpg 300w, https:\/\/us.edu.pl\/instytut\/ismuz\/wp-content\/uploads\/sites\/54\/Nieprzypisane\/Danuta-Zo\u01442-e1592931790863-768x480.jpg 768w, https:\/\/us.edu.pl\/instytut\/ismuz\/wp-content\/uploads\/sites\/54\/Nieprzypisane\/Danuta-Zo\u01442-e1592931790863-575x359.jpg 575w, https:\/\/us.edu.pl\/instytut\/ismuz\/wp-content\/uploads\/sites\/54\/Nieprzypisane\/Danuta-Zo\u01442-e1592931790863.jpg 1600w\" sizes=\"(max-width: 480px) 100vw, 480px\" \/><\/a>Przygotowywa\u0142a ch\u00f3ry do wykona\u0144 dzie\u0142 wokalno-instrumentalnych prezentowanych na koncertach i\u00a0festiwalach. W\u00a0ostatnich latach dokona\u0142a kilku prawykona\u0144 utwor\u00f3w wsp\u00f3\u0142czesnych polskich kompozytor\u00f3w.<\/p>\n<p style=\"text-align: justify;\">Jej obszarem zainteresowa\u0144 jest problematyka zwi\u0105zana z\u00a0propagowaniem muzyki ludowej jako czynnika kultywuj\u0105cego tradycje regionu oraz wp\u0142ywu element\u00f3w folkloru na rozw\u00f3j j\u0119zyka muzycznego w\u00a0opracowaniach ch\u00f3ralnych. Wyst\u0119powa\u0142a na krajowych i\u00a0mi\u0119dzynarodowych konferencjach popularyzuj\u0105c g\u0142\u00f3wnie muzyk\u0119 kompozytor\u00f3w zwi\u0105zanych ze \u015al\u0105skiem Cieszy\u0144skim. Jest autork\u0105 kilkunastu artyku\u0142\u00f3w naukowych.<\/p>\n<p style=\"text-align: justify;\">W\u00a02008 roku odznaczona zosta\u0142a Srebrn\u0105 Odznak\u0105 Honorow\u0105, a\u00a0w\u00a02012 Z\u0142ot\u0105 Odznak\u0105 Polskiego Zwi\u0105zku Ch\u00f3r\u00f3w i\u00a0Orkiestr za dzia\u0142alno\u015b\u0107 artystyczn\u0105. W\u00a02018\u00a0roku otrzyma\u0142a od Rady Miasta Ustro\u0144 Honorowy dyplom uznania <em>Za zas\u0142ugi dla miasta Ustro\u0144<\/em> oraz statuetk\u0119 <em>Czantoryjki<\/em> od Zarz\u0105du Stowarzyszenia Mi\u0142o\u015bnik\u00f3w Kultury Ludowej <em>Czantoria.<\/em><\/p>\n<p>\u00a0 \r\n                                <div class=\"mt-3\"><\/div>\r\n                            <\/div>\r\n                            \r\n                            <div class=\"text-modules__img\"><img src=\"https:\/\/us.edu.pl\/instytut\/ismuz\/wp-content\/uploads\/sites\/54\/Nieprzypisane\/Danuta-Zo\u0144-215x300.jpg\" alt=\"img\"><\/div>\r\n                        <\/div>\r\n                    <\/div>\r\n                <\/div>[\/vc_column][\/vc_row]<\/p>","protected":false},"excerpt":{"rendered":"<p>[vc_row][vc_column][\/vc_column][\/vc_row] [&#8230;]<\/p>\n<p><a class=\"btn btn-secondary understrap-read-more-link\" href=\"https:\/\/us.edu.pl\/instytut\/ismuz\/pracownicy\/danuta-zon-ciuk\/\">Read More&#8230;<\/a><\/p>\n","protected":false},"author":362,"featured_media":0,"parent":189,"menu_order":10,"comment_status":"closed","ping_status":"closed","template":"","meta":{"_expiration-date-status":"","_expiration-date":0,"_expiration-date-type":"","_expiration-date-categories":[],"_expiration-date-options":[]},"acf":[],"_links":{"self":[{"href":"https:\/\/us.edu.pl\/instytut\/ismuz\/wp-json\/wp\/v2\/pages\/1611"}],"collection":[{"href":"https:\/\/us.edu.pl\/instytut\/ismuz\/wp-json\/wp\/v2\/pages"}],"about":[{"href":"https:\/\/us.edu.pl\/instytut\/ismuz\/wp-json\/wp\/v2\/types\/page"}],"author":[{"embeddable":true,"href":"https:\/\/us.edu.pl\/instytut\/ismuz\/wp-json\/wp\/v2\/users\/362"}],"replies":[{"embeddable":true,"href":"https:\/\/us.edu.pl\/instytut\/ismuz\/wp-json\/wp\/v2\/comments?post=1611"}],"version-history":[{"count":10,"href":"https:\/\/us.edu.pl\/instytut\/ismuz\/wp-json\/wp\/v2\/pages\/1611\/revisions"}],"predecessor-version":[{"id":3159,"href":"https:\/\/us.edu.pl\/instytut\/ismuz\/wp-json\/wp\/v2\/pages\/1611\/revisions\/3159"}],"up":[{"embeddable":true,"href":"https:\/\/us.edu.pl\/instytut\/ismuz\/wp-json\/wp\/v2\/pages\/189"}],"wp:attachment":[{"href":"https:\/\/us.edu.pl\/instytut\/ismuz\/wp-json\/wp\/v2\/media?parent=1611"}],"curies":[{"name":"wp","href":"https:\/\/api.w.org\/{rel}","templated":true}]}}