{"id":1806,"date":"2020-03-30T15:49:27","date_gmt":"2020-03-30T13:49:27","guid":{"rendered":"https:\/\/us.edu.pl\/instytut\/ismuz\/?page_id=1806"},"modified":"2024-06-20T10:25:52","modified_gmt":"2024-06-20T08:25:52","slug":"adam-wagner","status":"publish","type":"page","link":"https:\/\/us.edu.pl\/instytut\/ismuz\/pracownicy\/adam-wagner\/","title":{"rendered":"dr hab. Adam Wagner"},"content":{"rendered":"<p>[vc_row][vc_column]\r\n                <div class=\"text-modules reverse\">\r\n                    <div class=\"container\">\r\n                        <h3 class=\"section-title section-title_border-bottom\">dr hab. Adam Wagner<\/h3> \r\n                        <div class=\"row m-0\">\r\n                            <div class=\"text-modules__content\">\r\n                                <\/p>\n<p style=\"text-align: justify;\"><strong>Adam Wagner<\/strong> &#8211; skrzypek, koncertmistrz, pedagog, absolwent Akademii Muzycznej w\u00a0Katowicach. Kszta\u0142ci\u0142 si\u0119 u\u00a0Eryka Taubica, Ryszarda Fastnachta, a\u00a0doskonali\u0142 swoje umiej\u0119tno\u015bci na licznych kursach mistrzowskich u\u00a0m.in.: Kena Lee, Christo Christova. Doktoryzowa\u0142 si\u0119 na Uniwersytecie Fryderyka Chopina w\u00a0Warszawie.<\/p>\n<p style=\"text-align: justify;\">W 1991 roku wygra\u0142 konkurs na stanowisko koncertmistrza Orkiestry Symfonicznej Filharmonii \u015al\u0105skiej w\u00a0Katowicach. W\u00a0czasie prawie 30\u00a0lat pracy na tym stanowisku ok.\u00a090 razy wyst\u0105pi\u0142 z\u00a0orkiestr\u0105 w\u00a0charakterze solisty, wykonuj\u0105c m.in. koncerty skrzypcowe L.\u00a0van\u00a0Beethovena, J.\u00a0Sibeliusa, M.\u00a0Kar\u0142owicza. By\u0142 solist\u0105 w\u00a0czasie tournee orkiestry po Niemczech (1992). Wyst\u0105pi\u0142, jako solista, w\u00a0czterech kolejnych edycjach Mi\u0119dzynarodowego Konkursu Dyrygent\u00f3w im.\u00a0Grzegorza Fitelberga, na festiwalach w\u00a0Niemczech, Belgii i\u00a0Francji, wielu koncertach rocznicowych, nadzwyczajnych i\u00a0abonamentowych. Wyst\u0119powa\u0142 tak\u017ce jako solista z\u00a0Orkiestr\u0105 Filharmonii Zielonog\u00f3rskiej, Orkiestr\u0105 Filharmonii Dolno\u015bl\u0105skiej, Orkiestr\u0105 Kameraln\u0105 \u201eAukso\u201d, \u015al\u0105sk\u0105 Orkiestr\u0105 Kameraln\u0105, Przemysk\u0105 Orkiestr\u0105 Kameraln\u0105, Bielsk\u0105 Orkiestr\u0105 Kameraln\u0105, Gliwick\u0105 Orkiestr\u0105 Kameraln\u0105, Orkiestr\u0105 Europejskich Warsztat\u00f3w Muzycznych, Orkiestr\u0105 Letniej Akademii Muzycznej w\u00a0\u017baganiu oraz Orkiestr\u0105 Kameraln\u0105 Instytutu Muzyki\u00a0U\u015a. By\u0142 solist\u0105 mi\u0119dzynarodowego tourne\u0300e w\u00a0ramach projektu \u201eONE-An Orchestra Network for Europe\u201d (2010). Wykonuje najbardziej odpowiedzialne partie solowe takie jak np.: solo skrzypcowe w\u00a0<em>Missa Solemnis<\/em> L.\u00a0van\u00a0Beethovena (2020) czy w\u00a0<em>Also Sprach Zarathustra<\/em> R.\u00a0Straussa (2019) itp.<\/p>\n<p style=\"text-align: justify;\">Od roku 2004 pracuje na stanowisku pierwszego koncertmistrza Orkiestry Symfonicznej Filharmonii \u015al\u0105skiej. Pe\u0142ni\u0142 tak\u017ce tak\u0105 funkcj\u0119 w\u00a0Bielskiej Orkiestrze Kameralnej (1994-2018), Gliwickiej Orkiestrze Kameralnej (2000-2015), Polish Symphony Ensamble (od2008) oraz go\u015bcinnie (2015-2017) w\u00a0Filharmonii w\u00a0Szczecinie. Od 1992 roku rozpocz\u0105\u0142 wsp\u00f3\u0142prac\u0119 z\u00a0orkiestr\u0105 <em>Sinfonia Varsovia<\/em> w\u00a0kt\u00f3rej gra\u0142 pod batut\u0105 m.in.: M.\u00a0Rostropowicza, Y.\u00a0Menuhina, Sh.\u00a0Mintza, Y.\u00a0Mashmeta, J.\u00a0Galwaya, M.\u00a0Maiskiego, A.\u00a0Brendla, Ch.\u00a0Dutoita, J.\u00a0Semkova. Wiele lat by\u0142 cz\u0142onkiem orkiestry Lorda Y.\u00a0Menuhina. Wyst\u0119powa\u0142 te\u017c z\u00a0Polish Chamber Orchestra, Sinfonia Helvetica, Penderecki Festival Orchestra, Tokyo Mozart Players, Slovak Sinfonitta, Jenaer Philharmoniker oraz Soloists of Moscow. Wspo\u0301\u0142tworzy kilka zespo\u0142o\u0301w kameralnych, m.in.: Polish Chamber Ensemble z\u00a0kt\u00f3rym wyst\u0119powa\u0142 z\u00a0M.\u00a0Maiskim, G.\u00a0Deplus, Davidem Campbelem. Jako koncertmistrz prowadzi\u0142 koncerty z\u00a0orkiestra\u0328 <em>Sinfonia Varsovia<\/em> na najwi\u0119kszym na \u015bwiecie festiwalu \u201eLa folle journee\u201d w\u00a0Tokyo (2007) dla 5\u00a0tysi\u0119cznej widowni w\u00a0s\u0142ynnej sali Amadeus &#8211; Tokyo Internatoinal Forum. Ma na swoim koncie prawykonania polskie i\u00a0s\u0301wiatowe; nagra\u0142 tak\u017ce kilka p\u0142yt\u00a0CD, jako solista i\u00a0kameralista oraz kilkadziesi\u0105t jako koncertmistrz.<\/p>\n<p style=\"text-align: justify;\">Prowadzi klas\u0119 skrzypiec w\u00a0POSM II\u00a0st. (od 1991) oraz na Uniwersytecie \u015al\u0105skim (od 2008) w\u00a0Katowicach, gdzie jest obecnie adiunktem. Zasiada\u0142 w\u00a0jury konkurs\u00f3w skrzypcowych dla m\u0142odzie\u017cy i\u00a0student\u00f3w. By\u0142 przewodnicz\u0105cym komisji przes\u0142ucha\u0144 organizowanych przez Centrum Edukacji Artystycznej w\u00a0Warszawie. Jest r\u00f3wnie\u017c zapraszany do jury egzamin\u00f3w do orkiestry &#8211; Polska Orkiestra Sinfonia Iuventus. Od 2005 roku prowadzi zaj\u0119cia z\u00a0Orkiestr\u0105 Europejskich Warsztat\u00f3w Muzycznych w\u00a0Dar\u0142owie, Ko\u0142obrzegu, Muzycznej Zimy w\u00a0Zakopanem, a\u00a0od 2013 jest wyk\u0142adowc\u0105 Letniej Akademii Muzycznej im.\u00a0Jadwigi Kaliszewskiej w\u00a0\u017baganiu. Od 2018\u00a0r. prowadzi kurs skrzypcowy w\u00a0ramach Mi\u0119dzynarodowych Kurs\u00f3w Muzycznych w\u00a0\u0141ebie. Zasiada\u0142 w\u00a0Komisji Kwalifikacyjnej do IX\u00a0Mi\u0119dzynarodowego Konkursu Dyrygent\u00f3w im.\u00a0Grzegorza Fitelberga. Wyst\u0119powa\u0142 jako solista u\u00a0boku profesora Konstantego Andrzeja Kulki na koncercie inauguruj\u0105cym Mi\u0119dzynarodowy Festiwal Muzyki Organowej w\u00a0Bielsku-Bia\u0142ej w\u00a02012\u00a0r. oraz w\u00a0Filharmonii \u015al\u0105skiej w\u00a02014 r.<\/p>\n<p style=\"text-align: justify;\">Posiada wiele nagr\u00f3d, wyr\u00f3\u017cnie\u0144 oraz odznacze\u0144 m.in.: Z\u0142oty Krzy\u017c Zas\u0142ugi oraz Medal \u201eGloria Artis\u201d. Koncertowa\u0142 w\u00a0Europie, Afryce, USA, Japonii, na Tajwanie, w\u00a0Korei Po\u0142udniowej, Malezji, Chinach, Rosji, Ukrainie i\u00a0Meksyku. Gra na w\u0142oskich skrzypcach z\u00a0XVIII wieku. Przez wiele lat pe\u0142ni\u0142 funkcj\u0119 koordynatora artystyczno-programowego Filharmonii \u015al\u0105skiej, a\u00a0tak\u017ce by\u0142 pomys\u0142odawc\u0105 i\u00a0kierownikiem artystycznym presti\u017cowego cyklu koncert\u00f3w kameralnych \u201eFilharmonia Konesera\u201d organizowanego przez Filharmoni\u0119 \u015al\u0105sk\u0105. Od 2014\u00a0r. pe\u0142ni funkcj\u0119 Prezesa Zarz\u0105du Stowarzyszenia Przyjaci\u00f3\u0142 Filharmonii \u015al\u0105skiej.<\/p>\n<div class=\"mt-3\"><\/div>\r\n                            <\/div>\r\n                            \r\n                            <div class=\"text-modules__img\"><img src=\"https:\/\/us.edu.pl\/instytut\/ismuz\/wp-content\/uploads\/sites\/54\/Nieprzypisane\/A.-Wagner.jpg\" alt=\"img\"><\/div>\r\n                        <\/div>\r\n                    <\/div>\r\n                <\/div>[\/vc_column][\/vc_row]<\/p>","protected":false},"excerpt":{"rendered":"<p>[vc_row][vc_column][\/vc_column][\/vc_row] [&#8230;]<\/p>\n<p><a class=\"btn btn-secondary understrap-read-more-link\" href=\"https:\/\/us.edu.pl\/instytut\/ismuz\/pracownicy\/adam-wagner\/\">Read More&#8230;<\/a><\/p>\n","protected":false},"author":362,"featured_media":0,"parent":189,"menu_order":10,"comment_status":"closed","ping_status":"closed","template":"","meta":{"_expiration-date-status":"","_expiration-date":0,"_expiration-date-type":"","_expiration-date-categories":[],"_expiration-date-options":[]},"acf":[],"_links":{"self":[{"href":"https:\/\/us.edu.pl\/instytut\/ismuz\/wp-json\/wp\/v2\/pages\/1806"}],"collection":[{"href":"https:\/\/us.edu.pl\/instytut\/ismuz\/wp-json\/wp\/v2\/pages"}],"about":[{"href":"https:\/\/us.edu.pl\/instytut\/ismuz\/wp-json\/wp\/v2\/types\/page"}],"author":[{"embeddable":true,"href":"https:\/\/us.edu.pl\/instytut\/ismuz\/wp-json\/wp\/v2\/users\/362"}],"replies":[{"embeddable":true,"href":"https:\/\/us.edu.pl\/instytut\/ismuz\/wp-json\/wp\/v2\/comments?post=1806"}],"version-history":[{"count":5,"href":"https:\/\/us.edu.pl\/instytut\/ismuz\/wp-json\/wp\/v2\/pages\/1806\/revisions"}],"predecessor-version":[{"id":3792,"href":"https:\/\/us.edu.pl\/instytut\/ismuz\/wp-json\/wp\/v2\/pages\/1806\/revisions\/3792"}],"up":[{"embeddable":true,"href":"https:\/\/us.edu.pl\/instytut\/ismuz\/wp-json\/wp\/v2\/pages\/189"}],"wp:attachment":[{"href":"https:\/\/us.edu.pl\/instytut\/ismuz\/wp-json\/wp\/v2\/media?parent=1806"}],"curies":[{"name":"wp","href":"https:\/\/api.w.org\/{rel}","templated":true}]}}