{"id":1853,"date":"2020-03-31T16:14:00","date_gmt":"2020-03-31T14:14:00","guid":{"rendered":"https:\/\/us.edu.pl\/instytut\/ismuz\/?page_id=1853"},"modified":"2026-02-19T11:06:22","modified_gmt":"2026-02-19T10:06:22","slug":"joanna-boslak-gorniok","status":"publish","type":"page","link":"https:\/\/us.edu.pl\/instytut\/ismuz\/pracownicy\/joanna-boslak-gorniok\/","title":{"rendered":"dr Joanna Bo\u015blak-G\u00f3rniok"},"content":{"rendered":"<p>[vc_row][vc_column]\r\n                <div class=\"text-modules reverse\">\r\n                    <div class=\"container\">\r\n                        <h3 class=\"section-title section-title_border-bottom\">dr hab. Joanna Bo\u015blak-G\u00f3rniok<\/h3> \r\n                        <div class=\"row m-0\">\r\n                            <div class=\"text-modules__content\">\r\n                                Dr hab. Joanna Bo\u015blak-G\u00f3rniok<\/p>\n<p>Klawesynistka, kameralistka, pedagog. Absolwentka Akademii Muzycznej w Katowicach, w 1994 roku uko\u0144czy\u0142a wydzia\u0142 Teorii, Kompozycji i Dyrygentury, dwa lata p\u00f3\u017aniej Wydzia\u0142 Instrumentalny w zakresie gry na klawesynie u prof. Marka Toporowskiego. W latach 1998-2000 dzi\u0119ki stypendium Rz\u0105du Francuskiego kontynuowa\u0142a studia w zakresie gry na klawesynie u Aline Zylberajch oraz basso continuo u Martina Gestera w Conservatoire National de Region de Strasbourg. W latach 2000 &#8211; 2016 zwi\u0105zana na sta\u0142e z orkiestr\u0105 Arte dei Suonatori, z kt\u00f3r\u0105 bra\u0142a udzia\u0142 w wielu sesjach nagraniowych dla zagranicznych wytw\u00f3rni p\u0142ytowych (Alpha, BIS, Channel Classic, Da Capo). P\u0142yty z jej udzia\u0142em otrzyma\u0142y wiele presti\u017cowych nagr\u00f3d (m.in Diapason d&#8217;Or, Gramophone Editor&#8217;s Choice, Choc du Monde de la Musique, Luister 10, BBC Musique Magasine, 10 de Repertoire). Od 2015 roku kierownik artystyczny i lider orkiestry Kore, zespo\u0142u rezydenta mi\u0119dzynarodowego festiwalu muzyki dawnej Muzyka w Raju, Nasz Telemann, Pozna\u0144 Baroque, Przedsionek Raju. W ostatnich latach zesp\u00f3\u0142 by\u0142 wielokrotnie zapraszany do Filharmonii Narodowej na koncerty organizowane w ramach cyklu \u201ePo prostu \u2026 Filharmonia!\u201d. W 2016 roku za\u0142o\u017cy\u0142a formacj\u0119 kameraln\u0105 Green Kore, kt\u00f3ra w swoim zamierzeniu jest przede wszystkim platform\u0105 nabywania do\u015bwiadcze\u0144 zawodowych dla student\u00f3w oraz muzyk\u00f3w, kt\u00f3rzy stoj\u0105 dopiero u progu swojej muzycznej dzia\u0142alno\u015bci. Zesp\u00f3\u0142 od pocz\u0105tku swojego istnienia zagra\u0142 ju\u017c ponad 100 koncert\u00f3w, w ubieg\u0142ych latach by\u0142 bohaterem projekt\u00f3w \u201eFilharmonia bez Filharmonii\u201d oraz \u201ePrzedsionek Raju\u201d. Wielu uczestnik\u00f3w projekt\u00f3w Green Kore gra dzisiaj ju\u017c w profesjonalnych polskich i zagranicznych zespo\u0142ach barokowych.<\/p>\n<p>W kr\u0119gu jej g\u0142\u00f3wnych zainteresowa\u0144 naukowych jest basso continuo i\u00a0jego przejawy w\u00a0muzyce kameralnej i\u00a0orkiestrowej XVII i\u00a0XVIII wieku oraz tw\u00f3rczo\u015b\u0107 klawesynowa J.J.\u00a0Frobergera i Louis Couperina.<\/p>\n<p><a href=\"https:\/\/us.edu.pl\/instytut\/ismuz\/wp-content\/uploads\/sites\/54\/Nieprzypisane\/Ksiazeczka-CD-Froberger.pdf\" class=\"mtli_attachment mtli_pdf\" data-mtli=\"mtli_filesize3,32MB\">Ksiazeczka CD Froberger<\/a> \r\n                                <div class=\"mt-3\"><\/div>\r\n                            <\/div>\r\n                            \r\n                            <div class=\"text-modules__img\"><img src=\"https:\/\/us.edu.pl\/instytut\/ismuz\/wp-content\/uploads\/sites\/54\/Nieprzypisane\/FbF_Dzierzoniow_09_1908.jpg\" alt=\"img\"><\/div>\r\n                        <\/div>\r\n                    <\/div>\r\n                <\/div>\r\n                <div class=\"text-modules\">\r\n                    <div class=\"container\">\r\n                        \r\n                        <div class=\"text-modules__content\"><\/p>\n<div class=\"gmail_default\">\n<p><strong>Dyskografia:<\/strong><\/p>\n<p>2022 &#8211; Historia pewnej przyja\u017ani &#8211; L. Couperin, J.J. Froberger, D. Gaultier, F. Dufaut [Uniwersytet \u015al\u0105ski w Katowicach]<\/p>\n<p><a href=\"https:\/\/open.spotify.com\/album\/10moGEokTpUoqRYGIU4bj7\">https:\/\/open.spotify.com\/album\/10moGEokTpUoqRYGIU4bj7<\/a><\/p>\n<p><iframe loading=\"lazy\" title=\"Tombeau De Mr De Blancrocher\" width=\"640\" height=\"480\" src=\"https:\/\/www.youtube.com\/embed\/gsi30EyAmg4?feature=oembed\" frameborder=\"0\" allow=\"accelerometer; autoplay; clipboard-write; encrypted-media; gyroscope; picture-in-picture; web-share\" referrerpolicy=\"strict-origin-when-cross-origin\" allowfullscreen><\/iframe><\/p>\n<p>2018 \u2013 Memento mori Froberger [Uniwersytet \u015al\u0105ski w Katowicach]<br \/>\n2014 \u2013 Venetian Christmas [BIS]<br \/>\n2013 \u2013 Royal Recorder Concertos [Dacapo records]<br \/>\n2012 \u2013 Marc-Antoine Charpentier Lecons de Tenebres [ALPHA]<br \/>\n2012 \u2013 Telemann Ouverures pittoresques [BIS]<br \/>\n2011 \u2013\u00a0 Vivaldi Concertos for strings [BIS]<br \/>\n2010 \u2013\u00a0 Antotnio Vivaldi Concerti per il flauto traversier [ALPHA]<br \/>\n2008 \u2013\u00a0 Haendel Twelve Grand Concertos [BIS]<br \/>\n2006 \u2013\u00a0 A.Vivaldi The 4 Seasons [BIS]<br \/>\n2006 \u2013\u00a0 C.P.E.Bach Concerti a flauto traverso obligato \u2013 I [ALPHA]<br \/>\n2003 \u2013\u00a0 Antonio Vivaldi La Stravaganza [CHANNEL CASSICS]<br \/>\n2002 \u2013\u00a0 G.P.Telemann Ouverture&amp; 3 Concertos [BIS]<br \/>\n2002 \u2013\u00a0 C.P.E.Bach Concerti a flauto traverso obligato \u2013 II [ALPHA]<\/p>\n<\/div>\n<p><img class=\"alignnone size-full wp-image-1699\" src=\"https:\/\/us.edu.pl\/instytut\/ismuz\/wp-content\/uploads\/sites\/54\/Nieprzypisane\/youtube1.jpg\" alt=\"\" width=\"200\" height=\"89\" \/><\/p>\n<p><a href=\"https:\/\/www.youtube.com\/results?search_query=Kore+Orchestra\">https:\/\/www.youtube.com\/results?search_query=Kore+Orchestra<\/a><\/p>\n<p><a href=\"https:\/\/www.youtube.com\/results?search_query=muzyka+w+raju\">https:\/\/www.youtube.com\/results?search_query=muzyka+w+raju<\/a><\/p>\n<\/div>\r\n                    <\/div>\r\n                <\/div>[\/vc_column][\/vc_row]<\/p>\n<style type=\"text\/css\">a[data-mtli~=\"mtli_filesize3,32MB\"]:after {content:\" (3,32 MB)\"}<\/style>","protected":false},"excerpt":{"rendered":"<p>[vc_row][vc_column][\/vc_column][\/vc_row] [&#8230;]<\/p>\n<p><a class=\"btn btn-secondary understrap-read-more-link\" href=\"https:\/\/us.edu.pl\/instytut\/ismuz\/pracownicy\/joanna-boslak-gorniok\/\">Read More&#8230;<\/a><\/p>\n","protected":false},"author":362,"featured_media":0,"parent":189,"menu_order":10,"comment_status":"closed","ping_status":"closed","template":"","meta":{"_expiration-date-status":"","_expiration-date":0,"_expiration-date-type":"","_expiration-date-categories":[],"_expiration-date-options":[]},"acf":[],"_links":{"self":[{"href":"https:\/\/us.edu.pl\/instytut\/ismuz\/wp-json\/wp\/v2\/pages\/1853"}],"collection":[{"href":"https:\/\/us.edu.pl\/instytut\/ismuz\/wp-json\/wp\/v2\/pages"}],"about":[{"href":"https:\/\/us.edu.pl\/instytut\/ismuz\/wp-json\/wp\/v2\/types\/page"}],"author":[{"embeddable":true,"href":"https:\/\/us.edu.pl\/instytut\/ismuz\/wp-json\/wp\/v2\/users\/362"}],"replies":[{"embeddable":true,"href":"https:\/\/us.edu.pl\/instytut\/ismuz\/wp-json\/wp\/v2\/comments?post=1853"}],"version-history":[{"count":6,"href":"https:\/\/us.edu.pl\/instytut\/ismuz\/wp-json\/wp\/v2\/pages\/1853\/revisions"}],"predecessor-version":[{"id":5641,"href":"https:\/\/us.edu.pl\/instytut\/ismuz\/wp-json\/wp\/v2\/pages\/1853\/revisions\/5641"}],"up":[{"embeddable":true,"href":"https:\/\/us.edu.pl\/instytut\/ismuz\/wp-json\/wp\/v2\/pages\/189"}],"wp:attachment":[{"href":"https:\/\/us.edu.pl\/instytut\/ismuz\/wp-json\/wp\/v2\/media?parent=1853"}],"curies":[{"name":"wp","href":"https:\/\/api.w.org\/{rel}","templated":true}]}}