{"id":1860,"date":"2020-03-31T21:52:31","date_gmt":"2020-03-31T19:52:31","guid":{"rendered":"https:\/\/us.edu.pl\/instytut\/ismuz\/?page_id=1860"},"modified":"2021-02-12T12:12:39","modified_gmt":"2021-02-12T11:12:39","slug":"waldemar-sutryk","status":"publish","type":"page","link":"https:\/\/us.edu.pl\/instytut\/ismuz\/pracownicy\/waldemar-sutryk\/","title":{"rendered":"dr hab. Waldemar Sutryk"},"content":{"rendered":"<p>[vc_row][vc_column]\r\n                <div class=\"text-modules reverse\">\r\n                    <div class=\"container\">\r\n                        <h3 class=\"section-title section-title_border-bottom\">Prof. dr hab. Waldemar Sutryk <\/h3> \r\n                        <div class=\"row m-0\">\r\n                            <div class=\"text-modules__content\">\r\n                                <span style=\"font-size: 10pt\">foto: Maciej Pi\u0105sta<\/span><\/p>\n<p><strong>Prof. dr hab. Waldemar Sutryk<\/strong>\u00a0\u2013 dyrygent, kompozytor, ch\u00f3rmistrz, pedagog, organista.<\/p>\n<p>Absolwent Wydzia\u0142u Wychowania Muzycznego Akademii Muzycznej w\u00a0Poznaniu (dyrygentura ch\u00f3ralna \u2013 dyplom 1987). Na Wydziale Dyrygentury Symfonicznej, Kompozycji i\u00a0Teorii Muzyki Akademii Muzycznej we Wroc\u0142awiu studiowa\u0142 dyrygentur\u0119 symfoniczn\u0105 (dyplom 1994) oraz kompozycj\u0119 (dyplom 1997).<\/p>\n<p>Od roku 1991 do 2007 pracownik dydaktyczny Akademii Muzycznej w\u00a0Poznaniu Filia w\u00a0Szczecinie, a\u00a0obecnie Instytutu Sztuk Muzycznych Wydzia\u0142u Artystycznego Uniwersytetu \u015al\u0105skiego w\u00a0Katowicach. Wyk\u0142ada\u0142 lub wyk\u0142ada nast\u0119puj\u0105ce przedmioty: dyrygentura, czytanie partytur, czytanie partytur z\u00a0literatur\u0105 specjalistyczn\u0105, harmonia, instrumentacja, kompozycja, aran\u017cacja, kszta\u0142cenie s\u0142uchu, seminarium pracy licencjackiej i\u00a0magisterskiej, emisja g\u0142osu w\u00a0kszta\u0142ceniu nauczycielskim, muzyka w\u00a0technologii multimedialnej, metodyka prowadzenia zespo\u0142\u00f3w oraz ch\u00f3r. Od listopada 2008\u00a0r. prowadzi Dyrygenckie Ko\u0142o Naukowe przy Instytucie Sztuk Muzycznych.<\/p>\n<p>Wsp\u00f3\u0142pracowa\u0142 z\u00a0wieloma ch\u00f3rami oraz filharmoniami w\u00a0Polsce i\u00a0za\u00a0granic\u0105 (tak\u017ce z\u00a0Zespo\u0142em Pie\u015bni i\u00a0Ta\u0144ca \u201c\u015al\u0105sk\u201d). W\u00a0latach 2004-2009 kierownik artystyczny i\u00a0dyrygent Ch\u00f3ru Filharmonii \u015al\u0105skiej. Od roku 2011 do 2015 by\u0142 kierownikiem i\u00a0dyrygentem Ch\u00f3ru Teatru Wielkiego w\u00a0\u0141odzi, gdzie te\u017c za\u0142o\u017cy\u0142 i\u00a0prowadzi\u0142 Ch\u00f3r Dzieci\u0119cy, otrzymuj\u0105c w\u00a02013 roku Nadzwyczajn\u0105 Z\u0142ot\u0105 Mask\u0119. Jest za\u0142o\u017cycielem i\u00a0dyrygentem Ch\u00f3ru Dzieci\u0119cego Miasta \u0141odzi.<\/p>\n<p>W\u00a0swej karierze przygotowywa\u0142 lub dyrygowa\u0142 najwi\u0119ksze dzie\u0142a muzyki wokalnej i\u00a0wokalno-instrumentalnej. Wielokrotnie by\u0142y to prawykonania dzie\u0142 polskich i\u00a0zagranicznych. Przygotowywa\u0142 ch\u00f3r do wi\u0119kszo\u015bci spektakli operowych, operetkowych i\u00a0musicalowych. Bra\u0142 te\u017c udzia\u0142 w\u00a0festiwalach w\u00a0Polsce i\u00a0za granic\u0105 oraz dokona\u0142 nagra\u0144 radiowych, telewizyjnych i\u00a0p\u0142ytowych, m.in.\u00a0z\u00a0udzia\u0142em Ch\u00f3ru Filharmonii \u015al\u0105skiej, Ch\u00f3rem Dzieci\u0119cym Miasta \u0141odzi i\u00a0Ch\u00f3rem Akademickim Politechniki Szczeci\u0144skiej. Dyrygowa\u0142 w\u00a0Polsce, Belgii, na Bia\u0142orusi, w\u00a0Czechach, Francji, Hiszpanii, Izraelu, Luksemburgu i\u00a0w\u00a0Niemczech.<\/p>\n<p>Uprawia tak\u017ce dziedzin\u0119 kompozycji i\u00a0aran\u017cacji, zar\u00f3wno muzyki wokalnej i\u00a0wokalno-instrumentalnej, jak i\u00a0rozrywkowej, za\u015b utwory W.\u00a0Sutryka by\u0142y wykonywane w\u00a0Polsce, Belgii, Czechach, Holandii, Izraelu, Luksemburgu, Niemczech i\u00a0USA. Przez 26\u00a0lat (od 14\u00a0roku \u017cycia) by\u0142 organist\u0105 w\u00a0ko\u015bcio\u0142ach Lublina, Szczecina oraz gorzowskiej katedrze i\u00a0rodzinnym Torzymiu na\u00a0Ziemi Lubuskiej.<\/p>\n<p>Zainteresowania W.\u00a0Sutryka to r\u00f3wnie\u017c fotografia, architektura (szczeg\u00f3lnie gotyk i\u00a0secesja), sporty samochodowe, j\u0119zykowe korekty oraz koty i\u00a0scrabble. \r\n                                <div class=\"mt-3\"><\/div>\r\n                            <\/div>\r\n                            \r\n                            <div class=\"text-modules__img\"><img src=\"https:\/\/us.edu.pl\/instytut\/ismuz\/wp-content\/uploads\/sites\/54\/Nieprzypisane\/Waldemar-Sutryk-foto-Maciej-Pi\u0105sta.jpg\" alt=\"img\"><\/div>\r\n                        <\/div>\r\n                    <\/div>\r\n                <\/div>[\/vc_column][\/vc_row]<\/p>","protected":false},"excerpt":{"rendered":"<p>[vc_row][vc_column][\/vc_column][\/vc_row] [&#8230;]<\/p>\n<p><a class=\"btn btn-secondary understrap-read-more-link\" href=\"https:\/\/us.edu.pl\/instytut\/ismuz\/pracownicy\/waldemar-sutryk\/\">Read More&#8230;<\/a><\/p>\n","protected":false},"author":362,"featured_media":0,"parent":189,"menu_order":10,"comment_status":"closed","ping_status":"closed","template":"","meta":{"_expiration-date-status":"saved","_expiration-date":0,"_expiration-date-type":"","_expiration-date-categories":[],"_expiration-date-options":[]},"acf":[],"_links":{"self":[{"href":"https:\/\/us.edu.pl\/instytut\/ismuz\/wp-json\/wp\/v2\/pages\/1860"}],"collection":[{"href":"https:\/\/us.edu.pl\/instytut\/ismuz\/wp-json\/wp\/v2\/pages"}],"about":[{"href":"https:\/\/us.edu.pl\/instytut\/ismuz\/wp-json\/wp\/v2\/types\/page"}],"author":[{"embeddable":true,"href":"https:\/\/us.edu.pl\/instytut\/ismuz\/wp-json\/wp\/v2\/users\/362"}],"replies":[{"embeddable":true,"href":"https:\/\/us.edu.pl\/instytut\/ismuz\/wp-json\/wp\/v2\/comments?post=1860"}],"version-history":[{"count":4,"href":"https:\/\/us.edu.pl\/instytut\/ismuz\/wp-json\/wp\/v2\/pages\/1860\/revisions"}],"predecessor-version":[{"id":2243,"href":"https:\/\/us.edu.pl\/instytut\/ismuz\/wp-json\/wp\/v2\/pages\/1860\/revisions\/2243"}],"up":[{"embeddable":true,"href":"https:\/\/us.edu.pl\/instytut\/ismuz\/wp-json\/wp\/v2\/pages\/189"}],"wp:attachment":[{"href":"https:\/\/us.edu.pl\/instytut\/ismuz\/wp-json\/wp\/v2\/media?parent=1860"}],"curies":[{"name":"wp","href":"https:\/\/api.w.org\/{rel}","templated":true}]}}