{"id":2633,"date":"2022-03-03T13:59:44","date_gmt":"2022-03-03T12:59:44","guid":{"rendered":"https:\/\/us.edu.pl\/instytut\/ismuz\/?page_id=2633"},"modified":"2022-03-03T13:59:44","modified_gmt":"2022-03-03T12:59:44","slug":"mgr-magda-miska-jackowska","status":"publish","type":"page","link":"https:\/\/us.edu.pl\/instytut\/ismuz\/pracownicy\/mgr-magda-miska-jackowska\/","title":{"rendered":"mgr Magda Mi\u015bka-Jackowska"},"content":{"rendered":"<p>[vc_row][vc_column]\r\n                <div class=\"text-modules reverse\">\r\n                    <div class=\"container\">\r\n                         \r\n                        <div class=\"row m-0\">\r\n                            <div class=\"text-modules__content\">\r\n                                <strong>Magda Mi\u015bka-Jackowska <\/strong><\/p>\n<p>Dziennikarka, radiowiec i ceniony konferansjer. Przez 15 lat w zespole radia RMF Classic. Nale\u017cy do w\u0105skiego grona profesjonalnych europejskich dziennikarzy, kt\u00f3rych g\u0142\u00f3wn\u0105 specjalizacj\u0105 jest muzyka filmowa. Autorka podcastu \u201eScore and the City\u201d. Od kilkunastu lat prowadzi presti\u017cowe wydarzenia kulturalne, festiwale i koncerty w ca\u0142ej Polsce.<\/p>\n<p>Mi\u0119dzy 2005 a 2020 rokiem realizowa\u0142a dla RMF Classic lubiane programy o tematyce filmowej, m.in. dokumentalny cykl \u201eMistrzowie drugiego planu\u201d o nieznanych zawodach filmowych i \u201eCa\u0142y ten film\u201d, kt\u00f3ry pokazywa\u0142 kolejne etapy produkcji filmu od pomys\u0142u do premiery. By\u0142a gospodyni\u0105 magazynu \u201eMoje kino\u201d, za kt\u00f3ry w 2010 roku dosta\u0142a nagrod\u0119 Polskiego Instytutu Sztuki Filmowej w kategorii najlepszy program radiowy lub telewizyjny o tematyce filmowej. Jej 12-odcinkowy cykl \u201eZagraj to jeszcze raz\u201d, dost\u0119pny r\u00f3wnie\u017c jako podcast RMF Classic, jest radiow\u0105 opowie\u015bci\u0105 o fenomenie muzyki filmowej i pierwsz\u0105 tego typu produkcj\u0105 w polskich mediach. Otrzyma\u0142a za niego nagrod\u0119 w plebiscycie MediaTory (2019).<\/p>\n<p>Przeprowadzi\u0142a setki wywiad\u00f3w radiowych i telewizyjnych z najwi\u0119kszymi osobowo\u015bciami \u015bwiata muzyki, kina. O muzyce w filmach pisze dla \u201eKina\u201d. Wsp\u00f3\u0142pracuje r\u00f3wnie\u017c z miesi\u0119cznikiem \u201eKrak\u00f3w\u201d, \u201eMagazynem Filmowym\u201d, \u201eNewsweekiem\u201d. Jako pedagog zwi\u0105zana jest z Akademi\u0105 Muzyczn\u0105 w \u0141odzi i Uniwersytetem \u015al\u0105skim. Jest autork\u0105 dwup\u0142ytowej kompilacji \u201eZ\u0142ota kolekcja &#8211; Ale filmy!\u201d. Regularnie publikuje na temat kina i muzyki filmowej, bierze udzia\u0142 w og\u00f3lnopolskich i mi\u0119dzynarodowych wydarzeniach wok\u00f3\u0142 tej tematyki.<\/p>\n<p>Absolwentka Wydzia\u0142u Radia i Telewizji Uniwersytetu \u015al\u0105skiego w Katowicach. Jako pedagog zwi\u0105zana dzi\u015b z Instytutem Sztuk Muzycznych tej uczelni oraz z Akademi\u0105 Muzyczn\u0105 w \u0141odzi, gdzie prowadzi zaj\u0119cia z dziennikarstwa muzycznego i historii muzyki filmowej.<\/p>\n<p>Od 2020 autorka podcastu o muzyce filmowej \u201eScore and the City\u201d, za kt\u00f3ry otrzyma\u0142a nominacj\u0119 do nagrody Krytyk M\u00f3wi na Festiwal Krytyk\u00f3w Sztuki Filmowej \u201eKamera Akcja\u201d (2021). \r\n                                <div class=\"mt-3\"><\/div>\r\n                            <\/div>\r\n                            \r\n                            <div class=\"text-modules__img\"><img src=\"https:\/\/us.edu.pl\/instytut\/ismuz\/wp-content\/uploads\/sites\/54\/Nieprzypisane\/067-Magda-Miska-Jackowska.jpg\" alt=\"img\"><\/div>\r\n                        <\/div>\r\n                    <\/div>\r\n                <\/div>[\/vc_column][\/vc_row]<\/p>","protected":false},"excerpt":{"rendered":"<p>[vc_row][vc_column][\/vc_column][\/vc_row] [&#8230;]<\/p>\n<p><a class=\"btn btn-secondary understrap-read-more-link\" href=\"https:\/\/us.edu.pl\/instytut\/ismuz\/pracownicy\/mgr-magda-miska-jackowska\/\">Read More&#8230;<\/a><\/p>\n","protected":false},"author":110,"featured_media":0,"parent":189,"menu_order":0,"comment_status":"closed","ping_status":"closed","template":"","meta":{"_expiration-date-status":"saved","_expiration-date":0,"_expiration-date-type":"","_expiration-date-categories":[],"_expiration-date-options":[]},"acf":[],"_links":{"self":[{"href":"https:\/\/us.edu.pl\/instytut\/ismuz\/wp-json\/wp\/v2\/pages\/2633"}],"collection":[{"href":"https:\/\/us.edu.pl\/instytut\/ismuz\/wp-json\/wp\/v2\/pages"}],"about":[{"href":"https:\/\/us.edu.pl\/instytut\/ismuz\/wp-json\/wp\/v2\/types\/page"}],"author":[{"embeddable":true,"href":"https:\/\/us.edu.pl\/instytut\/ismuz\/wp-json\/wp\/v2\/users\/110"}],"replies":[{"embeddable":true,"href":"https:\/\/us.edu.pl\/instytut\/ismuz\/wp-json\/wp\/v2\/comments?post=2633"}],"version-history":[{"count":1,"href":"https:\/\/us.edu.pl\/instytut\/ismuz\/wp-json\/wp\/v2\/pages\/2633\/revisions"}],"predecessor-version":[{"id":2635,"href":"https:\/\/us.edu.pl\/instytut\/ismuz\/wp-json\/wp\/v2\/pages\/2633\/revisions\/2635"}],"up":[{"embeddable":true,"href":"https:\/\/us.edu.pl\/instytut\/ismuz\/wp-json\/wp\/v2\/pages\/189"}],"wp:attachment":[{"href":"https:\/\/us.edu.pl\/instytut\/ismuz\/wp-json\/wp\/v2\/media?parent=2633"}],"curies":[{"name":"wp","href":"https:\/\/api.w.org\/{rel}","templated":true}]}}