{"id":2658,"date":"2022-03-17T13:48:58","date_gmt":"2022-03-17T12:48:58","guid":{"rendered":"https:\/\/us.edu.pl\/instytut\/ismuz\/?page_id=2658"},"modified":"2022-03-17T13:48:58","modified_gmt":"2022-03-17T12:48:58","slug":"dr-joanna-nowicka","status":"publish","type":"page","link":"https:\/\/us.edu.pl\/instytut\/ismuz\/pracownicy\/dr-joanna-nowicka\/","title":{"rendered":"dr Joanna Nowicka"},"content":{"rendered":"<p>[vc_row][vc_column]\r\n                <div class=\"text-modules reverse\">\r\n                    <div class=\"container\">\r\n                        <h3 class=\"section-title section-title_border-bottom\">dr Joanna Nowicka<\/h3> \r\n                        <div class=\"row m-0\">\r\n                            <div class=\"text-modules__content\">\r\n                                <strong>\u017byciorys artystyczno-naukowy; <\/strong><\/p>\n<p><strong>informacja o przebiegu dotychczasowej pracy w zawodzie dyrygenta.<\/strong><\/p>\n<p>Urodzi\u0142am si\u0119 19.01.1962 w Krakowie, w Krakowie te\u017c uko\u0144czy\u0142am z wyr\u00f3\u017cnieniem PSM II st. w dw\u00f3ch specjalno\u015bciach: Rytmiki i Fortepianu (w klasie prof. Stefana Wojtasa).<\/p>\n<p>W latach 1981-1986 studiowa\u0142am w Akademii Muzycznej w Krakowie (Wydzia\u0142 Teorii Muzyki), w latach 1986-1990 studiowa\u0142am na wydziale instrumentalnym (Fortepian w\u00a0klasie prof. Marka Koziaka) oraz r\u00f3wnocze\u015bnie w\u00a0Akademii Muzycznej w Warszawie, (Wydzia\u0142 Dyrygentury Symfoniczno-Operowej w klasie prof. Henryka Czy\u017ca; koncert dyplomowy z wyr\u00f3\u017cnieniem).<\/p>\n<p>W roku 1987 roku otrzyma\u0142am od Prezydenta Miasta Krakowa Stypendium dla M\u0142odych Tw\u00f3rc\u00f3w Kultury.<\/p>\n<p>Bezpo\u015brednio po studiach, w 1990 roku, wygra\u0142am konkurs na stanowisko dyrygenta Filharmonii Sudeckiej, z kt\u00f3r\u0105 poprowadzi\u0142am szereg koncert\u00f3w symfonicznych.<\/p>\n<p>Jednocze\u015bnie w latach 1990-93 prowadzi\u0142am orkiestr\u0119 Szko\u0142y Muzycznej II st. w Krakowie.<\/p>\n<p>W 1991 roku na Mi\u0119dzynarodowym Konkursie Dyrygenckim w Katowicach otrzyma\u0142am od cz\u0142onk\u00f3w jury specjalne wyr\u00f3\u017cnienie &#8211; propozycj\u0119 pracy w\u00a0Teatrze Wielkim w \u0141odzi oraz w Operze \u015al\u0105skiej, a cztery lata p\u00f3\u017aniej na tym samym konkursie Dyplom Uczestnictwa \u00a0w\u00a0P\u00f3\u0142finale.<\/p>\n<p>W latach 1992-1997 jako dyrygent Opery \u015al\u0105skiej prowadzi\u0142am szereg spektakli: \u201eCyrulika Sewilskiego\u201d Rossiniego, \u201eHalk\u0119\u201d Moniuszki, \u201eCarmen\u201d i\u00a0\u201ePo\u0142awiacze Pere\u0142\u201d Bizeta, \u201eZemst\u0119 Nietoperza\u201d Straussa, \u201eFausta\u201d Gounoda.<\/p>\n<p>W Teatrze Wielkim w \u0141odzi dyrygowa\u0142am \u201eJasiem i Ma\u0142gosi\u0105\u201d Humperdincka.<\/p>\n<p>W 1994 zosta\u0142am zaproszona do wsp\u00f3\u0142pracy z NOSPRiTV w Katowicach gdzie dokona\u0142am archiwalnego nagrania musicalu \u201eBia\u0142ow\u0142osa\u201d Henryka Czy\u017ca.<\/p>\n<p>Koncertowa\u0142am w wielu filharmoniach w Polsce, mam w repertuarze kilkadziesi\u0105t program\u00f3w muzyki kameralnej, symfonicznej i operowej. Wyst\u0119powa\u0142am z orkiestrami filharmonii i zespo\u0142ami kameralnymi w Krakowie, Lublinie, Katowicach, Bytomiu, Wa\u0142brzychu, \u0141odzi, Szczecinie, Bia\u0142ymstoku, Zabrzu, Poznaniu, Opolu, Toruniu, Zielonej G\u00f3rze, Koszalinie, Olsztynie i\u00a0Cieszynie. Prowadzi\u0142am zar\u00f3wno koncerty kameralne, symfoniczne, jak i\u00a0przekroje oper w\u00a0wersjach estradowych.<\/p>\n<p>Dyrygowa\u0142am utworami kompozytor\u00f3w wsp\u00f3\u0142czesnych, polskich, (m. in. K.\u00a0Pendereckiego), a z Akademi\u0105 Beethovenowsk\u0105 w Krakowie poprowadzi\u0142am europejsk\u0105 premier\u0119 \u201eLetter to Warsaw\u201d ameryka\u0144skiego kompozytora T.\u00a0Pasatieriego.<\/p>\n<p>W 1999 roku za\u0142o\u017cy\u0142am w Krakowie prywatn\u0105 Szko\u0142\u0119 Muzyczno-Baletow\u0105 \u201eDa Capo\u201d, kt\u00f3rej w\u0142a\u015bcicielem i dyrektorem by\u0142am przez 19 lat. W\u00a0tym czasie rokrocznie pod moim kierownictwem artystycznym wystawiane by\u0142y w\u00a0Teatrze Groteska i Teatrze Ludowym w Krakowie autorskie spektakle muzyczno-baletowe z udzia\u0142em dzieci z mojej szko\u0142y.<\/p>\n<p>W 2011 roku w Akademii Muzycznej w Krakowie uzyska\u0142am tytu\u0142 doktora sztuki muzycznej w dyscyplinie artystycznej Dyrygentura.<\/p>\n<p>W 2015 roku uko\u0144czy\u0142am podyplomowe studia na Uniwersytecie Jagiello\u0144skim w Krakowie\u00a0 &#8211; kierunek Zarz\u0105dzanie Kultur\u0105.<\/p>\n<p>Od grudnia 2012 roku jestem zatrudniona na Uniwersytecie \u015al\u0105skim (w\u00a0Instytucie Muzyki w Cieszynie) na stanowisku adiunkta, ucz\u0119 dyrygowania i\u00a0prowadz\u0119 zespo\u0142y instrumentalne i wokalne.<\/p>\n<p>Od sierpnia 2018 roku pe\u0142ni\u0119 funkcj\u0119 kierownika artystycznego zespo\u0142u wokalnego \u201eTA Grupa\u201d w Czeskim Cieszynie<\/p>\n<p>Jestem autork\u0105 publikacji naukowych, zar\u00f3wno w j\u0119zyku polskim, jak i angielskim.<\/p>\n<p><em>Joanna Nowicka<\/em> \r\n                                <div class=\"mt-3\"><\/div>\r\n                            <\/div>\r\n                            \r\n                            \r\n                        <\/div>\r\n                    <\/div>\r\n                <\/div>[\/vc_column][\/vc_row]<\/p>","protected":false},"excerpt":{"rendered":"<p>[vc_row][vc_column][\/vc_column][\/vc_row] [&#8230;]<\/p>\n<p><a class=\"btn btn-secondary understrap-read-more-link\" href=\"https:\/\/us.edu.pl\/instytut\/ismuz\/pracownicy\/dr-joanna-nowicka\/\">Read More&#8230;<\/a><\/p>\n","protected":false},"author":110,"featured_media":0,"parent":189,"menu_order":0,"comment_status":"closed","ping_status":"closed","template":"","meta":{"_expiration-date-status":"saved","_expiration-date":0,"_expiration-date-type":"","_expiration-date-categories":[],"_expiration-date-options":[]},"acf":[],"_links":{"self":[{"href":"https:\/\/us.edu.pl\/instytut\/ismuz\/wp-json\/wp\/v2\/pages\/2658"}],"collection":[{"href":"https:\/\/us.edu.pl\/instytut\/ismuz\/wp-json\/wp\/v2\/pages"}],"about":[{"href":"https:\/\/us.edu.pl\/instytut\/ismuz\/wp-json\/wp\/v2\/types\/page"}],"author":[{"embeddable":true,"href":"https:\/\/us.edu.pl\/instytut\/ismuz\/wp-json\/wp\/v2\/users\/110"}],"replies":[{"embeddable":true,"href":"https:\/\/us.edu.pl\/instytut\/ismuz\/wp-json\/wp\/v2\/comments?post=2658"}],"version-history":[{"count":1,"href":"https:\/\/us.edu.pl\/instytut\/ismuz\/wp-json\/wp\/v2\/pages\/2658\/revisions"}],"predecessor-version":[{"id":2659,"href":"https:\/\/us.edu.pl\/instytut\/ismuz\/wp-json\/wp\/v2\/pages\/2658\/revisions\/2659"}],"up":[{"embeddable":true,"href":"https:\/\/us.edu.pl\/instytut\/ismuz\/wp-json\/wp\/v2\/pages\/189"}],"wp:attachment":[{"href":"https:\/\/us.edu.pl\/instytut\/ismuz\/wp-json\/wp\/v2\/media?parent=2658"}],"curies":[{"name":"wp","href":"https:\/\/api.w.org\/{rel}","templated":true}]}}