{"id":2889,"date":"2022-11-14T13:07:11","date_gmt":"2022-11-14T12:07:11","guid":{"rendered":"https:\/\/us.edu.pl\/instytut\/ismuz\/?page_id=2889"},"modified":"2022-11-21T10:03:51","modified_gmt":"2022-11-21T09:03:51","slug":"joanna-skiba","status":"publish","type":"page","link":"https:\/\/us.edu.pl\/instytut\/ismuz\/joanna-skiba\/","title":{"rendered":"Joanna Skiba"},"content":{"rendered":"<p>[vc_row][vc_column]\r\n                <div class=\"text-modules reverse\">\r\n                    <div class=\"container\">\r\n                         \r\n                        <div class=\"row m-0\">\r\n                            <div class=\"text-modules__content\">\r\n                                <strong>Joanna Skiba <\/strong>\u2013 absolwentka edukacji artystycznej w zakresie sztuki muzycznej oraz pedagogiki opieku\u0144czo\u2013wychowawczej z terapi\u0105 pedagogiczn\u0105 na Wydziale Sztuki i Nauk o Edukacji Uniwersytetu \u015al\u0105skiego w Cieszynie. Jest absolwentk\u0105 Spo\u0142ecznego Ogniska Muzycznego w Gliwicach. To tam dzi\u0119ki wspania\u0142ej pedagog zakocha\u0142a si\u0119 w muzyce. Swoj\u0105 mi\u0142o\u015b\u0107 do sztuki muzycznej piel\u0119gnuje do dzi\u015b. Od 2014 roku jest ch\u00f3rzystk\u0105 Akademickiego Zespo\u0142u Muzycznego Politechniki \u015al\u0105skiej w Gliwicach, w kt\u00f3rym z dum\u0105 zasila szeregi sopranu drugiego. Zainteresowaniem, kt\u00f3re dope\u0142nia muzyczn\u0105 pasj\u0119 autorki jest plastyka. Zaowocowa\u0142o to powstaniem kilkudziesi\u0119ciu miniatur, kt\u00f3re w ca\u0142o\u015bci utworzone s\u0105 ze znak\u00f3w oraz okre\u015ble\u0144 muzycznych. Obecnie autorka marzy o robieniu tego, co w \u017cyciu kocha w my\u015bl s\u0142\u00f3w Konstantego Ildefonsa Ga\u0142czy\u0144skiego <em>C\u00f3\u017c to za rozkosz b\u0142\u0105dzi\u0107 przez pokoje z Pani\u0105 Muzyk\u0105 we dwoje<\/em>.<\/p>\n<p>W marcu tego roku ukaza\u0142a si\u0119 jej pierwsza, ilustrowana ksi\u0105\u017cka o muzyce <em>Dziecko i czary, opus 1.<br \/>\n<\/em>Zawiera ona dziesi\u0119\u0107 wierszowanych miniatur, kt\u00f3re okraszone s\u0105 plastycznymi miniaturami wykonanymi r\u00f3wnie\u017c przez autork\u0119. Ka\u017cda z miniatur poetyckich jest jedyna w swoim rodzaju i opisuje niezwyk\u0142e zjawiska muzyczne. Jakie? Przeczytajcie sami! Poznacie muzyczn\u0105 dziewczynk\u0119, pods\u0142uchacie intryguj\u0105c\u0105 pogaw\u0119dk\u0119 instrument\u00f3w, b\u0119dziecie b\u0142\u0105dzi\u0107 we \u015bnie oraz podr\u00f3\u017cowa\u0107 wpatruj\u0105c w ca\u0142onutowy, l\u015bni\u0105cy ksi\u0119\u017cyc. Ksi\u0105\u017cka jest miniaturowa, lekka i zwiewna. \u0141\u0105czy w sobie muzyk\u0119, s\u0142owo i obraz. Przeznaczona zar\u00f3wno dla doros\u0142ych i dla dzieci. Zako\u0144czona jest s\u0142owniczkiem muzycznym oraz&#8230;ma\u0142\u0105 niespodziank\u0105 . Serdecznie zapraszam do lektury! Wi\u0119cej informacji o dost\u0119pno\u015bci ksi\u0105\u017cki na facebookowej stronie:<\/p>\n<p>Obrazki z wystawy: \r\n                                <div class=\"mt-3\"><\/div>\r\n                            <\/div>\r\n                            \r\n                            <div class=\"text-modules__img\"><img src=\"https:\/\/us.edu.pl\/instytut\/ismuz\/wp-content\/uploads\/sites\/54\/Bez-kategorii\/zdjecie-Joanna-Skiba-503x800.jpg\" alt=\"img\"><\/div>\r\n                        <\/div>\r\n                    <\/div>\r\n                <\/div>[\/vc_column][\/vc_row][vc_row][vc_column]            \r\n                    <div class=\"container\">\r\n                        <div class=\"gallery gallery_3\" data-images-in-row=\"3\">\r\n                            \r\n                            <div class=\"row m-0\">\r\n                                <a data-fancybox-group=\"button\" title=\"\" data-fancybox=\"5488\" href=\"https:\/\/us.edu.pl\/instytut\/ismuz\/wp-content\/uploads\/sites\/54\/Bez-kategorii\/Joanna-Skiba-Dziecko-i-czary.jpg\" class=\"gallery__item thumbnail\"\r\n                                    style=\"background-image: url(https:\/\/us.edu.pl\/instytut\/ismuz\/wp-content\/uploads\/sites\/54\/Bez-kategorii\/Joanna-Skiba-Dziecko-i-czary-675x1200.jpg)\"> <span class=\"d-none\">https:\/\/us.edu.pl\/instytut\/ismuz\/wp-content\/uploads\/sites\/54\/Bez-kategorii\/Joanna-Skiba-Dziecko-i-czary.jpg<\/span> <\/a><a data-fancybox-group=\"button\" title=\"\" data-fancybox=\"5488\" href=\"https:\/\/us.edu.pl\/instytut\/ismuz\/wp-content\/uploads\/sites\/54\/Bez-kategorii\/Joanna-Skiba-kontrafagot.jpg\" class=\"gallery__item thumbnail\"\r\n                                    style=\"background-image: url(https:\/\/us.edu.pl\/instytut\/ismuz\/wp-content\/uploads\/sites\/54\/Bez-kategorii\/Joanna-Skiba-kontrafagot-801x1200.jpg)\"> <span class=\"d-none\">https:\/\/us.edu.pl\/instytut\/ismuz\/wp-content\/uploads\/sites\/54\/Bez-kategorii\/Joanna-Skiba-kontrafagot.jpg<\/span> <\/a><a data-fancybox-group=\"button\" title=\"\" data-fancybox=\"5488\" href=\"https:\/\/us.edu.pl\/instytut\/ismuz\/wp-content\/uploads\/sites\/54\/Bez-kategorii\/Joanna-Skiba.jpg\" class=\"gallery__item thumbnail\"\r\n                                    style=\"background-image: url(https:\/\/us.edu.pl\/instytut\/ismuz\/wp-content\/uploads\/sites\/54\/Bez-kategorii\/Joanna-Skiba-853x1200.jpg)\"> <span class=\"d-none\">https:\/\/us.edu.pl\/instytut\/ismuz\/wp-content\/uploads\/sites\/54\/Bez-kategorii\/Joanna-Skiba.jpg<\/span> <\/a><a data-fancybox-group=\"button\" title=\"\" data-fancybox=\"5488\" href=\"https:\/\/us.edu.pl\/instytut\/ismuz\/wp-content\/uploads\/sites\/54\/Bez-kategorii\/Grafika-Dyrygent.jpeg\" class=\"gallery__item thumbnail\"\r\n                                    style=\"background-image: url(https:\/\/us.edu.pl\/instytut\/ismuz\/wp-content\/uploads\/sites\/54\/Bez-kategorii\/Grafika-Dyrygent-902x1200.jpeg)\"> <span class=\"d-none\">https:\/\/us.edu.pl\/instytut\/ismuz\/wp-content\/uploads\/sites\/54\/Bez-kategorii\/Grafika-Dyrygent.jpeg<\/span> <\/a><a data-fancybox-group=\"button\" title=\"\" data-fancybox=\"5488\" href=\"https:\/\/us.edu.pl\/instytut\/ismuz\/wp-content\/uploads\/sites\/54\/Bez-kategorii\/Grafika-Perkusista.jpeg\" class=\"gallery__item thumbnail\"\r\n                                    style=\"background-image: url(https:\/\/us.edu.pl\/instytut\/ismuz\/wp-content\/uploads\/sites\/54\/Bez-kategorii\/Grafika-Perkusista.jpeg)\"> <span class=\"d-none\">https:\/\/us.edu.pl\/instytut\/ismuz\/wp-content\/uploads\/sites\/54\/Bez-kategorii\/Grafika-Perkusista.jpeg<\/span> <\/a>\r\n                            <\/div>\r\n                    <\/div>\r\n                <\/div>[\/vc_column][\/vc_row]<\/p>","protected":false},"excerpt":{"rendered":"<p>[vc_row][vc_column][\/vc_column][\/vc_row][vc_row][vc_column][\/vc_column][\/vc_row] [&#8230;]<\/p>\n<p><a class=\"btn btn-secondary understrap-read-more-link\" href=\"https:\/\/us.edu.pl\/instytut\/ismuz\/joanna-skiba\/\">Read More&#8230;<\/a><\/p>\n","protected":false},"author":110,"featured_media":0,"parent":0,"menu_order":0,"comment_status":"closed","ping_status":"closed","template":"","meta":{"_expiration-date-status":"","_expiration-date":0,"_expiration-date-type":"","_expiration-date-categories":[],"_expiration-date-options":[]},"acf":[],"_links":{"self":[{"href":"https:\/\/us.edu.pl\/instytut\/ismuz\/wp-json\/wp\/v2\/pages\/2889"}],"collection":[{"href":"https:\/\/us.edu.pl\/instytut\/ismuz\/wp-json\/wp\/v2\/pages"}],"about":[{"href":"https:\/\/us.edu.pl\/instytut\/ismuz\/wp-json\/wp\/v2\/types\/page"}],"author":[{"embeddable":true,"href":"https:\/\/us.edu.pl\/instytut\/ismuz\/wp-json\/wp\/v2\/users\/110"}],"replies":[{"embeddable":true,"href":"https:\/\/us.edu.pl\/instytut\/ismuz\/wp-json\/wp\/v2\/comments?post=2889"}],"version-history":[{"count":7,"href":"https:\/\/us.edu.pl\/instytut\/ismuz\/wp-json\/wp\/v2\/pages\/2889\/revisions"}],"predecessor-version":[{"id":2911,"href":"https:\/\/us.edu.pl\/instytut\/ismuz\/wp-json\/wp\/v2\/pages\/2889\/revisions\/2911"}],"wp:attachment":[{"href":"https:\/\/us.edu.pl\/instytut\/ismuz\/wp-json\/wp\/v2\/media?parent=2889"}],"curies":[{"name":"wp","href":"https:\/\/api.w.org\/{rel}","templated":true}]}}