{"id":4456,"date":"2024-10-21T10:05:42","date_gmt":"2024-10-21T08:05:42","guid":{"rendered":"https:\/\/us.edu.pl\/instytut\/ismuz\/?page_id=4456"},"modified":"2024-10-21T10:05:42","modified_gmt":"2024-10-21T08:05:42","slug":"miedzyuczelniana-inauguracja-roku-akademickiego-2023-2024","status":"publish","type":"page","link":"https:\/\/us.edu.pl\/instytut\/ismuz\/miedzyuczelniana-inauguracja-roku-akademickiego-2023-2024\/","title":{"rendered":"Mi\u0119dzyuczelniana Inauguracja Roku Akademickiego 2023\/2024"},"content":{"rendered":"<p>[vc_row][vc_column]\r\n                <div class=\"text-modules\">\r\n                    <div class=\"container\">\r\n                        \r\n                        <div class=\"text-modules__content\"><p><strong>Wydarzenie\u00a0<\/strong><strong>(pe\u0142na nazwa)<\/strong><\/p>\n<p><span style=\"font-size: 18pt;\">Mi\u0119dzyuczelniana Inauguracja Roku Akademickiego 2023\/2024<\/span><\/p>\n<p><strong>Data i miejsce<\/strong><\/p>\n<p>29.09.2023, Katowice, NOSPR, Sala Koncertowa<\/p>\n<p><strong>Szczeg\u00f3\u0142owy opis wydarzenia<\/strong><\/p>\n<p>Na zaproszenie JM Rektora U\u015a prof. dr hab. Ryszarda Kozio\u0142ka Ch\u00f3r U\u015a Harmonia wzi\u0105\u0142 udzia\u0142 w uroczystej II. Mi\u0119dzyuczelnianej Inauguracji Roku Akademickiego 2023\/2024. Oficjalna cz\u0119\u015b\u0107 mia\u0142a miejsce w siedzibie Narodowej Orkiestry Symfonicznej Polskiego Radia. Wydarzenie zorganizowane zosta\u0142o wsp\u00f3lnie z siedmioma uczelniami wy\u017cszymi zrzeszonymi w Konsorcjum Katowice \u2013 Miasto Nauki we wsp\u00f3\u0142pracy z miastem Katowice, Wojew\u00f3dztwem \u015al\u0105skim, G\u00f3rno\u015bl\u0105sko-Zag\u0142\u0119biowsk\u0105 Metropoli\u0105. Oprawa muzyczna uroczysto\u015bci (cz\u0119\u015b\u0107 oficjalna) wraz z wykonaniem dodatkowego utworu a cappella u\u015bwietniaj\u0105cego inauguracj\u0119 spoczywa\u0142a po stronie zgromadzonych ch\u00f3r\u00f3w (Ch\u00f3r Uniwersytetu \u015al\u0105skiego Harmonia, Ch\u00f3r Politechniki \u015al., Ch\u00f3r Uniwersytetu Ekonomicznego, Ch\u00f3r \u015al\u0105skiego Uniwersytetu Medycznego). Pod dyrekcj\u0105 prof. dr hab. Joanny Glenc ch\u00f3ry wykona\u0142y tak\u017ce kompozycj\u0119 Jacka Glenca pt. Ziemia w\u0119gla.<\/p>\n<p>\n<\/div>\r\n                    <\/div>\r\n                <\/div>[\/vc_column][\/vc_row][vc_row][vc_column]            \r\n                    <div class=\"container\">\r\n                        <div class=\"gallery gallery_4\" data-images-in-row=\"4\">\r\n                            \r\n                            <div class=\"row m-0\">\r\n                                <a data-fancybox-group=\"button\" title=\"\" data-fancybox=\"3311\" href=\"https:\/\/us.edu.pl\/instytut\/ismuz\/wp-content\/uploads\/sites\/54\/Bez-kategorii\/2023.09.27-MIRA-2023-2024-Katowice-NOSPR1.jpg\" class=\"gallery__item thumbnail\"\r\n                                    style=\"background-image: url(https:\/\/us.edu.pl\/instytut\/ismuz\/wp-content\/uploads\/sites\/54\/Bez-kategorii\/2023.09.27-MIRA-2023-2024-Katowice-NOSPR1-1200x675.jpg)\"> <span class=\"d-none\">https:\/\/us.edu.pl\/instytut\/ismuz\/wp-content\/uploads\/sites\/54\/Bez-kategorii\/2023.09.27-MIRA-2023-2024-Katowice-NOSPR1.jpg<\/span> <\/a><a data-fancybox-group=\"button\" title=\"\" data-fancybox=\"3311\" href=\"https:\/\/us.edu.pl\/instytut\/ismuz\/wp-content\/uploads\/sites\/54\/Bez-kategorii\/MIRA-2023-2024-Katowice-NOSPR2.jpg\" class=\"gallery__item thumbnail\"\r\n                                    style=\"background-image: url(https:\/\/us.edu.pl\/instytut\/ismuz\/wp-content\/uploads\/sites\/54\/Bez-kategorii\/MIRA-2023-2024-Katowice-NOSPR2.jpg)\"> <span class=\"d-none\">https:\/\/us.edu.pl\/instytut\/ismuz\/wp-content\/uploads\/sites\/54\/Bez-kategorii\/MIRA-2023-2024-Katowice-NOSPR2.jpg<\/span> <\/a>\r\n                            <\/div>\r\n                    <\/div>\r\n                <\/div>[\/vc_column][\/vc_row]<\/p>","protected":false},"excerpt":{"rendered":"<p>[vc_row][vc_column][\/vc_column][\/vc_row][vc_row][vc_column][\/vc_column][\/vc_row] [&#8230;]<\/p>\n<p><a class=\"btn btn-secondary understrap-read-more-link\" href=\"https:\/\/us.edu.pl\/instytut\/ismuz\/miedzyuczelniana-inauguracja-roku-akademickiego-2023-2024\/\">Read More&#8230;<\/a><\/p>\n","protected":false},"author":110,"featured_media":0,"parent":0,"menu_order":0,"comment_status":"closed","ping_status":"closed","template":"","meta":{"_expiration-date-status":"","_expiration-date":0,"_expiration-date-type":"","_expiration-date-categories":[],"_expiration-date-options":[]},"acf":[],"_links":{"self":[{"href":"https:\/\/us.edu.pl\/instytut\/ismuz\/wp-json\/wp\/v2\/pages\/4456"}],"collection":[{"href":"https:\/\/us.edu.pl\/instytut\/ismuz\/wp-json\/wp\/v2\/pages"}],"about":[{"href":"https:\/\/us.edu.pl\/instytut\/ismuz\/wp-json\/wp\/v2\/types\/page"}],"author":[{"embeddable":true,"href":"https:\/\/us.edu.pl\/instytut\/ismuz\/wp-json\/wp\/v2\/users\/110"}],"replies":[{"embeddable":true,"href":"https:\/\/us.edu.pl\/instytut\/ismuz\/wp-json\/wp\/v2\/comments?post=4456"}],"version-history":[{"count":1,"href":"https:\/\/us.edu.pl\/instytut\/ismuz\/wp-json\/wp\/v2\/pages\/4456\/revisions"}],"predecessor-version":[{"id":4462,"href":"https:\/\/us.edu.pl\/instytut\/ismuz\/wp-json\/wp\/v2\/pages\/4456\/revisions\/4462"}],"wp:attachment":[{"href":"https:\/\/us.edu.pl\/instytut\/ismuz\/wp-json\/wp\/v2\/media?parent=4456"}],"curies":[{"name":"wp","href":"https:\/\/api.w.org\/{rel}","templated":true}]}}