{"id":5648,"date":"2026-02-23T14:04:21","date_gmt":"2026-02-23T13:04:21","guid":{"rendered":"https:\/\/us.edu.pl\/instytut\/ismuz\/?page_id=5648"},"modified":"2026-02-23T14:20:50","modified_gmt":"2026-02-23T13:20:50","slug":"5648-2","status":"publish","type":"page","link":"https:\/\/us.edu.pl\/instytut\/ismuz\/5648-2\/","title":{"rendered":""},"content":{"rendered":"<p>[vc_row][vc_column]\r\n                <div class=\"text-modules\">\r\n                    <div class=\"container\">\r\n                        \r\n                        <div class=\"text-modules__content\"><p><strong>Wydarzenie<\/strong><\/p>\n<p>Mi\u0119dzyuczelniana Inauguracja Roku Akademickiego 2025\/2026<\/p>\n<p><strong>Data i miejsce<\/strong><\/p>\n<p>30.09.2025, Katowice, NOSPR, Sala Koncertowa<\/p>\n<p>Na zaproszenie JM Rektora U\u015a prof. dr hab. Ryszarda Kozio\u0142ka <strong>Ch\u00f3r U\u015a Harmonia<\/strong> wzi\u0105\u0142 udzia\u0142 w uroczystej Mi\u0119dzyuczelnianej Inauguracji Roku Akademickiego 2025\/2026, kt\u00f3rej oficjalna <strong>cz\u0119\u015b\u0107 odby\u0142a si\u0119 w siedzibie Narodowej Orkiestry Symfonicznej Polskiego Radia w Katowicach. <\/strong>U\u015bwietniaj\u0105c tak wa\u017cne dla spo\u0142eczno\u015bci akademickiej wydarzenie, <strong>z<\/strong>gromadzone ch\u00f3ry, tj. Ch\u00f3r U\u015a Harmonia, Akademicki Ch\u00f3r Politechniki \u015al\u0105skiej, Ch\u00f3r Uniwersytetu Ekonomicznego, Ch\u00f3r \u015al\u0105skiego Uniwersytetu Medycznego oraz \u201eNiemy\u201d Ch\u00f3r Uniwersytetu \u015alaskiego wykona\u0142y, m. in. pod dyrekcj\u0105<strong> prof. dr hab. Joanny Glenc,<\/strong> utwory podkre\u015blaj\u0105ce powag\u0119 uroczysto\u015bci. <strong>Wydarzenie zorganizowa\u0142y Uczelnie Konsorcjum Akademickiego \u2013 Katowice Miasto Nauki we wsp\u00f3\u0142pracy z Miastem Katowice, Wojew\u00f3dztwem \u015al\u0105skim oraz G\u00f3rno\u015bl\u0105sko-Zag\u0142\u0119biowsk\u0105 Metropoli\u0105. \u00a0<\/strong><\/p>\n<p><strong>\u00a0<\/strong><strong>Fotografie &#8211; linki: <\/strong><\/p>\n<ol>\n<li><a href=\"https:\/\/us.edu.pl\/event\/miedzyuczelniana-inauguracja-roku-akademickiego-2025-2026\">https:\/\/us.edu.pl\/event\/miedzyuczelniana-inauguracja-roku-akademickiego-2025-2026<\/a><\/li>\n<li><a href=\"https:\/\/miastonauki.pl\/emnk-2024\/miedzyuczelniana-inauguracja-roku-akademickiego\/mira-2025\/\">https:\/\/miastonauki.pl\/emnk-2024\/miedzyuczelniana-inauguracja-roku-akademickiego\/mira-2025\/<\/a><\/li>\n<li><a href=\"https:\/\/www.katowice.uw.gov.pl\/aktualnosci\/miedzyuczelniana-inauguracja-roku-akademickiego-2025-2026-w-katowicach\">https:\/\/www.katowice.uw.gov.pl\/aktualnosci\/miedzyuczelniana-inauguracja-roku-akademickiego-2025-2026-w-katowicach<\/a><\/li>\n<\/ol>\n<p>W za\u0142\u0105czeniu:<\/p>\n<p><a href=\"https:\/\/us.edu.pl\/instytut\/ismuz\/wp-content\/uploads\/sites\/54\/Bez-kategorii\/1.-MIRA-2025-26-fot.-US.pdf\" class=\"mtli_attachment mtli_pdf\" data-mtli=\"mtli_filesize382,85kB\" class=\"mtli_attachment mtli_pdf\" data-mtli=\"mtli_filesize382,85kB\">1. MIRA 2025-26, fot. U\u015a<\/a><\/p>\n<p><a href=\"https:\/\/us.edu.pl\/instytut\/ismuz\/wp-content\/uploads\/sites\/54\/Bez-kategorii\/2.-MIRA-2025-26-fot.-Europejskie-Miasto-Nauki-Katowice-2024.pdf\" class=\"mtli_attachment mtli_pdf\" data-mtli=\"mtli_filesize58,71kB\" class=\"mtli_attachment mtli_pdf\" data-mtli=\"mtli_filesize58,71kB\">2. MIRA 2025-26, fot. Europejskie Miasto Nauki &#8211; Katowice 2024<\/a><\/p>\n<p><a href=\"https:\/\/us.edu.pl\/instytut\/ismuz\/wp-content\/uploads\/sites\/54\/Bez-kategorii\/3.-MIRA-2025-26-fot.-Slaski-Urzad-Wojewodzki-w-Katowicach.pdf\" class=\"mtli_attachment mtli_pdf\" data-mtli=\"mtli_filesize619,40kB\" class=\"mtli_attachment mtli_pdf\" data-mtli=\"mtli_filesize619,40kB\">3. MIRA 2025-26, fot. \u015al\u0105ski Urz\u0105d Wojew\u00f3dzki w Katowicach<\/a><\/p>\n<style type=\"text\/css\">a[data-mtli~=\"mtli_filesize382,85kB\"]:after {content:\" (382,85 kB)\"}a[data-mtli~=\"mtli_filesize58,71kB\"]:after {content:\" (58,71 kB)\"}a[data-mtli~=\"mtli_filesize619,40kB\"]:after {content:\" (619,40 kB)\"}<\/style><\/div>\r\n                    <\/div>\r\n                <\/div>[\/vc_column][\/vc_row][vc_row][vc_column]            \r\n                    <div class=\"container\">\r\n                        <div class=\"gallery gallery_4\" data-images-in-row=\"4\">\r\n                            \r\n                            <div class=\"row m-0\">\r\n                                <a data-fancybox-group=\"button\" title=\"\" data-fancybox=\"9095\" href=\"https:\/\/us.edu.pl\/instytut\/ismuz\/wp-content\/uploads\/sites\/54\/Bez-kategorii\/1.-MIRA-2025-26-fot.-US.png\" class=\"gallery__item thumbnail\"\r\n                                    style=\"background-image: url(https:\/\/us.edu.pl\/instytut\/ismuz\/wp-content\/uploads\/sites\/54\/Bez-kategorii\/1.-MIRA-2025-26-fot.-US.png)\"> <span class=\"d-none\">https:\/\/us.edu.pl\/instytut\/ismuz\/wp-content\/uploads\/sites\/54\/Bez-kategorii\/1.-MIRA-2025-26-fot.-US.png<\/span> <\/a><a data-fancybox-group=\"button\" title=\"\" data-fancybox=\"9095\" href=\"https:\/\/us.edu.pl\/instytut\/ismuz\/wp-content\/uploads\/sites\/54\/Bez-kategorii\/2.-MIRA-2025-26-fot.-Europejskie-Miasto-Nauki-Katowice-2024.jpg\" class=\"gallery__item thumbnail\"\r\n                                    style=\"background-image: url(https:\/\/us.edu.pl\/instytut\/ismuz\/wp-content\/uploads\/sites\/54\/Bez-kategorii\/2.-MIRA-2025-26-fot.-Europejskie-Miasto-Nauki-Katowice-2024.jpg)\"> <span class=\"d-none\">https:\/\/us.edu.pl\/instytut\/ismuz\/wp-content\/uploads\/sites\/54\/Bez-kategorii\/2.-MIRA-2025-26-fot.-Europejskie-Miasto-Nauki-Katowice-2024.jpg<\/span> <\/a><a data-fancybox-group=\"button\" title=\"\" data-fancybox=\"9095\" href=\"https:\/\/us.edu.pl\/instytut\/ismuz\/wp-content\/uploads\/sites\/54\/Bez-kategorii\/3.-MIRA-2025-26-fot.-Slaski-Urzad-Wojewodzki-w-Katowicach.jpg\" class=\"gallery__item thumbnail\"\r\n                                    style=\"background-image: url(https:\/\/us.edu.pl\/instytut\/ismuz\/wp-content\/uploads\/sites\/54\/Bez-kategorii\/3.-MIRA-2025-26-fot.-Slaski-Urzad-Wojewodzki-w-Katowicach.jpg)\"> <span class=\"d-none\">https:\/\/us.edu.pl\/instytut\/ismuz\/wp-content\/uploads\/sites\/54\/Bez-kategorii\/3.-MIRA-2025-26-fot.-Slaski-Urzad-Wojewodzki-w-Katowicach.jpg<\/span> <\/a>\r\n                            <\/div>\r\n                    <\/div>\r\n                <\/div>[\/vc_column][\/vc_row]<\/p>\n<style type=\"text\/css\">a[data-mtli~=\"mtli_filesize382,85kB\"]:after {content:\" (382,85 kB)\"}a[data-mtli~=\"mtli_filesize58,71kB\"]:after {content:\" (58,71 kB)\"}a[data-mtli~=\"mtli_filesize619,40kB\"]:after {content:\" (619,40 kB)\"}<\/style>","protected":false},"excerpt":{"rendered":"<p>[vc_row][vc_column][\/vc_column][\/vc_row][vc_row][vc_column][\/vc_column][\/vc_row] [&#8230;]<\/p>\n<p><a class=\"btn btn-secondary understrap-read-more-link\" href=\"https:\/\/us.edu.pl\/instytut\/ismuz\/5648-2\/\">Read More&#8230;<\/a><\/p>\n","protected":false},"author":110,"featured_media":0,"parent":0,"menu_order":0,"comment_status":"closed","ping_status":"closed","template":"","meta":{"_expiration-date-status":"","_expiration-date":0,"_expiration-date-type":"","_expiration-date-categories":[],"_expiration-date-options":[]},"acf":[],"_links":{"self":[{"href":"https:\/\/us.edu.pl\/instytut\/ismuz\/wp-json\/wp\/v2\/pages\/5648"}],"collection":[{"href":"https:\/\/us.edu.pl\/instytut\/ismuz\/wp-json\/wp\/v2\/pages"}],"about":[{"href":"https:\/\/us.edu.pl\/instytut\/ismuz\/wp-json\/wp\/v2\/types\/page"}],"author":[{"embeddable":true,"href":"https:\/\/us.edu.pl\/instytut\/ismuz\/wp-json\/wp\/v2\/users\/110"}],"replies":[{"embeddable":true,"href":"https:\/\/us.edu.pl\/instytut\/ismuz\/wp-json\/wp\/v2\/comments?post=5648"}],"version-history":[{"count":3,"href":"https:\/\/us.edu.pl\/instytut\/ismuz\/wp-json\/wp\/v2\/pages\/5648\/revisions"}],"predecessor-version":[{"id":5661,"href":"https:\/\/us.edu.pl\/instytut\/ismuz\/wp-json\/wp\/v2\/pages\/5648\/revisions\/5661"}],"wp:attachment":[{"href":"https:\/\/us.edu.pl\/instytut\/ismuz\/wp-json\/wp\/v2\/media?parent=5648"}],"curies":[{"name":"wp","href":"https:\/\/api.w.org\/{rel}","templated":true}]}}