{"id":1040,"date":"2020-11-10T14:24:15","date_gmt":"2020-11-10T13:24:15","guid":{"rendered":"https:\/\/us.edu.pl\/instytut\/isp\/?page_id=1040"},"modified":"2020-11-17T15:05:17","modified_gmt":"2020-11-17T14:05:17","slug":"prof-dr-hab-lech-kolodziejczyk","status":"publish","type":"page","link":"https:\/\/us.edu.pl\/instytut\/isp\/wykladowcy\/prof-dr-hab-lech-kolodziejczyk\/","title":{"rendered":"Prof. dr hab. Lech Ko\u0142odziejczyk"},"content":{"rendered":"<p>[vc_row][vc_column]\r\n                <div class=\"text-modules\">\r\n                    <div class=\"container\">\r\n                        <h3 class=\"page-title text__title\">Prof. dr hab. Lech Ko\u0142odziejczyk<\/h3>\r\n                        <div class=\"text-modules__content\"><p>Profesor w Instytucie Sztuk Plastycznych U\u015a w Cieszynie. W latach 2004\u20132014 Kierownik Katedry Malarstwa w Instytucie Sztuki U\u015a. Autor kilku obszernych cykli malarskich: \u201eKOSMOGONIE\u201d, \u201eKSI\u0118GA S\u0141O\u0143CA\u201d, \u201eG\u0141OWY\u201d, \u201eZAPOMNIANY HORYZONT\u201d, \u201eWIRTUALNE IKONY\u201d, \u201eAXIS MUNDI\u201d. Malarstwo traktowane jest przez niego jako forma wypowiedzi autorskiej, szczeg\u00f3lnie no\u015bna w zakresie tre\u015bci odnosz\u0105cych si\u0119 do szerokiego spektrum do\u015bwiadcze\u0144 egzystencjalnych autora. Silnie eksponowany w projekcjach malarskich element wewn\u0119trznej wiwisekcji, jako pr\u00f3ba poszukiwa\u0144 kontaktu z w\u0142asnym do\u015bwiadczeniem \u017cyciowym, okre\u015bla postaw\u0119 tw\u00f3rcz\u0105, w kt\u00f3rej zapis osobistych dozna\u0144, prze\u017cy\u0107, emocji, refleksji uzyskuje status idei pierwszoplanowych. Podkre\u015blanie znaczenia malarstwa na tle bogatej refleksji filozoficznej traktowane jest jako forma wyj\u0105tkowej skarbnicy to\u017csamo\u015bci osobistej. Malarstwo to podkre\u015blaj\u0105c aspekt wypowiedzi subiektywnej,\u00a0 paradoksalnie otwiera si\u0119 na walor uniwersalny, w kt\u00f3rym rola, znaczenie oraz potrzeba kontakt\u00f3w mi\u0119dzyludzkich w poci\u0119tej, fragmentarycznej przestrzeni czasu obecnego pe\u0142ni istotn\u0105 funkcj\u0119. Autor trzech publikacji naukowych: \u201eWielo\u015b\u0107 przestrzeni\u201d, \u201eRytmy pami\u0119ci\u201d oraz \u201ePami\u0119\u0107 czasu \u2013 malarstwo w czasach bankructwa duchowego\u201d. Obecnie pracuje nad zbiorem esej\u00f3w pt.: \u201eMalarstwo jako egzystencja\u201d.<\/p>\n<\/div>\r\n                    <\/div>\r\n                <\/div>[\/vc_column][\/vc_row][vc_row][vc_column]            \r\n                    <div class=\"container\">\r\n                        <div class=\"gallery gallery_2\" data-images-in-row=\"2\">\r\n                            \r\n                            <div class=\"row m-0\">\r\n                                <a data-fancybox-group=\"button\" title=\"Lech Kolodziejczyk portret\" data-fancybox=\"8325\" href=\"https:\/\/us.edu.pl\/instytut\/isp\/wp-content\/uploads\/sites\/46\/Nieprzypisane\/Lech-Kolodziejczyk-portret.jpg\" class=\"gallery__item thumbnail\"\r\n                                    style=\"background-image: url(https:\/\/us.edu.pl\/instytut\/isp\/wp-content\/uploads\/sites\/46\/Nieprzypisane\/Lech-Kolodziejczyk-portret.jpg)\"> <span class=\"d-none\">https:\/\/us.edu.pl\/instytut\/isp\/wp-content\/uploads\/sites\/46\/Nieprzypisane\/Lech-Kolodziejczyk-portret.jpg<\/span> <\/a>\r\n                            <\/div>\r\n                    <\/div>\r\n                <\/div>[\/vc_column][\/vc_row]<\/p>","protected":false},"excerpt":{"rendered":"<p>[vc_row][vc_column][\/vc_column][\/vc_row][vc_row][vc_column][\/vc_column][\/vc_row] [&#8230;]<\/p>\n<p><a class=\"btn btn-secondary understrap-read-more-link\" href=\"https:\/\/us.edu.pl\/instytut\/isp\/wykladowcy\/prof-dr-hab-lech-kolodziejczyk\/\">Read More&#8230;<\/a><\/p>\n","protected":false},"author":110,"featured_media":0,"parent":995,"menu_order":0,"comment_status":"closed","ping_status":"closed","template":"","meta":{"_expiration-date-status":"saved","_expiration-date":0,"_expiration-date-type":"","_expiration-date-categories":[],"_expiration-date-options":[]},"acf":[],"_links":{"self":[{"href":"https:\/\/us.edu.pl\/instytut\/isp\/wp-json\/wp\/v2\/pages\/1040"}],"collection":[{"href":"https:\/\/us.edu.pl\/instytut\/isp\/wp-json\/wp\/v2\/pages"}],"about":[{"href":"https:\/\/us.edu.pl\/instytut\/isp\/wp-json\/wp\/v2\/types\/page"}],"author":[{"embeddable":true,"href":"https:\/\/us.edu.pl\/instytut\/isp\/wp-json\/wp\/v2\/users\/110"}],"replies":[{"embeddable":true,"href":"https:\/\/us.edu.pl\/instytut\/isp\/wp-json\/wp\/v2\/comments?post=1040"}],"version-history":[{"count":2,"href":"https:\/\/us.edu.pl\/instytut\/isp\/wp-json\/wp\/v2\/pages\/1040\/revisions"}],"predecessor-version":[{"id":1201,"href":"https:\/\/us.edu.pl\/instytut\/isp\/wp-json\/wp\/v2\/pages\/1040\/revisions\/1201"}],"up":[{"embeddable":true,"href":"https:\/\/us.edu.pl\/instytut\/isp\/wp-json\/wp\/v2\/pages\/995"}],"wp:attachment":[{"href":"https:\/\/us.edu.pl\/instytut\/isp\/wp-json\/wp\/v2\/media?parent=1040"}],"curies":[{"name":"wp","href":"https:\/\/api.w.org\/{rel}","templated":true}]}}