{"id":1323,"date":"2020-11-30T12:49:20","date_gmt":"2020-11-30T11:49:20","guid":{"rendered":"https:\/\/us.edu.pl\/instytut\/isp\/?page_id=1323"},"modified":"2020-12-01T11:03:09","modified_gmt":"2020-12-01T10:03:09","slug":"prof-dr-hab-jerzy-fober","status":"publish","type":"page","link":"https:\/\/us.edu.pl\/instytut\/isp\/wykladowcy\/prof-dr-hab-jerzy-fober\/","title":{"rendered":"prof. dr hab. Jerzy Fober"},"content":{"rendered":"<p>[vc_row][vc_column]\r\n                <div class=\"text-modules\">\r\n                    <div class=\"container\">\r\n                        <h3 class=\"page-title text__title\">prof. dr hab. Jerzy Fober<\/h3>\r\n                        <div class=\"text-modules__content\"><p>W latach 1974-79 uczy\u0142 si\u0119 w Pa\u0144stwowym Liceum Sztuk Plastycznych im. Antoniego Kenara w Zakopanem. W latach 1979-84 studiowa\u0142 na Wydziale Rze\u017aby Akademii Sztuk Pi\u0119knych w Warszawie, w pracowni profesora Stanis\u0142awa Kulona, gdzie w 1984 roku otrzyma\u0142 wyr\u00f3\u017cnienie za prac\u0119 dyplomow\u0105 <em>Z\u0142o\u017cenie do grobu<\/em><em>.<\/em> W 1982 roku, jeszcze na studiach wsp\u00f3lnie z Andrzejem Szarkiem i Czes\u0142awem Podle\u015bnym za\u0142o\u017cy\u0142 grup\u0119 artystyczn\u0105\u00a0 \u201e&#8230;kim jeste\u015b\u201d. W wystawach grupy uczestniczy\u0142 do 1990 roku. Od 1986 roku zajmuje si\u0119 dydaktyk\u0105 artystyczn\u0105. W roku 2000 otrzyma\u0142 tytu\u0142 Profesora Sztuk Plastycznych. Obecnie prowadzi pracowni\u0119 Rze\u017aby w Instytucie Sztuk Plastycznych w Cieszynie na Uniwersytecie \u015al\u0105skim w Katowicach. W latach 1996-2011 prowadzi\u0142 pracowni\u0119 Rze\u017aby na kierunku Malarstwa i Grafiki Akademii Sztuk Pi\u0119knych w Katowicach. W latach 2011-2015 prowadzi\u0142 magistersk\u0105 pracowni\u0119 Figuralnego Prejavu na Akademii Umeni w Ba\u0144skej Bystricy (S\u0142owacja). Wielokrotny stypendysta Ministerstwa Kultury i Sztuki (1985, 1987, 1991, 1999 i 2004).<\/p>\n<p><a href=\"https:\/\/us.edu.pl\/instytut\/isp\/wp-content\/uploads\/sites\/46\/Nieprzypisane\/Wolnosc-upolityczniona.pdf\" class=\"mtli_attachment mtli_pdf\" data-mtli=\"mtli_filesize100,08kB\" class=\"mtli_attachment mtli_pdf\" data-mtli=\"mtli_filesize100,08kB\">Wolnosc upolityczniona<\/a><\/p>\n<style type=\"text\/css\">a[data-mtli~=\"mtli_filesize100,08kB\"]:after {content:\" (100,08 kB)\"}<\/style><\/div>\r\n                    <\/div>\r\n                <\/div>[\/vc_column][\/vc_row][vc_row][vc_column]            \r\n                    <div class=\"container\">\r\n                        <div class=\"gallery gallery_2\" data-images-in-row=\"2\">\r\n                            \r\n                            <div class=\"row m-0\">\r\n                                <a data-fancybox-group=\"button\" title=\"Upad\u0142y Anio\u0142 , 1993\" data-fancybox=\"2578\" href=\"https:\/\/us.edu.pl\/instytut\/isp\/wp-content\/uploads\/sites\/46\/Nieprzypisane\/1.Upad\u0105y-Anio\u0105-1993..jpg\" class=\"gallery__item thumbnail\"\r\n                                    style=\"background-image: url(https:\/\/us.edu.pl\/instytut\/isp\/wp-content\/uploads\/sites\/46\/Nieprzypisane\/1.Upad\u0105y-Anio\u0105-1993.-1024x798.jpg)\"> <span class=\"d-none\">https:\/\/us.edu.pl\/instytut\/isp\/wp-content\/uploads\/sites\/46\/Nieprzypisane\/1.Upad\u0105y-Anio\u0105-1993..jpg<\/span> <\/a><a data-fancybox-group=\"button\" title=\"Na pierwszym planie Ucze\u0144 umi\u0142owany, 2016; po prawej Rze\u017cba doko\u0144czona 2004; w g\u0142\u0119bi Ostatnia Wieczerza,1996\" data-fancybox=\"2578\" href=\"https:\/\/us.edu.pl\/instytut\/isp\/wp-content\/uploads\/sites\/46\/Nieprzypisane\/2.Na-pierwszym-planie-Ucze\u0161-umi\u0105owamy-2016-po-prawej-Rze\u0119ba-doko\u0161czona-2004-w-g\u0105\u00a9bi-Ostatnia-Wieczerza-1996..jpg\" class=\"gallery__item thumbnail\"\r\n                                    style=\"background-image: url(https:\/\/us.edu.pl\/instytut\/isp\/wp-content\/uploads\/sites\/46\/Nieprzypisane\/2.Na-pierwszym-planie-Ucze\u0161-umi\u0105owamy-2016-po-prawej-Rze\u0119ba-doko\u0161czona-2004-w-g\u0105\u00a9bi-Ostatnia-Wieczerza-1996.-1024x535.jpg)\"> <span class=\"d-none\">https:\/\/us.edu.pl\/instytut\/isp\/wp-content\/uploads\/sites\/46\/Nieprzypisane\/2.Na-pierwszym-planie-Ucze\u0161-umi\u0105owamy-2016-po-prawej-Rze\u0119ba-doko\u0161czona-2004-w-g\u0105\u00a9bi-Ostatnia-Wieczerza-1996..jpg<\/span> <\/a><a data-fancybox-group=\"button\" title=\"Na pierwszym planie Podniesienie, 1991; po prawej Weronika 2000, w g\u0142\u0119bi Kto ma oczy niech s\u0142ucha, 2009.\" data-fancybox=\"2578\" href=\"https:\/\/us.edu.pl\/instytut\/isp\/wp-content\/uploads\/sites\/46\/Nieprzypisane\/3.Na-pierwszym-planie-Podniesienie-1991-poprawej-Weronika-2000-w-g\u0105\u00a9bi-Kto-ma-oczy-niech-s\u0105ucha-2009..jpg\" class=\"gallery__item thumbnail\"\r\n                                    style=\"background-image: url(https:\/\/us.edu.pl\/instytut\/isp\/wp-content\/uploads\/sites\/46\/Nieprzypisane\/3.Na-pierwszym-planie-Podniesienie-1991-poprawej-Weronika-2000-w-g\u0105\u00a9bi-Kto-ma-oczy-niech-s\u0105ucha-2009..jpg)\"> <span class=\"d-none\">https:\/\/us.edu.pl\/instytut\/isp\/wp-content\/uploads\/sites\/46\/Nieprzypisane\/3.Na-pierwszym-planie-Podniesienie-1991-poprawej-Weronika-2000-w-g\u0105\u00a9bi-Kto-ma-oczy-niech-s\u0105ucha-2009..jpg<\/span> <\/a><a data-fancybox-group=\"button\" title=\"Na pierwszym planie W cieniu Mistrza 2001; w g\u0142\u0119bi Ofiara Izaaka, 2015\" data-fancybox=\"2578\" href=\"https:\/\/us.edu.pl\/instytut\/isp\/wp-content\/uploads\/sites\/46\/Nieprzypisane\/4.Na-pierwszym-planie-W-cieniu-Mistrza-2001-w-g\u0105\u00a9bi-Ofiara-Izaaka-2015..jpg\" class=\"gallery__item thumbnail\"\r\n                                    style=\"background-image: url(https:\/\/us.edu.pl\/instytut\/isp\/wp-content\/uploads\/sites\/46\/Nieprzypisane\/4.Na-pierwszym-planie-W-cieniu-Mistrza-2001-w-g\u0105\u00a9bi-Ofiara-Izaaka-2015.-1024x595.jpg)\"> <span class=\"d-none\">https:\/\/us.edu.pl\/instytut\/isp\/wp-content\/uploads\/sites\/46\/Nieprzypisane\/4.Na-pierwszym-planie-W-cieniu-Mistrza-2001-w-g\u0105\u00a9bi-Ofiara-Izaaka-2015..jpg<\/span> <\/a>\r\n                            <\/div>\r\n                    <\/div>\r\n                <\/div>[\/vc_column][\/vc_row]<\/p>\n<style type=\"text\/css\">a[data-mtli~=\"mtli_filesize100,08kB\"]:after {content:\" (100,08 kB)\"}<\/style>","protected":false},"excerpt":{"rendered":"<p>[vc_row][vc_column][\/vc_column][\/vc_row][vc_row][vc_column][\/vc_column][\/vc_row] [&#8230;]<\/p>\n<p><a class=\"btn btn-secondary understrap-read-more-link\" href=\"https:\/\/us.edu.pl\/instytut\/isp\/wykladowcy\/prof-dr-hab-jerzy-fober\/\">Read More&#8230;<\/a><\/p>\n","protected":false},"author":110,"featured_media":0,"parent":995,"menu_order":0,"comment_status":"closed","ping_status":"closed","template":"","meta":{"_expiration-date-status":"saved","_expiration-date":0,"_expiration-date-type":"","_expiration-date-categories":[],"_expiration-date-options":[]},"acf":[],"_links":{"self":[{"href":"https:\/\/us.edu.pl\/instytut\/isp\/wp-json\/wp\/v2\/pages\/1323"}],"collection":[{"href":"https:\/\/us.edu.pl\/instytut\/isp\/wp-json\/wp\/v2\/pages"}],"about":[{"href":"https:\/\/us.edu.pl\/instytut\/isp\/wp-json\/wp\/v2\/types\/page"}],"author":[{"embeddable":true,"href":"https:\/\/us.edu.pl\/instytut\/isp\/wp-json\/wp\/v2\/users\/110"}],"replies":[{"embeddable":true,"href":"https:\/\/us.edu.pl\/instytut\/isp\/wp-json\/wp\/v2\/comments?post=1323"}],"version-history":[{"count":5,"href":"https:\/\/us.edu.pl\/instytut\/isp\/wp-json\/wp\/v2\/pages\/1323\/revisions"}],"predecessor-version":[{"id":1367,"href":"https:\/\/us.edu.pl\/instytut\/isp\/wp-json\/wp\/v2\/pages\/1323\/revisions\/1367"}],"up":[{"embeddable":true,"href":"https:\/\/us.edu.pl\/instytut\/isp\/wp-json\/wp\/v2\/pages\/995"}],"wp:attachment":[{"href":"https:\/\/us.edu.pl\/instytut\/isp\/wp-json\/wp\/v2\/media?parent=1323"}],"curies":[{"name":"wp","href":"https:\/\/api.w.org\/{rel}","templated":true}]}}