{"id":995,"date":"2020-11-10T13:28:46","date_gmt":"2020-11-10T12:28:46","guid":{"rendered":"https:\/\/us.edu.pl\/instytut\/isp\/?page_id=995"},"modified":"2026-04-28T14:54:46","modified_gmt":"2026-04-28T12:54:46","slug":"wykladowcy","status":"publish","type":"page","link":"https:\/\/us.edu.pl\/instytut\/isp\/wykladowcy\/","title":{"rendered":"Wyk\u0142adowcy"},"content":{"rendered":"<p>[vc_row][vc_column]\r\n                <div class=\"text-modules\">\r\n                    <div class=\"container\">\r\n                        \r\n                        <div class=\"text-modules__content\"><\/p>\n<div class=\"text-modules\">\n<div class=\"container\">\n<div class=\"text-modules__content\">\n<p class=\"page-title text__title\"><span style=\"font-size: 18pt;\"><strong>Wyk\u0142adowcy Instytutu Sztuk Plastycznych<\/strong><\/span><\/p>\n<\/div>\n<\/div>\n<\/div>\n<p>\n<\/div>\r\n                    <\/div>\r\n                <\/div>[\/vc_column][\/vc_row][vc_row][vc_column]\r\n                <div class=\"text-modules\">\r\n                    <div class=\"container\">\r\n                        \r\n                        <div class=\"text-modules__content\"><\/p>\n<table style=\"border-collapse: collapse; width: 100%;\">\n<tbody>\n<tr>\n<td style=\"width: 50%; vertical-align: top;\"><a href=\"https:\/\/us.edu.pl\/instytut\/isp\/wykladowcy\/dr-hab-krzysztof-marek-bak-prof-us\/\">prof. dr hab. Krzysztof B\u0105k<\/a><\/p>\n<p><a href=\"https:\/\/us.edu.pl\/instytut\/isp\/wykladowcy\/prof-dr-hab-jerzy-fober\/\">prof. dr hab. Jerzy Fober<\/a><\/p>\n<p><a href=\"https:\/\/us.edu.pl\/instytut\/isp\/wykladowcy\/prof-dr-hab-witold-jacykow\/\">prof. dr hab. Witold Jacyk\u00f3w<\/a><\/p>\n<p><a href=\"https:\/\/us.edu.pl\/instytut\/isp\/wykladowcy\/prof-dr-hab-lech-kolodziejczyk\/\">prof. dr hab. Lech Ko\u0142odziejczyk<\/a><\/p>\n<p><a href=\"https:\/\/us.edu.pl\/instytut\/isp\/wykladowcy\/prof-dr-hab-krzysztof-kula\/\">prof. dr hab. Krzysztof Kula<\/a><\/p>\n<p><a href=\"https:\/\/us.edu.pl\/instytut\/isp\/wykladowcy\/prof-dr-hab-malgorzata-luszczak\/\">prof. dr hab. Ma\u0142gorzata \u0141uszczak<\/a><\/p>\n<p><a href=\"https:\/\/us.edu.pl\/instytut\/isp\/wykladowcy\/prof-dr-hab-roman-maciuszkiewicz\/\">prof. dr hab. Roman Maciuszkiewicz<\/a><\/p>\n<p><a href=\"https:\/\/us.edu.pl\/instytut\/isp\/wykladowcy\/prof-dr-hab-aleksander-ostrowski\/\">prof. dr hab. Aleksander Ostrowski<\/a><\/p>\n<p><a href=\"https:\/\/us.edu.pl\/instytut\/isp\/wykladowcy\/prof-dr-hab-krystyna-pasterczyk\/\">prof. dr hab. Krystyna Pasterczyk<\/a><\/p>\n<p>prof. dr hab. Tadeusz Rus<\/p>\n<p><a href=\"https:\/\/us.edu.pl\/instytut\/isp\/wykladowcy\/prof-dr-hab-andrzej-szarek\/\">prof. dr hab. Andrzej Szarek<\/a><\/p>\n<p><strong>\u00a0<\/strong><\/p>\n<p><a href=\"https:\/\/us.edu.pl\/instytut\/isp\/wykladowcy\/dr-hab-ireneusz-botor\/\">dr hab. Ireneusz Botor, prof. U\u015a<\/a><\/p>\n<p><a href=\"https:\/\/us.edu.pl\/instytut\/isp\/wykladowcy\/prof-us-dr-hab-adam-czech\/\">dr hab. Adam Czech, prof.U\u015a<\/a><\/p>\n<p><a href=\"https:\/\/us.edu.pl\/instytut\/isp\/wykladowcy\/dr-hab-krzysztof-dadak-prof-us\/\">dr hab. Krzysztof Dadak, prof. U\u015a<\/a><\/p>\n<p><a href=\"https:\/\/us.edu.pl\/instytut\/isp\/wykladowcy\/prof-us-dr-hab-hanna-grzonka-karwacka\/\">dr hab. Hanna Grzonka-Karwacka, prof. U\u015a<\/a><\/p>\n<p><a href=\"https:\/\/us.edu.pl\/instytut\/isp\/wykladowcy\/dr-katarzyna-handzlik-bak\/\">dr hab. Katarzyna Handzlik-B\u0105k, prof. U\u015a<\/a><\/p>\n<p><a href=\"https:\/\/us.edu.pl\/instytut\/isp\/wykladowcy\/dr-hab-tomasz-jedrzejko-prof-us\/\">dr hab. Tomasz J\u0119drzejko, prof. U\u015a<\/a><\/p>\n<p>dr hab. Tomasz Kipka, prof. U\u015a<\/p>\n<p><a href=\"https:\/\/us.edu.pl\/instytut\/isp\/wykladowcy\/prof-us-dr-hab-lukasz-klis\/\">dr hab. \u0141ukasz Kli\u015b, prof. U\u015a<\/a><\/p>\n<p>dr hab. Katarzyna Kroczek-Wasi\u0144ska, prof. U\u015a<\/p>\n<p><a href=\"https:\/\/us.edu.pl\/instytut\/isp\/wykladowcy\/prof-us-dr-hab-sebastian-kubica\/\">dr hab. Sebastian Kubica, prof. U\u015a<\/a><\/p>\n<p><a href=\"https:\/\/us.edu.pl\/instytut\/isp\/wykladowcy\/prof-us-dr-hab-stefan-lechwar\/\">dr hab. Stefan Lechwar, prof. U\u015a<\/a><\/p>\n<p><a href=\"https:\/\/us.edu.pl\/instytut\/isp\/wykladowcy\/dr-hab-adam-molenda\/\">dr hab. Adam Molenda, prof. U\u015a<\/a><\/p>\n<p><a href=\"https:\/\/us.edu.pl\/instytut\/isp\/wykladowcy\/prof-us-dr-hab-krzysztof-pasztula\/\">dr hab. Krzysztof Pasztu\u0142a, prof. U\u015a<\/a><\/p>\n<p><a href=\"https:\/\/us.edu.pl\/instytut\/isp\/wykladowcy\/dr-hab-natalia-pawlus\/\">dr hab. Natalia Pawlus, prof. U\u015a<\/a><\/p>\n<p><a href=\"https:\/\/us.edu.pl\/instytut\/isp\/wykladowcy\/dr-hab-ryszard-pielesz-prof-us\/\">dr hab. Ryszard Pielesz, prof. U\u015a<\/a><\/p>\n<p><a href=\"https:\/\/us.edu.pl\/instytut\/isp\/wykladowcy\/dr-hab-paulina-poczeta\/\">dr hab. Paulina Pocz\u0119ta, prof. U\u015a<\/a><\/p>\n<p><a href=\"https:\/\/us.edu.pl\/instytut\/isp\/wykladowcy\/prof-us-dr-hab-katarzyna-pyka\/\">dr hab. Katarzyna Pyka, prof. U\u015a<\/a><\/p>\n<p><a href=\"https:\/\/us.edu.pl\/instytut\/isp\/wykladowcy\/dr-hab-kaja-renkas-prof-us\/\">dr hab. Kaja Renkas, prof. U\u015a<\/a><\/p>\n<p><a href=\"https:\/\/us.edu.pl\/instytut\/isp\/wykladowcy\/dr-hab-jaroslaw-skutnik\/\">dr hab. Jaros\u0142aw Skutnik, prof. U\u015a<\/a><\/p>\n<p><a href=\"https:\/\/us.edu.pl\/instytut\/isp\/wykladowcy\/dr-hab-tomasz-tobolewski-prof-us\/\">dr hab. Tomasz Tobolewski, prof. U\u015a<\/a><\/p>\n<p><a href=\"https:\/\/us.edu.pl\/instytut\/isp\/wykladowcy\/prof-us-dr-hab-joanna-wowrzeczka\/\">dr hab. Joanna Wowrzeczka, prof. U\u015a<\/a><\/td>\n<td style=\"width: 50%; vertical-align: top;\"><a href=\"https:\/\/us.edu.pl\/instytut\/isp\/wykladowcy\/katarzyna-gielecka-grzemska\/\">dr Katarzyna Gielecka-Grzemska<\/a><\/p>\n<p>dr Marek G\u0142owacki, prof. U\u015a<\/p>\n<p>dr Jolanta Herma-Pasi\u0144ska<\/p>\n<p><a href=\"https:\/\/us.edu.pl\/instytut\/isp\/wykladowcy\/dr-katarzyna-hilszczanska\/\">dr Katarzyna Hilszcza\u0144ska, prof. U\u015a<\/a><\/p>\n<p><a href=\"https:\/\/us.edu.pl\/instytut\/isp\/wykladowcy\/dr-agnieszka-jaworska\/\">dr Agnieszka Jaworska<\/a><\/p>\n<p>dr Ewa Jaworska<\/p>\n<p>dr Mateusz Kokot<\/p>\n<p><a href=\"https:\/\/us.edu.pl\/instytut\/isp\/wykladowcy\/dr-jaroslaw-korczak\/\">dr Jaros\u0142aw Korczak<\/a><\/p>\n<p><a href=\"https:\/\/us.edu.pl\/instytut\/isp\/wykladowcy\/dr-wojciech-kukuczka\/\">dr Wojciech Kukuczka<\/a><\/p>\n<p><a href=\"https:\/\/us.edu.pl\/instytut\/isp\/wykladowcy\/dr-grzegorz-majchrowski\/\">dr Grzegor<\/a><a href=\"https:\/\/us.edu.pl\/instytut\/isp\/wykladowcy\/dr-grzegorz-majchrowski\/\">z Majchrowski<\/a><\/p>\n<p><a href=\"https:\/\/us.edu.pl\/instytut\/isp\/wykladowcy\/dr-wojciech-osuchowski\/\">dr Wojciech Osuchowski, prof. U\u015a<\/a><\/p>\n<p><a href=\"https:\/\/us.edu.pl\/instytut\/isp\/wykladowcy\/dr-jerzy-pietruczuk\/\">dr Jerzy Pietruczuk<\/a><\/p>\n<p>dr Iwona Pomianowska<\/p>\n<p>dr Karolina Sroka<\/p>\n<p><a href=\"https:\/\/us.edu.pl\/instytut\/isp\/wykladowcy\/dr-justyna-stefanczyk\/\">dr Justyna Stefa\u0144czyk<\/a><\/p>\n<p>dr Anna Wajda<\/p>\n<p><strong>\u00a0<\/strong><\/p>\n<p>mgr in\u017c. Adam Cichy<\/p>\n<p>mgr Nina Gara<\/p>\n<p>mgr Aneta G\u0142owacka<\/p>\n<p>mgr Marcin Goldyszewicz<\/p>\n<p>mgr \u0141ukasz Koniuszy<\/p>\n<p>mgr Zuzanna Lichota<\/p>\n<p>mgr Robert Lipka<\/p>\n<p>mgr Jakub Ole\u015b<\/p>\n<p>mgr Maryna Podolska<\/p>\n<p>mgr Witold Sucho\u0144<\/p>\n<p>mgr Mateusz Taranowski<\/p>\n<p>mgr Oliwia W\u00f3jcik<\/p>\n<p>mgr Angelika Zajdlic<\/td>\n<\/tr>\n<\/tbody>\n<\/table>\n<p>\n<\/div>\r\n                    <\/div>\r\n                <\/div>[\/vc_column][\/vc_row]<\/p>","protected":false},"excerpt":{"rendered":"<p>[vc_row][vc_column][\/vc_column][\/vc_row][vc_row][vc_column][\/vc_column][\/vc_row] [&#8230;]<\/p>\n<p><a class=\"btn btn-secondary understrap-read-more-link\" href=\"https:\/\/us.edu.pl\/instytut\/isp\/wykladowcy\/\">Read More&#8230;<\/a><\/p>\n","protected":false},"author":110,"featured_media":0,"parent":0,"menu_order":0,"comment_status":"closed","ping_status":"closed","template":"","meta":{"_expiration-date-status":"","_expiration-date":0,"_expiration-date-type":"","_expiration-date-categories":[],"_expiration-date-options":[]},"acf":[],"_links":{"self":[{"href":"https:\/\/us.edu.pl\/instytut\/isp\/wp-json\/wp\/v2\/pages\/995"}],"collection":[{"href":"https:\/\/us.edu.pl\/instytut\/isp\/wp-json\/wp\/v2\/pages"}],"about":[{"href":"https:\/\/us.edu.pl\/instytut\/isp\/wp-json\/wp\/v2\/types\/page"}],"author":[{"embeddable":true,"href":"https:\/\/us.edu.pl\/instytut\/isp\/wp-json\/wp\/v2\/users\/110"}],"replies":[{"embeddable":true,"href":"https:\/\/us.edu.pl\/instytut\/isp\/wp-json\/wp\/v2\/comments?post=995"}],"version-history":[{"count":10,"href":"https:\/\/us.edu.pl\/instytut\/isp\/wp-json\/wp\/v2\/pages\/995\/revisions"}],"predecessor-version":[{"id":4094,"href":"https:\/\/us.edu.pl\/instytut\/isp\/wp-json\/wp\/v2\/pages\/995\/revisions\/4094"}],"wp:attachment":[{"href":"https:\/\/us.edu.pl\/instytut\/isp\/wp-json\/wp\/v2\/media?parent=995"}],"curies":[{"name":"wp","href":"https:\/\/api.w.org\/{rel}","templated":true}]}}