{"id":2849,"date":"2025-02-10T13:12:01","date_gmt":"2025-02-10T12:12:01","guid":{"rendered":"https:\/\/us.edu.pl\/kolegium\/ism\/?page_id=2849"},"modified":"2025-02-10T13:35:34","modified_gmt":"2025-02-10T12:35:34","slug":"dr-joanna-socko","status":"publish","type":"page","link":"https:\/\/us.edu.pl\/kolegium\/ism\/dr-joanna-socko\/","title":{"rendered":"dr Joanna So\u0107ko"},"content":{"rendered":"<p>[vc_row][vc_column]\r\n                <div class=\"text-modules\">\r\n                    <div class=\"container\">\r\n                        <h3 class=\"page-title text__title\">dr Joanna So\u0107ko z Instytutu Literaturoznawstwa Wydzia\u0142u Humanistycznego U\u015a<\/h3>\r\n                        <div class=\"text-modules__content\"><\/p>\n<p><span style=\"font-size: 14pt;\">Cze\u015b\u0107. Nazywam si\u0119 Joanna So\u0107ko, studiowa\u0142am mi\u0119dzyobszarowo ju\u017c do\u015b\u0107 dawno, bo w latach 2008\u20132013, ko\u0144cz\u0105c Mi\u0119dzywydzia\u0142owe Indywidualne Studia Humanistyczne (MISH). W ich ramach uko\u0144czy\u0142am filologi\u0119 polsk\u0105 i filologi\u0119 angielsk\u0105, ale mia\u0142am tak\u017ce okazj\u0119 zg\u0142\u0119bia\u0107 dziennikarstwo, teologi\u0119 oraz kulturoznawstwo.<\/span><\/p>\n<p><span style=\"font-size: 14pt;\">Mam wra\u017cenie, \u017ce oczywiste jest to, i\u017c studia indywidualne i mi\u0119dzyobszarowe daj\u0105 ogromne mo\u017cliwo\u015bci rozwijania w\u0142asnych zainteresowa\u0144. Dla mnie jednak kluczowe by\u0142o instytucjonalne przyzwolenie na t\u0119 swobod\u0119 \u2013 nie tylko mog\u0142am eksplorowa\u0107 r\u00f3\u017cne dziedziny, ale wr\u0119cz by\u0142o to po\u017c\u0105dane. Oczekiwano ode mnie, \u017ce b\u0119d\u0119 pod\u0105\u017ca\u0107 w\u0142asnymi \u015bcie\u017ckami, pr\u00f3bowa\u0107 si\u0142 w r\u00f3\u017cnych obszarach i sprawdza\u0107 si\u0119 na wielu polach. My\u015bl\u0119, \u017ce to w\u0142a\u015bnie da\u0142o mi odwag\u0119, by faktycznie to robi\u0107.<\/span><\/p>\n<p><span style=\"font-size: 14pt;\">Wa\u017cna by\u0142a dla mnie tak\u017ce ufno\u015b\u0107, jak\u0105 pok\u0142adali we mnie tutorzy. Mia\u0142am poczucie, \u017ce nawet je\u015bli zb\u0142\u0105dz\u0119 i zapuszcz\u0119 si\u0119 daleko w nieznane obszary, to oni zawsze b\u0119d\u0105 w stanie mnie odnale\u017a\u0107 \u2013 jakby \u015bledzili moj\u0105 drog\u0119 na mapie Google. Dzi\u0119ki temu mogli pom\u00f3c mi wr\u00f3ci\u0107 na bezpieczniejsze \u015bcie\u017cki i wyja\u015bni\u0107, gdzie dok\u0142adnie si\u0119 zagubi\u0142am. W moim przypadku studia mi\u0119dzywydzia\u0142owe po\u015brednio wp\u0142yn\u0119\u0142y na wyb\u00f3r dalszej drogi zawodowej \u2013 zosta\u0142am na uczelni, zrobi\u0142am doktorat i obecnie pracuj\u0119 na Wydziale Humanistycznym.<\/span><\/p>\n<p><span style=\"font-size: 14pt;\">Bardzo brakuje mi dzi\u015b mo\u017cliwo\u015bci okre\u015blenia siebie jako osoby mi\u0119dzyobszarowej, mi\u0119dzywydzia\u0142owej czy mi\u0119dzydziedzinowej, zw\u0142aszcza w pracy naukowej. Musia\u0142am bowiem przypisa\u0107 si\u0119 do jednej dyscypliny, a w moim przypadku jest to literaturoznawstwo \u2013 przede wszystkim dlatego, \u017ce literatura zawsze mnie fascynowa\u0142a i wydawa\u0142a si\u0119 obejmowa\u0107 najszersze spektrum zagadnie\u0144. Nie mog\u0119 jednak powiedzie\u0107, \u017ce w pe\u0142ni mnie to okre\u015bla.<!--more--><\/span><\/p>\n<p><span style=\"font-size: 14pt;\">My\u015bl\u0119, \u017ce jednym z trwa\u0142ych \u015blad\u00f3w moich studi\u00f3w mi\u0119dzywydzia\u0142owych jest w\u0142a\u015bnie to poczucie wahania i niepewno\u015bci, gdy kto\u015b pyta mnie, czym dok\u0142adnie si\u0119 zajmuj\u0119. Obecnie realizuj\u0119 grant we wsp\u00f3\u0142pracy z Akademi\u0105 Sztuk Pi\u0119knych w Katowicach i Pracowni\u0105 Sezonow\u0105, zatytu\u0142owany <em>S\u0142ownik ro\u015blinno-ludzki<\/em>, co tylko potwierdza, \u017ce moje zainteresowania nadal wykraczaj\u0105 poza jedn\u0105 dziedzin\u0119. W naszych badaniach opartych na sztukach wsp\u00f3\u0142pracujemy z botanikami i si\u0119gamy tak\u017ce do paleobotaniki. Zajmujemy si\u0119 problemami zwi\u0105zanymi z transformacj\u0105 energetyczn\u0105 oraz lokalnymi terenami poprzemys\u0142owymi, kt\u00f3re zosta\u0142y zdominowane przez ro\u015blinno\u015b\u0107. To niezwykle fascynuj\u0105ce, ale jednocze\u015bnie sprawia, \u017ce okre\u015blenie siebie jako literaturoznawczyni, zajmuj\u0105cej si\u0119 literatur\u0105, niewiele m\u00f3wi o tym, czym faktycznie si\u0119 zajmuj\u0119. Mam wra\u017cenie, \u017ce to dobitnie pokazuje, jak istotne s\u0105 studia mi\u0119dzyobszarowe i jak wa\u017cne jest my\u015blenie o przej\u015bciach mi\u0119dzy r\u00f3\u017cnymi dziedzinami i \u015bwiatami. Jednocze\u015bnie u\u015bwiadamia, jak bardzo brakuje nam dzi\u015b narz\u0119dzi do nawigowania w tym obszarze \u2013 i jak wiele mamy jeszcze do zrobienia.<\/span><\/p>\n<p><span style=\"font-size: 14pt;\">Studia na MISH-u wspominam bardzo dobrze. Szczeg\u00f3lnie ceni\u0119 sobie modu\u0142y mi\u0119dzyobszarowe, kt\u00f3re wnios\u0142y w moje \u017cycie ogromnie du\u017co \u2013 cz\u0119sto by\u0142y to przedmioty, po kt\u00f3re sama bym nie si\u0119gn\u0119\u0142a, ale kt\u00f3re, z racji obowi\u0105zku wyboru, otworzy\u0142y mi kolejne \u015bcie\u017cki i poszerzy\u0142y horyzonty.<!--more--><\/span><\/p>\n<p><span style=\"font-size: 14pt;\">Pami\u0119tam na przyk\u0142ad zaj\u0119cia z profesorem Zra\u0142kiem dotycz\u0105ce fizyki cz\u0105stek elementarnych \u2013 to one zapocz\u0105tkowa\u0142y moj\u0105 wielk\u0105 fascynacj\u0119 materi\u0105, kt\u00f3ra p\u00f3\u017aniej znalaz\u0142a odzwierciedlenie w moich interpretacjach literackich, pracy doktorskiej, a tak\u017ce w tym, czym zajmuj\u0119 si\u0119 obecnie. \u015awietne by\u0142y te\u017c zaj\u0119cia z kulturoznawstwa prowadzone przez profesor Kosowsk\u0105 \u2013 omawiali\u015bmy rytua\u0142y przej\u015bcia i kluczowe teksty antropologiczne, kt\u00f3re p\u00f3\u017aniej okaza\u0142y si\u0119 niezwykle pomocne w wielu innych przedmiotach, jak i w moich osobistych poszukiwaniach.<!--more--><!--more--><\/span><\/p>\n<p><span style=\"font-size: 14pt;\">Szczeg\u00f3lnie ciep\u0142o wspominam tak\u017ce Ko\u0142o Wolnomy\u015blicieli \u2013 nieco wolnomularska nazwa bardzo mi si\u0119 podoba\u0142a, bo oddawa\u0142a to, co najbardziej ceni\u0142am w studiach mi\u0119dzyobszarowych. By\u0142y one zach\u0119t\u0105 do my\u015blenia niedogmatycznego, do poszukiwania w\u0142asnych dr\u00f3g i do korzystania z wolno\u015bci intelektualnej, kt\u00f3r\u0105 te studia tak pi\u0119knie gwarantowa\u0142y.<!--more--><!--more--><\/span><!--more--><\/p>\n<\/div>\r\n                    <\/div>\r\n                <\/div>[\/vc_column][\/vc_row]<\/p>","protected":false},"excerpt":{"rendered":"<p>[vc_row][vc_column] Cze\u015b\u0107. Nazywam si\u0119 Joanna So\u0107ko, studiowa\u0142am mi\u0119dzyobszarowo ju\u017c do\u015b\u0107 dawno, bo w latach 2008\u20132013, ko\u0144cz\u0105c Mi\u0119dzywydzia\u0142owe Indywidualne Studia Humanistyczne (MISH). W ich ramach uko\u0144czy\u0142am filologi\u0119 polsk\u0105 i filologi\u0119 angielsk\u0105, ale mia\u0142am tak\u017ce okazj\u0119 zg\u0142\u0119bia\u0107 dziennikarstwo, teologi\u0119 oraz kulturoznawstwo. Mam wra\u017cenie, \u017ce oczywiste jest to, i\u017c studia indywidualne i mi\u0119dzyobszarowe daj\u0105 ogromne mo\u017cliwo\u015bci rozwijania w\u0142asnych [&#8230;]<\/p>\n<p><a class=\"btn btn-secondary understrap-read-more-link\" href=\"https:\/\/us.edu.pl\/kolegium\/ism\/dr-joanna-socko\/\">Read More&#8230;<\/a><\/p>\n","protected":false},"author":5665,"featured_media":0,"parent":0,"menu_order":0,"comment_status":"closed","ping_status":"closed","template":"","meta":{"_expiration-date-status":"","_expiration-date":0,"_expiration-date-type":"","_expiration-date-categories":[],"_expiration-date-options":[]},"acf":[],"_links":{"self":[{"href":"https:\/\/us.edu.pl\/kolegium\/ism\/wp-json\/wp\/v2\/pages\/2849"}],"collection":[{"href":"https:\/\/us.edu.pl\/kolegium\/ism\/wp-json\/wp\/v2\/pages"}],"about":[{"href":"https:\/\/us.edu.pl\/kolegium\/ism\/wp-json\/wp\/v2\/types\/page"}],"author":[{"embeddable":true,"href":"https:\/\/us.edu.pl\/kolegium\/ism\/wp-json\/wp\/v2\/users\/5665"}],"replies":[{"embeddable":true,"href":"https:\/\/us.edu.pl\/kolegium\/ism\/wp-json\/wp\/v2\/comments?post=2849"}],"version-history":[{"count":1,"href":"https:\/\/us.edu.pl\/kolegium\/ism\/wp-json\/wp\/v2\/pages\/2849\/revisions"}],"predecessor-version":[{"id":2853,"href":"https:\/\/us.edu.pl\/kolegium\/ism\/wp-json\/wp\/v2\/pages\/2849\/revisions\/2853"}],"wp:attachment":[{"href":"https:\/\/us.edu.pl\/kolegium\/ism\/wp-json\/wp\/v2\/media?parent=2849"}],"curies":[{"name":"wp","href":"https:\/\/api.w.org\/{rel}","templated":true}]}}