{"id":8457,"date":"2025-10-29T10:36:37","date_gmt":"2025-10-29T09:36:37","guid":{"rendered":"https:\/\/us.edu.pl\/kolegium\/kdo\/?post_type=komunikaty&#038;p=8457"},"modified":"2025-10-29T10:52:23","modified_gmt":"2025-10-29T09:52:23","slug":"uczelnie-przyszlosci-na-miedzynarodowym-kongresie-jakosci-ksztalcenia-w-katowicach","status":"publish","type":"komunikaty","link":"https:\/\/us.edu.pl\/kolegium\/kdo\/komunikaty\/uczelnie-przyszlosci-na-miedzynarodowym-kongresie-jakosci-ksztalcenia-w-katowicach\/","title":{"rendered":"Uczelnie Przysz\u0142o\u015bci na Mi\u0119dzynarodowym Kongresie Jako\u015bci Kszta\u0142cenia w Katowicach"},"content":{"rendered":"<p><span style=\"font-size: 12pt;\">Na Mi\u0119dzynarodowym Kongresie Jako\u015bci Kszta\u0142cenia w Katowicach, 24 pa\u017adziernika 2025 r., odby\u0142a si\u0119 konferencja upowszechniaj\u0105ca projekt Uczelnie Przysz\u0142o\u015bci. Wzi\u0119\u0142o w niej udzia\u0142 kilkaset os\u00f3b reprezentuj\u0105cych Partner\u00f3w projektu z 12 polskich uczelni, w tym Uniwersytetu \u015al\u0105skiego, przedstawiciele Ministra Nauki i Szkolnictwa Wy\u017cszego, Ministerstwie Funduszy i Polityki Regionalnej oraz Narodowego Centrum Bada\u0144 i Rozwoju.<\/span><\/p>\n<p><span style=\"font-size: 12pt;\">Konferencja mia\u0142a na celu prezentacj\u0119 Modelu Edukacji Spersonalizowanej projektu Uczelnie Przysz\u0142o\u015bci i wymian\u0119 opinii na jego temat instytucji zaanga\u017cowanych w jego wdra\u017canie.<\/span><\/p>\n<p><span style=\"font-size: 12pt;\"><img class=\"alignnone size-full wp-image-8460\" src=\"https:\/\/us.edu.pl\/kolegium\/kdo\/wp-content\/uploads\/sites\/75\/Uczelnie-przyszlosci\/ICEQ1.png\" alt=\"\" width=\"410\" height=\"313\" \/><\/span><\/p>\n<p><span style=\"font-size: 12pt;\">@archiwum KDO U\u015a<\/span><\/p>\n<p>&nbsp;<\/p>\n<p><span style=\"font-size: 12pt;\">Konferencj\u0119 zainaugurowa\u0142y wyst\u0105pieniami go\u015bci specjalnych: W\u0142odzimierza Czarzastego \u2013 Wicemarsza\u0142ka Sejmu X kadencji, dr. Marcina Kulaska \u2013 Ministra Nauki i Szkolnictwa Wy\u017cszego, Moniki Sikory \u2013 Podsekretarz Stanu w Ministerstwie Funduszy i Polityki Regionalnej; prof. dr. hab. in\u017c. Jerzego Ma\u0142achowskiego \u2013 Dyrektora Narodowego Centrum Bada\u0144 i Rozwoju oraz prof. dr. hab. Ryszarda Kozio\u0142ka \u2013 Rektora Uniwersytetu \u015al\u0105skiego w Katowicach.<\/span><\/p>\n<p><span style=\"font-size: 12pt;\"><img class=\"alignnone size-full wp-image-8459\" src=\"https:\/\/us.edu.pl\/kolegium\/kdo\/wp-content\/uploads\/sites\/75\/Uczelnie-przyszlosci\/Goldman.png\" alt=\"\" width=\"602\" height=\"403\" srcset=\"https:\/\/us.edu.pl\/kolegium\/kdo\/wp-content\/uploads\/sites\/75\/Uczelnie-przyszlosci\/Goldman.png 602w, https:\/\/us.edu.pl\/kolegium\/kdo\/wp-content\/uploads\/sites\/75\/Uczelnie-przyszlosci\/Goldman-575x385.png 575w\" sizes=\"(max-width: 602px) 100vw, 602px\" \/><\/span><\/p>\n<p><span style=\"font-size: 12pt;\">Foto: \u00a0Marcel Goldmann<\/span><\/p>\n<p><span style=\"font-size: 12pt;\">W dalszej cz\u0119\u015bci odby\u0142y si\u0119 panele dyskusyjne, prowadzone przez Dr Katarzyn\u0119 Sujkowsk\u0105, prof U\u015a\u00a0oraz Ann\u0119 Kurowsk\u0105-Wilusz (NCBR), z udzia\u0142em Partner\u00f3w projektu, po\u015bwi\u0119cone:<\/span><\/p>\n<p><span style=\"font-size: 12pt;\">mechanizmom wdra\u017cania Modelu Edukacji Spersonalizowanej (MES) na r\u00f3\u017cnych uczelniach partnerskich;<\/span><\/p>\n<p><span style=\"font-size: 12pt;\"><img class=\"alignnone wp-image-8472\" src=\"https:\/\/us.edu.pl\/kolegium\/kdo\/wp-content\/uploads\/sites\/75\/Uczelnie-przyszlosci\/Zrzut-ekranu-2025-10-29-102021.png\" alt=\"\" width=\"379\" height=\"285\" \/>\u00a0 \u00a0 \u00a0 <img class=\"alignnone wp-image-8464\" src=\"https:\/\/us.edu.pl\/kolegium\/kdo\/wp-content\/uploads\/sites\/75\/Uczelnie-przyszlosci\/ICEQ3.png\" alt=\"\" width=\"243\" height=\"285\" \/><\/span><\/p>\n<p><span style=\"font-size: 12pt;\">@archiwum KDO U\u015a<\/span><\/p>\n<p>&nbsp;<\/p>\n<p><span style=\"font-size: 12pt;\">perspektywie os\u00f3b studiuj\u0105cych, kt\u00f3re realizuj\u0105 MES;<\/span><\/p>\n<p><span style=\"font-size: 12pt;\"><img class=\"alignnone size-full wp-image-8465\" src=\"https:\/\/us.edu.pl\/kolegium\/kdo\/wp-content\/uploads\/sites\/75\/Uczelnie-przyszlosci\/ICEQ5.png\" alt=\"\" width=\"322\" height=\"302\" \/><\/span><\/p>\n<p><span style=\"font-size: 12pt;\">@archiwum KDO U\u015a<\/span><\/p>\n<p><span style=\"font-size: 12pt;\">prezentacji projekt\u00f3w studentek i student\u00f3w z 12 uczelni zaanga\u017cowanych w projekt Uczelnie Przysz\u0142o\u015bci.<\/span><\/p>\n<p><span style=\"font-size: 12pt;\"><img class=\"alignnone size-full wp-image-8466\" src=\"https:\/\/us.edu.pl\/kolegium\/kdo\/wp-content\/uploads\/sites\/75\/Uczelnie-przyszlosci\/ICEQ6.png\" alt=\"\" width=\"202\" height=\"321\" \/>\u00a0 \u00a0 \u00a0 \u00a0 \u00a0 <img class=\"alignnone wp-image-8469\" src=\"https:\/\/us.edu.pl\/kolegium\/kdo\/wp-content\/uploads\/sites\/75\/Uczelnie-przyszlosci\/ICEQ8.png\" alt=\"\" width=\"247\" height=\"316\" \/>\u00a0 \u00a0 \u00a0 \u00a0 \u00a0<img class=\"alignnone wp-image-8470\" src=\"https:\/\/us.edu.pl\/kolegium\/kdo\/wp-content\/uploads\/sites\/75\/Uczelnie-przyszlosci\/ICEQ7.png\" alt=\"\" width=\"184\" height=\"314\" \/><\/span><\/p>\n<p>&nbsp;<\/p>\n<p><span style=\"font-size: 12pt;\"><img class=\"alignnone wp-image-8467\" src=\"https:\/\/us.edu.pl\/kolegium\/kdo\/wp-content\/uploads\/sites\/75\/Uczelnie-przyszlosci\/Poster2.png\" alt=\"\" width=\"344\" height=\"461\" \/>\u00a0 \u00a0 <img class=\"alignnone wp-image-8468\" src=\"https:\/\/us.edu.pl\/kolegium\/kdo\/wp-content\/uploads\/sites\/75\/Uczelnie-przyszlosci\/Poster4.png\" alt=\"\" width=\"344\" height=\"458\" srcset=\"https:\/\/us.edu.pl\/kolegium\/kdo\/wp-content\/uploads\/sites\/75\/Uczelnie-przyszlosci\/Poster4.png 447w, https:\/\/us.edu.pl\/kolegium\/kdo\/wp-content\/uploads\/sites\/75\/Uczelnie-przyszlosci\/Poster4-431x575.png 431w\" sizes=\"(max-width: 344px) 100vw, 344px\" \/><\/span><\/p>\n<p><span style=\"font-size: 12pt;\"><img class=\"alignnone wp-image-8462\" src=\"https:\/\/us.edu.pl\/kolegium\/kdo\/wp-content\/uploads\/sites\/75\/Uczelnie-przyszlosci\/Poster5.png\" alt=\"\" width=\"342\" height=\"459\" srcset=\"https:\/\/us.edu.pl\/kolegium\/kdo\/wp-content\/uploads\/sites\/75\/Uczelnie-przyszlosci\/Poster5.png 448w, https:\/\/us.edu.pl\/kolegium\/kdo\/wp-content\/uploads\/sites\/75\/Uczelnie-przyszlosci\/Poster5-428x575.png 428w\" sizes=\"(max-width: 342px) 100vw, 342px\" \/>\u00a0 \u00a0 <img class=\"alignnone wp-image-8461\" src=\"https:\/\/us.edu.pl\/kolegium\/kdo\/wp-content\/uploads\/sites\/75\/Uczelnie-przyszlosci\/Poster1.png\" alt=\"\" width=\"361\" height=\"455\" \/><\/span><\/p>\n<p><span style=\"font-size: 12pt;\">@archiwum KDO U\u015a<\/span><\/p>\n<p>&nbsp;<\/p>\n<p>&nbsp;<\/p>\n<p><span style=\"font-size: 12pt;\">Konferencja by\u0142a kolejnym wa\u017cnym wydarzeniem s\u0142u\u017c\u0105cym dyskusjom o jako\u015bci kszta\u0142cenia akademickiego i innowacjom dydaktycznymi odpowiadaj\u0105cym na wyzwania XXI w., przed kt\u00f3rymi stoj\u0105 uniwersytety.<\/span><\/p>\n<p><span style=\"font-size: 12pt;\">Konferencja by\u0142a te\u017c okazj\u0105 do zacie\u015bnienia wsp\u00f3\u0142pracy Partner\u00f3w instytucjonalnych oraz studentek i student\u00f3w z 12 uczelni realizuj\u0105cych projekt Uczelnie Przysz\u0142o\u015bci.<\/span><\/p>\n<p><span style=\"font-size: 12pt;\"><img class=\"alignnone wp-image-8463\" src=\"https:\/\/us.edu.pl\/kolegium\/kdo\/wp-content\/uploads\/sites\/75\/Uczelnie-przyszlosci\/Foto1.png\" alt=\"\" width=\"668\" height=\"499\" srcset=\"https:\/\/us.edu.pl\/kolegium\/kdo\/wp-content\/uploads\/sites\/75\/Uczelnie-przyszlosci\/Foto1.png 602w, https:\/\/us.edu.pl\/kolegium\/kdo\/wp-content\/uploads\/sites\/75\/Uczelnie-przyszlosci\/Foto1-575x430.png 575w\" sizes=\"(max-width: 668px) 100vw, 668px\" \/><\/span><\/p>\n<p>&nbsp;<\/p>\n<p><span style=\"font-size: 12pt;\">@archiwum KDO U\u015a<\/span><\/p>\n<p>&nbsp;<\/p>\n<p><span style=\"font-size: 12pt;\"><a href=\"#_ftnref1\" name=\"_ftn1\"><\/a><\/span><\/p>\n<p>&nbsp;<\/p>","protected":false},"excerpt":{"rendered":"<p>Na Mi\u0119dzynarodowym Kongresie Jako\u015bci Kszta\u0142cenia w Katowicach, 24 pa\u017adziernika 2025 r., odby\u0142a si\u0119 konferencja upowszechniaj\u0105ca projekt Uczelnie Przysz\u0142o\u015bci. Wzi\u0119\u0142o w niej udzia\u0142 kilkaset os\u00f3b reprezentuj\u0105cych Partner\u00f3w projektu z 12 polskich uczelni, w tym Uniwersytetu \u015al\u0105skiego, przedstawiciele Ministra Nauki i Szkolnictwa Wy\u017cszego, Ministerstwie Funduszy i Polityki Regionalnej oraz Narodowego Centrum Bada\u0144 i Rozwoju. Konferencja mia\u0142a na [&#8230;]<\/p>\n<p><a class=\"btn btn-secondary understrap-read-more-link\" href=\"https:\/\/us.edu.pl\/kolegium\/kdo\/komunikaty\/uczelnie-przyszlosci-na-miedzynarodowym-kongresie-jakosci-ksztalcenia-w-katowicach\/\">Read More&#8230;<\/a><\/p>\n","protected":false},"author":6720,"featured_media":0,"template":"","meta":{"_expiration-date-status":"","_expiration-date":0,"_expiration-date-type":"","_expiration-date-categories":[],"_expiration-date-options":[]},"acf":[],"_links":{"self":[{"href":"https:\/\/us.edu.pl\/kolegium\/kdo\/wp-json\/wp\/v2\/komunikaty\/8457"}],"collection":[{"href":"https:\/\/us.edu.pl\/kolegium\/kdo\/wp-json\/wp\/v2\/komunikaty"}],"about":[{"href":"https:\/\/us.edu.pl\/kolegium\/kdo\/wp-json\/wp\/v2\/types\/komunikaty"}],"author":[{"embeddable":true,"href":"https:\/\/us.edu.pl\/kolegium\/kdo\/wp-json\/wp\/v2\/users\/6720"}],"version-history":[{"count":3,"href":"https:\/\/us.edu.pl\/kolegium\/kdo\/wp-json\/wp\/v2\/komunikaty\/8457\/revisions"}],"predecessor-version":[{"id":8475,"href":"https:\/\/us.edu.pl\/kolegium\/kdo\/wp-json\/wp\/v2\/komunikaty\/8457\/revisions\/8475"}],"wp:attachment":[{"href":"https:\/\/us.edu.pl\/kolegium\/kdo\/wp-json\/wp\/v2\/media?parent=8457"}],"curies":[{"name":"wp","href":"https:\/\/api.w.org\/{rel}","templated":true}]}}