{"id":9463,"date":"2026-03-31T12:06:28","date_gmt":"2026-03-31T10:06:28","guid":{"rendered":"https:\/\/us.edu.pl\/kolegium\/kdo\/?post_type=komunikaty&#038;p=9463"},"modified":"2026-03-31T12:28:04","modified_gmt":"2026-03-31T10:28:04","slug":"9463","status":"publish","type":"komunikaty","link":"https:\/\/us.edu.pl\/kolegium\/kdo\/komunikaty\/9463\/","title":{"rendered":"Wielki sukces Studentek Uniwersytetu \u015al\u0105skiego na DHUB AWARDS w Salerno!"},"content":{"rendered":"<p><span style=\"font-size: 12pt;\">Z ogromn\u0105 rado\u015bci\u0105 informujemy o mi\u0119dzynarodowym sukcesie uczestniczek projektu\u00a0 \u201eUczelnie Przysz\u0142o\u015bci\u201d. <\/span><\/p>\n<p><span style=\"font-size: 12pt;\">Podczas uroczystej ceremonii fina\u0142owej konkursu dHUB AWARDS, kt\u00f3ra odby\u0142a si\u0119 27 marca 2026 roku w Urz\u0119dzie Miasta w Salerno\u00a0 (W\u0142ochy), projekty naszych Studentek zosta\u0142y docenione za innowacyjno\u015b\u0107 w obszarze w\u0142\u0105czania spo\u0142ecznego i przedsi\u0119biorczo\u015bci.<\/span><\/p>\n<p><span style=\"font-size: 12pt;\">Szczeg\u00f3lne wyr\u00f3\u017cnienie otrzyma\u0142a Julia Dudek, kt\u00f3ra zdoby\u0142a nagrod\u0119 w kategorii Kreatywno\u015b\u0107. Pozosta\u0142e dwie inicjatywy reprezentuj\u0105ce nasz\u0105 uczelni\u0119 znalaz\u0142y si\u0119 w \u015bcis\u0142ym finale konkursu.<\/span><\/p>\n<p><span style=\"font-size: 12pt;\"><strong>Nagrodzone i wyr\u00f3\u017cnione projekty:<\/strong><\/span><\/p>\n<ul>\n<li><span style=\"font-size: 12pt;\"><strong>\u201eU\u015bcisk\u201d <\/strong>\u2013 Julia Dudek (Nagroda w kategorii Kreatywno\u015b\u0107): Projekt jest artystyczno-terapeutyczn\u0105 odpowiedzi\u0105 na wyzwania os\u00f3b doros\u0142ych z ADHD. Autorka stworzy\u0142a wystaw\u0119 \u0142\u0105cz\u0105c\u0105 fotografi\u0119 z nagraniem \u201eStrumie\u0144 my\u015bli\u201d, pozwalaj\u0105c\u0105 odbiorcom zrozumie\u0107 wewn\u0119trzny \u015bwiat osoby neuroatypowej \u2013 chaos my\u015bli, trudno\u015bci z koncentracj\u0105 i napi\u0119cie. Elementem projektu by\u0142y r\u00f3wnie\u017c warsztaty arteterapii dla par, maj\u0105ce na celu budowanie wzajemnego zrozumienia i wsparcia.<\/span><\/li>\n<li><span style=\"font-size: 12pt;\"><strong>\u201ePlatforma do\u015bwiadcze\u0144 w bran\u017cy turystyki dla os\u00f3b neuroatypowych\u201d \u2013 <\/strong>Dominika Wencel (Finalistka): Inicjatywa skupia si\u0119 na projektowaniu inkluzywnych \u015brodowisk podr\u00f3\u017cniczych dla os\u00f3b neuror\u00f3\u017cnorodnych. Projekt proponuje model us\u0142ug turystycznych (np. micro-retreats czy workations), kt\u00f3re redukuj\u0105 przeci\u0105\u017cenie sensoryczne i poznawcze, czyni\u0105c podr\u00f3\u017ce zawodowe bardziej dost\u0119pnymi dla os\u00f3b z niewidocznymi niepe\u0142nosprawno\u015bciami.<\/span><\/li>\n<li><span style=\"font-size: 12pt;\"><strong>\u201eGodne wsparcie dla dojrza\u0142ych umys\u0142\u00f3w\u201d<\/strong> \u2013 Klaudia Nowak i Malwina Paliwoda (Finalistki). Studentki przygotowuj\u0105 seri\u0119 specjalistycznych zeszyt\u00f3w \u0107wicze\u0144 poznawczych z elementami reminiscencji, kierowan\u0105 do\u00a0 senior\u00f3w i seniorek, w tym os\u00f3b z chorob\u0105 Parkinsona. Innowacyjno\u015b\u0107 projektu polega na modu\u0142owej budowie narz\u0119dzia, kt\u00f3re \u0142\u0105czy trening pami\u0119ci z terapi\u0105 wspomnieniow\u0105, wspieraj\u0105c samodzielno\u015b\u0107 os\u00f3b starszych i odci\u0105\u017caj\u0105c ich opiekun\u00f3w.<\/span><\/li>\n<\/ul>\n<p><span style=\"font-size: 12pt;\"><strong>O programie \u201eUczelnie Przysz\u0142o\u015bci\u201d<\/strong><\/span><\/p>\n<p><span style=\"font-size: 12pt;\">Sukces w Salerno to efekt pracy w ramach programu \u201eUczelnie Przysz\u0142o\u015bci\u201d, realizowanego przez Kolegium Dydaktyki Og\u00f3lnouniwersyteckiej Uniwersytetu \u015al\u0105skiego w Katowicach.<\/span><\/p>\n<p><span style=\"font-size: 12pt;\">Program ten wspiera student\u00f3w i studentki w realizacji innowacyjnych pomys\u0142\u00f3w o du\u017cym znaczeniu spo\u0142ecznym lub technologicznym. Uczestnicy s\u0105 wy\u0142aniani w wieloetapowej rekrutacji otrzymuj\u0105 wsparcie finansowe w formie stypendi\u00f3w oraz merytoryczn\u0105 pomoc w implementacji swoich projekt\u00f3w.<\/span><\/p>\n<p>&nbsp;<\/p>\n<p><img class=\"alignnone wp-image-9468\" src=\"https:\/\/us.edu.pl\/kolegium\/kdo\/wp-content\/uploads\/sites\/75\/obrazki-stron\/2.-zdjecie-800x600.jpeg\" alt=\"\" width=\"347\" height=\"261\" srcset=\"https:\/\/us.edu.pl\/kolegium\/kdo\/wp-content\/uploads\/sites\/75\/obrazki-stron\/2.-zdjecie-800x600.jpeg 800w, https:\/\/us.edu.pl\/kolegium\/kdo\/wp-content\/uploads\/sites\/75\/obrazki-stron\/2.-zdjecie-1365x1024.jpeg 1365w, https:\/\/us.edu.pl\/kolegium\/kdo\/wp-content\/uploads\/sites\/75\/obrazki-stron\/2.-zdjecie-768x576.jpeg 768w, https:\/\/us.edu.pl\/kolegium\/kdo\/wp-content\/uploads\/sites\/75\/obrazki-stron\/2.-zdjecie-1536x1152.jpeg 1536w, https:\/\/us.edu.pl\/kolegium\/kdo\/wp-content\/uploads\/sites\/75\/obrazki-stron\/2.-zdjecie-575x431.jpeg 575w, https:\/\/us.edu.pl\/kolegium\/kdo\/wp-content\/uploads\/sites\/75\/obrazki-stron\/2.-zdjecie.jpeg 1600w\" sizes=\"(max-width: 347px) 100vw, 347px\" \/>\u00a0 <img class=\"alignnone wp-image-9464\" src=\"https:\/\/us.edu.pl\/kolegium\/kdo\/wp-content\/uploads\/sites\/75\/obrazki-stron\/3.-zdjecie-800x600.jpeg\" alt=\"\" width=\"342\" height=\"257\" srcset=\"https:\/\/us.edu.pl\/kolegium\/kdo\/wp-content\/uploads\/sites\/75\/obrazki-stron\/3.-zdjecie-800x600.jpeg 800w, https:\/\/us.edu.pl\/kolegium\/kdo\/wp-content\/uploads\/sites\/75\/obrazki-stron\/3.-zdjecie-1365x1024.jpeg 1365w, https:\/\/us.edu.pl\/kolegium\/kdo\/wp-content\/uploads\/sites\/75\/obrazki-stron\/3.-zdjecie-768x576.jpeg 768w, https:\/\/us.edu.pl\/kolegium\/kdo\/wp-content\/uploads\/sites\/75\/obrazki-stron\/3.-zdjecie-1536x1152.jpeg 1536w, https:\/\/us.edu.pl\/kolegium\/kdo\/wp-content\/uploads\/sites\/75\/obrazki-stron\/3.-zdjecie-575x431.jpeg 575w, https:\/\/us.edu.pl\/kolegium\/kdo\/wp-content\/uploads\/sites\/75\/obrazki-stron\/3.-zdjecie.jpeg 1600w\" sizes=\"(max-width: 342px) 100vw, 342px\" \/> \u00a0<img class=\"alignnone wp-image-9467\" src=\"https:\/\/us.edu.pl\/kolegium\/kdo\/wp-content\/uploads\/sites\/75\/obrazki-stron\/1.-zdjecie-800x600.jpeg\" alt=\"\" width=\"340\" height=\"255\" srcset=\"https:\/\/us.edu.pl\/kolegium\/kdo\/wp-content\/uploads\/sites\/75\/obrazki-stron\/1.-zdjecie-800x600.jpeg 800w, https:\/\/us.edu.pl\/kolegium\/kdo\/wp-content\/uploads\/sites\/75\/obrazki-stron\/1.-zdjecie-1365x1024.jpeg 1365w, https:\/\/us.edu.pl\/kolegium\/kdo\/wp-content\/uploads\/sites\/75\/obrazki-stron\/1.-zdjecie-768x576.jpeg 768w, https:\/\/us.edu.pl\/kolegium\/kdo\/wp-content\/uploads\/sites\/75\/obrazki-stron\/1.-zdjecie-1536x1152.jpeg 1536w, https:\/\/us.edu.pl\/kolegium\/kdo\/wp-content\/uploads\/sites\/75\/obrazki-stron\/1.-zdjecie-575x431.jpeg 575w, https:\/\/us.edu.pl\/kolegium\/kdo\/wp-content\/uploads\/sites\/75\/obrazki-stron\/1.-zdjecie.jpeg 1600w\" sizes=\"(max-width: 340px) 100vw, 340px\" \/> <img class=\"alignnone wp-image-9465\" src=\"https:\/\/us.edu.pl\/kolegium\/kdo\/wp-content\/uploads\/sites\/75\/obrazki-stron\/4.-zdjecie-800x600.jpeg\" alt=\"\" width=\"346\" height=\"260\" srcset=\"https:\/\/us.edu.pl\/kolegium\/kdo\/wp-content\/uploads\/sites\/75\/obrazki-stron\/4.-zdjecie-800x600.jpeg 800w, https:\/\/us.edu.pl\/kolegium\/kdo\/wp-content\/uploads\/sites\/75\/obrazki-stron\/4.-zdjecie-1365x1024.jpeg 1365w, https:\/\/us.edu.pl\/kolegium\/kdo\/wp-content\/uploads\/sites\/75\/obrazki-stron\/4.-zdjecie-768x576.jpeg 768w, https:\/\/us.edu.pl\/kolegium\/kdo\/wp-content\/uploads\/sites\/75\/obrazki-stron\/4.-zdjecie-1536x1152.jpeg 1536w, https:\/\/us.edu.pl\/kolegium\/kdo\/wp-content\/uploads\/sites\/75\/obrazki-stron\/4.-zdjecie-575x431.jpeg 575w, https:\/\/us.edu.pl\/kolegium\/kdo\/wp-content\/uploads\/sites\/75\/obrazki-stron\/4.-zdjecie.jpeg 1600w\" sizes=\"(max-width: 346px) 100vw, 346px\" \/><\/p>","protected":false},"excerpt":{"rendered":"<p>Z ogromn\u0105 rado\u015bci\u0105 informujemy o mi\u0119dzynarodowym sukcesie uczestniczek projektu\u00a0 \u201eUczelnie Przysz\u0142o\u015bci\u201d. Podczas uroczystej ceremonii fina\u0142owej konkursu dHUB AWARDS, kt\u00f3ra odby\u0142a si\u0119 27 marca 2026 roku w Urz\u0119dzie Miasta w Salerno\u00a0 (W\u0142ochy), projekty naszych Studentek zosta\u0142y docenione za innowacyjno\u015b\u0107 w obszarze w\u0142\u0105czania spo\u0142ecznego i przedsi\u0119biorczo\u015bci. Szczeg\u00f3lne wyr\u00f3\u017cnienie otrzyma\u0142a Julia Dudek, kt\u00f3ra zdoby\u0142a nagrod\u0119 w kategorii Kreatywno\u015b\u0107. [&#8230;]<\/p>\n<p><a class=\"btn btn-secondary understrap-read-more-link\" href=\"https:\/\/us.edu.pl\/kolegium\/kdo\/komunikaty\/9463\/\">Read More&#8230;<\/a><\/p>\n","protected":false},"author":6720,"featured_media":9466,"template":"","meta":{"_expiration-date-status":"","_expiration-date":0,"_expiration-date-type":"","_expiration-date-categories":[],"_expiration-date-options":[]},"acf":[],"_links":{"self":[{"href":"https:\/\/us.edu.pl\/kolegium\/kdo\/wp-json\/wp\/v2\/komunikaty\/9463"}],"collection":[{"href":"https:\/\/us.edu.pl\/kolegium\/kdo\/wp-json\/wp\/v2\/komunikaty"}],"about":[{"href":"https:\/\/us.edu.pl\/kolegium\/kdo\/wp-json\/wp\/v2\/types\/komunikaty"}],"author":[{"embeddable":true,"href":"https:\/\/us.edu.pl\/kolegium\/kdo\/wp-json\/wp\/v2\/users\/6720"}],"version-history":[{"count":10,"href":"https:\/\/us.edu.pl\/kolegium\/kdo\/wp-json\/wp\/v2\/komunikaty\/9463\/revisions"}],"predecessor-version":[{"id":9479,"href":"https:\/\/us.edu.pl\/kolegium\/kdo\/wp-json\/wp\/v2\/komunikaty\/9463\/revisions\/9479"}],"wp:featuredmedia":[{"embeddable":true,"href":"https:\/\/us.edu.pl\/kolegium\/kdo\/wp-json\/wp\/v2\/media\/9466"}],"wp:attachment":[{"href":"https:\/\/us.edu.pl\/kolegium\/kdo\/wp-json\/wp\/v2\/media?parent=9463"}],"curies":[{"name":"wp","href":"https:\/\/api.w.org\/{rel}","templated":true}]}}