{"id":6185,"date":"2025-03-28T12:27:42","date_gmt":"2025-03-28T11:27:42","guid":{"rendered":"https:\/\/us.edu.pl\/kolegium\/kdo\/?page_id=6185"},"modified":"2025-03-28T12:27:42","modified_gmt":"2025-03-28T11:27:42","slug":"partycypacja-spoleczna-w-praktyce","status":"publish","type":"page","link":"https:\/\/us.edu.pl\/kolegium\/kdo\/ksztalcenie-obszarowe\/tydzien-projektowy-2024\/partycypacja-spoleczna-w-praktyce\/","title":{"rendered":"Partycypacja spo\u0142eczna w praktyce"},"content":{"rendered":"<p>[vc_row el_class=&#8221;container&#8221;][vc_column]\r\n                <div class=\"text-modules \">\r\n                    <div class=\"container\">\r\n                        <h3 class=\"section-title section-title_border-bottom\">Partycypacja spo\u0142eczna w praktyce<\/h3> \r\n                        <div class=\"row m-0\">\r\n                            <div class=\"text-modules__content\">\r\n                                <strong>Koordynatorka modu\u0142u: dr Jolanta Klimczak<\/strong><\/p>\n<p>Cel: Modu\u0142 ma za zadanie wzmacnianie w\u015br\u00f3d os\u00f3b studiuj\u0105cych aktywizmu spo\u0142ecznego, polegaj\u0105ce na premiowaniu realizowanych przez nich czy to samodzielnie, czy te\u017c zespo\u0142owo aktywno\u015bci w ramach organizacji lub instytucji dzia\u0142aj\u0105cych na rzecz po\u017cytku publicznego, organizacji pozarz\u0105dowych, inicjatywy lokalnej oraz wolontariatu. Zak\u0142adamy z jednej strony teoretyczne wprowadzenie os\u00f3b studiuj\u0105cych we wspomniane aktywno\u015bci, a z drugiej strony w\u0142asn\u0105 i praktyczn\u0105 prac\u0119 os\u00f3b studiuj\u0105cych (indywidualn\u0105)<\/p>\n<p>Praca os\u00f3b studiuj\u0105cych oznacza:<\/p>\n<ol>\n<li>Dla os\u00f3b studiuj\u0105cych, kt\u00f3re maj\u0105 do\u015bwiadczenie w dzia\u0142alno\u015bci aktywistycznej:<\/li>\n<\/ol>\n<p>przygotowanie raportu samooceny zrealizowanych konkretnych zada\u0144 w wybranych przestrzeniach aktywno\u015bci na forum spo\u0142ecznym, przy czym aktywno\u015b\u0107 ta potwierdzona powinna by\u0107 pisemnie potwierdzona przez organizacj\u0119, w kt\u00f3rej dzia\u0142alno\u015b\u0107 zaanga\u017cowana by\u0142a osoba studiuj\u0105ca i w jej ramach realizowa\u0142a projekt aktywistyczny. W przygotowaniu raportu samooceny niezb\u0119dna b\u0119dzie wiedza i umiej\u0119tno\u015bci prezentowane w pakietach wiedzy (wyk\u0142adach) oraz kreatywna i krytyczna refleksja nad wybranym przyk\u0142adem w\u0142asnego dzia\u0142ania aktywistycznego.<\/p>\n<ol start=\"2\">\n<li>Dla os\u00f3b studiuj\u0105cych bez do\u015bwiadczenia aktywistycznego:<\/li>\n<\/ol>\n<p>przygotowanie projektu dzia\u0142a\u0144 aktywistycznych na rzecz wybranego \u015brodowiska spo\u0142ecznego w porozumieniu z organizacj\u0105 pozarz\u0105dow\u0105 albo inn\u0105 organizacj\u0105 spo\u0142eczn\u0105 dzia\u0142aj\u0105c\u0105 na rzecz budowy i rozwoju spo\u0142ecze\u0144stwa obywatelskiego.\u00a0Istotne b\u0119dzie opracowanie strategii (np. analiza SWOT, drzewo problem\u00f3w, analiza PESTEL) i planu dzia\u0142ania oraz sposobu monitorowania i ewaluacji projektu.<\/p>\n<p>Wszystkie aktywno\u015bci spo\u0142eczne b\u0119d\u0105ce podstaw\u0105 czy to raportu samooceny, czy projektu dzia\u0142a\u0144 aktywistycznych musz\u0105 by\u0107 zgodne z Misj\u0105 Uniwersytetu \u015al\u0105skiego zawart\u0105 w Statucie Uniwersytetu \u015al\u0105skiego w Katowicach i wpisywa\u0107 si\u0119 w Strategi\u0105 rozwoju Uniwersytetu \u015al\u0105skiego w Katowicach<\/p>\n<p><a href=\"https:\/\/sip.lex.pl\/akty-prawne\/akty-korporacyjne\/statut-uniwersytetu-slaskiego-287537664\">https:\/\/sip.lex.pl\/akty-prawne\/akty-korporacyjne\/statut-uniwersytetu-slaskiego-287537664<\/a><\/p>\n<p>&nbsp;<\/p>\n<p><span style=\"font-size: 14pt;\"><strong><span style=\"color: #ff0000;\"><a style=\"color: #ff0000;\" href=\"https:\/\/us.edu.pl\/kolegium\/kdo\/wp-content\/uploads\/sites\/75\/pliki\/opisy-modulow\/Partycypacja-spoleczna.pptx\" target=\"_blank\" rel=\"noopener\"><span style=\"color: #993300;\">Koniecznie obejrzyj prezentacj\u0119 modu\u0142u !!!<\/span><\/a><\/span><\/strong><\/span> \r\n                                <div class=\"mt-3\"><\/div>\r\n                            <\/div>\r\n                            \r\n                            \r\n                        <\/div>\r\n                    <\/div>\r\n                <\/div>[\/vc_column][\/vc_row]<\/p>","protected":false},"excerpt":{"rendered":"<p>[vc_row el_class=&#8221;container&#8221;][vc_column][\/vc_column][\/vc_row] [&#8230;]<\/p>\n<p><a class=\"btn btn-secondary understrap-read-more-link\" href=\"https:\/\/us.edu.pl\/kolegium\/kdo\/ksztalcenie-obszarowe\/tydzien-projektowy-2024\/partycypacja-spoleczna-w-praktyce\/\">Read More&#8230;<\/a><\/p>\n","protected":false},"author":6720,"featured_media":0,"parent":530,"menu_order":0,"comment_status":"closed","ping_status":"closed","template":"","meta":{"_expiration-date-status":"","_expiration-date":0,"_expiration-date-type":"","_expiration-date-categories":[],"_expiration-date-options":[]},"acf":[],"_links":{"self":[{"href":"https:\/\/us.edu.pl\/kolegium\/kdo\/wp-json\/wp\/v2\/pages\/6185"}],"collection":[{"href":"https:\/\/us.edu.pl\/kolegium\/kdo\/wp-json\/wp\/v2\/pages"}],"about":[{"href":"https:\/\/us.edu.pl\/kolegium\/kdo\/wp-json\/wp\/v2\/types\/page"}],"author":[{"embeddable":true,"href":"https:\/\/us.edu.pl\/kolegium\/kdo\/wp-json\/wp\/v2\/users\/6720"}],"replies":[{"embeddable":true,"href":"https:\/\/us.edu.pl\/kolegium\/kdo\/wp-json\/wp\/v2\/comments?post=6185"}],"version-history":[{"count":1,"href":"https:\/\/us.edu.pl\/kolegium\/kdo\/wp-json\/wp\/v2\/pages\/6185\/revisions"}],"predecessor-version":[{"id":6189,"href":"https:\/\/us.edu.pl\/kolegium\/kdo\/wp-json\/wp\/v2\/pages\/6185\/revisions\/6189"}],"up":[{"embeddable":true,"href":"https:\/\/us.edu.pl\/kolegium\/kdo\/wp-json\/wp\/v2\/pages\/530"}],"wp:attachment":[{"href":"https:\/\/us.edu.pl\/kolegium\/kdo\/wp-json\/wp\/v2\/media?parent=6185"}],"curies":[{"name":"wp","href":"https:\/\/api.w.org\/{rel}","templated":true}]}}