{"id":112,"date":"2021-07-07T10:25:13","date_gmt":"2021-07-07T08:25:13","guid":{"rendered":"https:\/\/us.edu.pl\/kolegium\/spnjo\/?page_id=112"},"modified":"2026-08-19T12:03:54","modified_gmt":"2026-08-19T10:03:54","slug":"diagnoza-jezykowa","status":"publish","type":"page","link":"https:\/\/us.edu.pl\/kolegium\/spnjo\/lektorat\/pierwsze-kroki\/diagnoza-jezykowa\/","title":{"rendered":"diagnoza j\u0119zykowa"},"content":{"rendered":"<p>[vc_row el_class=&#8221;container&#8221;][vc_column][vc_column_text]<\/p>\n<p><strong><span style=\"font-size: 12pt;\">Diagnoza j\u0119zykowa na pocz\u0105tek<\/span><\/strong><\/p>\n<p><span style=\"font-size: 12pt;\">Osi\u0105gni\u0119cie poziomu bieg\u0142o\u015bci B2 (na studiach pierwszego stopnia) lub B2+ (na studiach jednolitych magisterskich) z j\u0119zyka obcego to jeden z wymog\u00f3w uko\u0144czenia studi\u00f3w. Osoby studiuj\u0105ce rozpoczynaj\u0105ce studia w Uniwersytecie \u015al\u0105skim mog\u0105 realizowa\u0107 r\u00f3\u017cne formy rozwijania kompetencji j\u0119zykowych stwarzaj\u0105ce mo\u017cliwo\u015bci osi\u0105gni\u0119cia poziomu minimum B2 do ko\u0144ca studi\u00f3w. Zapoznaniu si\u0119 z mo\u017cliwymi \u015bcie\u017ckami kszta\u0142cenie j\u0119zykowe s\u0142u\u017cy tzw. diagnoza j\u0119zykowa &#8211; dokument, kt\u00f3ry Osoba studiuj\u0105ca samodzielnie generuje po przyst\u0105pieniu do elektronicznego testu diagnostycznego na Uczelnianej Platformie Elearningowej. Informacja na podstawie wynik\u00f3w rozwi\u0105zanych poszczeg\u00f3lnych cz\u0119\u015bci test\u00f3w pozwoli na poznanie obszar\u00f3w wymagaj\u0105cych szczeg\u00f3lnej uwagi, mo\u017cliwo\u015bci rozwijania kompetencji j\u0119zykowych podczas studi\u00f3w oraz \u015bcie\u017cek prowadz\u0105cych do uzyskania po\u015bwiadczenia wymaganego poziomu.<\/span><\/p>\n<p><span style=\"font-size: 12pt;\">W ramach kszta\u0142cenia j\u0119zykowego pocz\u0105wszy od semestru letniego, osoby studiuj\u0105ce rejestruj\u0105 si\u0119 na lektoraty j\u0119zyk\u00f3w obcych, modu\u0142y w j\u0119zyku angielskim, programy wymiany i projekty edukacyjne. Informacje o wszystkich dost\u0119pnych mo\u017cliwo\u015bciach zostan\u0105 przekazane podczas tygodnia adaptacyjnego w pa\u017adzierniku.<\/span><\/p>\n<p><span style=\"font-size: 12pt;\">Wykonanie testu diagnostycznego i zapoznanie si\u0119 z diagnoz\u0105 ju\u017c na pocz\u0105tku semestru zimowego jest kluczowym momentem. Osoby studiuj\u0105ce dowiedz\u0105 si\u0119\u00a0 jak\u0105 grup\u0119 j\u0119zykow\u0105 wybra\u0107 czasie rejestracji \u017cetonowej, czy skorzysta\u0107 z grup wyr\u00f3wnawczych ju\u017c w semestrze zimowym, czy maj\u0105 szanse na zdobycie po\u015bwiadczenia jeszcze przed lektoratem.<\/span><\/p>\n<p><span style=\"font-size: 12pt;\"><strong>Jakie kroki nale\u017cy podj\u0105\u0107?<\/strong><\/span><\/p>\n<p><span style=\"font-size: 12pt;\">\u2013 wejd\u017a na stron\u0119 Uczelnianej Platformy Elearningowej: <a href=\"https:\/\/el.us.edu.pl\/spnjo\/course\/index.php?categoryid=60\">https:\/\/el.us.edu.pl\/spnjo\/<\/a><\/span><br \/>\n<span style=\"font-size: 12pt;\">\u2013 wybierz w\u0142a\u015bciwy test diagnostyczny, sprawd\u017a klucz dost\u0119pu dla swojego kierunku w opisie wst\u0119pnym i <\/span><span style=\"font-size: 12pt;\">zaloguj si\u0119 na swoje konto u\u017cywaj\u0105c Centralnego Serwera Uwierzytelniania (CAS),<\/span><br \/>\n<span style=\"font-size: 12pt;\">\u2013 wykonaj test diagnostyczny z j\u0119zyk\u00f3w, kt\u00f3re znasz lub tych, kt\u00f3rych chcesz si\u0119 nauczy\u0107,<br \/>\n\u2013 po rozwi\u0105zaniu wszystkich cz\u0119\u015bci testu, kliknij w sk\u0142adow\u0105 &#8222;Diagnoza&#8221; i pobierz wygenerowany plik zawieraj\u0105cy diagnoz\u0119.\u00a0<\/span><\/p>\n<p><span style=\"font-size: 12pt;\">Podczas rejestracji internetowej na USOSweb (lektorat &gt; pierwsze kroki &gt; <a href=\"https:\/\/us.edu.pl\/kolegium\/spnjo\/lektorat\/pierwsze-kroki\/rejestracja\/\">rejestracja<\/a>) wyb\u00f3r grupy j\u0119zykowej b\u0119dzie w pe\u0142ni przemy\u015blany.<\/span><\/p>\n<p><strong><span style=\"font-size: 12pt;\">Co je\u017celi posiadam certyfikat lub dokument po\u015bwiadczaj\u0105cy wymagany poziom?<\/span><\/strong><\/p>\n<p><span style=\"font-size: 12pt;\">Osoba studiuj\u0105ca posiadaj\u0105ca certyfikat lub dokument przewidziany w <a href=\"https:\/\/us.edu.pl\/kolegium\/spnjo\/wp-content\/uploads\/sites\/65\/Bez-kategorii\/ZALACZNIK-DO-ZARZADZENIA-182_2023.pdf\" class=\"mtli_attachment mtli_pdf\">KATALOGU<\/a> b\u0119d\u0105cym za\u0142\u0105cznikiem do <a href=\"https:\/\/aktyprawne.us.edu.pl\/d\/6915\/5\/\">Zarz\u0105dzenie Rektora nr 182\/2023<\/a> mo\u017ce by\u0107 zwolniona z uczestnictwa w lektoracie.\u00a0<\/span><br \/>\n<span style=\"font-size: 12pt;\">Chc\u0105c skorzysta\u0107 ze zwolnienia z obowi\u0105zku realizowania kszta\u0142cenia j\u0119zykowego, nale\u017cy wype\u0142ni\u0107 elektroniczny wniosek (<a href=\"https:\/\/formularze.us.edu.pl\/form\/index\/6508\">FORMULARZ<\/a>), w kt\u00f3rym jest miejsce na skan certyfikatu lub dokumentu. Wniosek jest nast\u0119pnie weryfikowany i po uzyskaniu potwierdzenia poprawno\u015bci w formie maila, Osoba studiuj\u0105ca zapisuje si\u0119 w czasie <a href=\"https:\/\/us.edu.pl\/kolegium\/spnjo\/lektorat\/moj-lektorat\/rejestracja-terminy\/\">REJESTRACJI<\/a> (w USOSweb) do grupy <strong>nr 1<\/strong> na odpowiedni j\u0119zyk i poziom.<\/span><\/p>\n<p><span style=\"font-size: 12pt;\">Jak\u0105 ocen\u0119 mo\u017cna uzyska\u0107 za konkretny certyfikat lub dokument? Sprawd\u017a:<\/span><\/p>\n<p><span style=\"font-size: 12pt;\">\u2013 j\u0119zyk angielski: <a class=\"mtli_attachment mtli_pdf mtli_attachment mtli_pdf mtli_attachment mtli_pdf\" href=\"https:\/\/el.us.edu.pl\/spnjo\/pluginfile.php\/73\/mod_url\/intro\/Certyfikaty_oceny_j.ang.pdf\">LINK.pdf<\/a><\/span><br \/>\n<span style=\"font-size: 12pt;\">\u2013 j\u0119zyk francuski: <a class=\"mtli_attachment mtli_pdf mtli_attachment mtli_pdf mtli_attachment mtli_pdf\" href=\"https:\/\/el.us.edu.pl\/spnjo\/pluginfile.php\/73\/mod_url\/intro\/Certyfikaty_oceny_j.fran.pdf\">LINK.pdf<\/a><\/span><br \/>\n<span style=\"font-size: 12pt;\">\u2013 j\u0119zyk hiszpa\u0144ski: <a class=\"mtli_attachment mtli_pdf mtli_attachment mtli_pdf mtli_attachment mtli_pdf\" href=\"https:\/\/el.us.edu.pl\/spnjo\/pluginfile.php\/73\/mod_url\/intro\/Certyfikaty_oceny_j.hiszp.pdf\">LINK.pdf<\/a><\/span><br \/>\n<span style=\"font-size: 12pt;\">\u2013 j\u0119zyk niemiecki: <a class=\"mtli_attachment mtli_pdf mtli_attachment mtli_pdf mtli_attachment mtli_pdf\" href=\"https:\/\/el.us.edu.pl\/spnjo\/pluginfile.php\/73\/mod_url\/intro\/Certyfikaty_oceny_j.niem.pdf\">LINK.pdf<\/a><\/span><br \/>\n<span style=\"font-size: 12pt;\">\u2013 j\u0119zyk rosyjski: <a class=\"mtli_attachment mtli_pdf mtli_attachment mtli_pdf mtli_attachment mtli_pdf\" href=\"https:\/\/el.us.edu.pl\/spnjo\/pluginfile.php\/73\/mod_url\/intro\/Certyfikaty_oceny_j.ros.pdf\">LINK.pdf<\/a><\/span><\/p>\n<p>&nbsp;<\/p>\n<p>[\/vc_column_text][\/vc_column][\/vc_row]<\/p>","protected":false},"excerpt":{"rendered":"<p>[vc_row el_class=&#8221;container&#8221;][vc_column][vc_column_text] Diagnoza j\u0119zykowa na pocz\u0105tek Osi\u0105gni\u0119cie poziomu bieg\u0142o\u015bci B2 (na studiach pierwszego stopnia) lub B2+ (na studiach jednolitych magisterskich) z j\u0119zyka obcego to jeden z wymog\u00f3w uko\u0144czenia studi\u00f3w. Osoby studiuj\u0105ce rozpoczynaj\u0105ce studia w Uniwersytecie \u015al\u0105skim mog\u0105 realizowa\u0107 r\u00f3\u017cne formy rozwijania kompetencji j\u0119zykowych stwarzaj\u0105ce mo\u017cliwo\u015bci osi\u0105gni\u0119cia poziomu minimum B2 do ko\u0144ca studi\u00f3w. Zapoznaniu si\u0119 z [&#8230;]<\/p>\n<p><a class=\"btn btn-secondary understrap-read-more-link\" href=\"https:\/\/us.edu.pl\/kolegium\/spnjo\/lektorat\/pierwsze-kroki\/diagnoza-jezykowa\/\">Read More&#8230;<\/a><\/p>\n","protected":false},"author":25,"featured_media":0,"parent":108,"menu_order":2,"comment_status":"closed","ping_status":"closed","template":"","meta":{"_expiration-date-status":"saved","_expiration-date":0,"_expiration-date-type":"","_expiration-date-categories":[],"_expiration-date-options":[]},"acf":[],"_links":{"self":[{"href":"https:\/\/us.edu.pl\/kolegium\/spnjo\/wp-json\/wp\/v2\/pages\/112"}],"collection":[{"href":"https:\/\/us.edu.pl\/kolegium\/spnjo\/wp-json\/wp\/v2\/pages"}],"about":[{"href":"https:\/\/us.edu.pl\/kolegium\/spnjo\/wp-json\/wp\/v2\/types\/page"}],"author":[{"embeddable":true,"href":"https:\/\/us.edu.pl\/kolegium\/spnjo\/wp-json\/wp\/v2\/users\/25"}],"replies":[{"embeddable":true,"href":"https:\/\/us.edu.pl\/kolegium\/spnjo\/wp-json\/wp\/v2\/comments?post=112"}],"version-history":[{"count":11,"href":"https:\/\/us.edu.pl\/kolegium\/spnjo\/wp-json\/wp\/v2\/pages\/112\/revisions"}],"predecessor-version":[{"id":4804,"href":"https:\/\/us.edu.pl\/kolegium\/spnjo\/wp-json\/wp\/v2\/pages\/112\/revisions\/4804"}],"up":[{"embeddable":true,"href":"https:\/\/us.edu.pl\/kolegium\/spnjo\/wp-json\/wp\/v2\/pages\/108"}],"wp:attachment":[{"href":"https:\/\/us.edu.pl\/kolegium\/spnjo\/wp-json\/wp\/v2\/media?parent=112"}],"curies":[{"name":"wp","href":"https:\/\/api.w.org\/{rel}","templated":true}]}}