{"id":2245,"date":"2023-03-24T07:16:22","date_gmt":"2023-03-24T06:16:22","guid":{"rendered":"https:\/\/us.edu.pl\/pracownik\/welcomepoint\/?page_id=2245"},"modified":"2023-04-07T11:11:17","modified_gmt":"2023-04-07T09:11:17","slug":"dlaczego-us","status":"publish","type":"page","link":"https:\/\/us.edu.pl\/pracownik\/welcomepoint\/virtual-job-fair-2023\/dlaczego-us\/","title":{"rendered":"Dlaczego U\u015a?"},"content":{"rendered":"<p>[vc_row el_class=&#8221;container&#8221;][vc_column width=&#8221;2\/3&#8243;]\r\n                <div class=\"text-modules\">\r\n                    <div class=\"container\">\r\n                        \r\n                        <div class=\"text-modules__content\"><\/p>\n<h2><strong>Uniwersytet \u015al\u0105ski w Katowicach \u2013 miejsce, w kt\u00f3rym mo\u017cesz rozwija\u0107 swoj\u0105 karier\u0119 naukow\u0105 <\/strong><\/h2>\n<p>\n<\/div>\r\n                    <\/div>\r\n                <\/div>[\/vc_column][vc_column width=&#8221;1\/3&#8243;][\/vc_column][\/vc_row][vc_row el_class=&#8221;container&#8221;][vc_column width=&#8221;2\/3&#8243;]\r\n                <div class=\"text-modules\">\r\n                    <div class=\"container\">\r\n                        \r\n                        <div class=\"text-modules__content\"><p>Dlaczego warto do\u0142\u0105czy\u0107 do grona pracownik\u00f3w Uniwersytetu \u015al\u0105skiego w Katowicach? Jeste\u015bmy jedn\u0105 z najwi\u0119kszych i najszybciej rozwijaj\u0105cych si\u0119 uczelni publicznych w Polsce. Je\u015bli wi\u0119c zdecydujesz si\u0119 do nas do\u0142\u0105czy\u0107, b\u0119dziesz pracowa\u0107 w jednym z czterech miast wojew\u00f3dztwa \u015bl\u0105skiego: w Katowicach, Sosnowcu, Chorzowie lub Cieszynie \u2013 zale\u017cnie od tego, gdzie znajduje si\u0119 siedziba danego wydzia\u0142u.<\/p>\n<p>Uniwersytet \u015al\u0105ski ma w swojej ofercie 80 kierunk\u00f3w studi\u00f3w pierwszego i drugiego stopnia, studi\u00f3w doktorskich oraz podyplomowych, w\u0142\u0105cznie z kierunkami mi\u0119dzynarodowymi, na kt\u00f3rych j\u0119zykiem nauczania jest j\u0119zyk angielski. Kszta\u0142cimy ponad 22 tys. ludzi, z kt\u00f3rymi mo\u017cesz podzieli\u0107 si\u0119 swoj\u0105 wiedz\u0105!<\/p>\n<p>Jako nasz pracownik staniesz si\u0119 cz\u0119\u015bci\u0105 instytucji zyskuj\u0105cej coraz bardziej mi\u0119dzynarodowy charakter. Uniwersytet \u015al\u0105ski jest jednym z partner\u00f3w <a href=\"https:\/\/us.edu.pl\/t4e\/\">sojuszu Transform4Europe<\/a>, kt\u00f3ry tworz\u0105 uczelnie z Litwy, Bu\u0142garii, Estonii, Hiszpanii, W\u0142och, Niemiec, S\u0142owenii, Portugalii, Francji oraz Polski. W ramach sojuszu studenci, doktoranci, nauczyciele akademiccy, kadra administracyjna oraz interesariusze dzia\u0142aj\u0105 razem na rzecz rozwoju Europy oraz Europejskiego Obszaru Gospodarczego, wzmacniaj\u0105c tym samym wsp\u00f3\u0142prac\u0119 mi\u0119dzy regionami.<\/p>\n<p>Cz\u0142onkowie spo\u0142eczno\u015bci akademickiej U\u015a maj\u0105 zapewniony dost\u0119p do nowoczesnych laboratori\u00f3w, a tak\u017ce do Centrum Informacji Naukowej i Biblioteki Akademickiej (CINiBA). Otrzymuj\u0105 r\u00f3wnie\u017c wsparcie w ubieganiu si\u0119 o granty. Mog\u0105 te\u017c liczy\u0107 na dobr\u0105 atmosfer\u0119 w pracy oraz pomoc podczas adaptacji do pracy w Polsce.<\/p>\n<p>Ponadto, zostaj\u0105c pracownikiem Uniwersytetu \u015al\u0105skiego b\u0119dziesz mie\u0107 okazj\u0119 do poznania regionu G\u00f3rnego \u015al\u0105ska \u2013 w ko\u0144cu uczelnia aktywnie uczestniczy w \u017cyciu kulturalnym metropolii. Wsp\u00f3\u0142pracujemy z lokalnymi firmami i organizacjami trzeciego sektora, a tak\u017ce z instytucjami gospodarczymi, publicznymi, szko\u0142ami i o\u015brodkami edukacyjnymi. Uniwersytet \u015al\u0105ski jest r\u00f3wnie\u017c partnerem Konsorcjum Katowice-Miasto Nauki, utworzonym wsp\u00f3lnie z sze\u015bcioma pozosta\u0142ymi katowickimi uczelniami oraz miastem Katowice, aby przekszta\u0142ci\u0107 wojew\u00f3dztwo \u015bl\u0105skie w jeden z wiod\u0105cych o\u015brodk\u00f3w naukowo-edukacyjnych w Europie. W wyniku wsp\u00f3lnych wysi\u0142k\u00f3w partner\u00f3w konsorcjum Katowice otrzyma\u0142y tytu\u0142 <a href=\"https:\/\/europejskiemiastonauki.us.edu.pl\/index.php\">Europejskiego Miasta Nauki 2024<\/a>.<\/p>\n<p>A to jeszcze nie wszystko! Bycie cz\u0119\u015bci\u0105 spo\u0142eczno\u015bci Uniwersytetu \u015al\u0105skiego daje mo\u017cliwo\u015b\u0107 dzielenia si\u0119 swoj\u0105 wiedz\u0105 z innymi oraz promowania wynik\u00f3w bada\u0144 naukowych. To r\u00f3wnie\u017c okazja do uczestniczenia w r\u00f3\u017cnych wydarzeniach kulturalno-naukowych, takich jak organizowany od 2016 roku <a href=\"https:\/\/www.slaskifestiwalnauki.pl\/\">\u015al\u0105ski Festiwal Nauki\u00a0KATOWICE<\/a> \u2013 jedno z najwi\u0119kszych wydarze\u0144 popularyzuj\u0105cych nauk\u0119 w Polsce i Europie, tworzone wsp\u00f3lnie z pozosta\u0142ymi \u015bl\u0105skimi uczelniami oraz miastem Katowice (gospodarzem wydarzenia).<\/p>\n<p>Nadal masz w\u0105tpliwo\u015bci czy Uniwersytet \u015al\u0105ski to najlepsze miejsce dla Ciebie? Wi\u0119cej dowiesz si\u0119 o nas z naszej strony internetowej oraz bior\u0105c udzia\u0142 w #OpenDay Wirtualnych Targ\u00f3w Pracy 2023 lub kontaktuj\u0105c si\u0119 z nami.<\/p>\n<\/div>\r\n                    <\/div>\r\n                <\/div>[\/vc_column][vc_column width=&#8221;1\/3&#8243;][vc_video link=&#8221;https:\/\/youtu.be\/64i8TmEUCn8&#8243;]\r\n                <div class=\"text-modules\">\r\n                    <div class=\"container\">\r\n                        \r\n                        <div class=\"text-modules__content\"><\/p>\n<p style=\"font-size: small;\">\u015al\u0105ski Festiwal Nauki KATOWICE to jedna z inicjatyw, kt\u00f3rej liderem jest Uniwersytet \u015al\u0105ski. Obejrzyj spot podsumowuj\u0105cy 6. edycj\u0119 tego wyj\u0105tkowego wydarzenia. Alternatywa tekstowa dla wizualnej warstwy filmu dost\u0119pna jest w opisie nagrania wideo w serwisie\u00a0<a href=\"https:\/\/www.youtube.com\/watch?v=64i8TmEUCn8\">YouTube<\/a>.<\/p>\n<p>\n<\/div>\r\n                    <\/div>\r\n                <\/div>[\/vc_column][\/vc_row][vc_row][vc_column]<div class=\"container\"><div class=\"separator\" style=\"background-color: #EBEBEB\"><\/div><\/div>[\/vc_column][\/vc_row][vc_row el_class=&#8221;container&#8221;][vc_column width=&#8221;2\/3&#8243;]\r\n                <div class=\"text-modules\">\r\n                    <div class=\"container\">\r\n                        \r\n                        <div class=\"text-modules__content\"><\/p>\n<h2><strong>Rozmowa o metropolii<\/strong><\/h2>\n<p>\n<\/div>\r\n                    <\/div>\r\n                <\/div>[\/vc_column][vc_column width=&#8221;1\/3&#8243;][\/vc_column][\/vc_row][vc_row el_class=&#8221;container&#8221;][vc_column width=&#8221;2\/3&#8243;][vc_row_inner][vc_column_inner width=&#8221;1\/2&#8243;]\r\n                <div class=\"text-modules\">\r\n                    <div class=\"container\">\r\n                        \r\n                        <div class=\"text-modules__content\"><p>Jeste\u015bmy cz\u0119\u015bci\u0105 G\u00f3rno\u015bl\u0105sko-Zag\u0142\u0119biowskiej Metropolii. Przeczytaj rozmow\u0119 z Henrykiem Borczykiem, wiceprzewodnicz\u0105cym zarz\u0105du GZM, kt\u00f3ry m\u00f3wi m.in. o tym, jakie s\u0105 korzy\u015bci i udogodnienia dla os\u00f3b studiuj\u0105cych i pracuj\u0105cych w metropolii.<\/p>\n<p><a href=\"https:\/\/us.edu.pl\/pracownik\/welcomepoint\/virtual-job-fair-2023\/rozmowa-o-metropolii\/\">Przeczytaj wywiad<\/a><\/p>\n<\/div>\r\n                    <\/div>\r\n                <\/div>[\/vc_column_inner][vc_column_inner width=&#8221;1\/2&#8243;]\r\n                <div class=\"text-modules\">\r\n                    <div class=\"container\">\r\n                        \r\n                        <div class=\"text-modules__content\"><p><img class=\"size-medium wp-image-2373\" src=\"https:\/\/us.edu.pl\/pracownik\/welcomepoint\/wp-content\/uploads\/sites\/69\/Zdjecia\/EGE3782X-700x467.jpg\" alt=\"Henryk Boryczka\" width=\"100%\" height=\"auto\" srcset=\"https:\/\/us.edu.pl\/pracownik\/welcomepoint\/wp-content\/uploads\/sites\/69\/Zdjecia\/EGE3782X-700x467.jpg 700w, https:\/\/us.edu.pl\/pracownik\/welcomepoint\/wp-content\/uploads\/sites\/69\/Zdjecia\/EGE3782X-768x512.jpg 768w, https:\/\/us.edu.pl\/pracownik\/welcomepoint\/wp-content\/uploads\/sites\/69\/Zdjecia\/EGE3782X-575x383.jpg 575w, https:\/\/us.edu.pl\/pracownik\/welcomepoint\/wp-content\/uploads\/sites\/69\/Zdjecia\/EGE3782X.jpg 900w\" sizes=\"(max-width: 700px) 100vw, 700px\" \/><\/p>\n<p style=\"font-size: small;\">Henryk Boryczka, wiceprzewodnicz\u0105cy zarz\u0105du G\u00f3rno\u015bl\u0105sko-Zag\u0142\u0119biowskiej Metropolii. Fot. Dariusz Iwa\u0144ski | materia\u0142y prasowe Metropolii GZM<\/p>\n<p>\n<\/div>\r\n                    <\/div>\r\n                <\/div>[\/vc_column_inner][\/vc_row_inner][\/vc_column][vc_column width=&#8221;1\/3&#8243;][\/vc_column][\/vc_row][vc_row][vc_column]<div class=\"container\"><div class=\"separator\" style=\"background-color: #EBEBEB\"><\/div><\/div>[\/vc_column][\/vc_row][vc_row el_class=&#8221;container&#8221;][vc_column width=&#8221;2\/3&#8243;]\r\n                <div class=\"text-modules\">\r\n                    <div class=\"container\">\r\n                        \r\n                        <div class=\"text-modules__content\"><\/p>\n<h2><strong>O Centrum Informacji Naukowej i Bibliotece Akademickiej<\/strong><\/h2>\n<p>\n<\/div>\r\n                    <\/div>\r\n                <\/div>[\/vc_column][vc_column width=&#8221;1\/3&#8243;][\/vc_column][\/vc_row][vc_row el_class=&#8221;container&#8221;][vc_column width=&#8221;2\/3&#8243;]\r\n                <div class=\"text-modules\">\r\n                    <div class=\"container\">\r\n                        \r\n                        <div class=\"text-modules__content\"><p><a href=\"https:\/\/www.ciniba.edu.pl\/\">Centrum Informacji Naukowej i Biblioteka Akademicka (CINiBA)<\/a> to wsp\u00f3lna ksi\u0105\u017cnica naukowa dw\u00f3chkatowickich uczelni: Uniwersytetu \u015al\u0105skiego i Uniwersytetu Ekonomicznego. CINiBA aktywnie w\u0142\u0105czasi\u0119 w pomoc w prace badawcze prowadzone na Uniwersytetach. Zakupy zbior\u00f3w oraz elektronicznych\u017ar\u00f3de\u0142 informacji odbywaj\u0105 si\u0119 na zam\u00f3wienie pracownik\u00f3w i student\u00f3w, kt\u00f3rzy przesy\u0142aj\u0105 informacjeo potrzebnych ksi\u0105\u017ckach i czasopismach. Pozycje niedost\u0119pne zamawiane i sprowadzane s\u0105 z innychbibliotek krajowych i zagranicznych w ramach wypo\u017cycze\u0144 mi\u0119dzybibliotecznych. CINiBA promujekorzystanie z prenumerowanych baz danych: przygotowuje i rozsy\u0142a informacje o elektronicznych\u017ar\u00f3d\u0142ach, prowadzi szkolenia, a tak\u017ce opracowuje kwerendy bibliograficzne. Pracownicy Centrums\u0142u\u017c\u0105 pomoc\u0105 w kwestiach zwi\u0105zanych z ewaluacj\u0105 dzia\u0142alno\u015bci naukowej w Polsce. CINiBAdokumentuje dorobek pracownik\u00f3w Uniwersytet\u00f3w w systemach i bazach, wspiera w korzystaniu zprogram\u00f3w publikowania otwartego, czy unikaniu czasopism i wydawnictw drapie\u017cnych. Centrumuczestniczy w konsorcjach maj\u0105cych na celu popularyzowanie dorobku pracownik\u00f3w Uniwersytet\u00f3ww skali kraju i \u015bwiata, a tak\u017ce indeksuje publikacje w mi\u0119dzynarodowych serwisach.<\/p>\n<p>\u0179r\u00f3d\u0142o: <a href=\"https:\/\/www.ciniba.edu.pl\/dla-mediow\">www.ciniba.edu.pl<\/a><\/p>\n<\/div>\r\n                    <\/div>\r\n                <\/div>[\/vc_column][vc_column width=&#8221;1\/3&#8243;]\r\n                <div class=\"text-modules\">\r\n                    <div class=\"container\">\r\n                        \r\n                        <div class=\"text-modules__content\"><p><img class=\"wp-image-2261 size-full\" src=\"https:\/\/us.edu.pl\/pracownik\/welcomepoint\/wp-content\/uploads\/sites\/69\/Zdjecia\/ciniba1_IMG_3796_fot-Julia-Agnieszka-Szymala.jpg\" alt=\"https:\/\/us.edu.pl\/wp-content\/uploads\/imagefront\/ciniba1_IMG_3796_fot-Julia-Agnieszka-Szymala.jpg\" width=\"100%\" height=\"auto\" srcset=\"https:\/\/us.edu.pl\/pracownik\/welcomepoint\/wp-content\/uploads\/sites\/69\/Zdjecia\/ciniba1_IMG_3796_fot-Julia-Agnieszka-Szymala.jpg 690w, https:\/\/us.edu.pl\/pracownik\/welcomepoint\/wp-content\/uploads\/sites\/69\/Zdjecia\/ciniba1_IMG_3796_fot-Julia-Agnieszka-Szymala-575x383.jpg 575w\" sizes=\"(max-width: 690px) 100vw, 690px\" \/><\/p>\n<p style=\"font-size: small;\">Budynek Centrum Informacji Naukowej i Biblioteki Akademickiej. Fot. Julia Agnieszka Szymala<\/p>\n<p>\n<\/div>\r\n                    <\/div>\r\n                <\/div>[\/vc_column][\/vc_row]<\/p>","protected":false},"excerpt":{"rendered":"<p>[vc_row el_class=&#8221;container&#8221;][vc_column width=&#8221;2\/3&#8243;][\/vc_column][vc_column width=&#8221;1\/3&#8243;][\/vc_column][\/vc_row][vc_row el_class=&#8221;container&#8221;][vc_column width=&#8221;2\/3&#8243;][\/vc_column][vc_column width=&#8221;1\/3&#8243;][vc_video link=&#8221;https:\/\/youtu.be\/64i8TmEUCn8&#8243;][\/vc_column][\/vc_row][vc_row][vc_column][\/vc_column][\/vc_row][vc_row el_class=&#8221;container&#8221;][vc_column width=&#8221;2\/3&#8243;][\/vc_column][vc_column width=&#8221;1\/3&#8243;][\/vc_column][\/vc_row][vc_row el_class=&#8221;container&#8221;][vc_column width=&#8221;2\/3&#8243;][vc_row_inner][vc_column_inner width=&#8221;1\/2&#8243;][\/vc_column_inner][vc_column_inner width=&#8221;1\/2&#8243;][\/vc_column_inner][\/vc_row_inner][\/vc_column][vc_column width=&#8221;1\/3&#8243;][\/vc_column][\/vc_row][vc_row][vc_column][\/vc_column][\/vc_row][vc_row el_class=&#8221;container&#8221;][vc_column width=&#8221;2\/3&#8243;][\/vc_column][vc_column width=&#8221;1\/3&#8243;][\/vc_column][\/vc_row][vc_row el_class=&#8221;container&#8221;][vc_column width=&#8221;2\/3&#8243;][\/vc_column][vc_column width=&#8221;1\/3&#8243;][\/vc_column][\/vc_row] [&#8230;]<\/p>\n<p><a class=\"btn btn-secondary understrap-read-more-link\" href=\"https:\/\/us.edu.pl\/pracownik\/welcomepoint\/virtual-job-fair-2023\/dlaczego-us\/\">Read More&#8230;<\/a><\/p>\n","protected":false},"author":139,"featured_media":0,"parent":2185,"menu_order":0,"comment_status":"closed","ping_status":"closed","template":"","meta":{"_expiration-date-status":"","_expiration-date":0,"_expiration-date-type":"","_expiration-date-categories":[],"_expiration-date-options":[]},"acf":[],"_links":{"self":[{"href":"https:\/\/us.edu.pl\/pracownik\/welcomepoint\/wp-json\/wp\/v2\/pages\/2245"}],"collection":[{"href":"https:\/\/us.edu.pl\/pracownik\/welcomepoint\/wp-json\/wp\/v2\/pages"}],"about":[{"href":"https:\/\/us.edu.pl\/pracownik\/welcomepoint\/wp-json\/wp\/v2\/types\/page"}],"author":[{"embeddable":true,"href":"https:\/\/us.edu.pl\/pracownik\/welcomepoint\/wp-json\/wp\/v2\/users\/139"}],"replies":[{"embeddable":true,"href":"https:\/\/us.edu.pl\/pracownik\/welcomepoint\/wp-json\/wp\/v2\/comments?post=2245"}],"version-history":[{"count":9,"href":"https:\/\/us.edu.pl\/pracownik\/welcomepoint\/wp-json\/wp\/v2\/pages\/2245\/revisions"}],"predecessor-version":[{"id":2379,"href":"https:\/\/us.edu.pl\/pracownik\/welcomepoint\/wp-json\/wp\/v2\/pages\/2245\/revisions\/2379"}],"up":[{"embeddable":true,"href":"https:\/\/us.edu.pl\/pracownik\/welcomepoint\/wp-json\/wp\/v2\/pages\/2185"}],"wp:attachment":[{"href":"https:\/\/us.edu.pl\/pracownik\/welcomepoint\/wp-json\/wp\/v2\/media?parent=2245"}],"curies":[{"name":"wp","href":"https:\/\/api.w.org\/{rel}","templated":true}]}}