{"id":13495,"date":"2021-04-08T12:10:46","date_gmt":"2021-04-08T10:10:46","guid":{"rendered":"https:\/\/us.edu.pl\/pracownik\/?page_id=13495"},"modified":"2025-01-08T16:31:49","modified_gmt":"2025-01-08T15:31:49","slug":"ankieta-oceny-pracy-dydaktycznej-nauczyciela-akademickiego","status":"publish","type":"page","link":"https:\/\/us.edu.pl\/pracownik\/sprawy-dydaktyczne\/pion-ksztalcenia\/jakosc-ksztalcenia\/narzedzia-monitorowania-jakosci-ksztalcenia\/ankieta-oceny-pracy-dydaktycznej-nauczyciela-akademickiego\/","title":{"rendered":"Ankieta oceny pracy dydaktycznej nauczyciela akademickiego"},"content":{"rendered":"<p>[vc_row][vc_column][\/vc_column][\/vc_row][vc_row][vc_column]\r\n                <div class=\"text-modules\">\r\n                    <div class=\"container\">\r\n                        <h3 class=\"page-title text__title\">Ankieta oceny pracy nauczyciela akademickiego<\/h3>\r\n                        <div class=\"text-modules__content\"><p>Nowa ankieta oceny pracy nauczyciela akademickiego zosta\u0142a wprowadzona <em>zarz\u0105dzeniem nr 3 Rektora Uniwersytetu \u015al\u0105skiego w Katowicach z dnia 14 stycznia 2022 r. w sprawie ankiety oceny pracy nauczyciela akademickiego<\/em>, w miejsce wcze\u015bniejszych ankiet oceny zaj\u0119\u0107 dydaktycznych, kt\u00f3re wykorzystywano w latach 2009-2015 oraz 2015-2021. S\u0142u\u017cy ona do pozyskiwania opinii student\u00f3w i doktorant\u00f3w na temat wype\u0142niania obowi\u0105zk\u00f3w dydaktycznych przez nauczycieli akademickich w Uniwersytecie \u015al\u0105skim w Katowicach.<\/p>\n<ul>\n<li><a href=\"https:\/\/aktyprawne.us.edu.pl\/d\/5441\/5\/?tc=17\" target=\"_blank\" rel=\"noopener noreferrer\"><strong>Zarz\u0105dzenie wraz ze wzorem kwestionariusza ankiety w j\u0119zyku polskim i angielskim<\/strong><\/a><\/li>\n<\/ul>\n<p>Indywidualne wyniki ankiety udost\u0119pniane s\u0105 nauczycielom akademickim za po\u015brednictwem Portalu Pracownika po zalogowaniu. Dodatkowo dost\u0119p do wynik\u00f3w posiadaj\u0105 dziekani, dyrektorzy kierunk\u00f3w oraz osoby i organy odpowiedzialne za zapewnianie jako\u015bci kszta\u0142cenia w jednostce, w kt\u00f3rej osoba oceniana jest zatrudniona lub w kt\u00f3rej realizowa\u0142a zaj\u0119cia.<\/p>\n<ul>\n<li><a href=\"https:\/\/pp.us.edu.pl\/\" target=\"_blank\" rel=\"noopener noreferrer\"><strong>dost\u0119p do wynik\u00f3w ankiet dla nauczycieli akademickich po zalogowaniu w Portalu Pracownika<\/strong><\/a><\/li>\n<\/ul>\n<p>Ankieta jest anonimowa, a udzia\u0142 student\u00f3w i doktorant\u00f3w w badaniach jest dobrowolny.<\/p>\n<p>Ankieta mo\u017ce zosta\u0107 przeprowadzona tradycyjnie za pomoc\u0105 drukowanych kwestionariuszy ankiet lub elektronicznie za po\u015brednictwem systemu USOSweb.<\/p>\n<p>Badanie ankietowe dotycz\u0105ce ka\u017cdego nauczyciela akademickiego przeprowadza si\u0119 przynajmniej raz w roku w ramach zaj\u0119\u0107 z co najmniej jednego modu\u0142u realizowanego przez danego nauczyciela.<\/p>\n<p>Statystyczne zbiorcze opracowanie wynik\u00f3w ankiet jest podawane do wiadomo\u015bci spo\u0142eczno\u015bci akademickiej Uniwersytetu \u015al\u0105skiego w Katowicach. Od roku akad. 2021\/2022 wyniki ankiet publikowane s\u0105 w dorocznych raportach z oceny jako\u015bci kszta\u0142cenia w Uniwersytecie \u015al\u0105skim dost\u0119pnych na <a href=\"https:\/\/us.edu.pl\/pracownik\/sprawy-dydaktyczne\/pion-ksztalcenia\/jakosc-ksztalcenia\/raport-jakosci-ksztalcenia\/\">stronie WWW<\/a>. Opracowanie to nie mo\u017ce narusza\u0107 przepis\u00f3w o ochronie danych osobowych.<\/p>\n<p>W celu analizy wynik\u00f3w w Portalu Pracownika dziekanom i dyrektorom kierunk\u00f3w zosta\u0142 udost\u0119pniony raport <strong>&#8222;Ankiety oceny: wyniki&#8221;<\/strong> (wyniki zbiorcze).<\/p>\n<p><strong>Archiwalne zbiorcze statystyczne wyniki ankiety z lat 2014\/15-2020\/21 realizowanej w oparciu o zarz\u0105dzenia JM Rektora U\u015a <a href=\"https:\/\/aktyprawne.us.edu.pl\/d\/978\/5\/\">nr 85\/2015<\/a> i <a href=\"https:\/\/aktyprawne.us.edu.pl\/d\/145\/5\/\">nr 37\/2020<\/a>.<\/strong><\/p>\n<ul>\n<li><a href=\"https:\/\/us.edu.pl\/pracownik\/wp-content\/uploads\/sites\/2\/Editor\/sprawy-dydatktyczne\/jakosc-ksztalcenia\/Ankieta_Wyniki_ROK_AKADEMICKI_2020-21.xlsx\" class=\"mtli_attachment mtli_xlsx\" data-mtli=\"mtli_filesize13,20kB\" class=\"mtli_attachment mtli_xlsx\" data-mtli=\"mtli_filesize13,20kB\">Rok akademicki 2020\/2021<\/a><\/li>\n<li><a href=\"https:\/\/us.edu.pl\/pracownik\/wp-content\/uploads\/sites\/2\/Editor\/sprawy-dydatktyczne\/jako\u015b\u0107-kszta\u0142cenia\/Ankieta_Wyniki_ROK_AKADEMICKI_2019-20.xlsx\" class=\"mtli_attachment mtli_xlsx\" data-mtli=\"mtli_filesize12,05kB\" class=\"mtli_attachment mtli_xlsx\" data-mtli=\"mtli_filesize12,05kB\">Rok akademicki 2019\/2020<\/a><\/li>\n<li><a href=\"https:\/\/us.edu.pl\/pracownik\/wp-content\/uploads\/sites\/2\/Editor\/sprawy-dydatktyczne\/jako\u015b\u0107-kszta\u0142cenia\/Ankieta_Wyniki_ROK_AKADEMICKI_2018-19.xlsx\" class=\"mtli_attachment mtli_xlsx\" data-mtli=\"mtli_filesize16,46kB\" class=\"mtli_attachment mtli_xlsx\" data-mtli=\"mtli_filesize16,46kB\" target=\"_blank\" rel=\"noopener noreferrer\">Rok akademicki 2018\/2019<\/a><\/li>\n<li><a href=\"https:\/\/us.edu.pl\/pracownik\/wp-content\/uploads\/sites\/2\/Editor\/sprawy-dydatktyczne\/jako\u015b\u0107-kszta\u0142cenia\/Ankieta_Wyniki_ROK_AKADEMICKI_2017-18.xlsx\" class=\"mtli_attachment mtli_xlsx\" data-mtli=\"mtli_filesize16,93kB\" class=\"mtli_attachment mtli_xlsx\" data-mtli=\"mtli_filesize16,93kB\" target=\"_blank\" rel=\"noopener noreferrer\">Rok akademicki 2017\/2018<\/a><\/li>\n<li><a href=\"https:\/\/us.edu.pl\/pracownik\/wp-content\/uploads\/sites\/2\/Editor\/sprawy-dydatktyczne\/jako\u015b\u0107-kszta\u0142cenia\/Ankieta_Wyniki_ROK_AKADEMICKI_2016-17.xlsx\" class=\"mtli_attachment mtli_xlsx\" data-mtli=\"mtli_filesize13,19kB\" class=\"mtli_attachment mtli_xlsx\" data-mtli=\"mtli_filesize13,19kB\" target=\"_blank\" rel=\"noopener noreferrer\">Rok akademicki 2016\/2017<\/a><\/li>\n<li><a href=\"https:\/\/us.edu.pl\/pracownik\/wp-content\/uploads\/sites\/2\/Editor\/sprawy-dydatktyczne\/jako\u015b\u0107-kszta\u0142cenia\/wyniki_ankiety_2015_2016_ca\u0142o\u015b\u0107.xlsx\" class=\"mtli_attachment mtli_xlsx\" data-mtli=\"mtli_filesize14,09kB\" class=\"mtli_attachment mtli_xlsx\" data-mtli=\"mtli_filesize14,09kB\" target=\"_blank\" rel=\"noopener noreferrer\">Rok akademicki 2015\/2016<\/a><\/li>\n<li><a href=\"https:\/\/us.edu.pl\/pracownik\/wp-content\/uploads\/sites\/2\/Editor\/sprawy-dydatktyczne\/jako\u015b\u0107-kszta\u0142cenia\/wyniki_ankiety_sem_letni_2014_2015.xlsx\" class=\"mtli_attachment mtli_xlsx\" data-mtli=\"mtli_filesize13,81kB\" class=\"mtli_attachment mtli_xlsx\" data-mtli=\"mtli_filesize13,81kB\" target=\"_blank\" rel=\"noopener noreferrer\">Rok akademicki 2014\/2015<\/a> (ankieta zosta\u0142a wprowadzona od semestru letniego i jego dotycz\u0105 wyniki)<\/li>\n<\/ul>\n<p>\n<style type=\"text\/css\">a[data-mtli~=\"mtli_filesize13,20kB\"]:after {content:\" (13,20 kB)\"}a[data-mtli~=\"mtli_filesize12,05kB\"]:after {content:\" (12,05 kB)\"}a[data-mtli~=\"mtli_filesize16,46kB\"]:after {content:\" (16,46 kB)\"}a[data-mtli~=\"mtli_filesize16,93kB\"]:after {content:\" (16,93 kB)\"}a[data-mtli~=\"mtli_filesize13,19kB\"]:after {content:\" (13,19 kB)\"}a[data-mtli~=\"mtli_filesize14,09kB\"]:after {content:\" (14,09 kB)\"}a[data-mtli~=\"mtli_filesize13,81kB\"]:after {content:\" (13,81 kB)\"}<\/style><\/div>\r\n                    <\/div>\r\n                <\/div>[\/vc_column][\/vc_row]<\/p>\n<style type=\"text\/css\">a[data-mtli~=\"mtli_filesize13,20kB\"]:after {content:\" (13,20 kB)\"}a[data-mtli~=\"mtli_filesize12,05kB\"]:after {content:\" (12,05 kB)\"}a[data-mtli~=\"mtli_filesize16,46kB\"]:after {content:\" (16,46 kB)\"}a[data-mtli~=\"mtli_filesize16,93kB\"]:after {content:\" (16,93 kB)\"}a[data-mtli~=\"mtli_filesize13,19kB\"]:after {content:\" (13,19 kB)\"}a[data-mtli~=\"mtli_filesize14,09kB\"]:after {content:\" (14,09 kB)\"}a[data-mtli~=\"mtli_filesize13,81kB\"]:after {content:\" (13,81 kB)\"}<\/style>","protected":false},"excerpt":{"rendered":"<p>[vc_row][vc_column][\/vc_column][\/vc_row][vc_row][vc_column][\/vc_column][\/vc_row] [&#8230;]<\/p>\n<p><a class=\"btn btn-secondary understrap-read-more-link\" href=\"https:\/\/us.edu.pl\/pracownik\/sprawy-dydaktyczne\/pion-ksztalcenia\/jakosc-ksztalcenia\/narzedzia-monitorowania-jakosci-ksztalcenia\/ankieta-oceny-pracy-dydaktycznej-nauczyciela-akademickiego\/\">Read More&#8230;<\/a><\/p>\n","protected":false},"author":41,"featured_media":0,"parent":13493,"menu_order":418,"comment_status":"closed","ping_status":"closed","template":"page-templates\/inner-page.php","meta":{"_expiration-date-status":"saved","_expiration-date":0,"_expiration-date-type":"","_expiration-date-categories":[],"_expiration-date-options":[]},"acf":[],"_links":{"self":[{"href":"https:\/\/us.edu.pl\/pracownik\/wp-json\/wp\/v2\/pages\/13495"}],"collection":[{"href":"https:\/\/us.edu.pl\/pracownik\/wp-json\/wp\/v2\/pages"}],"about":[{"href":"https:\/\/us.edu.pl\/pracownik\/wp-json\/wp\/v2\/types\/page"}],"author":[{"embeddable":true,"href":"https:\/\/us.edu.pl\/pracownik\/wp-json\/wp\/v2\/users\/41"}],"replies":[{"embeddable":true,"href":"https:\/\/us.edu.pl\/pracownik\/wp-json\/wp\/v2\/comments?post=13495"}],"version-history":[{"count":10,"href":"https:\/\/us.edu.pl\/pracownik\/wp-json\/wp\/v2\/pages\/13495\/revisions"}],"predecessor-version":[{"id":31094,"href":"https:\/\/us.edu.pl\/pracownik\/wp-json\/wp\/v2\/pages\/13495\/revisions\/31094"}],"up":[{"embeddable":true,"href":"https:\/\/us.edu.pl\/pracownik\/wp-json\/wp\/v2\/pages\/13493"}],"wp:attachment":[{"href":"https:\/\/us.edu.pl\/pracownik\/wp-json\/wp\/v2\/media?parent=13495"}],"curies":[{"name":"wp","href":"https:\/\/api.w.org\/{rel}","templated":true}]}}