{"id":9464,"date":"2020-09-21T15:32:19","date_gmt":"2020-09-21T13:32:19","guid":{"rendered":"https:\/\/us.edu.pl\/pracownik\/?page_id=9464"},"modified":"2024-08-20T14:43:49","modified_gmt":"2024-08-20T12:43:49","slug":"adaptacja-zawodowa","status":"publish","type":"page","link":"https:\/\/us.edu.pl\/pracownik\/adaptacja-zawodowa\/","title":{"rendered":"Adaptacja zawodowa"},"content":{"rendered":"<p>[vc_row el_class=&#8221;container&#8221;][vc_column][\/vc_column][\/vc_row][vc_row el_class=&#8221;container&#8221;][vc_column]\r\n                <div class=\"text-modules\">\r\n                    <div class=\"container\">\r\n                        <h3 class=\"page-title text__title\">adaptacja zawodowa<\/h3>\r\n                        <div class=\"text-modules__content\"><p><span data-contrast=\"none\">Szanowni Pa\u0144stwo,<\/span><span data-contrast=\"none\">\u00a0<\/span><br \/>\n<span data-contrast=\"none\">przygotowali\u015bmy dla\u00a0<\/span><span data-contrast=\"none\">Was\u00a0<\/span><span data-contrast=\"none\">przestrze\u0144 zawieraj\u0105c\u0105 kompendium wiedzy niezb\u0119dnej w procesie wdro\u017cenia na stanowiska pracy<\/span><span data-contrast=\"none\">\u00a0<\/span><span data-contrast=\"none\">&#8211;<\/span><span data-contrast=\"none\">\u00a0\u015bcie\u017ck\u0119 adaptacji zawodowej<\/span><span data-contrast=\"none\">\u00a0w Uniwersytecie \u015al\u0105skim w Katowicach. Chcieliby\u015bmy, aby ka\u017cda nowo zatrudniona osoba, bez wzgl\u0119du na swoje do\u015bwiadczenie, sta\u017c pracy czy stanowisko poczu\u0142a, \u017ce w Uniwersytecie \u015al\u0105skim jest cz\u0119\u015bci\u0105 zespo\u0142u \u2013 tworzonego przez przedstawicieli wszystkich grup pracowniczych \u2013 kt\u00f3ry wsp\u00f3\u0142pracuje w d\u0105\u017ceniu do osi\u0105gni\u0119cia wsp\u00f3lnych cel\u00f3w.<\/span><br \/>\n<span data-contrast=\"none\">Zawarte na stronie materia\u0142y s\u0105<\/span><span data-contrast=\"none\">\u00a0skierowane zar\u00f3wno do\u00a0<\/span><span data-contrast=\"none\">adept\u00f3w<\/span><span data-contrast=\"none\">\u00a0(strefa nowo zatrudnionych)<\/span><span data-contrast=\"none\">, jak i do pracownik\u00f3w U\u015a, kt\u00f3rzy w najwi\u0119kszym stopniu wp\u0142ywa\u0107 b\u0119d\u0105 na przebieg procesu adaptacji \u201enowicjuszy\u201d<\/span><span data-contrast=\"none\">\u00a0<\/span><span data-contrast=\"none\">(strefa realizator\u00f3w adaptacji)<\/span><span data-contrast=\"none\">. Mamy nadziej\u0119, \u017ce przygotowane tre\u015bci oka\u017c\u0105 si\u0119 dla Pa\u0144stwa pomocne w tych pierwszych, kluczowych miesi\u0105cach zatrudnienia.\u202f<\/span><\/p>\n<p><i><span data-contrast=\"none\">Z \u017cyczeniami wielu sukces\u00f3w\u00a0<\/span><\/i><br \/>\n<span data-contrast=\"none\">Dzia\u0142 HR<\/span><span data-contrast=\"none\">\u00a0<\/span><span data-ccp-props=\"{&quot;134233279&quot;:true,&quot;201341983&quot;:0,&quot;335551550&quot;:1,&quot;335551620&quot;:1,&quot;335559731&quot;:709,&quot;335559739&quot;:0,&quot;335559740&quot;:360}\">\u00a0<\/span><\/p>\n<p class=\"paragraph\"><span class=\"TextRun SCXW49268616 BCX0\" lang=\"PL-PL\" xml:lang=\"PL-PL\" data-contrast=\"none\"><span class=\"NormalTextRun SCXW49268616 BCX0\">Bardzo ch\u0119tnie poznamy Pa\u0144stwa opinie\u202fo strefie adaptacji zawodowej \u2013 uwagi prosimy kierowa\u0107 na adres mailowy Dzia\u0142u HR.<\/span><\/span><span class=\"EOP SCXW49268616 BCX0\" data-ccp-props=\"{&quot;134233279&quot;:true,&quot;201341983&quot;:0,&quot;335551550&quot;:1,&quot;335551620&quot;:1,&quot;335559731&quot;:709,&quot;335559739&quot;:0,&quot;335559740&quot;:360}\">\u00a0<\/span><\/p>\n<p>\n<\/div>\r\n                    <\/div>\r\n                <\/div>[\/vc_column][\/vc_row][vc_row el_class=&#8221;container&#8221;][vc_column width=&#8221;1\/2&#8243;]\r\n                <div class=\"tiles-section\" style=\"background: \">\r\n                    <div class=\"container\">\r\n                        <h3 class=\"page-title\"><\/h3>\r\n                        <div class=\"tiles tiles-2\">\r\n                            <a href=\"https:\/\/us.edu.pl\/pracownik\/adaptacja-zawodowa\/strefa-realizatorow\/\" class=\"tile tile_double justify-content-center\" style=\"background-color: #EBEBEB; font-weight: ; color: #002E5A;  \">\r\n                                \r\n                                   \r\n                               \r\n                                <div class=\"tile__name\">strefa realizator\u00f3w \u015bcie\u017cki adaptacji<\/div>\r\n                            <\/a><\/div>\r\n                    <\/div>\r\n                <\/div>[\/vc_column][vc_column width=&#8221;1\/2&#8243;]\r\n                <div class=\"tiles-section\" style=\"background: \">\r\n                    <div class=\"container\">\r\n                        <h3 class=\"page-title\"><\/h3>\r\n                        <div class=\"tiles tiles-2\">\r\n                            <a href=\"https:\/\/us.edu.pl\/pracownik\/adaptacja-zawodowa\/strefa-nowo-zatrudnionych\/\" class=\"tile tile_double justify-content-center\" style=\"background-color: #002E5A; font-weight: ; color: #ffffff;  \">\r\n                                \r\n                                   \r\n                               \r\n                                <div class=\"tile__name\">strefa nowo zatrudnionych<\/div>\r\n                            <\/a><\/div>\r\n                    <\/div>\r\n                <\/div>[\/vc_column][\/vc_row]<\/p>","protected":false},"excerpt":{"rendered":"<p>[vc_row el_class=&#8221;container&#8221;][vc_column][\/vc_column][\/vc_row][vc_row el_class=&#8221;container&#8221;][vc_column][\/vc_column][\/vc_row][vc_row el_class=&#8221;container&#8221;][vc_column width=&#8221;1\/2&#8243;][\/vc_column][vc_column width=&#8221;1\/2&#8243;][\/vc_column][\/vc_row] [&#8230;]<\/p>\n<p><a class=\"btn btn-secondary understrap-read-more-link\" href=\"https:\/\/us.edu.pl\/pracownik\/adaptacja-zawodowa\/\">Read More&#8230;<\/a><\/p>\n","protected":false},"author":41,"featured_media":0,"parent":0,"menu_order":199,"comment_status":"closed","ping_status":"closed","template":"page-templates\/page-with-sidebar-and-bookmarks.php","meta":{"_expiration-date-status":"","_expiration-date":0,"_expiration-date-type":"","_expiration-date-categories":[],"_expiration-date-options":[]},"acf":[],"_links":{"self":[{"href":"https:\/\/us.edu.pl\/pracownik\/wp-json\/wp\/v2\/pages\/9464"}],"collection":[{"href":"https:\/\/us.edu.pl\/pracownik\/wp-json\/wp\/v2\/pages"}],"about":[{"href":"https:\/\/us.edu.pl\/pracownik\/wp-json\/wp\/v2\/types\/page"}],"author":[{"embeddable":true,"href":"https:\/\/us.edu.pl\/pracownik\/wp-json\/wp\/v2\/users\/41"}],"replies":[{"embeddable":true,"href":"https:\/\/us.edu.pl\/pracownik\/wp-json\/wp\/v2\/comments?post=9464"}],"version-history":[{"count":11,"href":"https:\/\/us.edu.pl\/pracownik\/wp-json\/wp\/v2\/pages\/9464\/revisions"}],"predecessor-version":[{"id":26552,"href":"https:\/\/us.edu.pl\/pracownik\/wp-json\/wp\/v2\/pages\/9464\/revisions\/26552"}],"wp:attachment":[{"href":"https:\/\/us.edu.pl\/pracownik\/wp-json\/wp\/v2\/media?parent=9464"}],"curies":[{"name":"wp","href":"https:\/\/api.w.org\/{rel}","templated":true}]}}