{"id":27737,"date":"2021-02-08T11:22:07","date_gmt":"2021-02-08T10:22:07","guid":{"rendered":"https:\/\/us.edu.pl\/student\/?post_type=event&#038;p=27737"},"modified":"2021-02-08T11:22:07","modified_gmt":"2021-02-08T10:22:07","slug":"online-druga-edycja-konferencji-dimensions-of-business-language-and-culture-wymiary-jezyka-i-kultury-biznesu","status":"publish","type":"event","link":"https:\/\/us.edu.pl\/student\/event\/online-druga-edycja-konferencji-dimensions-of-business-language-and-culture-wymiary-jezyka-i-kultury-biznesu\/","title":{"rendered":"[ONLINE] Druga edycja konferencji Dimensions of Business Language and Culture \/ Wymiary J\u0119zyka i Kultury Biznesu"},"content":{"rendered":"<p><\/p>\n<p style=\"text-align: left\"><span style=\"font-size: 12pt\">Wydzia\u0142 Humanistyczny Uniwersytetu \u015al\u0105skiego zaprasza do udzia\u0142u w drugiej edycji konferencji <strong>Dimensions of Business Language and Culture \/ Wymiary J\u0119zyka i Kultury Biznesu<\/strong> (DOBLAC 2021), kt\u00f3ra odb\u0119dzie si\u0119 w formie online w dniach <strong>15\u201316 kwietnia 2021 r.<\/strong><\/span><\/p>\n<p style=\"text-align: left\"><span style=\"font-size: 12pt\">Celem konferencji jest prezentacja oraz dyskusja dotycz\u0105ca wynik\u00f3w bada\u0144 w zakresie szeroko rozumianej kultury i j\u0119zyka biznesu z punktu widzenia r\u00f3\u017cnych dyscyplin naukowych \u2013 zar\u00f3wno j\u0119zykoznawstwa, jak i kulturoznawstwa, socjologii, psychologii oraz innych dziedzin zajmuj\u0105cych si\u0119 tak\u0105 tematyk\u0105.<\/span><\/p>\n<p style=\"text-align: left\"><span style=\"font-size: 12pt\">Tematem przewodnim b\u0119d\u0105 warto\u015bci, kt\u00f3re wp\u0142ywaj\u0105 na kszta\u0142t komunikacji w biznesie.<\/span><\/p>\n<p style=\"text-align: left\"><span style=\"font-size: 12pt\">Dyskusja b\u0119dzie obejmowa\u0142a nast\u0119puj\u0105ce zagadnienia:<\/span><\/p>\n<ul>\n<li><span style=\"font-size: 12pt\">gatunki j\u0119zyka biznesu,<\/span><\/li>\n<li><span style=\"font-size: 12pt\">werbalna, niewerbalna i parawerbalna komunikacja w biznesie,<\/span><\/li>\n<li><span style=\"font-size: 12pt\">kulturowe oraz j\u0119zykowe aspekty kontrakt\u00f3w, spotka\u0144, negocjacji, prezentacji biznesowych, marketingu i reklamy,<\/span><\/li>\n<li><span style=\"font-size: 12pt\">etyka w biznesie,<\/span><\/li>\n<li><span style=\"font-size: 12pt\">biznes i stereotypy,<\/span><\/li>\n<li><span style=\"font-size: 12pt\">typologia kultur,<\/span><\/li>\n<li><span style=\"font-size: 12pt\">management,<\/span><\/li>\n<li><span style=\"font-size: 12pt\">kulturowe i j\u0119zykowe aspekty public relations, rekrutacji i pracy w grupie,<\/span><\/li>\n<li><span style=\"font-size: 12pt\">rola humoru w biznesie,<\/span><\/li>\n<li><span style=\"font-size: 12pt\">biznes a religia,<\/span><\/li>\n<li><span style=\"font-size: 12pt\">kultury korporacyjne,<\/span><\/li>\n<li><span style=\"font-size: 12pt\">zarz\u0105dzanie konfliktem w biznesie,<\/span><\/li>\n<li><span style=\"font-size: 12pt\">szok kulturowy,<\/span><\/li>\n<li><span style=\"font-size: 12pt\">dydaktyka j\u0119zyka biznesu.<\/span><\/li>\n<\/ul>\n<p style=\"text-align: left\"><span style=\"font-size: 12pt\">Ka\u017cdy prelegent b\u0119dzie mia\u0142 30 minut na swoje wyst\u0105pienia (20 minut na prezentacj\u0119 i 10 minut na dyskusj\u0119).<\/span><\/p>\n<p style=\"text-align: left\"><span style=\"font-size: 12pt\">Ka\u017cdy uczestnik otrzyma certyfikat uczestnictwa.<\/span><\/p>\n<p style=\"text-align: left\"><span style=\"font-size: 12pt\">J\u0119zykami konferencji s\u0105 angielski i polski.<\/span><\/p>\n<p style=\"text-align: left\"><span style=\"font-size: 12pt\">Zapraszamy r\u00f3wnie\u017c uczestnik\u00f3w bez referat\u00f3w.<\/span><\/p>\n<ul>\n<li style=\"text-align: left\"><span style=\"font-size: 12pt\">Termin zg\u0142aszania abstrakt\u00f3w:\u00a0<strong>15 lutego 2021<\/strong>.<\/span><\/li>\n<li style=\"text-align: left\"><span style=\"font-size: 12pt\">Rejestracja:\u00a0<strong>15 lutego 2021<\/strong>.<\/span><\/li>\n<li style=\"text-align: left\"><span style=\"font-size: 12pt\">Potwierdzenie przyj\u0119cia:\u00a0<strong>22 lutego 2021<\/strong>.<\/span><\/li>\n<li style=\"text-align: left\"><span style=\"font-size: 12pt\">Op\u0142ata:\u00a0<strong>26 lutego 2021<\/strong>.<\/span><\/li>\n<li style=\"text-align: left\"><span style=\"font-size: 12pt\">Konferencja:\u00a0<strong>15 i 16 kwietnia 2021<\/strong>\u200b.<\/span><\/li>\n<li style=\"text-align: left\"><span style=\"font-size: 12pt\">Uczestnictwo z referatem: 200 z\u0142, uczestnictwo bez referatu: 100 z\u0142.<\/span><\/li>\n<\/ul>\n<p style=\"text-align: left\"><span style=\"font-size: 12pt\">Wi\u0119cej informacji na stronie:\u00a0<a href=\"https:\/\/doblacwebpageeng.wixsite.com\/doblac2020\">https:\/\/doblacwebpageeng.wixsite.com\/doblac2020.<\/a><\/span><\/p>\n<p style=\"text-align: left\"><span style=\"font-size: 12pt\">W razie dalszych pyta\u0144 zapraszamy do kontaktu z organizatorami pod adresem:\u00a0<a href=\"mailto:doblac@us.edu.pl\">doblac@us.edu.pl.<\/a><\/span><\/p>\n<p><\/p>","protected":false},"excerpt":{"rendered":"<p>Wydzia\u0142 Humanistyczny Uniwersytetu \u015al\u0105skiego zaprasza do udzia\u0142u w drugiej edycji konferencji Dimensions of Business Language and Culture \/ Wymiary J\u0119zyka i Kultury Biznesu (DOBLAC 2021), kt\u00f3ra odb\u0119dzie si\u0119 w formie online w dniach 15\u201316 kwietnia 2021 r. Celem konferencji jest prezentacja oraz dyskusja dotycz\u0105ca wynik\u00f3w bada\u0144 w zakresie szeroko rozumianej kultury i j\u0119zyka biznesu z [&#8230;]<\/p>\n<p><a class=\"btn btn-secondary understrap-read-more-link\" href=\"https:\/\/us.edu.pl\/student\/event\/online-druga-edycja-konferencji-dimensions-of-business-language-and-culture-wymiary-jezyka-i-kultury-biznesu\/\">Read More&#8230;<\/a><\/p>\n","protected":false},"author":187,"featured_media":27738,"template":"","meta":{"_expiration-date-status":"saved","_expiration-date":0,"_expiration-date-type":"","_expiration-date-categories":[],"_expiration-date-options":[]},"acf":[],"_links":{"self":[{"href":"https:\/\/us.edu.pl\/student\/wp-json\/wp\/v2\/event\/27737"}],"collection":[{"href":"https:\/\/us.edu.pl\/student\/wp-json\/wp\/v2\/event"}],"about":[{"href":"https:\/\/us.edu.pl\/student\/wp-json\/wp\/v2\/types\/event"}],"author":[{"embeddable":true,"href":"https:\/\/us.edu.pl\/student\/wp-json\/wp\/v2\/users\/187"}],"version-history":[{"count":0,"href":"https:\/\/us.edu.pl\/student\/wp-json\/wp\/v2\/event\/27737\/revisions"}],"wp:featuredmedia":[{"embeddable":true,"href":"https:\/\/us.edu.pl\/student\/wp-json\/wp\/v2\/media\/27738"}],"wp:attachment":[{"href":"https:\/\/us.edu.pl\/student\/wp-json\/wp\/v2\/media?parent=27737"}],"curies":[{"name":"wp","href":"https:\/\/api.w.org\/{rel}","templated":true}]}}