{"id":28191,"date":"2021-03-03T16:33:42","date_gmt":"2021-03-03T15:33:42","guid":{"rendered":"https:\/\/us.edu.pl\/student\/?post_type=event&#038;p=28191"},"modified":"2021-03-03T16:33:42","modified_gmt":"2021-03-03T15:33:42","slug":"erich-maria-remarque-czytany-wspolczesnie-w-50-rocznice-smierci-pisarza-konferencja","status":"publish","type":"event","link":"https:\/\/us.edu.pl\/student\/event\/erich-maria-remarque-czytany-wspolczesnie-w-50-rocznice-smierci-pisarza-konferencja\/","title":{"rendered":"Erich Maria Remarque czytany wsp\u00f3\u0142cze\u015bnie. W 50. rocznic\u0119 \u015bmierci pisarza \u2013 konferencja"},"content":{"rendered":"<p><\/p>\n<p style=\"text-align: left\"><span style=\"font-size: 12pt\"><strong>Miejsce:<\/strong>\u00a0<a href=\"https:\/\/www.ciniba.edu.pl\/\">Centrum Informacji Naukowej i Biblioteka Akademicka w Katowicach<\/a><\/span><\/p>\n<p style=\"text-align: left\"><span style=\"font-size: 12pt\"><strong>Organizatorzy:<\/strong>\u00a0<a href=\"https:\/\/us.edu.pl\/instytut\/il\">Instytut Literaturoznawstwa<\/a>,\u00a0Erich Maria Remarque-Friedenszentrum \/ Universit\u00e4t Osnabr\u00fcck<\/span><\/p>\n<p style=\"text-align: left\"><span style=\"font-size: 12pt\"><strong>Opis:<\/strong> Mi\u0119dzynarodowa konferencja naukowa wraz z wystaw\u0105 towarzysz\u0105c\u0105 b\u0119d\u0105 po\u015bwi\u0119cone \u017cyciu i tw\u00f3rczo\u015bci Ericha Marii Remarque\u2019a (1898\u20131970). Czytelnikom r\u00f3\u017cnych pokole\u0144 na ca\u0142ym \u015bwiecie Remarque pozostaje znany przede wszystkim jako autor bestsellerowej powie\u015bci pt. <em>Na Zachodzie bez zmian<\/em>. Dzi\u0119ki milionowi sprzedanych egzemplarzy dzie\u0142a w ci\u0105gu zaledwie szesnastu miesi\u0119cy pochodz\u0105cy z Osnabr\u00fcck pisarz znalaz\u0142 si\u0119 w gronie najpopularniejszych niemieckich autor\u00f3w wszech czas\u00f3w. Dzi\u015b, pomimo wielu przemian spo\u0142ecznych i politycznych, tematy podejmowane przez Remarque\u2019a zdaj\u0105 si\u0119 bardziej aktualne ni\u017c kiedykolwiek wcze\u015bniej: migracja, ucieczka, to\u017csamo\u015b\u0107, opresja, empatia, pacyfizm, cywilizacja, humanitaryzm\u2026 W pi\u0119\u0107dziesi\u0105t\u0105 rocznic\u0119 \u015bmierci pisarza te i inne aspekty rzucaj\u0105 nowe \u015bwiat\u0142o na jego tw\u00f3rczo\u015b\u0107, w szczeg\u00f3lno\u015bci w odniesieniu do wsp\u00f3\u0142czesnej recepcji Remarque\u2019a w r\u00f3\u017cnych kontekstach kulturowych i politycznych. Tematy przewodnie konferencji to mi\u0119dzy innymi: tw\u00f3rczo\u015b\u0107 Remarque\u2019a z punktu widzenia wsp\u00f3\u0142czesnych teorii kulturoznawczych, wsp\u00f3\u0142czesna recepcja utwor\u00f3w Remarque\u2019a w r\u00f3\u017cnych mediach, humanitaryzm w dzia\u0142ach Remarque\u2019a z perspektywy XXI wieku, literackie przyja\u017anie Remarque\u2019a czy te\u017c problemy przek\u0142adu jego dzie\u0142.<\/span><\/p>\n<p style=\"text-align: left\"><span style=\"font-size: 12pt\">Celem projektu jest podj\u0119cie refleksji na temat znaczenia dzie\u0142 pisarza i jego recepcji w Europie, a tak\u017ce zainicjowanie dyskusji o wa\u017cnych dla Remarque\u2019a poj\u0119ciach: pokoju i obco\u015bci w \u015bwiecie.<\/span><\/p>\n<p style=\"text-align: left\"><span style=\"font-size: 12pt\">Projekt uzyska\u0142 dofinansowanie Fundacji Wsp\u00f3\u0142pracy Polsko-Niemieckiej.<\/span><\/p>\n<p><\/p>","protected":false},"excerpt":{"rendered":"<p>Miejsce:\u00a0Centrum Informacji Naukowej i Biblioteka Akademicka w Katowicach Organizatorzy:\u00a0Instytut Literaturoznawstwa,\u00a0Erich Maria Remarque-Friedenszentrum \/ Universit\u00e4t Osnabr\u00fcck Opis: Mi\u0119dzynarodowa konferencja naukowa wraz z wystaw\u0105 towarzysz\u0105c\u0105 b\u0119d\u0105 po\u015bwi\u0119cone \u017cyciu i tw\u00f3rczo\u015bci Ericha Marii Remarque\u2019a (1898\u20131970). Czytelnikom r\u00f3\u017cnych pokole\u0144 na ca\u0142ym \u015bwiecie Remarque pozostaje znany przede wszystkim jako autor bestsellerowej powie\u015bci pt. Na Zachodzie bez zmian. Dzi\u0119ki milionowi sprzedanych [&#8230;]<\/p>\n<p><a class=\"btn btn-secondary understrap-read-more-link\" href=\"https:\/\/us.edu.pl\/student\/event\/erich-maria-remarque-czytany-wspolczesnie-w-50-rocznice-smierci-pisarza-konferencja\/\">Read More&#8230;<\/a><\/p>\n","protected":false},"author":187,"featured_media":28192,"template":"","meta":{"_expiration-date-status":"saved","_expiration-date":0,"_expiration-date-type":"","_expiration-date-categories":[],"_expiration-date-options":[]},"acf":[],"_links":{"self":[{"href":"https:\/\/us.edu.pl\/student\/wp-json\/wp\/v2\/event\/28191"}],"collection":[{"href":"https:\/\/us.edu.pl\/student\/wp-json\/wp\/v2\/event"}],"about":[{"href":"https:\/\/us.edu.pl\/student\/wp-json\/wp\/v2\/types\/event"}],"author":[{"embeddable":true,"href":"https:\/\/us.edu.pl\/student\/wp-json\/wp\/v2\/users\/187"}],"version-history":[{"count":0,"href":"https:\/\/us.edu.pl\/student\/wp-json\/wp\/v2\/event\/28191\/revisions"}],"wp:featuredmedia":[{"embeddable":true,"href":"https:\/\/us.edu.pl\/student\/wp-json\/wp\/v2\/media\/28192"}],"wp:attachment":[{"href":"https:\/\/us.edu.pl\/student\/wp-json\/wp\/v2\/media?parent=28191"}],"curies":[{"name":"wp","href":"https:\/\/api.w.org\/{rel}","templated":true}]}}